{"id":39,"date":"2024-06-10T13:03:15","date_gmt":"2024-06-10T13:03:15","guid":{"rendered":"https:\/\/oisansvacances.fr\/?page_id=39"},"modified":"2026-04-25T14:14:10","modified_gmt":"2026-04-25T14:14:10","slug":"experiences","status":"publish","type":"page","link":"https:\/\/oisansvacances.fr\/nl\/experiences\/","title":{"rendered":"Ervaringen"},"content":{"rendered":"<p>Deze regio van de Franse Alpen, die zich uitstrekt over de departementen Is\u00e8re (38), Hautes-Alpes (05) en Savoie (73), is een paradijs voor liefhebbers van weidse open ruimtes, spannende (of meer zachte) ervaringen en uitstekende panoramische uitzichten.  Gelegen op de klimaatbarri\u00e8re tussen de noordelijke en zuidelijke Alpen, geniet het van bijzonder goede weersomstandigheden, die zowel veel sneeuw in de winter als gegarandeerde zon gedurende het grootste deel van het jaar bieden. Wat de tijd van het jaar ook is, het is je favoriet en van welke activiteit je ook houdt... Het wacht hier allemaal op je.<\/p>\n\n\n\n<div class=\"wp-block-columns is-layout-flex wp-container-core-columns-is-layout-28f84493 wp-block-columns-is-layout-flex\">\n<div class=\"wp-block-column is-layout-flow wp-block-column-is-layout-flow\">\n<p class=\"has-text-align-center\"><strong>Lente, zomer en herfst<\/strong><\/p>\n\n\n\n<div class=\"wp-block-group is-vertical is-layout-flex wp-container-core-group-is-layout-fe9cc265 wp-block-group-is-layout-flex\">\n<figure class=\"wp-block-image size-large is-resized\"><img loading=\"lazy\" decoding=\"async\" width=\"1024\" height=\"768\" src=\"https:\/\/oisansvacances.fr\/wp-content\/uploads\/2024\/06\/poppies-les-sables-1024x768.jpg\" alt=\"\" class=\"wp-image-108\" style=\"width:342px;height:auto\" srcset=\"https:\/\/oisansvacances.fr\/wp-content\/uploads\/2024\/06\/poppies-les-sables-1024x768.jpg 1024w, https:\/\/oisansvacances.fr\/wp-content\/uploads\/2024\/06\/poppies-les-sables-300x225.jpg 300w, https:\/\/oisansvacances.fr\/wp-content\/uploads\/2024\/06\/poppies-les-sables-2000x1500.jpg 2000w, https:\/\/oisansvacances.fr\/wp-content\/uploads\/2024\/06\/poppies-les-sables-scaled-16x12.jpg 16w\" sizes=\"auto, (max-width: 1024px) 100vw, 1024px\" \/><\/figure>\n\n\n\n<p>Buiten de winter is heel de Oisans uw speeltuin om toegang te krijgen en voor elke buitenactiviteit die uw hartje begeert. Het mooie van de tijd van de lente tot de herfst is de enorme verandering in de omgeving die je zult zien. Van het vroege ontluiken van de natuur in de lente tot de uitbarsting van gouden kleuren in de herfst.     <\/p>\n\n\n\n<div class=\"wp-block-buttons is-layout-flex wp-block-buttons-is-layout-flex\">\n<div class=\"wp-block-button\"><a class=\"wp-block-button__link wp-element-button\" href=\"https:\/\/www.oisans.com\/a-voir-a-faire\/loisans-au-fil-des-saisons\/\">voorbij de winter<\/a><\/div>\n<\/div>\n<\/div>\n<\/div>\n\n\n\n<div class=\"wp-block-column is-layout-flow wp-block-column-is-layout-flow\">\n<p class=\"has-text-align-center\"><strong>Winter<\/strong><\/p>\n\n\n\n<div class=\"wp-block-group is-vertical is-layout-flex wp-container-core-group-is-layout-fe9cc265 wp-block-group-is-layout-flex\">\n<figure class=\"wp-block-image size-large is-resized\"><img loading=\"lazy\" decoding=\"async\" width=\"1024\" height=\"663\" src=\"http:\/\/oisansvacances.fr\/wp-content\/uploads\/2024\/06\/la-grave-alpinisme-01-1200x777-1-1024x663.jpg\" alt=\"\" class=\"wp-image-106\" style=\"width:346px;height:auto\" srcset=\"https:\/\/oisansvacances.fr\/wp-content\/uploads\/2024\/06\/la-grave-alpinisme-01-1200x777-1-1024x663.jpg 1024w, https:\/\/oisansvacances.fr\/wp-content\/uploads\/2024\/06\/la-grave-alpinisme-01-1200x777-1-300x194.jpg 300w, https:\/\/oisansvacances.fr\/wp-content\/uploads\/2024\/06\/la-grave-alpinisme-01-1200x777-1-18x12.jpg 18w, https:\/\/oisansvacances.fr\/wp-content\/uploads\/2024\/06\/la-grave-alpinisme-01-1200x777-1.jpg 1200w\" sizes=\"auto, (max-width: 1024px) 100vw, 1024px\" \/><\/figure>\n\n\n\n<p>Im Winter sind die Alpen ein Wunderland, die Ruhe und der Frieden, das Glitzern des Schnees, der in der Sonne gl\u00e4nzt, und die belebende Luft, die die Lungen f\u00fcllt und den K\u00f6rper erfrischt.   Liebhaber der wilden Natur haben in Oisans einen unendlichen Spielplatz, um die alpine Landschaft zu bestaunen.\n\nHier gibt es ein abwechslungsreiches Programm, um jeden Tag Aktivit\u00e4ten zu wechseln, Ski, Board, Langlauf, Schneeschuhe, Eisklettern, Yoga drau\u00dfen und vieles mehr.  Hier k\u00f6nnen Sie Freuden und Panoramen abwechseln, aber auch mehr Momente widmen, um sich hinzusetzen und die Ruhe zu teilen. ...<\/p>\n\n\n\n<p>Hier is een gevarieerd programma met elke dag wisselende activiteiten: ski\u00ebn, snowboarden, langlaufen, sneeuwschoenwandelen, ijsklimmen, yoga buiten en nog veel meer. Hier kunt u geneugten en panorama's afwisselen, maar ook meer momenten besteden aan zitten en de rust delen.<\/p>\n\n\n\n<div class=\"wp-block-buttons is-layout-flex wp-block-buttons-is-layout-flex\">\n<div class=\"wp-block-button\"><a class=\"wp-block-button__link wp-element-button\">Winter<\/a><\/div>\n<\/div>\n<\/div>\n<\/div>\n\n\n\n<div class=\"wp-block-column is-layout-flow wp-block-column-is-layout-flow\">\n<p class=\"has-text-align-center\"><strong>Gezinnen<\/strong><\/p>\n\n\n\n<div class=\"wp-block-group is-vertical is-layout-flex wp-container-core-group-is-layout-fe9cc265 wp-block-group-is-layout-flex\">\n<figure class=\"wp-block-image size-full is-resized\"><img loading=\"lazy\" decoding=\"async\" width=\"550\" height=\"435\" src=\"http:\/\/oisansvacances.fr\/wp-content\/uploads\/2024\/06\/family.png\" alt=\"\" class=\"wp-image-110\" style=\"width:312px;height:auto\" srcset=\"https:\/\/oisansvacances.fr\/wp-content\/uploads\/2024\/06\/family.png 550w, https:\/\/oisansvacances.fr\/wp-content\/uploads\/2024\/06\/family-300x237.png 300w, https:\/\/oisansvacances.fr\/wp-content\/uploads\/2024\/06\/family-15x12.png 15w\" sizes=\"auto, (max-width: 550px) 100vw, 550px\" \/><\/figure>\n\n\n\n<p>Die Oisans sind ein Spielplatz f\u00fcr Familien.  Die Vielfalt der Aktivit\u00e4ten und die majest\u00e4tische Umgebung inspirieren Familien dazu, gemeinsam Abenteuer zu erleben, neue Erinnerungen zu sammeln und Eltern dabei zu helfen, den Kampf um die Bildschirmzeit zu gewinnen!\n\nVon den traditionellen Optionen Skifahren, Snowboarden, Reiten und Wandern bis hin zu abenteuerlicheren Optionen wie Klettersteig, Paragliding, Kanufahren k\u00f6nnen Sie einen Urlaub voller neuer Aktivit\u00e4ten zum Ausprobieren und neuer Bergf\u00e4higkeiten gestalten, die Sie gemeinsam entwickeln k\u00f6nnen ...<\/p>\n\n\n\n<p>Van de traditionele opties zoals ski\u00ebn, snowboarden, paardrijden en wandelen, tot meer avontuurlijke opties zoals Via Ferrata, paragliden, kano\u00ebn, u kunt een vakantie cre\u00ebren boordevol nieuwe activiteiten om uit te proberen en nieuwe bergvaardigheden om samen te ontwikkelen <\/p>\n\n\n\n<div class=\"wp-block-buttons is-layout-flex wp-block-buttons-is-layout-flex\">\n<div class=\"wp-block-button\"><a class=\"wp-block-button__link wp-element-button\">Gezinnen<\/a><\/div>\n<\/div>\n<\/div>\n<\/div>\n<\/div>\n\n\n\n<div class=\"wp-block-columns is-layout-flex wp-container-core-columns-is-layout-28f84493 wp-block-columns-is-layout-flex\">\n<div class=\"wp-block-column is-layout-flow wp-block-column-is-layout-flow\">\n<p class=\"has-text-align-center\"><strong>Ski\u00ebn en snowboarden<\/strong><\/p>\n\n\n\n<figure class=\"wp-block-image size-large\"><img loading=\"lazy\" decoding=\"async\" width=\"1024\" height=\"683\" src=\"http:\/\/oisansvacances.fr\/wp-content\/uploads\/2024\/06\/ski-alpe-dhuez-1024x683.jpg\" alt=\"\" class=\"wp-image-18\" srcset=\"https:\/\/oisansvacances.fr\/wp-content\/uploads\/2024\/06\/ski-alpe-dhuez-1024x683.jpg 1024w, https:\/\/oisansvacances.fr\/wp-content\/uploads\/2024\/06\/ski-alpe-dhuez-300x200.jpg 300w, https:\/\/oisansvacances.fr\/wp-content\/uploads\/2024\/06\/ski-alpe-dhuez-768x512.jpg 768w, https:\/\/oisansvacances.fr\/wp-content\/uploads\/2024\/06\/ski-alpe-dhuez-1536x1024.jpg 1536w, https:\/\/oisansvacances.fr\/wp-content\/uploads\/2024\/06\/ski-alpe-dhuez-18x12.jpg 18w, https:\/\/oisansvacances.fr\/wp-content\/uploads\/2024\/06\/ski-alpe-dhuez.jpg 1900w\" sizes=\"auto, (max-width: 1024px) 100vw, 1024px\" \/><\/figure>\n\n\n\n<p>De Oisans beschikt over 4 afzonderlijke skigebieden met elk hun eigen karakter:<\/p>\n\n\n\n<ul class=\"wp-block-list\">\n<li>Direct voor onze deur ligt Alpe d\u2019Huez Grand Domaine Ski: 5 resorts, 10.000 hectare skigebied, Europa\u2019s langste zwarte piste La Sarenne en Pic Blanc op 3300m.&nbsp;<\/li>\n\n\n\n<li>La Grave \u2013 La Meije: een uniek off-piste skigebied in Europa, een legendarische skilift en de Meije.<\/li>\n\n\n\n<li>Les 2 Alpes: zomerski\u00ebn, een toonaangevend snowpark en een 3.600 meter hoge gletsjer.<\/li>\n\n\n\n<li>Le Col d\u2019Ornon: een resort op mensenmaat, een mekka voor langlaufen en sneeuwschoenwandelen en een bosrijke omgeving.&nbsp;<\/li>\n<\/ul>\n\n\n\n<div class=\"wp-block-buttons is-layout-flex wp-block-buttons-is-layout-flex\">\n<div class=\"wp-block-button\"><a class=\"wp-block-button__link wp-element-button\">Wintersport<\/a><\/div>\n<\/div>\n<\/div>\n\n\n\n<div class=\"wp-block-column is-layout-flow wp-block-column-is-layout-flow\">\n<p class=\"has-text-align-center\"><strong>Fiets en mountainbike<\/strong><\/p>\n\n\n\n<figure class=\"wp-block-image size-large\"><img loading=\"lazy\" decoding=\"async\" width=\"1024\" height=\"683\" src=\"http:\/\/oisansvacances.fr\/wp-content\/uploads\/2024\/06\/Allemond-1024x683.jpg\" alt=\"\" class=\"wp-image-17\" srcset=\"https:\/\/oisansvacances.fr\/wp-content\/uploads\/2024\/06\/Allemond-1024x683.jpg 1024w, https:\/\/oisansvacances.fr\/wp-content\/uploads\/2024\/06\/Allemond-300x200.jpg 300w, https:\/\/oisansvacances.fr\/wp-content\/uploads\/2024\/06\/Allemond-768x512.jpg 768w, https:\/\/oisansvacances.fr\/wp-content\/uploads\/2024\/06\/Allemond-1536x1024.jpg 1536w, https:\/\/oisansvacances.fr\/wp-content\/uploads\/2024\/06\/Allemond-18x12.jpg 18w, https:\/\/oisansvacances.fr\/wp-content\/uploads\/2024\/06\/Allemond.jpg 2048w\" sizes=\"auto, (max-width: 1024px) 100vw, 1024px\" \/><\/figure>\n\n\n\n<p>Je hebt vast wel eens gehoord van de Glandon, de Croix de Fer, de Galibier, de Lautaret, de Ornon en natuurlijk de Alpe d'Huez met zijn 21 bochten. We kunnen er zeker van zijn dat alle fietsers wel eens van Oisans hebben gehoord.<\/p>\n\n\n\n<p>In de zomer zijn het wielerevenementen zoals Alpe d\u2019Huzes, de Marmotte Grandfondo, de Tour de France en de Oisans Col Series die het ritme van het leven in Oisans bepalen... Of u nu een professionele wielrenner bent die op zoek is naar het ultieme trainingsveld, of een meer gereserveerde fietser, iedereen zal met een blijvende herinnering aan Oisans weggaan<\/p>\n\n\n\n<p>De term mountainbiken krijgt hier een heel nieuwe betekenis! Spring op je mountainbike en trotseer fietspaden die beginnen bij de gletsjer op 3000 meter hoogte, 2500 meter afdalen door weilanden en struikgewas en eindigen in de grasvlakten van Bourg d'Oisans.<\/p>\n\n\n\n<p>Met de MTB-resorts Alpe d'Huez Grand Domaine VTT, Les 2 Alpes en La Grave biedt Oisans je drie zeer verschillende gebieden met pistes die speciaal zijn ontworpen en beveiligd voor rijders van alle niveaus. Misschien is de MegaAvalanche wel jouw volgende uitdaging! <\/p>\n\n\n\n<div class=\"wp-block-buttons is-layout-flex wp-block-buttons-is-layout-flex\">\n<div class=\"wp-block-button\"><a class=\"wp-block-button__link wp-element-button\" href=\"https:\/\/uk.bike-oisans.com\/?_ga=2.56891690.1297091269.1727459669-352026990.1727459669\">Fiets en mountainbike<\/a><\/div>\n<\/div>\n<\/div>\n\n\n\n<div class=\"wp-block-column is-layout-flow wp-block-column-is-layout-flow\">\n<p class=\"has-text-align-center\"><strong>Wandelen en klimmen<\/strong><\/p>\n\n\n\n<figure class=\"wp-block-image size-large\"><img loading=\"lazy\" decoding=\"async\" width=\"1024\" height=\"512\" src=\"http:\/\/oisansvacances.fr\/wp-content\/uploads\/2024\/06\/climbing-1024x512.jpg\" alt=\"\" class=\"wp-image-22\" srcset=\"https:\/\/oisansvacances.fr\/wp-content\/uploads\/2024\/06\/climbing-1024x512.jpg 1024w, https:\/\/oisansvacances.fr\/wp-content\/uploads\/2024\/06\/climbing-300x150.jpg 300w, https:\/\/oisansvacances.fr\/wp-content\/uploads\/2024\/06\/climbing-768x384.jpg 768w, https:\/\/oisansvacances.fr\/wp-content\/uploads\/2024\/06\/climbing-1536x768.jpg 1536w, https:\/\/oisansvacances.fr\/wp-content\/uploads\/2024\/06\/climbing-18x9.jpg 18w, https:\/\/oisansvacances.fr\/wp-content\/uploads\/2024\/06\/climbing.jpg 1600w\" sizes=\"auto, (max-width: 1024px) 100vw, 1024px\" \/><\/figure>\n\n\n\n<p>De Oisans biedt wandel- en natuurliefhebberswandelroutes van alle niveaus, of u nu op zoek bent naar serieuze meerdaagse begeleide\/solo-klimmen of naar gemakkelijke dagwandelingen. <\/p>\n\n\n\n<p>Oisans, gelegen tussen majestueuze bergen, is een ongerepte, goed bewaard gebleven regio, met name dankzij het Parc National des Ecrins, dat een uitzonderlijk natuurlijk erfgoed biedt, evenals een grote verscheidenheid aan landschappen en natuurgebieden. Oisans heeft ook 24 berghutten die perfect zijn om uit te rusten tijdens uw wandeling of voor een gezellige tussenstop voor een nacht, voordat u de volgende dag verdergaat.<br><\/p>\n\n\n\n<div class=\"wp-block-buttons is-layout-flex wp-block-buttons-is-layout-flex\">\n<div class=\"wp-block-button\"><a class=\"wp-block-button__link wp-element-button\">Wandelen en klimmen<\/a><\/div>\n<\/div>\n<\/div>\n<\/div>\n\n\n\n<div style=\"height:22px\" aria-hidden=\"true\" class=\"wp-block-spacer\"><\/div>\n\n\n\n<div class=\"wp-block-columns is-layout-flex wp-container-core-columns-is-layout-28f84493 wp-block-columns-is-layout-flex\">\n<div class=\"wp-block-column is-layout-flow wp-block-column-is-layout-flow\">\n<p class=\"has-text-align-center\"><strong>Heeft u een vraag?<\/strong><\/p>\n\n\n\n<div class=\"wp-block-buttons is-content-justification-center is-layout-flex wp-container-core-buttons-is-layout-a89b3969 wp-block-buttons-is-layout-flex\">\n<div class=\"wp-block-button\"><a class=\"wp-block-button__link wp-element-button\" href=\"mailto:info@oisansvacances.fr\">Aanvraag sturen<\/a><\/div>\n<\/div>\n<\/div>\n\n\n\n<div class=\"wp-block-column is-layout-flow wp-block-column-is-layout-flow\">\n<p class=\"has-text-align-center\"><strong>Klaar om te boeken<\/strong><\/p>\n\n\n\n<div class=\"wp-block-buttons is-content-justification-center is-layout-flex wp-container-core-buttons-is-layout-a89b3969 wp-block-buttons-is-layout-flex\">\n<div class=\"wp-block-button\"><a class=\"wp-block-button__link wp-element-button\" href=\"https:\/\/booking.smoobu.com\/9A965556\">Boek nu<\/a><\/div>\n<\/div>\n<\/div>\n<\/div>\n\n\n\n<div style=\"height:32px\" aria-hidden=\"true\" class=\"wp-block-spacer\"><\/div>","protected":false},"excerpt":{"rendered":"<p>This region of the French Alps, straddling the d\u00e9partements of Is\u00e8re (38), Hautes-Alpes (05) and Savoie (73), is&nbsp;a paradise for lovers of wide, open spaces, thrilling (or more mellow) experiences and outstanding panoramic views. Situated on the climate barrier between the northern and southern Alps, it enjoys particularly good weather conditions, providing both plenty of &hellip; <\/p>\n<p class=\"link-more\"><a href=\"https:\/\/oisansvacances.fr\/nl\/experiences\/\" class=\"more-link\">Lees meer<span class=\"screen-reader-text\"> &#8220;Experiences&#8221;<\/span><\/a><\/p>","protected":false},"author":1,"featured_media":0,"parent":0,"menu_order":0,"comment_status":"closed","ping_status":"closed","template":"","meta":{"inspiro_hide_title":false,"footnotes":""},"class_list":["post-39","page","type-page","status-publish","hentry"],"_links":{"self":[{"href":"https:\/\/oisansvacances.fr\/nl\/wp-json\/wp\/v2\/pages\/39","targetHints":{"allow":["GET"]}}],"collection":[{"href":"https:\/\/oisansvacances.fr\/nl\/wp-json\/wp\/v2\/pages"}],"about":[{"href":"https:\/\/oisansvacances.fr\/nl\/wp-json\/wp\/v2\/types\/page"}],"author":[{"embeddable":true,"href":"https:\/\/oisansvacances.fr\/nl\/wp-json\/wp\/v2\/users\/1"}],"replies":[{"embeddable":true,"href":"https:\/\/oisansvacances.fr\/nl\/wp-json\/wp\/v2\/comments?post=39"}],"version-history":[{"count":19,"href":"https:\/\/oisansvacances.fr\/nl\/wp-json\/wp\/v2\/pages\/39\/revisions"}],"predecessor-version":[{"id":778,"href":"https:\/\/oisansvacances.fr\/nl\/wp-json\/wp\/v2\/pages\/39\/revisions\/778"}],"wp:attachment":[{"href":"https:\/\/oisansvacances.fr\/nl\/wp-json\/wp\/v2\/media?parent=39"}],"curies":[{"name":"wp","href":"https:\/\/api.w.org\/{rel}","templated":true}]}}