{"id":542,"date":"2025-05-27T09:52:14","date_gmt":"2025-05-27T09:52:14","guid":{"rendered":"https:\/\/oisansvacances.fr\/?page_id=542"},"modified":"2026-04-25T15:52:53","modified_gmt":"2026-04-25T15:52:53","slug":"jasper-7-person-chalet-for-ski-and-cycle","status":"publish","type":"page","link":"https:\/\/oisansvacances.fr\/fr\/chalets-in-alpe-dhuez-domaine-group-accommodation-oisans\/jasper-7-person-chalet-for-ski-and-cycle\/","title":{"rendered":"Jasper &#8211; 7 person chalet for ski and Cycle"},"content":{"rendered":"<p>Stay at the most accessible Basecamp of the Alpe d\u2019Huez Domaine and experience it all.<\/p>\n\n\n\n<div class=\"wp-block-group alignfull has-background has-global-padding is-layout-constrained wp-block-group-is-layout-constrained\" style=\"background-color:#e5e9ec;padding-top:var(--wp--preset--spacing--small);padding-bottom:var(--wp--preset--spacing--small)\">\n<div class=\"wp-block-columns is-layout-flex wp-container-core-columns-is-layout-7db7aa3e wp-block-columns-is-layout-flex\" style=\"padding-right:0;padding-left:0\">\n<div class=\"wp-block-column is-vertically-aligned-center is-layout-flow wp-block-column-is-layout-flow\">\n<figure class=\"wp-block-image size-full is-resized\"><img loading=\"lazy\" decoding=\"async\" width=\"278\" height=\"278\" src=\"http:\/\/oisansvacances.fr\/wp-content\/uploads\/2025\/06\/Logo-Ok_GITES-DE-FRANCE_-copie-005-1.png\" alt=\"\" class=\"wp-image-649\" style=\"width:190px;height:auto\" srcset=\"https:\/\/oisansvacances.fr\/wp-content\/uploads\/2025\/06\/Logo-Ok_GITES-DE-FRANCE_-copie-005-1.png 278w, https:\/\/oisansvacances.fr\/wp-content\/uploads\/2025\/06\/Logo-Ok_GITES-DE-FRANCE_-copie-005-1-150x150.png 150w, https:\/\/oisansvacances.fr\/wp-content\/uploads\/2025\/06\/Logo-Ok_GITES-DE-FRANCE_-copie-005-1-12x12.png 12w\" sizes=\"auto, (max-width: 278px) 100vw, 278px\" \/><\/figure>\n\n\n\n<h2 class=\"wp-block-heading has-medium-font-size\" style=\"text-transform:uppercase\">Jasper <\/h2>\n\n\n\n<p>Jasper est une r\u00e9novation compl\u00e8te de la partie sup\u00e9rieure de l'ancien b\u00e2timent avec un cadre paisible \u00e0 l'arri\u00e8re. Comme les autres, Jasper est un g\u00eete enti\u00e8rement \u00e9quip\u00e9 avec une ambiance chaleureuse et lumineuse. Il poss\u00e8de sa propre terrasse priv\u00e9e et un acc\u00e8s au jardin commun s\u00e9curis\u00e9 pour que les enfants puissent jouer. C'est un emplacement id\u00e9al pour des vacances en famille ou entre amis.<\/p>\n\n\n\n<p>Offrant un espace de vie, cuisine et salle \u00e0 manger en open space, Jasper peut accueillir jusqu'\u00e0 7 personnes dans ses 3 chambres. Il dispose de deux salles de bains avec des options pour la baignoire et la douche. <\/p>\n\n\n\n<p>De plus, Jasper peut \u00eatre reli\u00e9 \u00e0 Vermarine pour offrir un espace plus grand, pouvant accueillir des groupes allant jusqu\u2019\u00e0 15 personnes.<\/p>\n<\/div>\n\n\n\n<div class=\"wp-block-column is-layout-flow wp-block-column-is-layout-flow\">\n<figure class=\"wp-block-image size-large\"><img loading=\"lazy\" decoding=\"async\" width=\"1024\" height=\"768\" src=\"https:\/\/oisansvacances.fr\/wp-content\/uploads\/2025\/06\/IMG_6352-1024x768.jpg\" alt=\"\" class=\"wp-image-691\" srcset=\"https:\/\/oisansvacances.fr\/wp-content\/uploads\/2025\/06\/IMG_6352-1024x768.jpg 1024w, https:\/\/oisansvacances.fr\/wp-content\/uploads\/2025\/06\/IMG_6352-300x225.jpg 300w, https:\/\/oisansvacances.fr\/wp-content\/uploads\/2025\/06\/IMG_6352-2000x1500.jpg 2000w, https:\/\/oisansvacances.fr\/wp-content\/uploads\/2025\/06\/IMG_6352-scaled-16x12.jpg 16w\" sizes=\"auto, (max-width: 1024px) 100vw, 1024px\" \/><\/figure>\n\n\n\n<div class=\"wp-block-buttons is-layout-flex wp-block-buttons-is-layout-flex\">\n<div class=\"wp-block-button\"><a class=\"wp-block-button__link wp-element-button\" href=\"https:\/\/booking.smoobu.com\/9A965556\">V\u00e9rifier les disponibilit\u00e9s et r\u00e9server maintenant<\/a><\/div>\n<\/div>\n<\/div>\n<\/div>\n<\/div>\n\n\n\n<div class=\"wp-block-columns is-layout-flex wp-container-core-columns-is-layout-28f84493 wp-block-columns-is-layout-flex\">\n<div class=\"wp-block-column is-layout-flow wp-block-column-is-layout-flow\">\n<h2 class=\"wp-block-heading has-text-align-center\">Une belle r\u00e9novation r\u00e9cente pouvant accueillir 7 personnes<\/h2>\n\n\n\n<div class=\"wp-block-columns is-layout-flex wp-container-core-columns-is-layout-28f84493 wp-block-columns-is-layout-flex\">\n<div class=\"wp-block-column is-layout-flow wp-block-column-is-layout-flow\">\n<figure class=\"wp-block-gallery has-nested-images columns-default is-cropped wp-block-gallery-1 is-layout-flex wp-block-gallery-is-layout-flex\">\n<figure class=\"wp-block-image size-full is-style-default\"><img loading=\"lazy\" decoding=\"async\" width=\"2560\" height=\"1920\" data-id=\"697\" src=\"https:\/\/oisansvacances.fr\/wp-content\/uploads\/2025\/06\/IMG_6349-scaled.jpg\" alt=\"\" class=\"wp-image-697\" srcset=\"https:\/\/oisansvacances.fr\/wp-content\/uploads\/2025\/06\/IMG_6349-scaled.jpg 2560w, https:\/\/oisansvacances.fr\/wp-content\/uploads\/2025\/06\/IMG_6349-300x225.jpg 300w, https:\/\/oisansvacances.fr\/wp-content\/uploads\/2025\/06\/IMG_6349-1024x768.jpg 1024w, https:\/\/oisansvacances.fr\/wp-content\/uploads\/2025\/06\/IMG_6349-2000x1500.jpg 2000w, https:\/\/oisansvacances.fr\/wp-content\/uploads\/2025\/06\/IMG_6349-scaled-16x12.jpg 16w\" sizes=\"auto, (max-width: 2560px) 100vw, 2560px\" \/><\/figure>\n<\/figure>\n\n\n\n<p>Le salon offre une ambiance agr\u00e9able, d\u00e9tendue et chaleureuse, \u00e9quip\u00e9 d\u2019un po\u00eale \u00e0 bois, d\u2019une t\u00e9l\u00e9vision SMART avec Apple TV, Netflix, Prime et du Wi-Fi fibre.<\/p>\n<\/div>\n\n\n\n<div class=\"wp-block-column is-layout-flow wp-block-column-is-layout-flow\">\n<figure class=\"wp-block-image size-full\"><img loading=\"lazy\" decoding=\"async\" width=\"2560\" height=\"1920\" src=\"https:\/\/oisansvacances.fr\/wp-content\/uploads\/2025\/06\/IMG_6352-2-scaled.jpg\" alt=\"\" class=\"wp-image-694\" srcset=\"https:\/\/oisansvacances.fr\/wp-content\/uploads\/2025\/06\/IMG_6352-2-scaled.jpg 2560w, https:\/\/oisansvacances.fr\/wp-content\/uploads\/2025\/06\/IMG_6352-2-300x225.jpg 300w, https:\/\/oisansvacances.fr\/wp-content\/uploads\/2025\/06\/IMG_6352-2-1024x768.jpg 1024w, https:\/\/oisansvacances.fr\/wp-content\/uploads\/2025\/06\/IMG_6352-2-2000x1500.jpg 2000w, https:\/\/oisansvacances.fr\/wp-content\/uploads\/2025\/06\/IMG_6352-2-scaled-16x12.jpg 16w\" sizes=\"auto, (max-width: 2560px) 100vw, 2560px\" \/><\/figure>\n\n\n\n<p>La salle \u00e0 manger peut accueillir jusqu\u2019\u00e0 10 personnes, vous offrant l\u2019espace n\u00e9cessaire pour recevoir d\u2019autres invit\u00e9s si vous souhaitez socialiser. Il y a \u00e9galement une table et des chaises sur la terrasse pour profiter des repas en plein air. <\/p>\n<\/div>\n\n\n\n<div class=\"wp-block-column is-layout-flow wp-block-column-is-layout-flow\">\n<figure class=\"wp-block-gallery has-nested-images columns-default is-cropped wp-block-gallery-2 is-layout-flex wp-block-gallery-is-layout-flex\">\n<figure class=\"wp-block-image size-full\"><img loading=\"lazy\" decoding=\"async\" width=\"2560\" height=\"1920\" data-id=\"698\" src=\"https:\/\/oisansvacances.fr\/wp-content\/uploads\/2025\/06\/IMG_6348-scaled.jpg\" alt=\"\" class=\"wp-image-698\" srcset=\"https:\/\/oisansvacances.fr\/wp-content\/uploads\/2025\/06\/IMG_6348-scaled.jpg 2560w, https:\/\/oisansvacances.fr\/wp-content\/uploads\/2025\/06\/IMG_6348-300x225.jpg 300w, https:\/\/oisansvacances.fr\/wp-content\/uploads\/2025\/06\/IMG_6348-1024x768.jpg 1024w, https:\/\/oisansvacances.fr\/wp-content\/uploads\/2025\/06\/IMG_6348-2000x1500.jpg 2000w, https:\/\/oisansvacances.fr\/wp-content\/uploads\/2025\/06\/IMG_6348-scaled-16x12.jpg 16w\" sizes=\"auto, (max-width: 2560px) 100vw, 2560px\" \/><\/figure>\n<\/figure>\n\n\n\n<p>La cuisine enti\u00e8rement \u00e9quip\u00e9e comprend un four \u00e9lectrique, une plaque de cuisson au gaz, un micro-ondes, une machine \u00e0 caf\u00e9 Nespresso ainsi qu\u2019un ensemble complet d\u2019ustensiles pour cuisiner comme \u00e0 la maison.<\/p>\n<\/div>\n<\/div>\n<\/div>\n<\/div>\n\n\n\n<div class=\"wp-block-columns is-layout-flex wp-container-core-columns-is-layout-28f84493 wp-block-columns-is-layout-flex\">\n<div class=\"wp-block-column is-layout-flow wp-block-column-is-layout-flow\">\n<figure class=\"wp-block-gallery has-nested-images columns-default is-cropped wp-block-gallery-3 is-layout-flex wp-block-gallery-is-layout-flex\">\n<figure class=\"wp-block-image size-full is-style-default\"><img loading=\"lazy\" decoding=\"async\" width=\"2048\" height=\"1536\" data-id=\"734\" src=\"https:\/\/oisansvacances.fr\/wp-content\/uploads\/2025\/11\/bedroom-1.jpg\" alt=\"\" class=\"wp-image-734\" srcset=\"https:\/\/oisansvacances.fr\/wp-content\/uploads\/2025\/11\/bedroom-1.jpg 2048w, https:\/\/oisansvacances.fr\/wp-content\/uploads\/2025\/11\/bedroom-1-300x225.jpg 300w, https:\/\/oisansvacances.fr\/wp-content\/uploads\/2025\/11\/bedroom-1-1024x768.jpg 1024w, https:\/\/oisansvacances.fr\/wp-content\/uploads\/2025\/11\/bedroom-1-2000x1500.jpg 2000w, https:\/\/oisansvacances.fr\/wp-content\/uploads\/2025\/11\/bedroom-1-16x12.jpg 16w\" sizes=\"auto, (max-width: 2048px) 100vw, 2048px\" \/><\/figure>\n<\/figure>\n\n\n\n<p>La chambre 1 peut \u00eatre pr\u00e9par\u00e9e pour vous en lit double king size ou en lits simples pour accueillir jusqu\u2019\u00e0 3 personnes. Elle constitue une chambre familiale id\u00e9ale pour ceux qui voyagent avec des enfants ou pour des groupes souhaitant partager un espace.<\/p>\n<\/div>\n\n\n\n<div class=\"wp-block-column is-layout-flow wp-block-column-is-layout-flow\">\n<figure class=\"wp-block-image size-full\"><img loading=\"lazy\" decoding=\"async\" width=\"1920\" height=\"2560\" src=\"https:\/\/oisansvacances.fr\/wp-content\/uploads\/2025\/06\/IMG_6353-scaled.jpg\" alt=\"\" class=\"wp-image-695\" srcset=\"https:\/\/oisansvacances.fr\/wp-content\/uploads\/2025\/06\/IMG_6353-scaled.jpg 1920w, https:\/\/oisansvacances.fr\/wp-content\/uploads\/2025\/06\/IMG_6353-225x300.jpg 225w, https:\/\/oisansvacances.fr\/wp-content\/uploads\/2025\/06\/IMG_6353-768x1024.jpg 768w, https:\/\/oisansvacances.fr\/wp-content\/uploads\/2025\/06\/IMG_6353-2000x2667.jpg 2000w, https:\/\/oisansvacances.fr\/wp-content\/uploads\/2025\/06\/IMG_6353-scaled-9x12.jpg 9w\" sizes=\"auto, (max-width: 1920px) 100vw, 1920px\" \/><\/figure>\n\n\n\n<p>La chambre 2 est am\u00e9nag\u00e9e en une chambre twin cosy et confortable.<\/p>\n<\/div>\n\n\n\n<div class=\"wp-block-column is-layout-flow wp-block-column-is-layout-flow\">\n<figure class=\"wp-block-gallery has-nested-images columns-default is-cropped wp-block-gallery-4 is-layout-flex wp-block-gallery-is-layout-flex\">\n<figure class=\"wp-block-image size-full\"><img loading=\"lazy\" decoding=\"async\" width=\"1920\" height=\"2560\" data-id=\"696\" src=\"https:\/\/oisansvacances.fr\/wp-content\/uploads\/2025\/06\/IMG_6355-scaled.jpg\" alt=\"\" class=\"wp-image-696\" srcset=\"https:\/\/oisansvacances.fr\/wp-content\/uploads\/2025\/06\/IMG_6355-scaled.jpg 1920w, https:\/\/oisansvacances.fr\/wp-content\/uploads\/2025\/06\/IMG_6355-225x300.jpg 225w, https:\/\/oisansvacances.fr\/wp-content\/uploads\/2025\/06\/IMG_6355-768x1024.jpg 768w, https:\/\/oisansvacances.fr\/wp-content\/uploads\/2025\/06\/IMG_6355-2000x2667.jpg 2000w, https:\/\/oisansvacances.fr\/wp-content\/uploads\/2025\/06\/IMG_6355-scaled-9x12.jpg 9w\" sizes=\"auto, (max-width: 1920px) 100vw, 1920px\" \/><\/figure>\n<\/figure>\n\n\n\n<p>La chambre est am\u00e9nag\u00e9e en chambre twin et convient parfaitement aux enfants, qui adorent son ambiance ! \u00c0 noter : les petites fen\u00eatres int\u00e9rieures donnant sur le salon sont \u00e9quip\u00e9es de serrures pour garantir leur s\u00e9curit\u00e9. <\/p>\n<\/div>\n<\/div>\n\n\n\n<div class=\"wp-block-columns is-layout-flex wp-container-core-columns-is-layout-28f84493 wp-block-columns-is-layout-flex\">\n<div class=\"wp-block-column is-layout-flow wp-block-column-is-layout-flow\">\n<figure class=\"wp-block-gallery has-nested-images columns-default is-cropped wp-block-gallery-5 is-layout-flex wp-block-gallery-is-layout-flex\">\n<figure class=\"wp-block-image size-full is-style-default\"><img loading=\"lazy\" decoding=\"async\" width=\"2560\" height=\"1440\" data-id=\"736\" src=\"https:\/\/oisansvacances.fr\/wp-content\/uploads\/2025\/11\/outdoor-scaled.jpg\" alt=\"\" class=\"wp-image-736\" srcset=\"https:\/\/oisansvacances.fr\/wp-content\/uploads\/2025\/11\/outdoor-scaled.jpg 2560w, https:\/\/oisansvacances.fr\/wp-content\/uploads\/2025\/11\/outdoor-300x169.jpg 300w, https:\/\/oisansvacances.fr\/wp-content\/uploads\/2025\/11\/outdoor-1024x576.jpg 1024w, https:\/\/oisansvacances.fr\/wp-content\/uploads\/2025\/11\/outdoor-2000x1125.jpg 2000w, https:\/\/oisansvacances.fr\/wp-content\/uploads\/2025\/11\/outdoor-scaled-18x10.jpg 18w\" sizes=\"auto, (max-width: 2560px) 100vw, 2560px\" \/><\/figure>\n<\/figure>\n\n\n\n<figure class=\"wp-block-image size-large is-resized\"><img loading=\"lazy\" decoding=\"async\" width=\"1024\" height=\"768\" src=\"https:\/\/oisansvacances.fr\/wp-content\/uploads\/2025\/11\/bedroom-1-2-1024x768.jpg\" alt=\"\" class=\"wp-image-737\" style=\"width:332px;height:auto\" srcset=\"https:\/\/oisansvacances.fr\/wp-content\/uploads\/2025\/11\/bedroom-1-2-1024x768.jpg 1024w, https:\/\/oisansvacances.fr\/wp-content\/uploads\/2025\/11\/bedroom-1-2-300x225.jpg 300w, https:\/\/oisansvacances.fr\/wp-content\/uploads\/2025\/11\/bedroom-1-2-2000x1500.jpg 2000w, https:\/\/oisansvacances.fr\/wp-content\/uploads\/2025\/11\/bedroom-1-2-16x12.jpg 16w, https:\/\/oisansvacances.fr\/wp-content\/uploads\/2025\/11\/bedroom-1-2.jpg 2048w\" sizes=\"auto, (max-width: 1024px) 100vw, 1024px\" \/><\/figure>\n\n\n\n<p>La terrasse est un espace priv\u00e9, agr\u00e9able et relaxant, offrant une vue sur les Rousses \u00e0 l\u2019int\u00e9rieur du domaine. Elle est orient\u00e9e vers la Belledonne et \u00e0 l\u2019oppos\u00e9 de la route, garantissant calme et tranquillit\u00e9.<\/p>\n<\/div>\n\n\n\n<div class=\"wp-block-column is-layout-flow wp-block-column-is-layout-flow\">\n<figure class=\"wp-block-image size-full\"><img loading=\"lazy\" decoding=\"async\" width=\"1920\" height=\"2560\" src=\"https:\/\/oisansvacances.fr\/wp-content\/uploads\/2025\/06\/IMG_6347-scaled.jpg\" alt=\"\" class=\"wp-image-700\" srcset=\"https:\/\/oisansvacances.fr\/wp-content\/uploads\/2025\/06\/IMG_6347-scaled.jpg 1920w, https:\/\/oisansvacances.fr\/wp-content\/uploads\/2025\/06\/IMG_6347-225x300.jpg 225w, https:\/\/oisansvacances.fr\/wp-content\/uploads\/2025\/06\/IMG_6347-768x1024.jpg 768w, https:\/\/oisansvacances.fr\/wp-content\/uploads\/2025\/06\/IMG_6347-2000x2667.jpg 2000w, https:\/\/oisansvacances.fr\/wp-content\/uploads\/2025\/06\/IMG_6347-scaled-9x12.jpg 9w\" sizes=\"auto, (max-width: 1920px) 100vw, 1920px\" \/><\/figure>\n\n\n\n<p>La salle de bain 1 dispose d\u2019une douche et de la machine \u00e0 laver du g\u00eete.<\/p>\n<\/div>\n\n\n\n<div class=\"wp-block-column is-layout-flow wp-block-column-is-layout-flow\">\n<figure class=\"wp-block-gallery has-nested-images columns-default is-cropped wp-block-gallery-6 is-layout-flex wp-block-gallery-is-layout-flex\">\n<figure class=\"wp-block-image size-full\"><img loading=\"lazy\" decoding=\"async\" width=\"1920\" height=\"2560\" data-id=\"701\" src=\"https:\/\/oisansvacances.fr\/wp-content\/uploads\/2025\/06\/IMG_6365-scaled.jpg\" alt=\"\" class=\"wp-image-701\" srcset=\"https:\/\/oisansvacances.fr\/wp-content\/uploads\/2025\/06\/IMG_6365-scaled.jpg 1920w, https:\/\/oisansvacances.fr\/wp-content\/uploads\/2025\/06\/IMG_6365-225x300.jpg 225w, https:\/\/oisansvacances.fr\/wp-content\/uploads\/2025\/06\/IMG_6365-768x1024.jpg 768w, https:\/\/oisansvacances.fr\/wp-content\/uploads\/2025\/06\/IMG_6365-2000x2667.jpg 2000w, https:\/\/oisansvacances.fr\/wp-content\/uploads\/2025\/06\/IMG_6365-scaled-9x12.jpg 9w\" sizes=\"auto, (max-width: 1920px) 100vw, 1920px\" \/><\/figure>\n<\/figure>\n\n\n\n<p>La salle de bain 2 offre une combinaison baignoire-douche.<\/p>\n<\/div>\n<\/div>\n\n\n\n<h2 class=\"wp-block-heading\">Emplacement et acc\u00e8s<\/h2>\n\n\n\n<div class=\"wp-block-columns is-layout-flex wp-container-core-columns-is-layout-28f84493 wp-block-columns-is-layout-flex\">\n<div class=\"wp-block-column is-layout-flow wp-block-column-is-layout-flow\">\n<figure class=\"wp-block-image size-full\"><img loading=\"lazy\" decoding=\"async\" width=\"1900\" height=\"1199\" src=\"https:\/\/oisansvacances.fr\/wp-content\/uploads\/2024\/09\/skiiing.png\" alt=\"\" class=\"wp-image-322\" srcset=\"https:\/\/oisansvacances.fr\/wp-content\/uploads\/2024\/09\/skiiing.png 1900w, https:\/\/oisansvacances.fr\/wp-content\/uploads\/2024\/09\/skiiing-300x189.png 300w, https:\/\/oisansvacances.fr\/wp-content\/uploads\/2024\/09\/skiiing-1024x646.png 1024w, https:\/\/oisansvacances.fr\/wp-content\/uploads\/2024\/09\/skiiing-18x12.png 18w\" sizes=\"auto, (max-width: 1900px) 100vw, 1900px\" \/><\/figure>\n\n\n\n<p>Le t\u00e9l\u00e9ski est \u00e0 1,2 km de la propri\u00e9t\u00e9 accessible par la route ou le sentier de la Voie Verte qui n\u2019a pas de v\u00e9hicules. La t\u00e9l\u00e9cabine Allemond Eau d\u2019Olle met 8 minutes pour arriver \u00e0 Oz en Oisans. L\u2019ensemble du Domaine de l\u2019Alpe D\u2019Huez Grande s\u2019offre \u00e0 vous \u00e0 partir d\u2019ici<\/p>\n\n\n\n<div class=\"wp-block-buttons is-layout-flex wp-block-buttons-is-layout-flex\">\n<div class=\"wp-block-button\"><a class=\"wp-block-button__link wp-element-button\" href=\"https:\/\/www.alpedhuez.com\/fr\/hiver\/types-apidae\/domaine-skiable\/alpe-dhuez-grand-domaine-ski\/\">Alpe D&#8217;Huez<\/a><\/div>\n<\/div>\n<\/div>\n\n\n\n<div class=\"wp-block-column is-layout-flow wp-block-column-is-layout-flow\">\n<figure class=\"wp-block-image size-full is-resized\"><img loading=\"lazy\" decoding=\"async\" width=\"750\" height=\"475\" src=\"https:\/\/oisansvacances.fr\/wp-content\/uploads\/2024\/09\/ski-lockers-1.jpg\" alt=\"\" class=\"wp-image-323\" style=\"width:344px;height:auto\" srcset=\"https:\/\/oisansvacances.fr\/wp-content\/uploads\/2024\/09\/ski-lockers-1.jpg 750w, https:\/\/oisansvacances.fr\/wp-content\/uploads\/2024\/09\/ski-lockers-1-300x190.jpg 300w, https:\/\/oisansvacances.fr\/wp-content\/uploads\/2024\/09\/ski-lockers-1-18x12.jpg 18w\" sizes=\"auto, (max-width: 750px) 100vw, 750px\" \/><\/figure>\n\n\n\n<p>Au niveau des remont\u00e9es m\u00e9caniques, vous trouverez des casiers \u00e0 skis de chalet pour laisser votre mat\u00e9riel au pied de la remont\u00e9e m\u00e9canique. De plus, il y a une navette gratuite qui passe le long du fond de la vall\u00e9e et vous emm\u00e8ne directement \u00e0 la remont\u00e9e m\u00e9canique.  Enfin, si vous le souhaitez, il y a beaucoup de parking gratuit \u00e0 l\u2019ascenseur.<\/p>\n\n\n\n<div class=\"wp-block-buttons is-layout-flex wp-block-buttons-is-layout-flex\">\n<div class=\"wp-block-button\"><a class=\"wp-block-button__link wp-element-button\" href=\"https:\/\/www.oisans.com\/stations-et-villages\/allemond\/allemond-pratique\/ascenseur-valleen-eau-dolle-express\/\">Telecabine<\/a><\/div>\n<\/div>\n<\/div>\n\n\n\n<div class=\"wp-block-column is-layout-flow wp-block-column-is-layout-flow\">\n<figure class=\"wp-block-image size-full is-resized\"><img loading=\"lazy\" decoding=\"async\" width=\"778\" height=\"475\" src=\"http:\/\/oisansvacances.fr\/wp-content\/uploads\/2024\/09\/allemondcut-e1725615134498.png\" alt=\"\" class=\"wp-image-324\" style=\"width:354px;height:auto\"\/><\/figure>\n\n\n\n<p>Le g\u00eete Vermarine est \u00e0 1000m du centre d\u2019Allemond avec ses restaurants, ses cabinets m\u00e9dicaux, son institut de kin\u00e9sith\u00e9rapie et son magasin de location de sports. Entre 100 et 250 m\u00e8tres, vous avez la pharmacie, le supermarch\u00e9 Spar et le restaurant Etape juste \u00e0 c\u00f4t\u00e9.<\/p>\n\n\n\n<div class=\"wp-block-buttons is-layout-flex wp-block-buttons-is-layout-flex\">\n<div class=\"wp-block-button\"><a class=\"wp-block-button__link wp-element-button\" href=\"https:\/\/uk.oisans.com\/resorts-and-villages\/allemond\/\">Allemond<\/a><\/div>\n<\/div>\n<\/div>\n<\/div>\n\n\n\n<div class=\"wp-block-columns is-layout-flex wp-container-core-columns-is-layout-28f84493 wp-block-columns-is-layout-flex\">\n<div class=\"wp-block-column is-layout-flow wp-block-column-is-layout-flow\">\n<h2 class=\"wp-block-heading\">Disponibilit\u00e9<\/h2>\n\n\n\n<div id=\"apartmentIframe2290661\">\n<script type=\"text\/javascript\" src=\"https:\/\/login.smoobu.com\/js\/Settings\/BookingToolIframe.js\"><\/script>\n<script>BookingToolIframe.initialize({\"url\": \"https:\/\/login.smoobu.com\/en\/booking-tool\/iframe\/965556\/2290661?newTabAfterSearch=true\", \"baseUrl\": \"https:\/\/login.smoobu.com\", \"target\": \"#apartmentIframe2290661\"})<\/script>\n<\/div>\n\n\n\n<h2 class=\"wp-block-heading\">R\u00e9servez maintenant<\/h2>\n\n\n\n<p>R\u00e9servez directement sans frais de plateforme. Vous constaterez que la r\u00e9servation directe est le moyen le plus rentable d'organiser votre voyage.<\/p>\n\n\n\n\n\n<div class=\"wp-block-buttons is-layout-flex wp-block-buttons-is-layout-flex\">\n<div class=\"wp-block-button\"><a class=\"wp-block-button__link wp-element-button\" href=\"mailto:info@oisansvacances.fr\">Contact pour les besoins sp\u00e9ciaux<\/a><\/div>\n\n\n\n<div class=\"wp-block-button\"><a class=\"wp-block-button__link wp-element-button\" href=\"mailto:info@oisansvacances.fr\">Envoyer une demande<\/a><\/div>\n<\/div>\n<\/div>\n\n\n\n<div class=\"wp-block-column is-layout-flow wp-block-column-is-layout-flow\">\n<h2 class=\"wp-block-heading\">\u00c9quipement<\/h2>\n\n\n\n<ul class=\"wp-block-list\">\n<li>Orange business pro fibre WiFi <\/li>\n\n\n\n<li>SMART TV<\/li>\n\n\n\n<li>Sonos<\/li>\n\n\n\n<li>2 casiers \u00e0 votre disposition au niveau des remont\u00e9es m\u00e9caniques<\/li>\n\n\n\n<li>Cuisine enti\u00e8rement \u00e9quip\u00e9e<\/li>\n\n\n\n<li>Machines Nespresso, Raclette, Fondue<\/li>\n\n\n\n<li>Configurations de chambre flexibles<\/li>\n\n\n\n<li>Secure shared outdoor garden with children\u2019s toys.<\/li>\n\n\n\n<li>Jardin ext\u00e9rieur privatif pour se d\u00e9tendre au soleil<\/li>\n\n\n\n<li>Outdoor dining terrace seating 6-8<\/li>\n\n\n\n<li>Serviettes et literie fournies<\/li>\n\n\n\n<li>Machine \u00e0 laver<\/li>\n\n\n\n<li>Lave-vaisselle<\/li>\n\n\n\n<li>S\u00e8che-cheveux<\/li>\n\n\n\n<li>Equipement b\u00e9b\u00e9 \/ barri\u00e8res \/ s\u00e9curit\u00e9 incendie \/ lits b\u00e9b\u00e9<\/li>\n\n\n\n<li>Fer et planche \u00e0 repasser <\/li>\n\n\n\n<li>Outils et pompe<\/li>\n\n\n\n<li>Parking gratuit sur place pour deux v\u00e9hicules<\/li>\n<\/ul>\n<\/div>\n<\/div>","protected":false},"excerpt":{"rendered":"<p>Stay at the most accessible Basecamp of the Alpe d\u2019Huez Domaine and experience it all. Jasper Jasper is a complete renovation of the upper part of the ancient building with a tranquil setting to the rear. Like the others, Jasper fully equipped g\u00eete with a warm and light ambiance. Possessing its own private terrace and &hellip; <\/p>\n<p class=\"link-more\"><a href=\"https:\/\/oisansvacances.fr\/fr\/chalets-in-alpe-dhuez-domaine-group-accommodation-oisans\/jasper-7-person-chalet-for-ski-and-cycle\/\" class=\"more-link\">Lire la suite de<span class=\"screen-reader-text\">\u00ab\u00a0Jasper &#8211; 7 person chalet for ski and Cycle\u00a0\u00bb<\/span><\/a><\/p>","protected":false},"author":1,"featured_media":0,"parent":40,"menu_order":0,"comment_status":"closed","ping_status":"closed","template":"","meta":{"inspiro_hide_title":false,"footnotes":""},"class_list":["post-542","page","type-page","status-publish","hentry"],"_links":{"self":[{"href":"https:\/\/oisansvacances.fr\/fr\/wp-json\/wp\/v2\/pages\/542","targetHints":{"allow":["GET"]}}],"collection":[{"href":"https:\/\/oisansvacances.fr\/fr\/wp-json\/wp\/v2\/pages"}],"about":[{"href":"https:\/\/oisansvacances.fr\/fr\/wp-json\/wp\/v2\/types\/page"}],"author":[{"embeddable":true,"href":"https:\/\/oisansvacances.fr\/fr\/wp-json\/wp\/v2\/users\/1"}],"replies":[{"embeddable":true,"href":"https:\/\/oisansvacances.fr\/fr\/wp-json\/wp\/v2\/comments?post=542"}],"version-history":[{"count":19,"href":"https:\/\/oisansvacances.fr\/fr\/wp-json\/wp\/v2\/pages\/542\/revisions"}],"predecessor-version":[{"id":845,"href":"https:\/\/oisansvacances.fr\/fr\/wp-json\/wp\/v2\/pages\/542\/revisions\/845"}],"up":[{"embeddable":true,"href":"https:\/\/oisansvacances.fr\/fr\/wp-json\/wp\/v2\/pages\/40"}],"wp:attachment":[{"href":"https:\/\/oisansvacances.fr\/fr\/wp-json\/wp\/v2\/media?parent=542"}],"curies":[{"name":"wp","href":"https:\/\/api.w.org\/{rel}","templated":true}]}}