{"id":39,"date":"2024-06-10T13:03:15","date_gmt":"2024-06-10T13:03:15","guid":{"rendered":"https:\/\/oisansvacances.fr\/?page_id=39"},"modified":"2026-04-25T14:14:10","modified_gmt":"2026-04-25T14:14:10","slug":"experiences","status":"publish","type":"page","link":"https:\/\/oisansvacances.fr\/fr\/experiences\/","title":{"rendered":"Exp\u00e9riences"},"content":{"rendered":"<p>Cette r\u00e9gion des Alpes fran\u00e7aises, \u00e0 cheval sur les d\u00e9partements de l\u2019Is\u00e8re (38), des Hautes-Alpes (05) et de la Savoie (73), est un paradis pour les amateurs de grands espaces, d\u2019exp\u00e9riences palpitantes (ou plus douces) et de vues panoramiques exceptionnelles.  Situ\u00e9 sur la barri\u00e8re climatique entre les Alpes du Nord et du Sud, il b\u00e9n\u00e9ficie de conditions m\u00e9t\u00e9orologiques particuli\u00e8rement bonnes, offrant \u00e0 la fois beaucoup de neige en hiver et un ensoleillement garanti pendant la majeure partie de l\u2019ann\u00e9e. Quelle que soit la p\u00e9riode de l\u2019ann\u00e9e que vous pr\u00e9f\u00e9rez et l\u2019activit\u00e9 que vous aimez... Tout est ici qui vous attend.<\/p>\n\n\n\n<div class=\"wp-block-columns is-layout-flex wp-container-core-columns-is-layout-28f84493 wp-block-columns-is-layout-flex\">\n<div class=\"wp-block-column is-layout-flow wp-block-column-is-layout-flow\">\n<p class=\"has-text-align-center\"><strong>Printemps, \u00e9t\u00e9 et automne<\/strong><\/p>\n\n\n\n<div class=\"wp-block-group is-vertical is-layout-flex wp-container-core-group-is-layout-fe9cc265 wp-block-group-is-layout-flex\">\n<figure class=\"wp-block-image size-large is-resized\"><img loading=\"lazy\" decoding=\"async\" width=\"1024\" height=\"768\" src=\"https:\/\/oisansvacances.fr\/wp-content\/uploads\/2024\/06\/poppies-les-sables-1024x768.jpg\" alt=\"\" class=\"wp-image-108\" style=\"width:342px;height:auto\" srcset=\"https:\/\/oisansvacances.fr\/wp-content\/uploads\/2024\/06\/poppies-les-sables-1024x768.jpg 1024w, https:\/\/oisansvacances.fr\/wp-content\/uploads\/2024\/06\/poppies-les-sables-300x225.jpg 300w, https:\/\/oisansvacances.fr\/wp-content\/uploads\/2024\/06\/poppies-les-sables-2000x1500.jpg 2000w, https:\/\/oisansvacances.fr\/wp-content\/uploads\/2024\/06\/poppies-les-sables-scaled-16x12.jpg 16w\" sizes=\"auto, (max-width: 1024px) 100vw, 1024px\" \/><\/figure>\n\n\n\n<p>En dehors de l\u2019hiver, l\u2019ensemble de l\u2019Oisans est votre terrain de jeu pour acc\u00e9der et pour toutes les activit\u00e9s de plein air qui vous plaisent. La beaut\u00e9 de l\u2019\u00e9poque, du printemps \u00e0 l\u2019automne, est le vaste changement dans l\u2019environnement que vous verrez. Du bourgeonnement pr\u00e9coce de la nature au printemps \u00e0 l\u2019\u00e9clat des couleurs dor\u00e9es \u00e0 l\u2019automne.     <\/p>\n\n\n\n<div class=\"wp-block-buttons is-layout-flex wp-block-buttons-is-layout-flex\">\n<div class=\"wp-block-button\"><a class=\"wp-block-button__link wp-element-button\" href=\"https:\/\/www.oisans.com\/a-voir-a-faire\/loisans-au-fil-des-saisons\/\">au-del\u00e0 de l'hiver<\/a><\/div>\n<\/div>\n<\/div>\n<\/div>\n\n\n\n<div class=\"wp-block-column is-layout-flow wp-block-column-is-layout-flow\">\n<p class=\"has-text-align-center\"><strong>Hiver<\/strong><\/p>\n\n\n\n<div class=\"wp-block-group is-vertical is-layout-flex wp-container-core-group-is-layout-fe9cc265 wp-block-group-is-layout-flex\">\n<figure class=\"wp-block-image size-large is-resized\"><img loading=\"lazy\" decoding=\"async\" width=\"1024\" height=\"663\" src=\"http:\/\/oisansvacances.fr\/wp-content\/uploads\/2024\/06\/la-grave-alpinisme-01-1200x777-1-1024x663.jpg\" alt=\"\" class=\"wp-image-106\" style=\"width:346px;height:auto\" srcset=\"https:\/\/oisansvacances.fr\/wp-content\/uploads\/2024\/06\/la-grave-alpinisme-01-1200x777-1-1024x663.jpg 1024w, https:\/\/oisansvacances.fr\/wp-content\/uploads\/2024\/06\/la-grave-alpinisme-01-1200x777-1-300x194.jpg 300w, https:\/\/oisansvacances.fr\/wp-content\/uploads\/2024\/06\/la-grave-alpinisme-01-1200x777-1-18x12.jpg 18w, https:\/\/oisansvacances.fr\/wp-content\/uploads\/2024\/06\/la-grave-alpinisme-01-1200x777-1.jpg 1200w\" sizes=\"auto, (max-width: 1024px) 100vw, 1024px\" \/><\/figure>\n\n\n\n<p>En hiver, les Alpes sont un pays des merveilles, la tranquillit\u00e9 et la paix, le scintillement de la neige qui brille sous le soleil et l\u2019air vivifiant qui remplit les poumons et rafra\u00eechit le corps.   Les amoureux de la nature sauvage disposent d\u2019un terrain de jeu infini en Oisans pour s\u2019\u00e9merveiller devant les paysages alpins.\n\nVoici un programme vari\u00e9 pour changer d\u2019activit\u00e9s tous les jours, ski, planche, ski nordique, raquette, escalade de glace, yoga ext\u00e9rieur et bien d\u2019autres.  Ici, vous pouvez alterner plaisirs et panoramas, mais aussi consacrer plus de moments \u00e0 vous asseoir et \u00e0 partager le calme.<\/p>\n\n\n\n<p>Voici un programme vari\u00e9 pour changer d'activit\u00e9s au quotidien, ski, planche, ski nordique, raquette, escalade sur glace, yoga ext\u00e9rieur et bien d'autres encore. Ici, vous pourrez alterner plaisirs et panoramas, mais aussi consacrer davantage de moments pour vous asseoir et partager le calme.<\/p>\n\n\n\n<div class=\"wp-block-buttons is-layout-flex wp-block-buttons-is-layout-flex\">\n<div class=\"wp-block-button\"><a class=\"wp-block-button__link wp-element-button\">Hiver<\/a><\/div>\n<\/div>\n<\/div>\n<\/div>\n\n\n\n<div class=\"wp-block-column is-layout-flow wp-block-column-is-layout-flow\">\n<p class=\"has-text-align-center\"><strong>Famillies<\/strong><\/p>\n\n\n\n<div class=\"wp-block-group is-vertical is-layout-flex wp-container-core-group-is-layout-fe9cc265 wp-block-group-is-layout-flex\">\n<figure class=\"wp-block-image size-full is-resized\"><img loading=\"lazy\" decoding=\"async\" width=\"550\" height=\"435\" src=\"http:\/\/oisansvacances.fr\/wp-content\/uploads\/2024\/06\/family.png\" alt=\"\" class=\"wp-image-110\" style=\"width:312px;height:auto\" srcset=\"https:\/\/oisansvacances.fr\/wp-content\/uploads\/2024\/06\/family.png 550w, https:\/\/oisansvacances.fr\/wp-content\/uploads\/2024\/06\/family-300x237.png 300w, https:\/\/oisansvacances.fr\/wp-content\/uploads\/2024\/06\/family-15x12.png 15w\" sizes=\"auto, (max-width: 550px) 100vw, 550px\" \/><\/figure>\n\n\n\n<p>L\u2019Oisans est un terrain de jeu pour les familles.  L\u2019\u00e9tendue des activit\u00e9s et le cadre majestueux inspirent les familles \u00e0 vivre des aventures ensemble, \u00e0 cr\u00e9er de nouveaux souvenirs et \u00e0 aider les parents \u00e0 gagner la bataille pour le temps d\u2019\u00e9cran !\n\nDes options traditionnelles que sont le ski, le snowboard, l\u2019\u00e9quitation et la randonn\u00e9e, aux options plus aventureuses telles que la Via Ferrata, le parapente, le cano\u00eb-kayak, vous pouvez cr\u00e9er des vacances remplies de nouvelles activit\u00e9s \u00e0 essayer et de nouvelles comp\u00e9tences en montagne \u00e0 d\u00e9velopper ensemble<\/p>\n\n\n\n<p>Des options traditionnelles de ski, snowboard, balade \u00e0 cheval et randonn\u00e9e, aux options plus aventureuses telles que la Via Ferrata, le parapente, le cano\u00eb, vous pouvez cr\u00e9er des vacances remplies de nouvelles activit\u00e9s \u00e0 essayer et de nouvelles comp\u00e9tences en montagne \u00e0 d\u00e9velopper ensemble. <\/p>\n\n\n\n<div class=\"wp-block-buttons is-layout-flex wp-block-buttons-is-layout-flex\">\n<div class=\"wp-block-button\"><a class=\"wp-block-button__link wp-element-button\">Famillies<\/a><\/div>\n<\/div>\n<\/div>\n<\/div>\n<\/div>\n\n\n\n<div class=\"wp-block-columns is-layout-flex wp-container-core-columns-is-layout-28f84493 wp-block-columns-is-layout-flex\">\n<div class=\"wp-block-column is-layout-flow wp-block-column-is-layout-flow\">\n<p class=\"has-text-align-center\"><strong>Ski et snowboard<\/strong><\/p>\n\n\n\n<figure class=\"wp-block-image size-large\"><img loading=\"lazy\" decoding=\"async\" width=\"1024\" height=\"683\" src=\"http:\/\/oisansvacances.fr\/wp-content\/uploads\/2024\/06\/ski-alpe-dhuez-1024x683.jpg\" alt=\"\" class=\"wp-image-18\" srcset=\"https:\/\/oisansvacances.fr\/wp-content\/uploads\/2024\/06\/ski-alpe-dhuez-1024x683.jpg 1024w, https:\/\/oisansvacances.fr\/wp-content\/uploads\/2024\/06\/ski-alpe-dhuez-300x200.jpg 300w, https:\/\/oisansvacances.fr\/wp-content\/uploads\/2024\/06\/ski-alpe-dhuez-768x512.jpg 768w, https:\/\/oisansvacances.fr\/wp-content\/uploads\/2024\/06\/ski-alpe-dhuez-1536x1024.jpg 1536w, https:\/\/oisansvacances.fr\/wp-content\/uploads\/2024\/06\/ski-alpe-dhuez-18x12.jpg 18w, https:\/\/oisansvacances.fr\/wp-content\/uploads\/2024\/06\/ski-alpe-dhuez.jpg 1900w\" sizes=\"auto, (max-width: 1024px) 100vw, 1024px\" \/><\/figure>\n\n\n\n<p>L'Oisans compte 4 domaines skiables distincts, chacun avec sa propre saveur :<\/p>\n\n\n\n<ul class=\"wp-block-list\">\n<li>A deux pas de chez nous, Alpe d\u2019Huez Grand Domaine Ski : 5 stations, 10 000 hectares de ski, la plus longue piste noire d\u2019Europe La Sarenne et le Pic Blanc \u00e0 3300m.&nbsp;<\/li>\n\n\n\n<li>La Grave \u2013 La Meije: un dominio esquiable fuera de pista \u00fanico en Europa, un telesqu\u00ed legendario y la Meije.<\/li>\n\n\n\n<li>Les 2 Alpes : ski d'\u00e9t\u00e9, un snowpark de r\u00e9f\u00e9rence et un glacier \u00e0 3 600 m.<\/li>\n\n\n\n<li>Le Col d\u2019Ornon : une station \u00e0 taille humaine, haut lieu du ski de fond et de la raquette et un environnement bois\u00e9.&nbsp;<\/li>\n<\/ul>\n\n\n\n<div class=\"wp-block-buttons is-layout-flex wp-block-buttons-is-layout-flex\">\n<div class=\"wp-block-button\"><a class=\"wp-block-button__link wp-element-button\">Sports d'hiver<\/a><\/div>\n<\/div>\n<\/div>\n\n\n\n<div class=\"wp-block-column is-layout-flow wp-block-column-is-layout-flow\">\n<p class=\"has-text-align-center\"><strong>V\u00e9lo et VTT<\/strong><\/p>\n\n\n\n<figure class=\"wp-block-image size-large\"><img loading=\"lazy\" decoding=\"async\" width=\"1024\" height=\"683\" src=\"http:\/\/oisansvacances.fr\/wp-content\/uploads\/2024\/06\/Allemond-1024x683.jpg\" alt=\"\" class=\"wp-image-17\" srcset=\"https:\/\/oisansvacances.fr\/wp-content\/uploads\/2024\/06\/Allemond-1024x683.jpg 1024w, https:\/\/oisansvacances.fr\/wp-content\/uploads\/2024\/06\/Allemond-300x200.jpg 300w, https:\/\/oisansvacances.fr\/wp-content\/uploads\/2024\/06\/Allemond-768x512.jpg 768w, https:\/\/oisansvacances.fr\/wp-content\/uploads\/2024\/06\/Allemond-1536x1024.jpg 1536w, https:\/\/oisansvacances.fr\/wp-content\/uploads\/2024\/06\/Allemond-18x12.jpg 18w, https:\/\/oisansvacances.fr\/wp-content\/uploads\/2024\/06\/Allemond.jpg 2048w\" sizes=\"auto, (max-width: 1024px) 100vw, 1024px\" \/><\/figure>\n\n\n\n<p>Vous avez s\u00fbrement entendu parler du Glandon, de la Croix de Fer, du Galibier, du Lautaret, de l'Ornon et bien s\u00fbr de l'Alpe d'Huez et ses 21 virages. Tous les cyclistes connaissent l'Oisans, c'est certain.<\/p>\n\n\n\n<p>L\u2019\u00e9t\u00e9, ce sont les \u00e9v\u00e9nements cyclistes, comme l\u2019Alpe d\u2019Huzes, la Marmotte Grandfondo, le Tour de France et l\u2019Oisans Col Series qui rythment la vie en Oisans\u2026 Que vous soyez un cycliste professionnel en qu\u00eate du terrain d\u2019entra\u00eenement ultime, ou un cycliste plus r\u00e9serv\u00e9, chacun repartira avec un souvenir imp\u00e9rissable de l\u2019Oisans.<\/p>\n\n\n\n<p>Le terme VTT prend ici un tout autre sens ! Enfourchez votre VTT et partez \u00e0 l'assaut des pistes cyclables qui d\u00e9butent sur le glacier \u00e0 3\u00a0000 m d'altitude et descendent sur 2\u00a0500 m \u00e0 travers prairies et sous-bois, pour finir dans les plaines verdoyantes de Bourg d'Oisans.<\/p>\n\n\n\n<p>Avec les stations VTT de l'Alpe d'Huez Grand Domaine VTT, des 2 Alpes et de La Grave, l'Oisans vous offre trois domaines tr\u00e8s diff\u00e9rents, avec des pistes con\u00e7ues et s\u00e9curis\u00e9es pour tous les niveaux. N'h\u00e9sitez pas \u00e0 vous lancer dans la M\u00e9gaAvalanche\u00a0! <\/p>\n\n\n\n<div class=\"wp-block-buttons is-layout-flex wp-block-buttons-is-layout-flex\">\n<div class=\"wp-block-button\"><a class=\"wp-block-button__link wp-element-button\" href=\"https:\/\/uk.bike-oisans.com\/?_ga=2.56891690.1297091269.1727459669-352026990.1727459669\">Velo et VTT<\/a><\/div>\n<\/div>\n<\/div>\n\n\n\n<div class=\"wp-block-column is-layout-flow wp-block-column-is-layout-flow\">\n<p class=\"has-text-align-center\"><strong>Randonn\u00e9e et escalade<\/strong><\/p>\n\n\n\n<figure class=\"wp-block-image size-large\"><img loading=\"lazy\" decoding=\"async\" width=\"1024\" height=\"512\" src=\"http:\/\/oisansvacances.fr\/wp-content\/uploads\/2024\/06\/climbing-1024x512.jpg\" alt=\"\" class=\"wp-image-22\" srcset=\"https:\/\/oisansvacances.fr\/wp-content\/uploads\/2024\/06\/climbing-1024x512.jpg 1024w, https:\/\/oisansvacances.fr\/wp-content\/uploads\/2024\/06\/climbing-300x150.jpg 300w, https:\/\/oisansvacances.fr\/wp-content\/uploads\/2024\/06\/climbing-768x384.jpg 768w, https:\/\/oisansvacances.fr\/wp-content\/uploads\/2024\/06\/climbing-1536x768.jpg 1536w, https:\/\/oisansvacances.fr\/wp-content\/uploads\/2024\/06\/climbing-18x9.jpg 18w, https:\/\/oisansvacances.fr\/wp-content\/uploads\/2024\/06\/climbing.jpg 1600w\" sizes=\"auto, (max-width: 1024px) 100vw, 1024px\" \/><\/figure>\n\n\n\n<p>L'Oisans offre aux amoureux de la marche et de la nature des itin\u00e9raires de randonn\u00e9es, de tous niveaux, que vous recherchiez des ascensions s\u00e9rieuses guid\u00e9es\/en solo sur plusieurs jours ou des randonn\u00e9es faciles \u00e0 la journ\u00e9e. <\/p>\n\n\n\n<p>Entour\u00e9 de montagnes majestueuses, l'Oisans est une r\u00e9gion sauvage et pr\u00e9serv\u00e9e gr\u00e2ce notamment au Parc National des \u00c9crins, qui b\u00e9n\u00e9ficie d'un patrimoine naturel exceptionnel, ainsi que d'une grande vari\u00e9t\u00e9 de paysages et de sites naturels. L'Oisans compte \u00e9galement 24 refuges de montagne, parfaits pour faire une pause pendant votre randonn\u00e9e ou pour une nuit \u00e9tape conviviale, avant de continuer le lendemain.<br><\/p>\n\n\n\n<div class=\"wp-block-buttons is-layout-flex wp-block-buttons-is-layout-flex\">\n<div class=\"wp-block-button\"><a class=\"wp-block-button__link wp-element-button\">Wandern und Klettern<\/a><\/div>\n<\/div>\n<\/div>\n<\/div>\n\n\n\n<div style=\"height:22px\" aria-hidden=\"true\" class=\"wp-block-spacer\"><\/div>\n\n\n\n<div class=\"wp-block-columns is-layout-flex wp-container-core-columns-is-layout-28f84493 wp-block-columns-is-layout-flex\">\n<div class=\"wp-block-column is-layout-flow wp-block-column-is-layout-flow\">\n<p class=\"has-text-align-center\"><strong>Vous avez une question ?<\/strong><\/p>\n\n\n\n<div class=\"wp-block-buttons is-content-justification-center is-layout-flex wp-container-core-buttons-is-layout-a89b3969 wp-block-buttons-is-layout-flex\">\n<div class=\"wp-block-button\"><a class=\"wp-block-button__link wp-element-button\" href=\"mailto:info@oisansvacances.fr\">Envoyer une demande<\/a><\/div>\n<\/div>\n<\/div>\n\n\n\n<div class=\"wp-block-column is-layout-flow wp-block-column-is-layout-flow\">\n<p class=\"has-text-align-center\"><strong>Pr\u00eat \u00e0 r\u00e9server<\/strong><\/p>\n\n\n\n<div class=\"wp-block-buttons is-content-justification-center is-layout-flex wp-container-core-buttons-is-layout-a89b3969 wp-block-buttons-is-layout-flex\">\n<div class=\"wp-block-button\"><a class=\"wp-block-button__link wp-element-button\" href=\"https:\/\/booking.smoobu.com\/9A965556\">R\u00e9servez maintenant<\/a><\/div>\n<\/div>\n<\/div>\n<\/div>\n\n\n\n<div style=\"height:32px\" aria-hidden=\"true\" class=\"wp-block-spacer\"><\/div>","protected":false},"excerpt":{"rendered":"<p>This region of the French Alps, straddling the d\u00e9partements of Is\u00e8re (38), Hautes-Alpes (05) and Savoie (73), is&nbsp;a paradise for lovers of wide, open spaces, thrilling (or more mellow) experiences and outstanding panoramic views. Situated on the climate barrier between the northern and southern Alps, it enjoys particularly good weather conditions, providing both plenty of &hellip; <\/p>\n<p class=\"link-more\"><a href=\"https:\/\/oisansvacances.fr\/fr\/experiences\/\" class=\"more-link\">Lire la suite de<span class=\"screen-reader-text\">\u00ab\u00a0Experiences\u00a0\u00bb<\/span><\/a><\/p>","protected":false},"author":1,"featured_media":0,"parent":0,"menu_order":0,"comment_status":"closed","ping_status":"closed","template":"","meta":{"inspiro_hide_title":false,"footnotes":""},"class_list":["post-39","page","type-page","status-publish","hentry"],"_links":{"self":[{"href":"https:\/\/oisansvacances.fr\/fr\/wp-json\/wp\/v2\/pages\/39","targetHints":{"allow":["GET"]}}],"collection":[{"href":"https:\/\/oisansvacances.fr\/fr\/wp-json\/wp\/v2\/pages"}],"about":[{"href":"https:\/\/oisansvacances.fr\/fr\/wp-json\/wp\/v2\/types\/page"}],"author":[{"embeddable":true,"href":"https:\/\/oisansvacances.fr\/fr\/wp-json\/wp\/v2\/users\/1"}],"replies":[{"embeddable":true,"href":"https:\/\/oisansvacances.fr\/fr\/wp-json\/wp\/v2\/comments?post=39"}],"version-history":[{"count":19,"href":"https:\/\/oisansvacances.fr\/fr\/wp-json\/wp\/v2\/pages\/39\/revisions"}],"predecessor-version":[{"id":778,"href":"https:\/\/oisansvacances.fr\/fr\/wp-json\/wp\/v2\/pages\/39\/revisions\/778"}],"wp:attachment":[{"href":"https:\/\/oisansvacances.fr\/fr\/wp-json\/wp\/v2\/media?parent=39"}],"curies":[{"name":"wp","href":"https:\/\/api.w.org\/{rel}","templated":true}]}}