{"id":130,"date":"2024-06-11T10:38:05","date_gmt":"2024-06-11T10:38:05","guid":{"rendered":"https:\/\/oisansvacances.fr\/?page_id=130"},"modified":"2026-04-25T15:49:46","modified_gmt":"2026-04-25T15:49:46","slug":"vermarine-10-person-ski-and-cycling-chalet-in-alpe-dhuez-domaine","status":"publish","type":"page","link":"https:\/\/oisansvacances.fr\/fr\/chalets-in-alpe-dhuez-domaine-group-accommodation-oisans\/vermarine-10-person-ski-and-cycling-chalet-in-alpe-dhuez-domaine\/","title":{"rendered":"Vermarine &#8211; 10 person ski and cycling Chalet"},"content":{"rendered":"<p>Stay at the most accessible Basecamp of the Alpe d&#8217;Huez Domaine and experience it all. <\/p>\n\n\n\n<div class=\"wp-block-columns is-layout-flex wp-container-core-columns-is-layout-28f84493 wp-block-columns-is-layout-flex\">\n<div class=\"wp-block-column is-layout-flow wp-block-column-is-layout-flow\">\n<div class=\"wp-block-group alignfull has-background has-global-padding is-layout-constrained wp-block-group-is-layout-constrained\" style=\"background-color:#e5e9ec;padding-top:var(--wp--preset--spacing--small);padding-bottom:var(--wp--preset--spacing--small)\">\n<div class=\"wp-block-columns is-layout-flex wp-container-core-columns-is-layout-28f84493 wp-block-columns-is-layout-flex\">\n<div class=\"wp-block-column is-layout-flow wp-block-column-is-layout-flow\">\n<figure class=\"wp-block-image size-full\"><img loading=\"lazy\" decoding=\"async\" width=\"278\" height=\"278\" src=\"http:\/\/oisansvacances.fr\/wp-content\/uploads\/2025\/06\/Logo-Ok_GITES-DE-FRANCE_-copie-005-1.png\" alt=\"\" class=\"wp-image-649\" srcset=\"https:\/\/oisansvacances.fr\/wp-content\/uploads\/2025\/06\/Logo-Ok_GITES-DE-FRANCE_-copie-005-1.png 278w, https:\/\/oisansvacances.fr\/wp-content\/uploads\/2025\/06\/Logo-Ok_GITES-DE-FRANCE_-copie-005-1-150x150.png 150w, https:\/\/oisansvacances.fr\/wp-content\/uploads\/2025\/06\/Logo-Ok_GITES-DE-FRANCE_-copie-005-1-12x12.png 12w\" sizes=\"auto, (max-width: 278px) 100vw, 278px\" \/><\/figure>\n\n\n\n<h2 class=\"wp-block-heading has-medium-font-size\" style=\"text-transform:uppercase\">Un\u00e0 propos de Vermarine<\/h2>\n\n\n\n<p>Set within a beautiful, authentic barn dating from 1654, this g\u00eete is newly renovated and has been lovingly restored and is full of character and charm.&nbsp; G\u00eete Vermarine is situated in the heart of Allemond, the basecamp to explore the whole Oisans Region of the French Alps.<\/p>\n\n\n\n<p>Ce g\u00eete est id\u00e9alement situ\u00e9 pour s\u2019attaquer aux c\u00e9l\u00e8bres itin\u00e9raires cyclables et de randonn\u00e9e et pour explorer l\u2019ensemble du Domaine de l\u2019Alpe D\u2019Huez depuis le t\u00e9l\u00e9ski de l\u2019Eau D\u2019Olle \u00e0 1,2 km<\/p>\n\n\n\n<p>Vermarine can also be joined with Jasper to provide a large space to host groups up to 15. <\/p>\n<\/div>\n\n\n\n<div class=\"wp-block-column is-layout-flow wp-block-column-is-layout-flow\">\n<figure class=\"wp-block-image size-large is-resized\"><img loading=\"lazy\" decoding=\"async\" width=\"768\" height=\"1024\" src=\"https:\/\/oisansvacances.fr\/wp-content\/uploads\/2025\/06\/IMG_5877-768x1024.jpg\" alt=\"\" class=\"wp-image-670\" style=\"width:491px;height:auto\" srcset=\"https:\/\/oisansvacances.fr\/wp-content\/uploads\/2025\/06\/IMG_5877-768x1024.jpg 768w, https:\/\/oisansvacances.fr\/wp-content\/uploads\/2025\/06\/IMG_5877-225x300.jpg 225w, https:\/\/oisansvacances.fr\/wp-content\/uploads\/2025\/06\/IMG_5877-2000x2667.jpg 2000w, https:\/\/oisansvacances.fr\/wp-content\/uploads\/2025\/06\/IMG_5877-scaled-9x12.jpg 9w, https:\/\/oisansvacances.fr\/wp-content\/uploads\/2025\/06\/IMG_5877-scaled.jpg 1920w\" sizes=\"auto, (max-width: 768px) 100vw, 768px\" \/><\/figure>\n\n\n\n<div class=\"wp-block-buttons is-layout-flex wp-block-buttons-is-layout-flex\">\n<div class=\"wp-block-button\"><a class=\"wp-block-button__link wp-element-button\" href=\"https:\/\/booking.smoobu.com\/9A965556\">V\u00e9rifiez la disponibilit\u00e9 et r\u00e9servez<\/a><\/div>\n<\/div>\n<\/div>\n<\/div>\n<\/div>\n<\/div>\n<\/div>\n\n\n\n<div class=\"wp-block-columns is-layout-flex wp-container-core-columns-is-layout-28f84493 wp-block-columns-is-layout-flex\">\n<div class=\"wp-block-column is-layout-flow wp-block-column-is-layout-flow\">\n<h2 class=\"wp-block-heading has-text-align-center\">Un g\u00eete authentique pour 10 couchages au c\u0153ur d\u2019Allemond<\/h2>\n\n\n\n<p class=\"has-text-align-center\">Informations pratiques :<\/p>\n<\/div>\n<\/div>\n\n\n\n<div class=\"wp-block-columns is-layout-flex wp-container-core-columns-is-layout-28f84493 wp-block-columns-is-layout-flex\">\n<div class=\"wp-block-column is-layout-flow wp-block-column-is-layout-flow\">\n<figure class=\"wp-block-gallery has-nested-images columns-default is-cropped wp-block-gallery-1 is-layout-flex wp-block-gallery-is-layout-flex\">\n<figure class=\"wp-block-image size-full is-style-default\"><img loading=\"lazy\" decoding=\"async\" width=\"1500\" height=\"1000\" data-id=\"604\" src=\"https:\/\/oisansvacances.fr\/wp-content\/uploads\/2025\/06\/VM-lounge2-1.jpg\" alt=\"\" class=\"wp-image-604\" srcset=\"https:\/\/oisansvacances.fr\/wp-content\/uploads\/2025\/06\/VM-lounge2-1.jpg 1500w, https:\/\/oisansvacances.fr\/wp-content\/uploads\/2025\/06\/VM-lounge2-1-300x200.jpg 300w, https:\/\/oisansvacances.fr\/wp-content\/uploads\/2025\/06\/VM-lounge2-1-1024x683.jpg 1024w, https:\/\/oisansvacances.fr\/wp-content\/uploads\/2025\/06\/VM-lounge2-1-18x12.jpg 18w\" sizes=\"auto, (max-width: 1500px) 100vw, 1500px\" \/><\/figure>\n<\/figure>\n\n\n\n<p>Vermarine est enti\u00e8rement \u00e9quip\u00e9 pour accueillir tout type de groupe jusqu'\u00e0 10 personnes. Ce spacieux espace de 120 m\u00b2, r\u00e9parti sur 4 \u00e9tages dans une ancienne ferme (1645), allie l'ambiance et le charme de l'histoire \u00e0 tout le confort moderne d'une maison.<\/p>\n<\/div>\n\n\n\n<div class=\"wp-block-column is-layout-flow wp-block-column-is-layout-flow\">\n<figure class=\"wp-block-image size-full\"><img loading=\"lazy\" decoding=\"async\" width=\"1500\" height=\"1000\" src=\"https:\/\/oisansvacances.fr\/wp-content\/uploads\/2025\/06\/VM-dining.jpg\" alt=\"\" class=\"wp-image-609\" srcset=\"https:\/\/oisansvacances.fr\/wp-content\/uploads\/2025\/06\/VM-dining.jpg 1500w, https:\/\/oisansvacances.fr\/wp-content\/uploads\/2025\/06\/VM-dining-300x200.jpg 300w, https:\/\/oisansvacances.fr\/wp-content\/uploads\/2025\/06\/VM-dining-1024x683.jpg 1024w, https:\/\/oisansvacances.fr\/wp-content\/uploads\/2025\/06\/VM-dining-18x12.jpg 18w\" sizes=\"auto, (max-width: 1500px) 100vw, 1500px\" \/><\/figure>\n\n\n\n<p>Au sein de Vermarine, vous trouverez un rez-de-chauss\u00e9e avec une cuisine, une salle \u00e0 manger et un salon comme espace social.<\/p>\n\n\n\n<p>This level has a fully equipped kitchen (with sharp knives &#8211; as keen cooks ourselves we know the importance of a good rental kitchen!) Amazing WiFi throughout with 2GB Orange Pro private connection. The lounge area gives a great new LG OLED 4K SMART TV with Netflix, Amazon Prime TV, Apple TV and Orange cable TV and Molotov for any channel you may want to use.<\/p>\n<\/div>\n\n\n\n<div class=\"wp-block-column is-layout-flow wp-block-column-is-layout-flow\">\n<figure class=\"wp-block-gallery has-nested-images columns-default is-cropped wp-block-gallery-2 is-layout-flex wp-block-gallery-is-layout-flex\">\n<figure class=\"wp-block-image size-full\"><img loading=\"lazy\" decoding=\"async\" width=\"1500\" height=\"1000\" data-id=\"602\" src=\"https:\/\/oisansvacances.fr\/wp-content\/uploads\/2025\/06\/VM-bedroom-1.jpg\" alt=\"\" class=\"wp-image-602\" srcset=\"https:\/\/oisansvacances.fr\/wp-content\/uploads\/2025\/06\/VM-bedroom-1.jpg 1500w, https:\/\/oisansvacances.fr\/wp-content\/uploads\/2025\/06\/VM-bedroom-1-300x200.jpg 300w, https:\/\/oisansvacances.fr\/wp-content\/uploads\/2025\/06\/VM-bedroom-1-1024x683.jpg 1024w, https:\/\/oisansvacances.fr\/wp-content\/uploads\/2025\/06\/VM-bedroom-1-18x12.jpg 18w\" sizes=\"auto, (max-width: 1500px) 100vw, 1500px\" \/><\/figure>\n<\/figure>\n\n\n\n<p>La premi\u00e8re chambre peut \u00eatre configur\u00e9e en lit double king size, lits jumeaux ou triple si vous avez besoin d'un lit suppl\u00e9mentaire. Un lit b\u00e9b\u00e9 peut \u00eatre ajout\u00e9 si vous souhaitez un lit double avec lit b\u00e9b\u00e9. Elle dispose de sa propre salle de douche et de toilettes privatives. Elle offre une vue sur la montagne, en direction de Sardonne et d'Oz en Oisans.<\/p>\n<\/div>\n<\/div>\n\n\n\n<div class=\"wp-block-columns is-layout-flex wp-container-core-columns-is-layout-28f84493 wp-block-columns-is-layout-flex\">\n<div class=\"wp-block-column is-layout-flow wp-block-column-is-layout-flow\">\n<figure class=\"wp-block-image size-full\"><img loading=\"lazy\" decoding=\"async\" width=\"1500\" height=\"1000\" src=\"https:\/\/oisansvacances.fr\/wp-content\/uploads\/2025\/06\/VM-bedroom-2-twin.jpg\" alt=\"\" class=\"wp-image-601\" srcset=\"https:\/\/oisansvacances.fr\/wp-content\/uploads\/2025\/06\/VM-bedroom-2-twin.jpg 1500w, https:\/\/oisansvacances.fr\/wp-content\/uploads\/2025\/06\/VM-bedroom-2-twin-300x200.jpg 300w, https:\/\/oisansvacances.fr\/wp-content\/uploads\/2025\/06\/VM-bedroom-2-twin-1024x683.jpg 1024w, https:\/\/oisansvacances.fr\/wp-content\/uploads\/2025\/06\/VM-bedroom-2-twin-18x12.jpg 18w\" sizes=\"auto, (max-width: 1500px) 100vw, 1500px\" \/><\/figure>\n\n\n\n<p>La deuxi\u00e8me chambre peut \u00eatre configur\u00e9e en king size, double ou twin et un lit b\u00e9b\u00e9 peut \u00eatre ajout\u00e9. Tout comme la premi\u00e8re chambre, ses vues sont vers la vue sur la montagne de Sardonne et Oz en Oisans. Elle partage une salle de bain et des toilettes s\u00e9par\u00e9es avec la troisi\u00e8me chambre<\/p>\n<\/div>\n\n\n\n<div class=\"wp-block-column is-layout-flow wp-block-column-is-layout-flow\">\n<figure class=\"wp-block-image size-full\"><img loading=\"lazy\" decoding=\"async\" width=\"1500\" height=\"1000\" src=\"https:\/\/oisansvacances.fr\/wp-content\/uploads\/2025\/06\/VM-bedroom3-triple-1.jpg\" alt=\"\" class=\"wp-image-600\" srcset=\"https:\/\/oisansvacances.fr\/wp-content\/uploads\/2025\/06\/VM-bedroom3-triple-1.jpg 1500w, https:\/\/oisansvacances.fr\/wp-content\/uploads\/2025\/06\/VM-bedroom3-triple-1-300x200.jpg 300w, https:\/\/oisansvacances.fr\/wp-content\/uploads\/2025\/06\/VM-bedroom3-triple-1-1024x683.jpg 1024w, https:\/\/oisansvacances.fr\/wp-content\/uploads\/2025\/06\/VM-bedroom3-triple-1-18x12.jpg 18w\" sizes=\"auto, (max-width: 1500px) 100vw, 1500px\" \/><\/figure>\n\n\n\n<p>La chambre trois est un v\u00e9ritable bijou pour les familles et les groupes. Elle dispose d'une pi\u00e8ce principale pouvant \u00eatre transform\u00e9e en un lit double king-size ou en un lit triple pour trois personnes.<\/p>\n<\/div>\n\n\n\n<div class=\"wp-block-column is-layout-flow wp-block-column-is-layout-flow\">\n<figure class=\"wp-block-image size-full\"><img loading=\"lazy\" decoding=\"async\" width=\"1500\" height=\"1000\" src=\"https:\/\/oisansvacances.fr\/wp-content\/uploads\/2025\/06\/VM-bedroom-4-view-1-1.jpg\" alt=\"\" class=\"wp-image-598\" srcset=\"https:\/\/oisansvacances.fr\/wp-content\/uploads\/2025\/06\/VM-bedroom-4-view-1-1.jpg 1500w, https:\/\/oisansvacances.fr\/wp-content\/uploads\/2025\/06\/VM-bedroom-4-view-1-1-300x200.jpg 300w, https:\/\/oisansvacances.fr\/wp-content\/uploads\/2025\/06\/VM-bedroom-4-view-1-1-1024x683.jpg 1024w, https:\/\/oisansvacances.fr\/wp-content\/uploads\/2025\/06\/VM-bedroom-4-view-1-1-18x12.jpg 18w\" sizes=\"auto, (max-width: 1500px) 100vw, 1500px\" \/><\/figure>\n\n\n\n<p>La chambre 4, situ\u00e9e au dernier \u00e9tage, dispose de deux lits simples. <\/p>\n<\/div>\n<\/div>\n\n\n\n<div class=\"wp-block-columns is-layout-flex wp-container-core-columns-is-layout-28f84493 wp-block-columns-is-layout-flex\">\n<div class=\"wp-block-column is-layout-flow wp-block-column-is-layout-flow\">\n<figure class=\"wp-block-image size-full\"><img loading=\"lazy\" decoding=\"async\" width=\"1500\" height=\"1000\" src=\"https:\/\/oisansvacances.fr\/wp-content\/uploads\/2025\/06\/VM-games-room.jpg\" alt=\"\" class=\"wp-image-606\" srcset=\"https:\/\/oisansvacances.fr\/wp-content\/uploads\/2025\/06\/VM-games-room.jpg 1500w, https:\/\/oisansvacances.fr\/wp-content\/uploads\/2025\/06\/VM-games-room-300x200.jpg 300w, https:\/\/oisansvacances.fr\/wp-content\/uploads\/2025\/06\/VM-games-room-1024x683.jpg 1024w, https:\/\/oisansvacances.fr\/wp-content\/uploads\/2025\/06\/VM-games-room-18x12.jpg 18w\" sizes=\"auto, (max-width: 1500px) 100vw, 1500px\" \/><\/figure>\n\n\n\n<p>Divertir les enfants en vacances est un travail \u00e0 temps plein. Nous le savons aussi ! C'est pourquoi nous avons am\u00e9nag\u00e9 une salle de jeux pour enfants avec baby-foot, jeux, dessin, livres et bien plus encore. Vous trouverez \u00e9galement un espace o\u00f9 vous trouverez une console de jeux, des jeux et une t\u00e9l\u00e9vision.<\/p>\n<\/div>\n\n\n\n<div class=\"wp-block-column is-layout-flow wp-block-column-is-layout-flow\">\n<figure class=\"wp-block-image size-large is-resized\"><img loading=\"lazy\" decoding=\"async\" width=\"1024\" height=\"683\" src=\"https:\/\/oisansvacances.fr\/wp-content\/uploads\/2025\/06\/Vermarine-terrace-1024x683.jpg\" alt=\"\" class=\"wp-image-608\" style=\"width:345px;height:auto\" srcset=\"https:\/\/oisansvacances.fr\/wp-content\/uploads\/2025\/06\/Vermarine-terrace-1024x683.jpg 1024w, https:\/\/oisansvacances.fr\/wp-content\/uploads\/2025\/06\/Vermarine-terrace-300x200.jpg 300w, https:\/\/oisansvacances.fr\/wp-content\/uploads\/2025\/06\/Vermarine-terrace-18x12.jpg 18w, https:\/\/oisansvacances.fr\/wp-content\/uploads\/2025\/06\/Vermarine-terrace.jpg 1500w\" sizes=\"auto, (max-width: 1024px) 100vw, 1024px\" \/><\/figure>\n\n\n\n<p>Vous pourrez profiter de l'ext\u00e9rieur, manger et vous d\u00e9tendre au soleil dans votre jardin et votre terrasse, ou utiliser le jardin s\u00e9curis\u00e9 \u00e0 l'avant pour que vos enfants puissent jouer avec les jeux mis \u00e0 votre disposition. Ce jardin dispose \u00e9galement d'un deuxi\u00e8me coin salon o\u00f9 vous pourrez siroter un verre de vin ou une bi\u00e8re au soleil pendant que vos enfants profitent du jardin.<\/p>\n<\/div>\n\n\n\n<div class=\"wp-block-column is-layout-flow wp-block-column-is-layout-flow\">\n<figure class=\"wp-block-image aligncenter size-full\"><img loading=\"lazy\" decoding=\"async\" width=\"2000\" height=\"1128\" src=\"https:\/\/oisansvacances.fr\/wp-content\/uploads\/2025\/06\/house-and-garden.jpg\" alt=\"\" class=\"wp-image-619\" srcset=\"https:\/\/oisansvacances.fr\/wp-content\/uploads\/2025\/06\/house-and-garden.jpg 2000w, https:\/\/oisansvacances.fr\/wp-content\/uploads\/2025\/06\/house-and-garden-300x169.jpg 300w, https:\/\/oisansvacances.fr\/wp-content\/uploads\/2025\/06\/house-and-garden-1024x578.jpg 1024w, https:\/\/oisansvacances.fr\/wp-content\/uploads\/2025\/06\/house-and-garden-18x10.jpg 18w\" sizes=\"auto, (max-width: 2000px) 100vw, 2000px\" \/><\/figure>\n\n\n\n<p>Vermarine occupe toute la fa\u00e7ade avant de la grange de la ferme construite en 1645 et a \u00e9t\u00e9 enti\u00e8rement restaur\u00e9e pour devenir votre maison de vacances charmante, confortable et pratique.<\/p>\n<\/div>\n<\/div>\n\n\n\n<div class=\"wp-block-columns is-layout-flex wp-container-core-columns-is-layout-28f84493 wp-block-columns-is-layout-flex\">\n<div class=\"wp-block-column is-layout-flow wp-block-column-is-layout-flow\">\n<figure class=\"wp-block-image size-large\"><img loading=\"lazy\" decoding=\"async\" width=\"1024\" height=\"683\" src=\"https:\/\/oisansvacances.fr\/wp-content\/uploads\/2025\/06\/VM-kitchen-1024x683.jpg\" alt=\"\" class=\"wp-image-607\" srcset=\"https:\/\/oisansvacances.fr\/wp-content\/uploads\/2025\/06\/VM-kitchen-1024x683.jpg 1024w, https:\/\/oisansvacances.fr\/wp-content\/uploads\/2025\/06\/VM-kitchen-300x200.jpg 300w, https:\/\/oisansvacances.fr\/wp-content\/uploads\/2025\/06\/VM-kitchen-18x12.jpg 18w, https:\/\/oisansvacances.fr\/wp-content\/uploads\/2025\/06\/VM-kitchen.jpg 1500w\" sizes=\"auto, (max-width: 1024px) 100vw, 1024px\" \/><\/figure>\n\n\n\n<p>Vermarine propose une cuisine spacieuse et bien \u00e9quip\u00e9e avec lave-vaisselle, plaques de cuisson \u00e0 gaz et \u00e9lectriques, four, micro-ondes et cafeti\u00e8re Nespresso. Elle dispose d'un grand bar \u00e0 petit-d\u00e9jeuner pour les repas d\u00e9contract\u00e9s et les collations<\/p>\n<\/div>\n\n\n\n<div class=\"wp-block-column is-layout-flow wp-block-column-is-layout-flow\">\n<figure class=\"wp-block-image size-large\"><img loading=\"lazy\" decoding=\"async\" width=\"1024\" height=\"683\" src=\"https:\/\/oisansvacances.fr\/wp-content\/uploads\/2025\/06\/VM-mudroom-1-1024x683.jpg\" alt=\"\" class=\"wp-image-613\" srcset=\"https:\/\/oisansvacances.fr\/wp-content\/uploads\/2025\/06\/VM-mudroom-1-1024x683.jpg 1024w, https:\/\/oisansvacances.fr\/wp-content\/uploads\/2025\/06\/VM-mudroom-1-300x200.jpg 300w, https:\/\/oisansvacances.fr\/wp-content\/uploads\/2025\/06\/VM-mudroom-1-18x12.jpg 18w, https:\/\/oisansvacances.fr\/wp-content\/uploads\/2025\/06\/VM-mudroom-1.jpg 1500w\" sizes=\"auto, (max-width: 1024px) 100vw, 1024px\" \/><\/figure>\n\n\n\n<p>L\u2019atelier et la zone de stockage int\u00e9rieure offrent un espace pour le stockage s\u00e9curis\u00e9 des \u00e9quipements sportifs est vraiment important pour les passionn\u00e9s s\u00e9rieux, il est assez spacieux pour ranger vos v\u00e9los, skis et autres \u00e9quipements sportifs. Il a \u00e9galement des outils \u00e0 l\u2019int\u00e9rieur, du mat\u00e9riel de nettoyage, une pompe \u00e0 chenilles, etc. \u00e0 votre disposition.<\/p>\n<\/div>\n\n\n\n<div class=\"wp-block-column is-layout-flow wp-block-column-is-layout-flow\">\n<figure class=\"wp-block-image size-full\"><img loading=\"lazy\" decoding=\"async\" width=\"1500\" height=\"1000\" src=\"https:\/\/oisansvacances.fr\/wp-content\/uploads\/2025\/06\/VM-xbox.jpg\" alt=\"\" class=\"wp-image-614\" srcset=\"https:\/\/oisansvacances.fr\/wp-content\/uploads\/2025\/06\/VM-xbox.jpg 1500w, https:\/\/oisansvacances.fr\/wp-content\/uploads\/2025\/06\/VM-xbox-300x200.jpg 300w, https:\/\/oisansvacances.fr\/wp-content\/uploads\/2025\/06\/VM-xbox-1024x683.jpg 1024w, https:\/\/oisansvacances.fr\/wp-content\/uploads\/2025\/06\/VM-xbox-18x12.jpg 18w\" sizes=\"auto, (max-width: 1500px) 100vw, 1500px\" \/><\/figure>\n\n\n\n<p>Une zone XBOX one avec des jeux \u00e0 jouer au 1er \u00e9tage et un jardin avant commun mais clos avec des jouets d'ext\u00e9rieur et un espace d\u00e9tente pour adultes en \u00e9t\u00e9 pour que tous les enfants puissent jouer ensemble dans un environnement clos et s\u00e9curis\u00e9.<\/p>\n<\/div>\n<\/div>\n\n\n\n<h2 class=\"wp-block-heading\">Emplacement et acc\u00e8s<\/h2>\n\n\n\n<div class=\"wp-block-columns is-layout-flex wp-container-core-columns-is-layout-28f84493 wp-block-columns-is-layout-flex\">\n<div class=\"wp-block-column is-layout-flow wp-block-column-is-layout-flow\">\n<figure class=\"wp-block-image size-full\"><img loading=\"lazy\" decoding=\"async\" width=\"1900\" height=\"1199\" src=\"https:\/\/oisansvacances.fr\/wp-content\/uploads\/2024\/09\/skiiing.png\" alt=\"\" class=\"wp-image-322\" srcset=\"https:\/\/oisansvacances.fr\/wp-content\/uploads\/2024\/09\/skiiing.png 1900w, https:\/\/oisansvacances.fr\/wp-content\/uploads\/2024\/09\/skiiing-300x189.png 300w, https:\/\/oisansvacances.fr\/wp-content\/uploads\/2024\/09\/skiiing-1024x646.png 1024w, https:\/\/oisansvacances.fr\/wp-content\/uploads\/2024\/09\/skiiing-18x12.png 18w\" sizes=\"auto, (max-width: 1900px) 100vw, 1900px\" \/><\/figure>\n\n\n\n<p>Le t\u00e9l\u00e9ski est \u00e0 1,2 km de la propri\u00e9t\u00e9 accessible par la route ou le sentier de la Voie Verte qui n\u2019a pas de v\u00e9hicules. La t\u00e9l\u00e9cabine Allemond Eau d\u2019Olle met 8 minutes pour arriver \u00e0 Oz en Oisans. L\u2019ensemble du Domaine de l\u2019Alpe D\u2019Huez Grande s\u2019offre \u00e0 vous \u00e0 partir d\u2019ici<\/p>\n\n\n\n<div class=\"wp-block-buttons is-layout-flex wp-block-buttons-is-layout-flex\">\n<div class=\"wp-block-button\"><a class=\"wp-block-button__link wp-element-button\" href=\"https:\/\/www.alpedhuez.com\/fr\/hiver\/types-apidae\/domaine-skiable\/alpe-dhuez-grand-domaine-ski\/\">Alpe D&#8217;Huez<\/a><\/div>\n<\/div>\n<\/div>\n\n\n\n<div class=\"wp-block-column is-layout-flow wp-block-column-is-layout-flow\">\n<figure class=\"wp-block-image size-full is-resized\"><img loading=\"lazy\" decoding=\"async\" width=\"750\" height=\"475\" src=\"https:\/\/oisansvacances.fr\/wp-content\/uploads\/2024\/09\/ski-lockers-1.jpg\" alt=\"\" class=\"wp-image-323\" style=\"width:344px;height:auto\" srcset=\"https:\/\/oisansvacances.fr\/wp-content\/uploads\/2024\/09\/ski-lockers-1.jpg 750w, https:\/\/oisansvacances.fr\/wp-content\/uploads\/2024\/09\/ski-lockers-1-300x190.jpg 300w, https:\/\/oisansvacances.fr\/wp-content\/uploads\/2024\/09\/ski-lockers-1-18x12.jpg 18w\" sizes=\"auto, (max-width: 750px) 100vw, 750px\" \/><\/figure>\n\n\n\n<p>Au niveau des remont\u00e9es m\u00e9caniques, vous trouverez des casiers \u00e0 skis de chalet pour laisser votre mat\u00e9riel au pied de la remont\u00e9e m\u00e9canique. De plus, il y a une navette gratuite qui passe le long du fond de la vall\u00e9e et vous emm\u00e8ne directement \u00e0 la remont\u00e9e m\u00e9canique.  Enfin, si vous le souhaitez, il y a beaucoup de parking gratuit \u00e0 l\u2019ascenseur.<\/p>\n\n\n\n<div class=\"wp-block-buttons is-layout-flex wp-block-buttons-is-layout-flex\">\n<div class=\"wp-block-button\"><a class=\"wp-block-button__link wp-element-button\" href=\"https:\/\/www.oisans.com\/stations-et-villages\/allemond\/allemond-pratique\/ascenseur-valleen-eau-dolle-express\/\">Telecabine<\/a><\/div>\n<\/div>\n<\/div>\n\n\n\n<div class=\"wp-block-column is-layout-flow wp-block-column-is-layout-flow\">\n<figure class=\"wp-block-image size-full is-resized\"><img loading=\"lazy\" decoding=\"async\" width=\"778\" height=\"475\" src=\"http:\/\/oisansvacances.fr\/wp-content\/uploads\/2024\/09\/allemondcut-e1725615134498.png\" alt=\"\" class=\"wp-image-324\" style=\"width:354px;height:auto\"\/><\/figure>\n\n\n\n<p>Le g\u00eete Vermarine est \u00e0 1000m du centre d\u2019Allemond avec ses restaurants, ses cabinets m\u00e9dicaux, son institut de kin\u00e9sith\u00e9rapie et son magasin de location de sports. Entre 100 et 250 m\u00e8tres, vous avez la pharmacie, le supermarch\u00e9 Spar et le restaurant Etape juste \u00e0 c\u00f4t\u00e9.<\/p>\n\n\n\n<div class=\"wp-block-buttons is-layout-flex wp-block-buttons-is-layout-flex\">\n<div class=\"wp-block-button\"><a class=\"wp-block-button__link wp-element-button\" href=\"https:\/\/uk.oisans.com\/resorts-and-villages\/allemond\/\">Allemond<\/a><\/div>\n<\/div>\n<\/div>\n<\/div>\n\n\n\n<div class=\"wp-block-columns is-layout-flex wp-container-core-columns-is-layout-28f84493 wp-block-columns-is-layout-flex\">\n<div class=\"wp-block-column is-layout-flow wp-block-column-is-layout-flow\">\n<h2 class=\"wp-block-heading\">Disponibilit\u00e9<\/h2>\n\n\n\n<div id=\"smoobuApartment2290656en\" class=\"calendarWidget\"> <div class=\"calendarContent\" data-load-calendar-url=\"https:\/\/login.smoobu.com\/en\/cockpit\/widget\/single-calendar\/2290656\" data-verification=\"f5f03b4f3ddf68acc3e483d471564169deb1d757f5b5690783ba28d586a39b4a\" data-baseurl=\"https:\/\/login.smoobu.com\" data-disable-css=\"false\" ><\/div> <script type=\"text\/javascript\" src=\"https:\/\/login.smoobu.com\/js\/Apartment\/CalendarWidget.js\"><\/script><\/div>\n\n\n\n<h2 class=\"wp-block-heading\">R\u00e9servez maintenant<\/h2>\n\n\n\n<p>R\u00e9servez directement sans frais de plateforme. Vous constaterez que la r\u00e9servation directe est le moyen le plus rentable d'organiser votre voyage.<\/p>\n\n\n\n<div id=\"apartmentIframeAll\">\n<script type=\"text\/javascript\" src=\"https:\/\/login.smoobu.com\/js\/Settings\/BookingToolIframe.js\"><\/script>\n<script>BookingToolIframe.initialize({\"url\": \"https:\/\/login.smoobu.com\/en\/booking-tool\/iframe\/965556\", \"baseUrl\": \"https:\/\/login.smoobu.com\", \"target\": \"#apartmentIframeAll\"})<\/script>\n<\/div>\n\n\n\n<div class=\"wp-block-buttons is-layout-flex wp-block-buttons-is-layout-flex\">\n<div class=\"wp-block-button\"><a class=\"wp-block-button__link wp-element-button\" href=\"mailto:info@oisansvacances.fr\">Contact pour les besoins sp\u00e9ciaux<\/a><\/div>\n\n\n\n<div class=\"wp-block-button\"><a class=\"wp-block-button__link wp-element-button\" href=\"mailto:info@oisansvacances.fr\">Envoyer une demande<\/a><\/div>\n<\/div>\n<\/div>\n\n\n\n<div class=\"wp-block-column is-layout-flow wp-block-column-is-layout-flow\">\n<h2 class=\"wp-block-heading\">\u00c9quipement<\/h2>\n\n\n\n<ul class=\"wp-block-list\">\n<li>Orange business pro fibre WiFi <\/li>\n\n\n\n<li>SMART TV<\/li>\n\n\n\n<li>Sonos<\/li>\n\n\n\n<li>Entreposage int\u00e9rieur s\u00e9curis\u00e9 et atelier <\/li>\n\n\n\n<li>2 casiers \u00e0 votre disposition au niveau des remont\u00e9es m\u00e9caniques<\/li>\n\n\n\n<li>Console XBOX One et jeux \/ deuxi\u00e8me espace TV<\/li>\n\n\n\n<li>Cuisine enti\u00e8rement \u00e9quip\u00e9e<\/li>\n\n\n\n<li>Machines Nespresso, Raclette, Fondue<\/li>\n\n\n\n<li>Configurations de chambre flexibles<\/li>\n\n\n\n<li>Children\u2019s indoor play cave<\/li>\n\n\n\n<li>Secure shared outdoor garden with children\u2019s toys.<\/li>\n\n\n\n<li>Jardin ext\u00e9rieur privatif pour se d\u00e9tendre au soleil<\/li>\n\n\n\n<li>Terrasse ext\u00e9rieure couverte pour manger 10 places assises<\/li>\n\n\n\n<li>Serviettes et literie fournies<\/li>\n\n\n\n<li>Machine \u00e0 laver<\/li>\n\n\n\n<li>Lave-vaisselle<\/li>\n\n\n\n<li>S\u00e8che-cheveux<\/li>\n\n\n\n<li>Equipement b\u00e9b\u00e9 \/ barri\u00e8res \/ s\u00e9curit\u00e9 incendie \/ lits b\u00e9b\u00e9<\/li>\n\n\n\n<li>Fer et planche \u00e0 repasser <\/li>\n\n\n\n<li>Outils et pompe<\/li>\n\n\n\n<li>Parking gratuit sur place pour deux v\u00e9hicules<\/li>\n<\/ul>\n<\/div>\n<\/div>\n\n\n\n<div class=\"wp-block-group alignfull has-global-padding is-layout-constrained wp-block-group-is-layout-constrained\" style=\"margin-top:0px\"><\/div>\n\n\n\n<div class=\"wp-block-group has-global-padding is-layout-constrained wp-block-group-is-layout-constrained\">\n<div class=\"wp-block-columns are-vertically-aligned-center is-layout-flex wp-container-core-columns-is-layout-28f84493 wp-block-columns-is-layout-flex\">\n<div class=\"wp-block-column is-vertically-aligned-center is-layout-flow wp-block-column-is-layout-flow\">\n<h2 class=\"wp-block-heading has-large-font-size\" style=\"font-weight:700\">Emplacement<\/h2>\n\n\n\n<p style=\"font-size:clamp(0.875em, 0.875rem + ((1vw - 0.2em) * 0.319), 1.1em);\">560 Route de Savoie, <\/p>\n\n\n\n<p>Allemond, 38114, Isere, France<\/p>\n\n\n\n<p style=\"font-size:clamp(0.875em, 0.875rem + ((1vw - 0.2em) * 0.319), 1.1em);\">Phone: +33.(0)7.54.29.01.62<br>Email: <a href=\"mailto:example@example.com\">info@oisasnsvacances.fr<\/a><\/p>\n<\/div>\n\n\n\n<div class=\"wp-block-column is-vertically-aligned-center is-layout-flow wp-block-column-is-layout-flow\">\n<div style=\"height:68px\" aria-hidden=\"true\" class=\"wp-block-spacer\"><\/div>\n\n\n\n<iframe src=\"https:\/\/www.google.com\/maps\/embed?pb=!1m18!1m12!1m3!1d2815.0948455868443!2d6.025359111252709!3d45.124413770949715!2m3!1f0!2f0!3f0!3m2!1i1024!2i768!4f13.1!3m3!1m2!1s0x478a69ec61307753%3A0x453f99f278f0f58c!2s560%20Rte%20de%20Savoie%2C%2038114%20Allemont!5e0!3m2!1sen!2sfr!4v1718100469782!5m2!1sen!2sfr\" width=\"600\" height=\"450\" style=\"border:0;\" allowfullscreen=\"\" loading=\"lazy\" referrerpolicy=\"no-referrer-when-downgrade\"><\/iframe><\/iframe>\n<\/div>\n<\/div>\n<\/div>\n\n\n\n<div style=\"height:100px\" aria-hidden=\"true\" class=\"wp-block-spacer\"><\/div>","protected":false},"excerpt":{"rendered":"<p>Stay at the most accessible Basecamp of the Alpe d&#8217;Huez Domaine and experience it all. About Vermarine Set within a beautiful, authentic barn dating from 1654, this g\u00eete is newly renovated and has been lovingly restored and is full of character and charm.&nbsp; G\u00eete Vermarine is situated in the heart of Allemond, the basecamp to &hellip; <\/p>\n<p class=\"link-more\"><a href=\"https:\/\/oisansvacances.fr\/fr\/chalets-in-alpe-dhuez-domaine-group-accommodation-oisans\/vermarine-10-person-ski-and-cycling-chalet-in-alpe-dhuez-domaine\/\" class=\"more-link\">Lire la suite de<span class=\"screen-reader-text\">\u00ab\u00a0Vermarine &#8211; 10 person ski and cycling Chalet\u00a0\u00bb<\/span><\/a><\/p>","protected":false},"author":1,"featured_media":0,"parent":40,"menu_order":2,"comment_status":"closed","ping_status":"closed","template":"","meta":{"inspiro_hide_title":false,"footnotes":""},"class_list":["post-130","page","type-page","status-publish","hentry"],"_links":{"self":[{"href":"https:\/\/oisansvacances.fr\/fr\/wp-json\/wp\/v2\/pages\/130","targetHints":{"allow":["GET"]}}],"collection":[{"href":"https:\/\/oisansvacances.fr\/fr\/wp-json\/wp\/v2\/pages"}],"about":[{"href":"https:\/\/oisansvacances.fr\/fr\/wp-json\/wp\/v2\/types\/page"}],"author":[{"embeddable":true,"href":"https:\/\/oisansvacances.fr\/fr\/wp-json\/wp\/v2\/users\/1"}],"replies":[{"embeddable":true,"href":"https:\/\/oisansvacances.fr\/fr\/wp-json\/wp\/v2\/comments?post=130"}],"version-history":[{"count":91,"href":"https:\/\/oisansvacances.fr\/fr\/wp-json\/wp\/v2\/pages\/130\/revisions"}],"predecessor-version":[{"id":842,"href":"https:\/\/oisansvacances.fr\/fr\/wp-json\/wp\/v2\/pages\/130\/revisions\/842"}],"up":[{"embeddable":true,"href":"https:\/\/oisansvacances.fr\/fr\/wp-json\/wp\/v2\/pages\/40"}],"wp:attachment":[{"href":"https:\/\/oisansvacances.fr\/fr\/wp-json\/wp\/v2\/media?parent=130"}],"curies":[{"name":"wp","href":"https:\/\/api.w.org\/{rel}","templated":true}]}}