{"id":126,"date":"2024-06-11T10:37:53","date_gmt":"2024-06-11T10:37:53","guid":{"rendered":"https:\/\/oisansvacances.fr\/?page_id=126"},"modified":"2026-04-25T15:53:03","modified_gmt":"2026-04-25T15:53:03","slug":"rose-7-person-chalet-for-ski-and-cycle","status":"publish","type":"page","link":"https:\/\/oisansvacances.fr\/fr\/chalets-in-alpe-dhuez-domaine-group-accommodation-oisans\/rose-7-person-chalet-for-ski-and-cycle\/","title":{"rendered":"Rose Quartz &#8211; 8 Person Chalet for Ski and Cycle"},"content":{"rendered":"<p>Stay at the most accessible Basecamp of the Alpe d\u2019Huez Domaine and experience it all.<\/p>\n\n\n\n<div class=\"wp-block-columns is-layout-flex wp-container-core-columns-is-layout-28f84493 wp-block-columns-is-layout-flex\">\n<div class=\"wp-block-column is-layout-flow wp-block-column-is-layout-flow\">\n<div class=\"wp-block-group alignfull has-background has-global-padding is-layout-constrained wp-block-group-is-layout-constrained\" style=\"background-color:#e5e9ec;padding-top:var(--wp--preset--spacing--small);padding-bottom:var(--wp--preset--spacing--small)\">\n<div class=\"wp-block-columns is-layout-flex wp-container-core-columns-is-layout-7db7aa3e wp-block-columns-is-layout-flex\" style=\"padding-right:0;padding-left:0\">\n<div class=\"wp-block-column is-vertically-aligned-center is-layout-flow wp-block-column-is-layout-flow\">\n<figure class=\"wp-block-image size-full\"><img loading=\"lazy\" decoding=\"async\" width=\"278\" height=\"278\" src=\"http:\/\/oisansvacances.fr\/wp-content\/uploads\/2025\/06\/Logo-Ok_GITES-DE-FRANCE_-copie-005-1.png\" alt=\"\" class=\"wp-image-649\" srcset=\"https:\/\/oisansvacances.fr\/wp-content\/uploads\/2025\/06\/Logo-Ok_GITES-DE-FRANCE_-copie-005-1.png 278w, https:\/\/oisansvacances.fr\/wp-content\/uploads\/2025\/06\/Logo-Ok_GITES-DE-FRANCE_-copie-005-1-150x150.png 150w, https:\/\/oisansvacances.fr\/wp-content\/uploads\/2025\/06\/Logo-Ok_GITES-DE-FRANCE_-copie-005-1-12x12.png 12w\" sizes=\"auto, (max-width: 278px) 100vw, 278px\" \/><\/figure>\n\n\n\n<p><\/p>\n\n\n\n<p><\/p>\n\n\n\n<p><\/p>\n\n\n\n<h2 class=\"wp-block-heading has-medium-font-size\" style=\"text-transform:uppercase\">Rose Quartz<\/h2>\n\n\n\n<p>Rose Quartz est un g\u00eete de charme et enti\u00e8rement \u00e9quip\u00e9 pr\u00e8s de la remont\u00e9e m\u00e9canique Allemond Eau d\u2019Olle qui vous emm\u00e8ne au Grand Domaine de l\u2019Alpe D\u2019Huez. Il est \u00e9galement id\u00e9alement plac\u00e9 pour acc\u00e9der \u00e0 l\u2019itin\u00e9raire officiel de la mont\u00e9e de l\u2019Alpe D\u2019Huez, au col du Glandon ou \u00e0 la Croix de Fer pour les cyclistes.<\/p>\n\n\n\n<p>Allemond est situ\u00e9 \u00e0 750m et est donc parfaitement plac\u00e9 pour un voyage facile ici, et pour acc\u00e9der \u00e0 toutes les activit\u00e9s pendant que vous \u00eates ici.<\/p>\n<\/div>\n\n\n\n<div class=\"wp-block-column is-layout-flow wp-block-column-is-layout-flow\">\n<figure class=\"wp-block-image size-large\"><img loading=\"lazy\" decoding=\"async\" width=\"768\" height=\"1024\" src=\"http:\/\/oisansvacances.fr\/wp-content\/uploads\/2025\/06\/IMG_5891-768x1024.jpg\" alt=\"\" class=\"wp-image-634\" srcset=\"https:\/\/oisansvacances.fr\/wp-content\/uploads\/2025\/06\/IMG_5891-768x1024.jpg 768w, https:\/\/oisansvacances.fr\/wp-content\/uploads\/2025\/06\/IMG_5891-225x300.jpg 225w, https:\/\/oisansvacances.fr\/wp-content\/uploads\/2025\/06\/IMG_5891-2000x2667.jpg 2000w, https:\/\/oisansvacances.fr\/wp-content\/uploads\/2025\/06\/IMG_5891-scaled-9x12.jpg 9w, https:\/\/oisansvacances.fr\/wp-content\/uploads\/2025\/06\/IMG_5891-scaled.jpg 1920w\" sizes=\"auto, (max-width: 768px) 100vw, 768px\" \/><\/figure>\n\n\n\n<div class=\"wp-block-buttons is-layout-flex wp-block-buttons-is-layout-flex\">\n<div class=\"wp-block-button\"><a class=\"wp-block-button__link wp-element-button\" href=\"https:\/\/booking.smoobu.com\/9A965556\">V\u00e9rifier les disponibilit\u00e9s et r\u00e9server maintenant<\/a><\/div>\n<\/div>\n<\/div>\n<\/div>\n<\/div>\n<\/div>\n<\/div>\n\n\n\n<h2 class=\"wp-block-heading has-text-align-center has-medium-font-size\" style=\"letter-spacing:1px\">Rose Quartz est un g\u00eete pouvant accueillir jusqu'\u00e0 8personnes au coeur d'Allemond<\/h2>\n\n\n\n<p class=\"has-text-align-center\">plus d'informations<\/p>\n\n\n\n<div class=\"wp-block-columns is-layout-flex wp-container-core-columns-is-layout-28f84493 wp-block-columns-is-layout-flex\">\n<div class=\"wp-block-column is-layout-flow wp-block-column-is-layout-flow\">\n<figure class=\"wp-block-image size-full\"><img loading=\"lazy\" decoding=\"async\" width=\"1500\" height=\"1000\" src=\"https:\/\/oisansvacances.fr\/wp-content\/uploads\/2025\/06\/L24630.jpg\" alt=\"\" class=\"wp-image-636\" srcset=\"https:\/\/oisansvacances.fr\/wp-content\/uploads\/2025\/06\/L24630.jpg 1500w, https:\/\/oisansvacances.fr\/wp-content\/uploads\/2025\/06\/L24630-300x200.jpg 300w, https:\/\/oisansvacances.fr\/wp-content\/uploads\/2025\/06\/L24630-1024x683.jpg 1024w, https:\/\/oisansvacances.fr\/wp-content\/uploads\/2025\/06\/L24630-18x12.jpg 18w\" sizes=\"auto, (max-width: 1500px) 100vw, 1500px\" \/><\/figure>\n\n\n\n<p>La cuisine enti\u00e8rement \u00e9quip\u00e9e vous offre tous les \u00e9quipements dont vous pourriez avoir besoin pour cuisiner pendant vos vacances<\/p>\n<\/div>\n\n\n\n<div class=\"wp-block-column is-layout-flow wp-block-column-is-layout-flow\">\n<figure class=\"wp-block-image size-full\"><img loading=\"lazy\" decoding=\"async\" width=\"1500\" height=\"1000\" src=\"https:\/\/oisansvacances.fr\/wp-content\/uploads\/2025\/06\/L24621.jpg\" alt=\"\" class=\"wp-image-637\" srcset=\"https:\/\/oisansvacances.fr\/wp-content\/uploads\/2025\/06\/L24621.jpg 1500w, https:\/\/oisansvacances.fr\/wp-content\/uploads\/2025\/06\/L24621-300x200.jpg 300w, https:\/\/oisansvacances.fr\/wp-content\/uploads\/2025\/06\/L24621-1024x683.jpg 1024w, https:\/\/oisansvacances.fr\/wp-content\/uploads\/2025\/06\/L24621-18x12.jpg 18w\" sizes=\"auto, (max-width: 1500px) 100vw, 1500px\" \/><\/figure>\n\n\n\n<p>La chambre 1 est configur\u00e9e en standard pour \u00eatre un lit king size, double ou twin, mais elle peut \u00eatre adapt\u00e9e pour faire un triple si cela correspond mieux \u00e0 vos besoins<\/p>\n<\/div>\n\n\n\n<div class=\"wp-block-column is-layout-flow wp-block-column-is-layout-flow\">\n<figure class=\"wp-block-image size-full\"><img loading=\"lazy\" decoding=\"async\" width=\"1500\" height=\"1000\" src=\"https:\/\/oisansvacances.fr\/wp-content\/uploads\/2025\/06\/L24623.jpg\" alt=\"\" class=\"wp-image-638\" srcset=\"https:\/\/oisansvacances.fr\/wp-content\/uploads\/2025\/06\/L24623.jpg 1500w, https:\/\/oisansvacances.fr\/wp-content\/uploads\/2025\/06\/L24623-300x200.jpg 300w, https:\/\/oisansvacances.fr\/wp-content\/uploads\/2025\/06\/L24623-1024x683.jpg 1024w, https:\/\/oisansvacances.fr\/wp-content\/uploads\/2025\/06\/L24623-18x12.jpg 18w\" sizes=\"auto, (max-width: 1500px) 100vw, 1500px\" \/><\/figure>\n\n\n\n<p>La deuxi\u00e8me chambre peut \u00eatre am\u00e9nag\u00e9e en king size, double ou twin pour r\u00e9pondre \u00e0 vos besoins.<\/p>\n<\/div>\n<\/div>\n\n\n\n<div class=\"wp-block-columns is-layout-flex wp-container-core-columns-is-layout-28f84493 wp-block-columns-is-layout-flex\">\n<div class=\"wp-block-column is-layout-flow wp-block-column-is-layout-flow\">\n<figure class=\"wp-block-image size-full\"><img loading=\"lazy\" decoding=\"async\" width=\"1500\" height=\"1000\" src=\"https:\/\/oisansvacances.fr\/wp-content\/uploads\/2025\/06\/L24625.jpg\" alt=\"\" class=\"wp-image-639\" srcset=\"https:\/\/oisansvacances.fr\/wp-content\/uploads\/2025\/06\/L24625.jpg 1500w, https:\/\/oisansvacances.fr\/wp-content\/uploads\/2025\/06\/L24625-300x200.jpg 300w, https:\/\/oisansvacances.fr\/wp-content\/uploads\/2025\/06\/L24625-1024x683.jpg 1024w, https:\/\/oisansvacances.fr\/wp-content\/uploads\/2025\/06\/L24625-18x12.jpg 18w\" sizes=\"auto, (max-width: 1500px) 100vw, 1500px\" \/><\/figure>\n\n\n\n<p>La troisi\u00e8me chambre est \u00e9quip\u00e9e de deux lits doubles de 140 cm superpos\u00e9s et dispos\u00e9s de mani\u00e8re \u00e0 \u00eatre id\u00e9aux pour les enfants et les amis partageant une chambre destin\u00e9e \u00e0 3 personnes.<\/p>\n<\/div>\n\n\n\n<div class=\"wp-block-column is-layout-flow wp-block-column-is-layout-flow\">\n<figure class=\"wp-block-image size-full\"><img loading=\"lazy\" decoding=\"async\" width=\"1500\" height=\"1000\" src=\"https:\/\/oisansvacances.fr\/wp-content\/uploads\/2025\/06\/L24639.jpg\" alt=\"\" class=\"wp-image-640\" srcset=\"https:\/\/oisansvacances.fr\/wp-content\/uploads\/2025\/06\/L24639.jpg 1500w, https:\/\/oisansvacances.fr\/wp-content\/uploads\/2025\/06\/L24639-300x200.jpg 300w, https:\/\/oisansvacances.fr\/wp-content\/uploads\/2025\/06\/L24639-1024x683.jpg 1024w, https:\/\/oisansvacances.fr\/wp-content\/uploads\/2025\/06\/L24639-18x12.jpg 18w\" sizes=\"auto, (max-width: 1500px) 100vw, 1500px\" \/><\/figure>\n\n\n\n<p>\u00c0 l\u2019ext\u00e9rieur, il y a une deuxi\u00e8me terrasse relaxante pour faire une pause et r\u00e9cup\u00e9rer de toutes vos activit\u00e9s de vacances.<\/p>\n<\/div>\n\n\n\n<div class=\"wp-block-column is-layout-flow wp-block-column-is-layout-flow\">\n<figure class=\"wp-block-image size-full\"><img loading=\"lazy\" decoding=\"async\" width=\"2560\" height=\"1920\" src=\"https:\/\/oisansvacances.fr\/wp-content\/uploads\/2025\/06\/IMG_5897-scaled.jpg\" alt=\"\" class=\"wp-image-641\" srcset=\"https:\/\/oisansvacances.fr\/wp-content\/uploads\/2025\/06\/IMG_5897-scaled.jpg 2560w, https:\/\/oisansvacances.fr\/wp-content\/uploads\/2025\/06\/IMG_5897-300x225.jpg 300w, https:\/\/oisansvacances.fr\/wp-content\/uploads\/2025\/06\/IMG_5897-1024x768.jpg 1024w, https:\/\/oisansvacances.fr\/wp-content\/uploads\/2025\/06\/IMG_5897-2000x1500.jpg 2000w, https:\/\/oisansvacances.fr\/wp-content\/uploads\/2025\/06\/IMG_5897-scaled-16x12.jpg 16w\" sizes=\"auto, (max-width: 2560px) 100vw, 2560px\" \/><\/figure>\n\n\n\n<p>Nous disposons d\u2019un fantastique jardin cl\u00f4tur\u00e9 enti\u00e8rement s\u00e9curis\u00e9 pour que les enfants puissent jouer avec des jouets et d\u2019un patio pour que vous puissiez vous d\u00e9tendre au soleil tout en regardant vos enfants profiter du plein air.<\/p>\n<\/div>\n<\/div>\n\n\n\n<h2 class=\"wp-block-heading\">Emplacement et acc\u00e8s<\/h2>\n\n\n\n<div class=\"wp-block-columns is-layout-flex wp-container-core-columns-is-layout-28f84493 wp-block-columns-is-layout-flex\">\n<div class=\"wp-block-column is-layout-flow wp-block-column-is-layout-flow\">\n<figure class=\"wp-block-image size-large\"><img loading=\"lazy\" decoding=\"async\" width=\"1024\" height=\"646\" src=\"http:\/\/oisansvacances.fr\/wp-content\/uploads\/2024\/09\/skiiing-1024x646.png\" alt=\"\" class=\"wp-image-322\" srcset=\"https:\/\/oisansvacances.fr\/wp-content\/uploads\/2024\/09\/skiiing-1024x646.png 1024w, https:\/\/oisansvacances.fr\/wp-content\/uploads\/2024\/09\/skiiing-300x189.png 300w, https:\/\/oisansvacances.fr\/wp-content\/uploads\/2024\/09\/skiiing-18x12.png 18w, https:\/\/oisansvacances.fr\/wp-content\/uploads\/2024\/09\/skiiing.png 1900w\" sizes=\"auto, (max-width: 1024px) 100vw, 1024px\" \/><\/figure>\n\n\n\n<p>Le t\u00e9l\u00e9ski est \u00e0 1,2 km de la propri\u00e9t\u00e9 accessible par la route ou le sentier de la Voie Verte qui n\u2019a pas de v\u00e9hicules. La t\u00e9l\u00e9cabine Allemond Eau d\u2019Olle met 8 minutes pour arriver \u00e0 Oz en Oisans. L\u2019ensemble du Domaine de l\u2019Alpe D\u2019Huez Grande s\u2019offre \u00e0 vous \u00e0 partir d\u2019ici<\/p>\n\n\n\n<div class=\"wp-block-buttons is-layout-flex wp-block-buttons-is-layout-flex\">\n<div class=\"wp-block-button\"><a class=\"wp-block-button__link wp-element-button\" href=\"https:\/\/www.alpedhuez.com\/fr\/hiver\/types-apidae\/domaine-skiable\/alpe-dhuez-grand-domaine-ski\/\">Alpe D&#8217;Huez<\/a><\/div>\n<\/div>\n<\/div>\n\n\n\n<div class=\"wp-block-column is-layout-flow wp-block-column-is-layout-flow\">\n<figure class=\"wp-block-image size-full\"><img loading=\"lazy\" decoding=\"async\" width=\"750\" height=\"475\" src=\"http:\/\/oisansvacances.fr\/wp-content\/uploads\/2024\/09\/ski-lockers-1.jpg\" alt=\"\" class=\"wp-image-323\" srcset=\"https:\/\/oisansvacances.fr\/wp-content\/uploads\/2024\/09\/ski-lockers-1.jpg 750w, https:\/\/oisansvacances.fr\/wp-content\/uploads\/2024\/09\/ski-lockers-1-300x190.jpg 300w, https:\/\/oisansvacances.fr\/wp-content\/uploads\/2024\/09\/ski-lockers-1-18x12.jpg 18w\" sizes=\"auto, (max-width: 750px) 100vw, 750px\" \/><\/figure>\n\n\n\n<p>Au niveau des remont\u00e9es m\u00e9caniques, vous trouverez des casiers \u00e0 skis de chalet pour laisser votre mat\u00e9riel au pied de la remont\u00e9e m\u00e9canique. De plus, il y a une navette gratuite qui passe le long du fond de la vall\u00e9e et vous emm\u00e8ne directement \u00e0 la remont\u00e9e m\u00e9canique.  Enfin, si vous le souhaitez, il y a beaucoup de parking gratuit \u00e0 l\u2019ascenseur.<\/p>\n\n\n\n<div class=\"wp-block-buttons is-layout-flex wp-block-buttons-is-layout-flex\">\n<div class=\"wp-block-button\"><a class=\"wp-block-button__link wp-element-button\">Telecabin<\/a><\/div>\n<\/div>\n<\/div>\n\n\n\n<div class=\"wp-block-column is-layout-flow wp-block-column-is-layout-flow\">\n<figure class=\"wp-block-image size-full\"><img loading=\"lazy\" decoding=\"async\" width=\"778\" height=\"475\" src=\"http:\/\/oisansvacances.fr\/wp-content\/uploads\/2024\/09\/allemondcut-e1725615134498.png\" alt=\"\" class=\"wp-image-324\"\/><\/figure>\n\n\n\n<p>Le Gite Rose Quartz se trouve \u00e0 1000m du centre d'Allemond avec ses restaurants, son cabinet m\u00e9dical, son kin\u00e9 et son magasin de location de sport. Entre 100 et 250 m\u00e8tres vous avez la Pharmacie, le supermarch\u00e9 Spar et le restaurant Etape juste \u00e0 c\u00f4t\u00e9.<\/p>\n\n\n\n<div class=\"wp-block-buttons is-layout-flex wp-block-buttons-is-layout-flex\">\n<div class=\"wp-block-button\"><a class=\"wp-block-button__link wp-element-button\" href=\"https:\/\/uk.oisans.com\/resorts-and-villages\/allemond\/\">Allemond<\/a><\/div>\n<\/div>\n<\/div>\n<\/div>\n\n\n\n<div style=\"height:28px\" aria-hidden=\"true\" class=\"wp-block-spacer\"><\/div>\n\n\n\n<div class=\"wp-block-columns is-layout-flex wp-container-core-columns-is-layout-28f84493 wp-block-columns-is-layout-flex\">\n<div class=\"wp-block-column is-layout-flow wp-block-column-is-layout-flow\">\n<h2 class=\"wp-block-heading\">Disposition<\/h2>\n\n\n\n<p>Ce sch\u00e9ma vous donne l\u2019agencement du G\u00eete Rose pour vous aider \u00e0 vous faire une id\u00e9e de l\u2019espace.<\/p>\n<\/div>\n\n\n\n<div class=\"wp-block-column is-layout-flow wp-block-column-is-layout-flow\">\n<figure class=\"wp-block-image size-large\"><img loading=\"lazy\" decoding=\"async\" width=\"1024\" height=\"886\" src=\"http:\/\/oisansvacances.fr\/wp-content\/uploads\/2024\/09\/plan-1024x886.jpg\" alt=\"\" class=\"wp-image-368\" srcset=\"https:\/\/oisansvacances.fr\/wp-content\/uploads\/2024\/09\/plan-1024x886.jpg 1024w, https:\/\/oisansvacances.fr\/wp-content\/uploads\/2024\/09\/plan-300x260.jpg 300w, https:\/\/oisansvacances.fr\/wp-content\/uploads\/2024\/09\/plan-14x12.jpg 14w, https:\/\/oisansvacances.fr\/wp-content\/uploads\/2024\/09\/plan.jpg 1248w\" sizes=\"auto, (max-width: 1024px) 100vw, 1024px\" \/><\/figure>\n<\/div>\n<\/div>\n\n\n\n<div style=\"height:30px\" aria-hidden=\"true\" class=\"wp-block-spacer\"><\/div>\n\n\n\n<div class=\"wp-block-columns is-layout-flex wp-container-core-columns-is-layout-28f84493 wp-block-columns-is-layout-flex\">\n<div class=\"wp-block-column is-layout-flow wp-block-column-is-layout-flow\">\n<h2 class=\"wp-block-heading\">Disponibilit\u00e9<\/h2>\n\n\n\n<div id=\"smoobuApartment2290651en\" class=\"calendarWidget\"> <div class=\"calendarContent\" data-load-calendar-url=\"https:\/\/login.smoobu.com\/en\/cockpit\/widget\/single-calendar\/2290651\" data-verification=\"c7044cbdf864232b8090208a70ba5b3d4ca567ef17588e450100108766068da7\" data-baseurl=\"https:\/\/login.smoobu.com\" data-disable-css=\"false\" ><\/div> <script type=\"text\/javascript\" src=\"https:\/\/login.smoobu.com\/js\/Apartment\/CalendarWidget.js\"><\/script><\/div>\n\n\n\n<h2 class=\"wp-block-heading\">R\u00e9servez maintenant<\/h2>\n\n\n\n<p>Ici, nous r\u00e9servons directement sans frais de plateforme, vous constaterez que la r\u00e9servation directe est le moyen le plus rentable d\u2019organiser votre voyage.<\/p>\n\n\n\n<div id=\"apartmentIframeAll\">\n<script type=\"text\/javascript\" src=\"https:\/\/login.smoobu.com\/js\/Settings\/BookingToolIframe.js\"><\/script>\n<script>BookingToolIframe.initialize({\"url\": \"https:\/\/login.smoobu.com\/en\/booking-tool\/iframe\/965556\", \"baseUrl\": \"https:\/\/login.smoobu.com\", \"target\": \"#apartmentIframeAll\"})<\/script>\n<\/div>\n\n\n\n<div class=\"wp-block-buttons is-layout-flex wp-block-buttons-is-layout-flex\">\n<div class=\"wp-block-button\"><a class=\"wp-block-button__link wp-element-button\">Contact pour les besoins sp\u00e9ciaux<\/a><\/div>\n\n\n\n<div class=\"wp-block-button\"><a class=\"wp-block-button__link wp-element-button\">Envoyer une demande<\/a><\/div>\n<\/div>\n<\/div>\n\n\n\n<div class=\"wp-block-column is-layout-flow wp-block-column-is-layout-flow\">\n<h2 class=\"wp-block-heading\">\u00c9quipement<\/h2>\n\n\n\n<ul class=\"wp-block-list\">\n<li>Orange business pro fibre WiFi<\/li>\n\n\n\n<li>SMART TV<\/li>\n\n\n\n<li>Sonos<\/li>\n\n\n\n<li>Entreposage int\u00e9rieur s\u00e9curis\u00e9<\/li>\n\n\n\n<li>Casiers au chalet de ski disponibles<\/li>\n\n\n\n<li>Cuisine enti\u00e8rement \u00e9quip\u00e9e<\/li>\n\n\n\n<li>Terrasse ext\u00e9rieure priv\u00e9e pour 10 personnes <\/li>\n\n\n\n<li>BBQ<\/li>\n\n\n\n<li>Machines Nespresso, Raclette, Fondue<\/li>\n\n\n\n<li>Configurations de chambre flexibles<\/li>\n\n\n\n<li>Jardin ext\u00e9rieur s\u00e9curis\u00e9 avec des jouets pour enfants.<\/li>\n\n\n\n<li>Jardin ext\u00e9rieur privatif pour se d\u00e9tendre au soleil<\/li>\n\n\n\n<li>Serviettes et literie fournies<\/li>\n\n\n\n<li>Machine \u00e0 laver<\/li>\n\n\n\n<li>Machine \u00e0 laver<\/li>\n\n\n\n<li>Lave-vaisselle<\/li>\n\n\n\n<li>Fer et planche \u00e0 repasser<\/li>\n\n\n\n<li>outils<\/li>\n\n\n\n<li>Parking gratuit sur place pour deux v\u00e9hicules<\/li>\n<\/ul>\n<\/div>\n<\/div>\n\n\n\n<div class=\"wp-block-group has-global-padding is-layout-constrained wp-block-group-is-layout-constrained\">\n<div class=\"wp-block-columns are-vertically-aligned-center is-layout-flex wp-container-core-columns-is-layout-28f84493 wp-block-columns-is-layout-flex\">\n<div class=\"wp-block-column is-vertically-aligned-center is-layout-flow wp-block-column-is-layout-flow\">\n<h2 class=\"wp-block-heading has-large-font-size\" style=\"font-weight:700\">Emplacement<\/h2>\n\n\n\n<p style=\"font-size:clamp(0.875em, 0.875rem + ((1vw - 0.2em) * 0.319), 1.1em);\">560 Route de Savoie<br>Allemond, 38114, Isere, France<\/p>\n\n\n\n<p style=\"font-size:clamp(0.875em, 0.875rem + ((1vw - 0.2em) * 0.319), 1.1em);\">Phone: +33.(0)7.54.29.01.62<br>Email: <a href=\"mailto:example@example.com\">info@oisansvacances.fr<\/a><\/p>\n<\/div>\n\n\n\n<div class=\"wp-block-column is-vertically-aligned-center is-layout-flow wp-block-column-is-layout-flow\">\n<div style=\"height:68px\" aria-hidden=\"true\" class=\"wp-block-spacer\"><\/div>\n\n\n\n<iframe src=\"https:\/\/www.google.com\/maps\/embed?pb=!1m18!1m12!1m3!1d2815.0948455868443!2d6.025359111252709!3d45.124413770949715!2m3!1f0!2f0!3f0!3m2!1i1024!2i768!4f13.1!3m3!1m2!1s0x478a69ec61307753%3A0x453f99f278f0f58c!2s560%20Rte%20de%20Savoie%2C%2038114%20Allemont!5e0!3m2!1sen!2sfr!4v1718100469782!5m2!1sen!2sfr\" width=\"600\" height=\"450\" style=\"border:0;\" allowfullscreen=\"\" loading=\"lazy\" referrerpolicy=\"no-referrer-when-downgrade\"><\/iframe>\n<\/div>\n<\/div>\n<\/div>\n\n\n\n<div style=\"height:100px\" aria-hidden=\"true\" class=\"wp-block-spacer\"><\/div>\n\n\n\n<p><\/p>","protected":false},"excerpt":{"rendered":"<p>Stay at the most accessible Basecamp of the Alpe d\u2019Huez Domaine and experience it all. Rose Quartz Rose Quartz is a charming and fully equipped g\u00eete by the Allemond Eau d\u2019Olle Ski lift taking you to the Grande Domaine of Alpe D\u2019Huez. It\u2019s also ideally placed for accessing the Official route for the ascent of &hellip; <\/p>\n<p class=\"link-more\"><a href=\"https:\/\/oisansvacances.fr\/fr\/chalets-in-alpe-dhuez-domaine-group-accommodation-oisans\/rose-7-person-chalet-for-ski-and-cycle\/\" class=\"more-link\">Lire la suite de<span class=\"screen-reader-text\">\u00ab\u00a0Rose Quartz &#8211; 8 Person Chalet for Ski and Cycle\u00a0\u00bb<\/span><\/a><\/p>","protected":false},"author":1,"featured_media":0,"parent":40,"menu_order":2,"comment_status":"closed","ping_status":"closed","template":"","meta":{"inspiro_hide_title":false,"footnotes":""},"class_list":["post-126","page","type-page","status-publish","hentry"],"_links":{"self":[{"href":"https:\/\/oisansvacances.fr\/fr\/wp-json\/wp\/v2\/pages\/126","targetHints":{"allow":["GET"]}}],"collection":[{"href":"https:\/\/oisansvacances.fr\/fr\/wp-json\/wp\/v2\/pages"}],"about":[{"href":"https:\/\/oisansvacances.fr\/fr\/wp-json\/wp\/v2\/types\/page"}],"author":[{"embeddable":true,"href":"https:\/\/oisansvacances.fr\/fr\/wp-json\/wp\/v2\/users\/1"}],"replies":[{"embeddable":true,"href":"https:\/\/oisansvacances.fr\/fr\/wp-json\/wp\/v2\/comments?post=126"}],"version-history":[{"count":53,"href":"https:\/\/oisansvacances.fr\/fr\/wp-json\/wp\/v2\/pages\/126\/revisions"}],"predecessor-version":[{"id":843,"href":"https:\/\/oisansvacances.fr\/fr\/wp-json\/wp\/v2\/pages\/126\/revisions\/843"}],"up":[{"embeddable":true,"href":"https:\/\/oisansvacances.fr\/fr\/wp-json\/wp\/v2\/pages\/40"}],"wp:attachment":[{"href":"https:\/\/oisansvacances.fr\/fr\/wp-json\/wp\/v2\/media?parent=126"}],"curies":[{"name":"wp","href":"https:\/\/api.w.org\/{rel}","templated":true}]}}