{"id":70,"date":"2024-06-10T13:16:27","date_gmt":"2024-06-10T13:16:27","guid":{"rendered":"https:\/\/oisansvacances.fr\/?page_id=70"},"modified":"2026-04-27T15:21:26","modified_gmt":"2026-04-27T15:21:26","slug":"welcome","status":"publish","type":"page","link":"https:\/\/oisansvacances.fr\/es\/","title":{"rendered":""},"content":{"rendered":"<div class=\"wp-block-columns is-layout-flex wp-container-core-columns-is-layout-28f84493 wp-block-columns-is-layout-flex\">\n<div class=\"wp-block-column is-layout-flow wp-block-column-is-layout-flow\">\n<figure class=\"wp-block-image aligncenter size-full\"><img loading=\"lazy\" decoding=\"async\" width=\"278\" height=\"278\" src=\"https:\/\/oisansvacances.fr\/wp-content\/uploads\/2025\/06\/Logo-Ok_GITES-DE-FRANCE_-copie-005.png\" alt=\"\" class=\"wp-image-645\" srcset=\"https:\/\/oisansvacances.fr\/wp-content\/uploads\/2025\/06\/Logo-Ok_GITES-DE-FRANCE_-copie-005.png 278w, https:\/\/oisansvacances.fr\/wp-content\/uploads\/2025\/06\/Logo-Ok_GITES-DE-FRANCE_-copie-005-150x150.png 150w, https:\/\/oisansvacances.fr\/wp-content\/uploads\/2025\/06\/Logo-Ok_GITES-DE-FRANCE_-copie-005-12x12.png 12w\" sizes=\"auto, (max-width: 278px) 100vw, 278px\" \/><\/figure>\n<\/div>\n\n\n\n<div class=\"wp-block-column is-layout-flow wp-block-column-is-layout-flow\">\n<h2 class=\"wp-block-heading\">Chalets en Alpe d'Huez para estancias en grupo, vacaciones de ciclismo y esqu\u00ed.<\/h2>\n\n\n\n<p>Situados en Allemond, a los pies del Alpe d'Huez, nuestros chalets ofrecen un alojamiento amplio y confortable para grupos en el coraz\u00f3n de la regi\u00f3n de Oisans. Perfectos para vacaciones en bicicleta, viajes de esqu\u00ed y escapadas familiares, nuestra casa de campo restaurada del siglo XVII combina el encanto alpino hist\u00f3rico con las comodidades modernas. Tanto si planea una estancia con amigos, varias familias o un grupo deportivo, nuestros chalets son el punto de partida ideal para explorar las monta\u00f1as durante todo el a\u00f1o.<\/p>\n<\/div>\n<\/div>\n\n\n\n<h2 class=\"wp-block-heading has-text-align-center\">Experiencias<\/h2>\n\n\n\n<div class=\"wp-block-columns is-layout-flex wp-container-core-columns-is-layout-28f84493 wp-block-columns-is-layout-flex\">\n<div class=\"wp-block-column is-layout-flow wp-block-column-is-layout-flow\">\n<h2 class=\"wp-block-heading has-text-align-center\">Ciclismo en Alpe d\u2019Huez<\/h2>\n\n\n\n<figure class=\"wp-block-image size-large\"><img loading=\"lazy\" decoding=\"async\" width=\"1024\" height=\"646\" src=\"https:\/\/oisansvacances.fr\/wp-content\/uploads\/2026\/04\/cycling_resized-1024x646.png\" alt=\"\" class=\"wp-image-807\" srcset=\"https:\/\/oisansvacances.fr\/wp-content\/uploads\/2026\/04\/cycling_resized-1024x646.png 1024w, https:\/\/oisansvacances.fr\/wp-content\/uploads\/2026\/04\/cycling_resized-300x189.png 300w, https:\/\/oisansvacances.fr\/wp-content\/uploads\/2026\/04\/cycling_resized-2000x1262.png 2000w, https:\/\/oisansvacances.fr\/wp-content\/uploads\/2026\/04\/cycling_resized-18x12.png 18w, https:\/\/oisansvacances.fr\/wp-content\/uploads\/2026\/04\/cycling_resized.png 2048w\" sizes=\"auto, (max-width: 1024px) 100vw, 1024px\" \/><\/figure>\n\n\n\n<p>El ciclismo en Alpe d\u2019Huez es mundialmente famoso y atrae a ciclistas de todo el mundo que buscan conquistar sus ic\u00f3nicas 21 curvas cerradas y sus legendarias subidas. Alojarse en Allemond, a los pies de Alpe d\u2019Huez, le sit\u00faa en una ubicaci\u00f3n ideal para unas vacaciones en bicicleta en la regi\u00f3n de Oisans, con acceso directo a rutas famosas como el Col du Glandon y el Col de la Croix de Fer. Nuestros chalets ofrecen un alojamiento perfecto para grupos de ciclistas, con almacenamiento seguro para bicicletas, c\u00f3modas zonas comunes y f\u00e1cil acceso a las carreteras de monta\u00f1a. Tanto si entrena, como si viaja o busca batir sus marcas personales, este es uno de los mejores destinos ciclistas de los Alpes.<\/p>\n\n\n\n<div class=\"wp-block-buttons is-layout-flex wp-block-buttons-is-layout-flex\">\n<div class=\"wp-block-button\"><a class=\"wp-block-button__link wp-element-button\">More on Cycling Experiences<\/a><\/div>\n<\/div>\n<\/div>\n\n\n\n<div class=\"wp-block-column is-layout-flow wp-block-column-is-layout-flow\">\n<h2 class=\"wp-block-heading has-text-align-center\">Esqu\u00ed en Alpe d\u2019Huez<\/h2>\n\n\n\n<figure class=\"wp-block-image size-large\"><img loading=\"lazy\" decoding=\"async\" width=\"1024\" height=\"646\" src=\"https:\/\/oisansvacances.fr\/wp-content\/uploads\/2026\/04\/skiiing-1024x646.png\" alt=\"\" class=\"wp-image-804\" srcset=\"https:\/\/oisansvacances.fr\/wp-content\/uploads\/2026\/04\/skiiing-1024x646.png 1024w, https:\/\/oisansvacances.fr\/wp-content\/uploads\/2026\/04\/skiiing-300x189.png 300w, https:\/\/oisansvacances.fr\/wp-content\/uploads\/2026\/04\/skiiing-18x12.png 18w, https:\/\/oisansvacances.fr\/wp-content\/uploads\/2026\/04\/skiiing.png 1900w\" sizes=\"auto, (max-width: 1024px) 100vw, 1024px\" \/><\/figure>\n\n\n\n<p>Skiing in Alpe d\u2019Huez offers access to one of the largest and sunniest ski areas in the French Alps, with over 250 km of pistes suitable for all levels. Staying in Allemond places you just minutes from the Eau d\u2019Olle Express lift, providing quick access to the Alpe d\u2019Huez Grand Domaine. Our chalets offer comfortable group accommodation for ski holidays in the Oisans, with space for families and friends, plus convenient ski storage and easy parking. Whether you\u2019re planning a family ski trip or a group winter getaway, this is an ideal base for enjoying world-class skiing in Alpe d\u2019Huez.<\/p>\n\n\n\n<div class=\"wp-block-buttons is-layout-flex wp-block-buttons-is-layout-flex\">\n<div class=\"wp-block-button\"><a class=\"wp-block-button__link wp-element-button\" href=\"https:\/\/oisansvacances.fr\/es\/adventures\/ski-holidays-alpe-dhuez\/\">M\u00e1s informaci\u00f3n sobre experiencias de esqu\u00ed<\/a><\/div>\n<\/div>\n<\/div>\n\n\n\n<div class=\"wp-block-column is-layout-flow wp-block-column-is-layout-flow\">\n<h2 class=\"wp-block-heading has-text-align-center\">Caminata o escalada <\/h2>\n\n\n\n<figure class=\"wp-block-image size-large\"><img loading=\"lazy\" decoding=\"async\" width=\"1024\" height=\"646\" src=\"https:\/\/oisansvacances.fr\/wp-content\/uploads\/2026\/04\/hiking_resized-1-1024x646.png\" alt=\"\" class=\"wp-image-809\" srcset=\"https:\/\/oisansvacances.fr\/wp-content\/uploads\/2026\/04\/hiking_resized-1-1024x646.png 1024w, https:\/\/oisansvacances.fr\/wp-content\/uploads\/2026\/04\/hiking_resized-1-300x189.png 300w, https:\/\/oisansvacances.fr\/wp-content\/uploads\/2026\/04\/hiking_resized-1-2000x1262.png 2000w, https:\/\/oisansvacances.fr\/wp-content\/uploads\/2026\/04\/hiking_resized-1-18x12.png 18w, https:\/\/oisansvacances.fr\/wp-content\/uploads\/2026\/04\/hiking_resized-1.png 2048w\" sizes=\"auto, (max-width: 1024px) 100vw, 1024px\" \/><\/figure>\n\n\n\n<p>Hiking and climbing in the Oisans from Allemond offer direct access to some of the most spectacular alpine terrain in the French Alps. Located at the base of Alpe d\u2019Huez, Allemond is an ideal basecamp for exploring high-mountain routes, technical climbs, and classic trails around Lac du Verney, the Belledonne massif, and the Grandes Rousses. Our chalets provide comfortable group accommodation for hiking and climbing holidays in the Oisans, perfect for families, friends, and outdoor enthusiasts. From scenic hikes to challenging ascents and via ferrata routes, this area is a top destination for adventure in the Alps.<\/p>\n\n\n\n<div class=\"wp-block-buttons is-layout-flex wp-block-buttons-is-layout-flex\">\n<div class=\"wp-block-button\"><a class=\"wp-block-button__link wp-element-button\" href=\"https:\/\/oisansvacances.fr\/es\/adventures\/cycling-holidays-alpe-dhuez\/\">Caminata o escalada<\/a><\/div>\n<\/div>\n<\/div>\n<\/div>\n\n\n\n<h2 class=\"wp-block-heading has-text-align-center\">Nuestras casas rurales<\/h2>\n\n\n\n<div class=\"wp-block-group has-global-padding is-layout-constrained wp-block-group-is-layout-constrained\">\n<div class=\"wp-block-columns is-layout-flex wp-container-core-columns-is-layout-28f84493 wp-block-columns-is-layout-flex\">\n<div class=\"wp-block-column is-layout-flow wp-block-column-is-layout-flow\">\n<div class=\"wp-block-columns is-layout-flex wp-container-core-columns-is-layout-28f84493 wp-block-columns-is-layout-flex\">\n<div class=\"wp-block-column is-layout-flow wp-block-column-is-layout-flow\">\n<h2 class=\"wp-block-heading\">Vermarine<\/h2>\n\n\n\n<figure class=\"wp-block-image size-large\"><img loading=\"lazy\" decoding=\"async\" width=\"1024\" height=\"768\" src=\"http:\/\/oisansvacances.fr\/wp-content\/uploads\/2026\/04\/new-living-1024x768.jpeg\" alt=\"\" class=\"wp-image-816\" srcset=\"https:\/\/oisansvacances.fr\/wp-content\/uploads\/2026\/04\/new-living-1024x768.jpeg 1024w, https:\/\/oisansvacances.fr\/wp-content\/uploads\/2026\/04\/new-living-300x225.jpeg 300w, https:\/\/oisansvacances.fr\/wp-content\/uploads\/2026\/04\/new-living-2000x1500.jpeg 2000w, https:\/\/oisansvacances.fr\/wp-content\/uploads\/2026\/04\/new-living-scaled-16x12.jpeg 16w\" sizes=\"auto, (max-width: 1024px) 100vw, 1024px\" \/><\/figure>\n\n\n\n<p><strong>Vermarine<\/strong> Es un refugio totalmente equipado, dise\u00f1ado para alojar grupos de hasta 10 hu\u00e9spedes en 4 habitaciones configurables. Con una superficie de 120 m\u00b2 y cuatro amplias plantas.  <\/p>\n<\/div>\n<\/div>\n\n\n\n<div class=\"wp-block-buttons is-layout-flex wp-block-buttons-is-layout-flex\">\n<div class=\"wp-block-button\"><a class=\"wp-block-button__link wp-element-button\" href=\"https:\/\/oisansvacances.fr\/es\/properties\/vermarine\/\">M\u00e1s<\/a><\/div>\n\n\n\n<div class=\"wp-block-button\"><a class=\"wp-block-button__link wp-element-button\" href=\"https:\/\/booking.smoobu.com\/9A965556\">Reserva ahora<\/a><\/div>\n<\/div>\n\n\n\n<div id=\"smoobuApartment2290661de\" class=\"calendarWidget\"> <div class=\"calendarContent\" data-load-calendar-url=\"https:\/\/login.smoobu.com\/de\/cockpit\/widget\/single-calendar\/2290661\" data-verification=\"8c8ea74c7c45c332299ef29d50c7310fde277f53a75c7a31c403dbd39bee8664\" data-baseurl=\"https:\/\/login.smoobu.com\" data-disable-css=\"false\" ><\/div> <script type=\"text\/javascript\" src=\"https:\/\/login.smoobu.com\/js\/Apartment\/CalendarWidget.js\"><\/script><\/div>\n<\/div>\n\n\n\n<div class=\"wp-block-column is-layout-flow wp-block-column-is-layout-flow\">\n<div class=\"wp-block-columns is-layout-flex wp-container-core-columns-is-layout-28f84493 wp-block-columns-is-layout-flex\">\n<div class=\"wp-block-column is-layout-flow wp-block-column-is-layout-flow\">\n<h2 class=\"wp-block-heading\">Rose<\/h2>\n\n\n\n<figure class=\"wp-block-image size-large\"><img loading=\"lazy\" decoding=\"async\" width=\"1024\" height=\"683\" src=\"http:\/\/oisansvacances.fr\/wp-content\/uploads\/2026\/04\/L24636-1024x683.jpg\" alt=\"\" class=\"wp-image-817\" srcset=\"https:\/\/oisansvacances.fr\/wp-content\/uploads\/2026\/04\/L24636-1024x683.jpg 1024w, https:\/\/oisansvacances.fr\/wp-content\/uploads\/2026\/04\/L24636-300x200.jpg 300w, https:\/\/oisansvacances.fr\/wp-content\/uploads\/2026\/04\/L24636-18x12.jpg 18w, https:\/\/oisansvacances.fr\/wp-content\/uploads\/2026\/04\/L24636.jpg 1500w\" sizes=\"auto, (max-width: 1024px) 100vw, 1024px\" \/><\/figure>\n\n\n\n<p><strong>Rose Quartz<\/strong> es un refugio completamente equipado dise\u00f1ado para albergar grupos de hasta 8 hu\u00e9spedes en 3 habitaciones configurables que abarcan 100 m\u00b2 de ancho y un solo nivel.<\/p>\n<\/div>\n<\/div>\n\n\n\n<div class=\"wp-block-buttons is-layout-flex wp-block-buttons-is-layout-flex\">\n<div class=\"wp-block-button\"><a class=\"wp-block-button__link wp-element-button\" href=\"https:\/\/oisansvacances.fr\/es\/properties\/rose\/\">M\u00e1s<\/a><\/div>\n\n\n\n<div class=\"wp-block-button\"><a class=\"wp-block-button__link wp-element-button\" href=\"https:\/\/booking.smoobu.com\/9A965556\">Book<\/a><\/div>\n<\/div>\n\n\n\n<div id=\"smoobuApartment2290661de\" class=\"calendarWidget\"> <div class=\"calendarContent\" data-load-calendar-url=\"https:\/\/login.smoobu.com\/de\/cockpit\/widget\/single-calendar\/2290661\" data-verification=\"8c8ea74c7c45c332299ef29d50c7310fde277f53a75c7a31c403dbd39bee8664\" data-baseurl=\"https:\/\/login.smoobu.com\" data-disable-css=\"false\" ><\/div> <script type=\"text\/javascript\" src=\"https:\/\/login.smoobu.com\/js\/Apartment\/CalendarWidget.js\"><\/script><\/div>\n<\/div>\n\n\n\n<div class=\"wp-block-column is-layout-flow wp-block-column-is-layout-flow\">\n<div class=\"wp-block-columns is-layout-flex wp-container-core-columns-is-layout-28f84493 wp-block-columns-is-layout-flex\">\n<div class=\"wp-block-column is-layout-flow wp-block-column-is-layout-flow\">\n<h2 class=\"wp-block-heading\">Jasper<\/h2>\n\n\n\n<figure class=\"wp-block-image size-large\"><img loading=\"lazy\" decoding=\"async\" width=\"1024\" height=\"768\" src=\"http:\/\/oisansvacances.fr\/wp-content\/uploads\/2025\/07\/IMG_6352-1024x768.jpg\" alt=\"\" class=\"wp-image-726\" srcset=\"https:\/\/oisansvacances.fr\/wp-content\/uploads\/2025\/07\/IMG_6352-1024x768.jpg 1024w, https:\/\/oisansvacances.fr\/wp-content\/uploads\/2025\/07\/IMG_6352-300x225.jpg 300w, https:\/\/oisansvacances.fr\/wp-content\/uploads\/2025\/07\/IMG_6352-2000x1500.jpg 2000w, https:\/\/oisansvacances.fr\/wp-content\/uploads\/2025\/07\/IMG_6352-scaled-16x12.jpg 16w\" sizes=\"auto, (max-width: 1024px) 100vw, 1024px\" \/><\/figure>\n\n\n\n<p><strong>Novedad para 2025: Jasper<\/strong>  Completamente renovado para ofrecer un tranquilo refugio de monta\u00f1a para hasta 7 hu\u00e9spedes. 3 dormitorios y 2 ba\u00f1os, ofrece encanto alpino con las comodidades de la vida contempor\u00e1nea. <\/p>\n<\/div>\n<\/div>\n\n\n\n<div class=\"wp-block-buttons is-layout-flex wp-block-buttons-is-layout-flex\">\n<div class=\"wp-block-button\"><a class=\"wp-block-button__link wp-element-button\" href=\"https:\/\/oisansvacances.fr\/es\/properties\/jasper\/\">M\u00e1s<\/a><\/div>\n\n\n\n<div class=\"wp-block-button\"><a class=\"wp-block-button__link wp-element-button\" href=\"https:\/\/booking.smoobu.com\/9A965556\">Book<\/a><\/div>\n<\/div>\n\n\n\n<div id=\"smoobuApartment2290661de\" class=\"calendarWidget\"> <div class=\"calendarContent\" data-load-calendar-url=\"https:\/\/login.smoobu.com\/de\/cockpit\/widget\/single-calendar\/2290661\" data-verification=\"8c8ea74c7c45c332299ef29d50c7310fde277f53a75c7a31c403dbd39bee8664\" data-baseurl=\"https:\/\/login.smoobu.com\" data-disable-css=\"false\" ><\/div> <script type=\"text\/javascript\" src=\"https:\/\/login.smoobu.com\/js\/Apartment\/CalendarWidget.js\"><\/script><\/div>\n<\/div>\n<\/div>\n\n\n\n<div class=\"wp-block-buttons is-content-justification-center is-layout-flex wp-container-core-buttons-is-layout-a89b3969 wp-block-buttons-is-layout-flex\">\n<div class=\"wp-block-button\"><a class=\"wp-block-button__link wp-element-button\" href=\"https:\/\/www.google.com\/search?q=Oisans%20Vacances%20-%20Gites:%20Jasper%2C%20Vermarine%20%26%20Rose%20Quartz%20Reviews&amp;rflfq=1&amp;num=20&amp;stick=H4sIAAAAAAAAAONgkxI2MjAysjQyNTUxtbQ0MjQxMTA13cDI-IrRwT-zODGvWCEsMTkxLzm1WEFXwT2zJLXYSsErsbggtUhHISy1KDexKDMvVUFNISi_OFUhsDSxqKRKISi1LDO1vHgRK8VGAABb-8zeoAAAAA&amp;rldimm=2022925545992144055&amp;tbm=lcl&amp;hl=en&amp;sa=X&amp;ved=0CBgQ9fQKKABqFwoTCJCS2929yI0DFQAAAAAdAAAAABAG&amp;biw=1149&amp;bih=658&amp;dpr=1.88#lkt=LocalPoiReviews\">Opiniones de los clientes<\/a><\/div>\n<\/div>\n\n\n\n<div class=\"wp-block-columns are-vertically-aligned-center is-layout-flex wp-container-core-columns-is-layout-28f84493 wp-block-columns-is-layout-flex\">\n<div class=\"wp-block-column is-vertically-aligned-center is-layout-flow wp-block-column-is-layout-flow\">\n<h2 class=\"wp-block-heading has-large-font-size\" style=\"font-style:normal;font-weight:700\">\u00bfD\u00f3nde estamos?<\/h2>\n\n\n\n<p style=\"font-size:clamp(0.875em, 0.875rem + ((1vw - 0.2em) * 0.319), 1.1em);\">560 Route de Savoie<\/p>\n\n\n\n<p>Allemond, 38114, Isere, France<br>Email: <a href=\"mailto:example@example.com\">info@oisansvacances.fr<\/a><\/p>\n<\/div>\n\n\n\n<div class=\"wp-block-column is-vertically-aligned-center is-layout-flow wp-block-column-is-layout-flow\">\n<iframe src=\"https:\/\/www.google.com\/maps\/embed?pb=!1m18!1m12!1m3!1d2815.0948455868443!2d6.025359111252709!3d45.124413770949715!2m3!1f0!2f0!3f0!3m2!1i1024!2i768!4f13.1!3m3!1m2!1s0x478a69ec61307753%3A0x453f99f278f0f58c!2s560%20Rte%20de%20Savoie%2C%2038114%20Allemont!5e0!3m2!1sen!2sfr!4v1718102826371!5m2!1sen!2sfr\" width=\"600\" height=\"450\" style=\"border:0;\" allowfullscreen=\"\" loading=\"lazy\" referrerpolicy=\"no-referrer-when-downgrade\"><\/iframe>\n<\/div>\n<\/div>\n<\/div>\n\n\n\n<hr class=\"wp-block-separator has-alpha-channel-opacity\"\/>\n\n\n\n<div class=\"wp-block-columns is-layout-flex wp-container-core-columns-is-layout-28f84493 wp-block-columns-is-layout-flex\">\n<div class=\"wp-block-column is-layout-flow wp-block-column-is-layout-flow\">\n<p class=\"has-text-align-center\"><strong>Listo para reservar<\/strong>?<\/p>\n\n\n\n<div class=\"wp-block-buttons alignwide is-content-justification-center is-layout-flex wp-container-core-buttons-is-layout-a89b3969 wp-block-buttons-is-layout-flex\">\n<div class=\"wp-block-button is-style-outline is-style-outline--1\"><a class=\"wp-block-button__link wp-element-button\" href=\"https:\/\/booking.smoobu.com\/9A965556\">Reservar ahora<\/a><\/div>\n<\/div>\n<\/div>\n\n\n\n<div class=\"wp-block-column is-layout-flow wp-block-column-is-layout-flow\">\n<p class=\"has-text-align-center\"><strong>Haben Sie eine Frage?<\/strong><\/p>\n\n\n\n<div class=\"wp-block-buttons is-content-justification-center is-layout-flex wp-container-core-buttons-is-layout-a89b3969 wp-block-buttons-is-layout-flex\">\n<div class=\"wp-block-button is-style-outline is-style-outline--2\"><a class=\"wp-block-button__link wp-element-button\" href=\"mailto:info@oisansvacances.fr\">Consultas<\/a><\/div>\n<\/div>\n<\/div>\n<\/div>\n\n\n\n<p class=\"has-text-align-center\"><strong>Con\u00e9ctate con nosotros<\/strong><\/p>\n\n\n\n<ul class=\"wp-block-social-links aligncenter is-layout-flex wp-block-social-links-is-layout-flex\"><li class=\"wp-social-link wp-social-link-instagram  wp-block-social-link\"><a href=\"https:\/\/www.instagram.com\/oisansvacances?igsh=ZDdvdTlsZWp4MXVi&#038;utm_source=qr\" class=\"wp-block-social-link-anchor\"><svg width=\"24\" height=\"24\" viewbox=\"0 0 24 24\" version=\"1.1\" xmlns=\"http:\/\/www.w3.org\/2000\/svg\" aria-hidden=\"true\" focusable=\"false\"><path d=\"M12,4.622c2.403,0,2.688,0.009,3.637,0.052c0.877,0.04,1.354,0.187,1.671,0.31c0.42,0.163,0.72,0.358,1.035,0.673 c0.315,0.315,0.51,0.615,0.673,1.035c0.123,0.317,0.27,0.794,0.31,1.671c0.043,0.949,0.052,1.234,0.052,3.637 s-0.009,2.688-0.052,3.637c-0.04,0.877-0.187,1.354-0.31,1.671c-0.163,0.42-0.358,0.72-0.673,1.035 c-0.315,0.315-0.615,0.51-1.035,0.673c-0.317,0.123-0.794,0.27-1.671,0.31c-0.949,0.043-1.233,0.052-3.637,0.052 s-2.688-0.009-3.637-0.052c-0.877-0.04-1.354-0.187-1.671-0.31c-0.42-0.163-0.72-0.358-1.035-0.673 c-0.315-0.315-0.51-0.615-0.673-1.035c-0.123-0.317-0.27-0.794-0.31-1.671C4.631,14.688,4.622,14.403,4.622,12 s0.009-2.688,0.052-3.637c0.04-0.877,0.187-1.354,0.31-1.671c0.163-0.42,0.358-0.72,0.673-1.035 c0.315-0.315,0.615-0.51,1.035-0.673c0.317-0.123,0.794-0.27,1.671-0.31C9.312,4.631,9.597,4.622,12,4.622 M12,3 C9.556,3,9.249,3.01,8.289,3.054C7.331,3.098,6.677,3.25,6.105,3.472C5.513,3.702,5.011,4.01,4.511,4.511 c-0.5,0.5-0.808,1.002-1.038,1.594C3.25,6.677,3.098,7.331,3.054,8.289C3.01,9.249,3,9.556,3,12c0,2.444,0.01,2.751,0.054,3.711 c0.044,0.958,0.196,1.612,0.418,2.185c0.23,0.592,0.538,1.094,1.038,1.594c0.5,0.5,1.002,0.808,1.594,1.038 c0.572,0.222,1.227,0.375,2.185,0.418C9.249,20.99,9.556,21,12,21s2.751-0.01,3.711-0.054c0.958-0.044,1.612-0.196,2.185-0.418 c0.592-0.23,1.094-0.538,1.594-1.038c0.5-0.5,0.808-1.002,1.038-1.594c0.222-0.572,0.375-1.227,0.418-2.185 C20.99,14.751,21,14.444,21,12s-0.01-2.751-0.054-3.711c-0.044-0.958-0.196-1.612-0.418-2.185c-0.23-0.592-0.538-1.094-1.038-1.594 c-0.5-0.5-1.002-0.808-1.594-1.038c-0.572-0.222-1.227-0.375-2.185-0.418C14.751,3.01,14.444,3,12,3L12,3z M12,7.378 c-2.552,0-4.622,2.069-4.622,4.622S9.448,16.622,12,16.622s4.622-2.069,4.622-4.622S14.552,7.378,12,7.378z M12,15 c-1.657,0-3-1.343-3-3s1.343-3,3-3s3,1.343,3,3S13.657,15,12,15z M16.804,6.116c-0.596,0-1.08,0.484-1.08,1.08 s0.484,1.08,1.08,1.08c0.596,0,1.08-0.484,1.08-1.08S17.401,6.116,16.804,6.116z\"><\/path><\/svg><span class=\"wp-block-social-link-label screen-reader-text\">Instagram<\/span><\/a><\/li>\n\n<li class=\"wp-social-link wp-social-link-youtube  wp-block-social-link\"><a href=\"https:\/\/www.youtube.com\/channel\/UCYJJ6kdxF2AvigYs7FXjJtg\/playlists\" class=\"wp-block-social-link-anchor\"><svg width=\"24\" height=\"24\" viewbox=\"0 0 24 24\" version=\"1.1\" xmlns=\"http:\/\/www.w3.org\/2000\/svg\" aria-hidden=\"true\" focusable=\"false\"><path d=\"M21.8,8.001c0,0-0.195-1.378-0.795-1.985c-0.76-0.797-1.613-0.801-2.004-0.847c-2.799-0.202-6.997-0.202-6.997-0.202 h-0.009c0,0-4.198,0-6.997,0.202C4.608,5.216,3.756,5.22,2.995,6.016C2.395,6.623,2.2,8.001,2.2,8.001S2,9.62,2,11.238v1.517 c0,1.618,0.2,3.237,0.2,3.237s0.195,1.378,0.795,1.985c0.761,0.797,1.76,0.771,2.205,0.855c1.6,0.153,6.8,0.201,6.8,0.201 s4.203-0.006,7.001-0.209c0.391-0.047,1.243-0.051,2.004-0.847c0.6-0.607,0.795-1.985,0.795-1.985s0.2-1.618,0.2-3.237v-1.517 C22,9.62,21.8,8.001,21.8,8.001z M9.935,14.594l-0.001-5.62l5.404,2.82L9.935,14.594z\"><\/path><\/svg><span class=\"wp-block-social-link-label screen-reader-text\">YouTube<\/span><\/a><\/li>\n\n<li class=\"wp-social-link wp-social-link-tiktok  wp-block-social-link\"><a href=\"https:\/\/www.tiktok.com\/@oisansvacances?_t=8n6mBgvtJAG&#038;_r=1\" class=\"wp-block-social-link-anchor\"><svg width=\"24\" height=\"24\" viewbox=\"0 0 32 32\" version=\"1.1\" xmlns=\"http:\/\/www.w3.org\/2000\/svg\" aria-hidden=\"true\" focusable=\"false\"><path d=\"M16.708 0.027c1.745-0.027 3.48-0.011 5.213-0.027 0.105 2.041 0.839 4.12 2.333 5.563 1.491 1.479 3.6 2.156 5.652 2.385v5.369c-1.923-0.063-3.855-0.463-5.6-1.291-0.76-0.344-1.468-0.787-2.161-1.24-0.009 3.896 0.016 7.787-0.025 11.667-0.104 1.864-0.719 3.719-1.803 5.255-1.744 2.557-4.771 4.224-7.88 4.276-1.907 0.109-3.812-0.411-5.437-1.369-2.693-1.588-4.588-4.495-4.864-7.615-0.032-0.667-0.043-1.333-0.016-1.984 0.24-2.537 1.495-4.964 3.443-6.615 2.208-1.923 5.301-2.839 8.197-2.297 0.027 1.975-0.052 3.948-0.052 5.923-1.323-0.428-2.869-0.308-4.025 0.495-0.844 0.547-1.485 1.385-1.819 2.333-0.276 0.676-0.197 1.427-0.181 2.145 0.317 2.188 2.421 4.027 4.667 3.828 1.489-0.016 2.916-0.88 3.692-2.145 0.251-0.443 0.532-0.896 0.547-1.417 0.131-2.385 0.079-4.76 0.095-7.145 0.011-5.375-0.016-10.735 0.025-16.093z\" \/><\/svg><span class=\"wp-block-social-link-label screen-reader-text\">TikTok<\/span><\/a><\/li><\/ul>\n\n\n\n<div style=\"height:44px\" aria-hidden=\"true\" class=\"wp-block-spacer\"><\/div>\n\n\n\n<div class=\"wp-block-group alignfull has-background-background-color has-background has-global-padding is-layout-constrained wp-block-group-is-layout-constrained\" style=\"margin-top:0px;margin-bottom:0px;padding-top:var(--wp--preset--spacing--xx-large);padding-bottom:var(--wp--preset--spacing--xx-large)\">\n<div class=\"wp-block-group alignwide is-layout-flow wp-container-core-group-is-layout-5dcfa7ce wp-block-group-is-layout-flow\" style=\"padding-top:var(--wp--preset--spacing--medium);padding-right:var(--wp--preset--spacing--small);padding-bottom:var(--wp--preset--spacing--medium);padding-left:var(--wp--preset--spacing--small)\">\n<h2 class=\"wp-block-heading has-text-align-center has-large-font-size\">Estuvimos aqu\u00ed para ayudarte con tus planes<\/h2>\n\n\n\n<div class=\"wp-block-columns is-layout-flex wp-container-core-columns-is-layout-28f84493 wp-block-columns-is-layout-flex\">\n<div class=\"wp-block-column is-layout-flow wp-block-column-is-layout-flow\"><\/div>\n\n\n\n<div class=\"wp-block-column is-layout-flow wp-block-column-is-layout-flow\" style=\"flex-basis:720px\">\n<p class=\"has-text-align-center\" style=\"margin-top:var(--wp--preset--spacing--small)\">Sean cuales sean tus planes, estamos aqu\u00ed para ayudarte.  Podemos ayudarlo con anticipaci\u00f3n y soporte a medida que planifica su viaje, as\u00ed que p\u00f3ngase en contacto con nosotros si necesita ayuda.<\/p>\n\n\n\n<div class=\"wp-block-buttons is-content-justification-center is-layout-flex wp-container-core-buttons-is-layout-2af897fb wp-block-buttons-is-layout-flex\" style=\"margin-top:var(--wp--preset--spacing--medium)\">\n<div class=\"wp-block-button is-style-outline is-style-outline--3\"><a class=\"wp-block-button__link wp-element-button\" href=\"mailto:info@oisansvacances.fr\">P\u00f3ngase en contacto con nosotros \u2192<\/a><\/div>\n<\/div>\n<\/div>\n\n\n\n<div class=\"wp-block-column is-layout-flow wp-block-column-is-layout-flow\"><\/div>\n<\/div>\n<\/div>\n\n\n\n<p><\/p>\n<\/div>","protected":false},"excerpt":{"rendered":"<p>Chalets in Alpe d\u2019Huez for Group Stays, Cycling &amp; Ski Holidays Located in Allemond at the base of Alpe d\u2019Huez, our chalets offer spacious and comfortable group accommodation in the heart of the Oisans region. Perfect for cycling holidays, ski trips, and family getaways, our restored 17th-century farmhouse combines historic Alpine charm with modern convenience. &hellip; <\/p>\n<p class=\"link-more\"><a href=\"https:\/\/oisansvacances.fr\/es\/\" class=\"more-link\">Leer m\u00e1s<span class=\"screen-reader-text\"> \u00ab\u00bb<\/span><\/a><\/p>","protected":false},"author":1,"featured_media":0,"parent":0,"menu_order":0,"comment_status":"closed","ping_status":"closed","template":"","meta":{"inspiro_hide_title":false,"footnotes":""},"class_list":["post-70","page","type-page","status-publish","hentry"],"_links":{"self":[{"href":"https:\/\/oisansvacances.fr\/es\/wp-json\/wp\/v2\/pages\/70","targetHints":{"allow":["GET"]}}],"collection":[{"href":"https:\/\/oisansvacances.fr\/es\/wp-json\/wp\/v2\/pages"}],"about":[{"href":"https:\/\/oisansvacances.fr\/es\/wp-json\/wp\/v2\/types\/page"}],"author":[{"embeddable":true,"href":"https:\/\/oisansvacances.fr\/es\/wp-json\/wp\/v2\/users\/1"}],"replies":[{"embeddable":true,"href":"https:\/\/oisansvacances.fr\/es\/wp-json\/wp\/v2\/comments?post=70"}],"version-history":[{"count":81,"href":"https:\/\/oisansvacances.fr\/es\/wp-json\/wp\/v2\/pages\/70\/revisions"}],"predecessor-version":[{"id":886,"href":"https:\/\/oisansvacances.fr\/es\/wp-json\/wp\/v2\/pages\/70\/revisions\/886"}],"wp:attachment":[{"href":"https:\/\/oisansvacances.fr\/es\/wp-json\/wp\/v2\/media?parent=70"}],"curies":[{"name":"wp","href":"https:\/\/api.w.org\/{rel}","templated":true}]}}