{"id":542,"date":"2025-05-27T09:52:14","date_gmt":"2025-05-27T09:52:14","guid":{"rendered":"https:\/\/oisansvacances.fr\/?page_id=542"},"modified":"2026-04-25T15:52:53","modified_gmt":"2026-04-25T15:52:53","slug":"jasper-7-person-chalet-for-ski-and-cycle","status":"publish","type":"page","link":"https:\/\/oisansvacances.fr\/es\/chalets-in-alpe-dhuez-domaine-group-accommodation-oisans\/jasper-7-person-chalet-for-ski-and-cycle\/","title":{"rendered":"Jasper &#8211; 7 person chalet for ski and Cycle"},"content":{"rendered":"<p>Stay at the most accessible Basecamp of the Alpe d\u2019Huez Domaine and experience it all.<\/p>\n\n\n\n<div class=\"wp-block-group alignfull has-background has-global-padding is-layout-constrained wp-block-group-is-layout-constrained\" style=\"background-color:#e5e9ec;padding-top:var(--wp--preset--spacing--small);padding-bottom:var(--wp--preset--spacing--small)\">\n<div class=\"wp-block-columns is-layout-flex wp-container-core-columns-is-layout-7db7aa3e wp-block-columns-is-layout-flex\" style=\"padding-right:0;padding-left:0\">\n<div class=\"wp-block-column is-vertically-aligned-center is-layout-flow wp-block-column-is-layout-flow\">\n<figure class=\"wp-block-image size-full is-resized\"><img loading=\"lazy\" decoding=\"async\" width=\"278\" height=\"278\" src=\"http:\/\/oisansvacances.fr\/wp-content\/uploads\/2025\/06\/Logo-Ok_GITES-DE-FRANCE_-copie-005-1.png\" alt=\"\" class=\"wp-image-649\" style=\"width:190px;height:auto\" srcset=\"https:\/\/oisansvacances.fr\/wp-content\/uploads\/2025\/06\/Logo-Ok_GITES-DE-FRANCE_-copie-005-1.png 278w, https:\/\/oisansvacances.fr\/wp-content\/uploads\/2025\/06\/Logo-Ok_GITES-DE-FRANCE_-copie-005-1-150x150.png 150w, https:\/\/oisansvacances.fr\/wp-content\/uploads\/2025\/06\/Logo-Ok_GITES-DE-FRANCE_-copie-005-1-12x12.png 12w\" sizes=\"auto, (max-width: 278px) 100vw, 278px\" \/><\/figure>\n\n\n\n<h2 class=\"wp-block-heading has-medium-font-size\" style=\"text-transform:uppercase\">Jasper <\/h2>\n\n\n\n<p>Jasper es una renovaci\u00f3n completa de la parte superior del edificio antiguo, con un entorno tranquilo en la parte trasera. Al igual que los dem\u00e1s, Jasper es un g\u00eete totalmente equipado con un ambiente c\u00e1lido y luminoso. Cuenta con su propia terraza privada y tambi\u00e9n acceso al jard\u00edn compartido seguro para que jueguen los ni\u00f1os. Es un lugar ideal para familias o grupos de amigos.<\/p>\n\n\n\n<p>Con un espacio abierto que combina sal\u00f3n, cocina y comedor, Jasper puede alojar hasta 7 personas en sus 3 habitaciones. Dispone de dos ba\u00f1os y ofrece opciones tanto de ba\u00f1era como de ducha. <\/p>\n\n\n\n<p>Adem\u00e1s, Jasper puede unirse con Vermarine para ofrecer un espacio m\u00e1s grande para grupos de hasta 15 personas.<\/p>\n<\/div>\n\n\n\n<div class=\"wp-block-column is-layout-flow wp-block-column-is-layout-flow\">\n<figure class=\"wp-block-image size-large\"><img loading=\"lazy\" decoding=\"async\" width=\"1024\" height=\"768\" src=\"https:\/\/oisansvacances.fr\/wp-content\/uploads\/2025\/06\/IMG_6352-1024x768.jpg\" alt=\"\" class=\"wp-image-691\" srcset=\"https:\/\/oisansvacances.fr\/wp-content\/uploads\/2025\/06\/IMG_6352-1024x768.jpg 1024w, https:\/\/oisansvacances.fr\/wp-content\/uploads\/2025\/06\/IMG_6352-300x225.jpg 300w, https:\/\/oisansvacances.fr\/wp-content\/uploads\/2025\/06\/IMG_6352-2000x1500.jpg 2000w, https:\/\/oisansvacances.fr\/wp-content\/uploads\/2025\/06\/IMG_6352-scaled-16x12.jpg 16w\" sizes=\"auto, (max-width: 1024px) 100vw, 1024px\" \/><\/figure>\n\n\n\n<div class=\"wp-block-buttons is-layout-flex wp-block-buttons-is-layout-flex\">\n<div class=\"wp-block-button\"><a class=\"wp-block-button__link wp-element-button\" href=\"https:\/\/booking.smoobu.com\/9A965556\">Consultar disponibilidad y reservar ahora<\/a><\/div>\n<\/div>\n<\/div>\n<\/div>\n<\/div>\n\n\n\n<div class=\"wp-block-columns is-layout-flex wp-container-core-columns-is-layout-28f84493 wp-block-columns-is-layout-flex\">\n<div class=\"wp-block-column is-layout-flow wp-block-column-is-layout-flow\">\n<h2 class=\"wp-block-heading has-text-align-center\">Una hermosa renovaci\u00f3n nueva para alojar a 7 personas<\/h2>\n\n\n\n<div class=\"wp-block-columns is-layout-flex wp-container-core-columns-is-layout-28f84493 wp-block-columns-is-layout-flex\">\n<div class=\"wp-block-column is-layout-flow wp-block-column-is-layout-flow\">\n<figure class=\"wp-block-gallery has-nested-images columns-default is-cropped wp-block-gallery-1 is-layout-flex wp-block-gallery-is-layout-flex\">\n<figure class=\"wp-block-image size-full is-style-default\"><img loading=\"lazy\" decoding=\"async\" width=\"2560\" height=\"1920\" data-id=\"697\" src=\"https:\/\/oisansvacances.fr\/wp-content\/uploads\/2025\/06\/IMG_6349-scaled.jpg\" alt=\"\" class=\"wp-image-697\" srcset=\"https:\/\/oisansvacances.fr\/wp-content\/uploads\/2025\/06\/IMG_6349-scaled.jpg 2560w, https:\/\/oisansvacances.fr\/wp-content\/uploads\/2025\/06\/IMG_6349-300x225.jpg 300w, https:\/\/oisansvacances.fr\/wp-content\/uploads\/2025\/06\/IMG_6349-1024x768.jpg 1024w, https:\/\/oisansvacances.fr\/wp-content\/uploads\/2025\/06\/IMG_6349-2000x1500.jpg 2000w, https:\/\/oisansvacances.fr\/wp-content\/uploads\/2025\/06\/IMG_6349-scaled-16x12.jpg 16w\" sizes=\"auto, (max-width: 2560px) 100vw, 2560px\" \/><\/figure>\n<\/figure>\n\n\n\n<p>La sala de estar tiene un ambiente encantador, relajado y acogedor, y est\u00e1 equipada con una estufa de le\u00f1a, un televisor SMART con Apple TV, Netflix, Prime y wifi de fibra.<\/p>\n<\/div>\n\n\n\n<div class=\"wp-block-column is-layout-flow wp-block-column-is-layout-flow\">\n<figure class=\"wp-block-image size-full\"><img loading=\"lazy\" decoding=\"async\" width=\"2560\" height=\"1920\" src=\"https:\/\/oisansvacances.fr\/wp-content\/uploads\/2025\/06\/IMG_6352-2-scaled.jpg\" alt=\"\" class=\"wp-image-694\" srcset=\"https:\/\/oisansvacances.fr\/wp-content\/uploads\/2025\/06\/IMG_6352-2-scaled.jpg 2560w, https:\/\/oisansvacances.fr\/wp-content\/uploads\/2025\/06\/IMG_6352-2-300x225.jpg 300w, https:\/\/oisansvacances.fr\/wp-content\/uploads\/2025\/06\/IMG_6352-2-1024x768.jpg 1024w, https:\/\/oisansvacances.fr\/wp-content\/uploads\/2025\/06\/IMG_6352-2-2000x1500.jpg 2000w, https:\/\/oisansvacances.fr\/wp-content\/uploads\/2025\/06\/IMG_6352-2-scaled-16x12.jpg 16w\" sizes=\"auto, (max-width: 2560px) 100vw, 2560px\" \/><\/figure>\n\n\n\n<p>El comedor puede acomodar hasta 10 personas, ofreci\u00e9ndote el espacio necesario para invitar a otros a cenar si deseas socializar. Tambi\u00e9n hay una mesa y sillas en la terraza para comer al aire libre. <\/p>\n<\/div>\n\n\n\n<div class=\"wp-block-column is-layout-flow wp-block-column-is-layout-flow\">\n<figure class=\"wp-block-gallery has-nested-images columns-default is-cropped wp-block-gallery-2 is-layout-flex wp-block-gallery-is-layout-flex\">\n<figure class=\"wp-block-image size-full\"><img loading=\"lazy\" decoding=\"async\" width=\"2560\" height=\"1920\" data-id=\"698\" src=\"https:\/\/oisansvacances.fr\/wp-content\/uploads\/2025\/06\/IMG_6348-scaled.jpg\" alt=\"\" class=\"wp-image-698\" srcset=\"https:\/\/oisansvacances.fr\/wp-content\/uploads\/2025\/06\/IMG_6348-scaled.jpg 2560w, https:\/\/oisansvacances.fr\/wp-content\/uploads\/2025\/06\/IMG_6348-300x225.jpg 300w, https:\/\/oisansvacances.fr\/wp-content\/uploads\/2025\/06\/IMG_6348-1024x768.jpg 1024w, https:\/\/oisansvacances.fr\/wp-content\/uploads\/2025\/06\/IMG_6348-2000x1500.jpg 2000w, https:\/\/oisansvacances.fr\/wp-content\/uploads\/2025\/06\/IMG_6348-scaled-16x12.jpg 16w\" sizes=\"auto, (max-width: 2560px) 100vw, 2560px\" \/><\/figure>\n<\/figure>\n\n\n\n<p>La cocina totalmente equipada cuenta con un horno el\u00e9ctrico, una placa de gas, un microondas, una cafetera Nespresso y un completo surtido de utensilios para cocinar como en casa.<\/p>\n<\/div>\n<\/div>\n<\/div>\n<\/div>\n\n\n\n<div class=\"wp-block-columns is-layout-flex wp-container-core-columns-is-layout-28f84493 wp-block-columns-is-layout-flex\">\n<div class=\"wp-block-column is-layout-flow wp-block-column-is-layout-flow\">\n<figure class=\"wp-block-gallery has-nested-images columns-default is-cropped wp-block-gallery-3 is-layout-flex wp-block-gallery-is-layout-flex\">\n<figure class=\"wp-block-image size-full is-style-default\"><img loading=\"lazy\" decoding=\"async\" width=\"2048\" height=\"1536\" data-id=\"734\" src=\"https:\/\/oisansvacances.fr\/wp-content\/uploads\/2025\/11\/bedroom-1.jpg\" alt=\"\" class=\"wp-image-734\" srcset=\"https:\/\/oisansvacances.fr\/wp-content\/uploads\/2025\/11\/bedroom-1.jpg 2048w, https:\/\/oisansvacances.fr\/wp-content\/uploads\/2025\/11\/bedroom-1-300x225.jpg 300w, https:\/\/oisansvacances.fr\/wp-content\/uploads\/2025\/11\/bedroom-1-1024x768.jpg 1024w, https:\/\/oisansvacances.fr\/wp-content\/uploads\/2025\/11\/bedroom-1-2000x1500.jpg 2000w, https:\/\/oisansvacances.fr\/wp-content\/uploads\/2025\/11\/bedroom-1-16x12.jpg 16w\" sizes=\"auto, (max-width: 2048px) 100vw, 2048px\" \/><\/figure>\n<\/figure>\n\n\n\n<p>El dormitorio 1 puede prepararse con una cama doble king size o con camas individuales para alojar hasta a 3 personas. Es la habitaci\u00f3n familiar ideal para quienes viajan con ni\u00f1os o para grupos que viajan juntos y desean compartir.<\/p>\n<\/div>\n\n\n\n<div class=\"wp-block-column is-layout-flow wp-block-column-is-layout-flow\">\n<figure class=\"wp-block-image size-full\"><img loading=\"lazy\" decoding=\"async\" width=\"1920\" height=\"2560\" src=\"https:\/\/oisansvacances.fr\/wp-content\/uploads\/2025\/06\/IMG_6353-scaled.jpg\" alt=\"\" class=\"wp-image-695\" srcset=\"https:\/\/oisansvacances.fr\/wp-content\/uploads\/2025\/06\/IMG_6353-scaled.jpg 1920w, https:\/\/oisansvacances.fr\/wp-content\/uploads\/2025\/06\/IMG_6353-225x300.jpg 225w, https:\/\/oisansvacances.fr\/wp-content\/uploads\/2025\/06\/IMG_6353-768x1024.jpg 768w, https:\/\/oisansvacances.fr\/wp-content\/uploads\/2025\/06\/IMG_6353-2000x2667.jpg 2000w, https:\/\/oisansvacances.fr\/wp-content\/uploads\/2025\/06\/IMG_6353-scaled-9x12.jpg 9w\" sizes=\"auto, (max-width: 1920px) 100vw, 1920px\" \/><\/figure>\n\n\n\n<p>El dormitorio 2 est\u00e1 preparado como una acogedora y c\u00f3moda habitaci\u00f3n doble con dos camas.<\/p>\n<\/div>\n\n\n\n<div class=\"wp-block-column is-layout-flow wp-block-column-is-layout-flow\">\n<figure class=\"wp-block-gallery has-nested-images columns-default is-cropped wp-block-gallery-4 is-layout-flex wp-block-gallery-is-layout-flex\">\n<figure class=\"wp-block-image size-full\"><img loading=\"lazy\" decoding=\"async\" width=\"1920\" height=\"2560\" data-id=\"696\" src=\"https:\/\/oisansvacances.fr\/wp-content\/uploads\/2025\/06\/IMG_6355-scaled.jpg\" alt=\"\" class=\"wp-image-696\" srcset=\"https:\/\/oisansvacances.fr\/wp-content\/uploads\/2025\/06\/IMG_6355-scaled.jpg 1920w, https:\/\/oisansvacances.fr\/wp-content\/uploads\/2025\/06\/IMG_6355-225x300.jpg 225w, https:\/\/oisansvacances.fr\/wp-content\/uploads\/2025\/06\/IMG_6355-768x1024.jpg 768w, https:\/\/oisansvacances.fr\/wp-content\/uploads\/2025\/06\/IMG_6355-2000x2667.jpg 2000w, https:\/\/oisansvacances.fr\/wp-content\/uploads\/2025\/06\/IMG_6355-scaled-9x12.jpg 9w\" sizes=\"auto, (max-width: 1920px) 100vw, 1920px\" \/><\/figure>\n<\/figure>\n\n\n\n<p>El dormitorio est\u00e1 preparado como una habitaci\u00f3n doble con dos camas y es ideal para ni\u00f1os, \u00a1les encanta el ambiente! Ten en cuenta que las peque\u00f1as ventanas interiores que dan al sal\u00f3n cuentan con llaves para garantizar la seguridad. <\/p>\n<\/div>\n<\/div>\n\n\n\n<div class=\"wp-block-columns is-layout-flex wp-container-core-columns-is-layout-28f84493 wp-block-columns-is-layout-flex\">\n<div class=\"wp-block-column is-layout-flow wp-block-column-is-layout-flow\">\n<figure class=\"wp-block-gallery has-nested-images columns-default is-cropped wp-block-gallery-5 is-layout-flex wp-block-gallery-is-layout-flex\">\n<figure class=\"wp-block-image size-full is-style-default\"><img loading=\"lazy\" decoding=\"async\" width=\"2560\" height=\"1440\" data-id=\"736\" src=\"https:\/\/oisansvacances.fr\/wp-content\/uploads\/2025\/11\/outdoor-scaled.jpg\" alt=\"\" class=\"wp-image-736\" srcset=\"https:\/\/oisansvacances.fr\/wp-content\/uploads\/2025\/11\/outdoor-scaled.jpg 2560w, https:\/\/oisansvacances.fr\/wp-content\/uploads\/2025\/11\/outdoor-300x169.jpg 300w, https:\/\/oisansvacances.fr\/wp-content\/uploads\/2025\/11\/outdoor-1024x576.jpg 1024w, https:\/\/oisansvacances.fr\/wp-content\/uploads\/2025\/11\/outdoor-2000x1125.jpg 2000w, https:\/\/oisansvacances.fr\/wp-content\/uploads\/2025\/11\/outdoor-scaled-18x10.jpg 18w\" sizes=\"auto, (max-width: 2560px) 100vw, 2560px\" \/><\/figure>\n<\/figure>\n\n\n\n<figure class=\"wp-block-image size-large is-resized\"><img loading=\"lazy\" decoding=\"async\" width=\"1024\" height=\"768\" src=\"https:\/\/oisansvacances.fr\/wp-content\/uploads\/2025\/11\/bedroom-1-2-1024x768.jpg\" alt=\"\" class=\"wp-image-737\" style=\"width:332px;height:auto\" srcset=\"https:\/\/oisansvacances.fr\/wp-content\/uploads\/2025\/11\/bedroom-1-2-1024x768.jpg 1024w, https:\/\/oisansvacances.fr\/wp-content\/uploads\/2025\/11\/bedroom-1-2-300x225.jpg 300w, https:\/\/oisansvacances.fr\/wp-content\/uploads\/2025\/11\/bedroom-1-2-2000x1500.jpg 2000w, https:\/\/oisansvacances.fr\/wp-content\/uploads\/2025\/11\/bedroom-1-2-16x12.jpg 16w, https:\/\/oisansvacances.fr\/wp-content\/uploads\/2025\/11\/bedroom-1-2.jpg 2048w\" sizes=\"auto, (max-width: 1024px) 100vw, 1024px\" \/><\/figure>\n\n\n\n<p>La terraza es un encantador espacio privado y relajante con vistas a Les Rousses dentro del dominio. Est\u00e1 orientada hacia Belledonne y alejada de la carretera, lo que garantiza un ambiente tranquilo y apacible.<\/p>\n<\/div>\n\n\n\n<div class=\"wp-block-column is-layout-flow wp-block-column-is-layout-flow\">\n<figure class=\"wp-block-image size-full\"><img loading=\"lazy\" decoding=\"async\" width=\"1920\" height=\"2560\" src=\"https:\/\/oisansvacances.fr\/wp-content\/uploads\/2025\/06\/IMG_6347-scaled.jpg\" alt=\"\" class=\"wp-image-700\" srcset=\"https:\/\/oisansvacances.fr\/wp-content\/uploads\/2025\/06\/IMG_6347-scaled.jpg 1920w, https:\/\/oisansvacances.fr\/wp-content\/uploads\/2025\/06\/IMG_6347-225x300.jpg 225w, https:\/\/oisansvacances.fr\/wp-content\/uploads\/2025\/06\/IMG_6347-768x1024.jpg 768w, https:\/\/oisansvacances.fr\/wp-content\/uploads\/2025\/06\/IMG_6347-2000x2667.jpg 2000w, https:\/\/oisansvacances.fr\/wp-content\/uploads\/2025\/06\/IMG_6347-scaled-9x12.jpg 9w\" sizes=\"auto, (max-width: 1920px) 100vw, 1920px\" \/><\/figure>\n\n\n\n<p>El ba\u00f1o 1 cuenta con una ducha y la lavadora del alojamiento.<\/p>\n<\/div>\n\n\n\n<div class=\"wp-block-column is-layout-flow wp-block-column-is-layout-flow\">\n<figure class=\"wp-block-gallery has-nested-images columns-default is-cropped wp-block-gallery-6 is-layout-flex wp-block-gallery-is-layout-flex\">\n<figure class=\"wp-block-image size-full\"><img loading=\"lazy\" decoding=\"async\" width=\"1920\" height=\"2560\" data-id=\"701\" src=\"https:\/\/oisansvacances.fr\/wp-content\/uploads\/2025\/06\/IMG_6365-scaled.jpg\" alt=\"\" class=\"wp-image-701\" srcset=\"https:\/\/oisansvacances.fr\/wp-content\/uploads\/2025\/06\/IMG_6365-scaled.jpg 1920w, https:\/\/oisansvacances.fr\/wp-content\/uploads\/2025\/06\/IMG_6365-225x300.jpg 225w, https:\/\/oisansvacances.fr\/wp-content\/uploads\/2025\/06\/IMG_6365-768x1024.jpg 768w, https:\/\/oisansvacances.fr\/wp-content\/uploads\/2025\/06\/IMG_6365-2000x2667.jpg 2000w, https:\/\/oisansvacances.fr\/wp-content\/uploads\/2025\/06\/IMG_6365-scaled-9x12.jpg 9w\" sizes=\"auto, (max-width: 1920px) 100vw, 1920px\" \/><\/figure>\n<\/figure>\n\n\n\n<p>El ba\u00f1o 2 ofrece una combinaci\u00f3n de ba\u00f1era y ducha.<\/p>\n<\/div>\n<\/div>\n\n\n\n<h2 class=\"wp-block-heading\">Ubicaci\u00f3n y acceso<\/h2>\n\n\n\n<div class=\"wp-block-columns is-layout-flex wp-container-core-columns-is-layout-28f84493 wp-block-columns-is-layout-flex\">\n<div class=\"wp-block-column is-layout-flow wp-block-column-is-layout-flow\">\n<figure class=\"wp-block-image size-full\"><img loading=\"lazy\" decoding=\"async\" width=\"1900\" height=\"1199\" src=\"https:\/\/oisansvacances.fr\/wp-content\/uploads\/2024\/09\/skiiing.png\" alt=\"\" class=\"wp-image-322\" srcset=\"https:\/\/oisansvacances.fr\/wp-content\/uploads\/2024\/09\/skiiing.png 1900w, https:\/\/oisansvacances.fr\/wp-content\/uploads\/2024\/09\/skiiing-300x189.png 300w, https:\/\/oisansvacances.fr\/wp-content\/uploads\/2024\/09\/skiiing-1024x646.png 1024w, https:\/\/oisansvacances.fr\/wp-content\/uploads\/2024\/09\/skiiing-18x12.png 18w\" sizes=\"auto, (max-width: 1900px) 100vw, 1900px\" \/><\/figure>\n\n\n\n<p>El telesilla est\u00e1 a 1,2 km de la propiedad, a la que se accede por la carretera o por el camino de la Voie Verte, que no tiene veh\u00edculos. El Allemond Eau d'Olle Telecabine tarda 8 minutos en llegar a Oz en Oisans. Todo el Alpe D'Huez Grande Domaine est\u00e1 a su disposici\u00f3n desde aqu\u00ed<\/p>\n\n\n\n<div class=\"wp-block-buttons is-layout-flex wp-block-buttons-is-layout-flex\">\n<div class=\"wp-block-button\"><a class=\"wp-block-button__link wp-element-button\" href=\"https:\/\/www.alpedhuez.com\/fr\/hiver\/types-apidae\/domaine-skiable\/alpe-dhuez-grand-domaine-ski\/\">Alpe D&#8217;Huez<\/a><\/div>\n<\/div>\n<\/div>\n\n\n\n<div class=\"wp-block-column is-layout-flow wp-block-column-is-layout-flow\">\n<figure class=\"wp-block-image size-full is-resized\"><img loading=\"lazy\" decoding=\"async\" width=\"750\" height=\"475\" src=\"https:\/\/oisansvacances.fr\/wp-content\/uploads\/2024\/09\/ski-lockers-1.jpg\" alt=\"\" class=\"wp-image-323\" style=\"width:344px;height:auto\" srcset=\"https:\/\/oisansvacances.fr\/wp-content\/uploads\/2024\/09\/ski-lockers-1.jpg 750w, https:\/\/oisansvacances.fr\/wp-content\/uploads\/2024\/09\/ski-lockers-1-300x190.jpg 300w, https:\/\/oisansvacances.fr\/wp-content\/uploads\/2024\/09\/ski-lockers-1-18x12.jpg 18w\" sizes=\"auto, (max-width: 750px) 100vw, 750px\" \/><\/figure>\n\n\n\n<p>En el remonte encontrar\u00e1 guardaesqu\u00eds chalet para dejar su equipo en la base del remonte. Adem\u00e1s, hay un autob\u00fas gratuito navette que pasa por el fondo del valle y te lleva directamente al telesqu\u00ed.  Por \u00faltimo, si lo deseas, hay un mont\u00f3n de aparcamiento gratuito en el ascensor.<\/p>\n\n\n\n<div class=\"wp-block-buttons is-layout-flex wp-block-buttons-is-layout-flex\">\n<div class=\"wp-block-button\"><a class=\"wp-block-button__link wp-element-button\" href=\"https:\/\/www.oisans.com\/stations-et-villages\/allemond\/allemond-pratique\/ascenseur-valleen-eau-dolle-express\/\">Telecabine<\/a><\/div>\n<\/div>\n<\/div>\n\n\n\n<div class=\"wp-block-column is-layout-flow wp-block-column-is-layout-flow\">\n<figure class=\"wp-block-image size-full is-resized\"><img loading=\"lazy\" decoding=\"async\" width=\"778\" height=\"475\" src=\"http:\/\/oisansvacances.fr\/wp-content\/uploads\/2024\/09\/allemondcut-e1725615134498.png\" alt=\"\" class=\"wp-image-324\" style=\"width:354px;height:auto\"\/><\/figure>\n\n\n\n<p>Gite Vermarine se encuentra a 1000 metros del centro de Allemed, con sus restaurantes, consultorios, fisioterapeutas y tienda de alquiler de deportes. Entre 100 y 250 metros se encuentra la farmacia, el supermercado Spar y el restaurante Etape.<\/p>\n\n\n\n<div class=\"wp-block-buttons is-layout-flex wp-block-buttons-is-layout-flex\">\n<div class=\"wp-block-button\"><a class=\"wp-block-button__link wp-element-button\" href=\"https:\/\/uk.oisans.com\/resorts-and-villages\/allemond\/\">Allemond<\/a><\/div>\n<\/div>\n<\/div>\n<\/div>\n\n\n\n<div class=\"wp-block-columns is-layout-flex wp-container-core-columns-is-layout-28f84493 wp-block-columns-is-layout-flex\">\n<div class=\"wp-block-column is-layout-flow wp-block-column-is-layout-flow\">\n<h2 class=\"wp-block-heading\">Disponibilidad<\/h2>\n\n\n\n<div id=\"apartmentIframe2290661\">\n<script type=\"text\/javascript\" src=\"https:\/\/login.smoobu.com\/js\/Settings\/BookingToolIframe.js\"><\/script>\n<script>BookingToolIframe.initialize({\"url\": \"https:\/\/login.smoobu.com\/en\/booking-tool\/iframe\/965556\/2290661?newTabAfterSearch=true\", \"baseUrl\": \"https:\/\/login.smoobu.com\", \"target\": \"#apartmentIframe2290661\"})<\/script>\n<\/div>\n\n\n\n<h2 class=\"wp-block-heading\">Reservar ahora<\/h2>\n\n\n\n<p>Reserva directamente sin comisiones de plataforma: descubrir\u00e1s que reservar directamente es la forma m\u00e1s rentable de organizar tu viaje.<\/p>\n\n\n\n\n\n<div class=\"wp-block-buttons is-layout-flex wp-block-buttons-is-layout-flex\">\n<div class=\"wp-block-button\"><a class=\"wp-block-button__link wp-element-button\" href=\"mailto:info@oisansvacances.fr\">Contacto para Necesidades Especiales<\/a><\/div>\n\n\n\n<div class=\"wp-block-button\"><a class=\"wp-block-button__link wp-element-button\" href=\"mailto:info@oisansvacances.fr\">Enviar consulta<\/a><\/div>\n<\/div>\n<\/div>\n\n\n\n<div class=\"wp-block-column is-layout-flow wp-block-column-is-layout-flow\">\n<h2 class=\"wp-block-heading\">Instalaciones<\/h2>\n\n\n\n<ul class=\"wp-block-list\">\n<li>Orange business pro fibra WiFi <\/li>\n\n\n\n<li>SMART TV<\/li>\n\n\n\n<li>Sonos<\/li>\n\n\n\n<li>2 taquillas en el telesqu\u00ed para su uso<\/li>\n\n\n\n<li>Cocina totalmente equipada<\/li>\n\n\n\n<li>M\u00e1quinas Nespresso, Raclette, Fondu<\/li>\n\n\n\n<li>Configuraciones de dormitorio flexibles<\/li>\n\n\n\n<li>Secure shared outdoor garden with children\u2019s toys.<\/li>\n\n\n\n<li>Jard\u00edn privado al aire libre para relajarse bajo el sol<\/li>\n\n\n\n<li>Outdoor dining terrace seating 6-8<\/li>\n\n\n\n<li>Toallas y ropa de cama proporcionadas<\/li>\n\n\n\n<li>Lavadora<\/li>\n\n\n\n<li>Lavavajillas<\/li>\n\n\n\n<li>Secadores<\/li>\n\n\n\n<li>Equipamiento para beb\u00e9s \/ portones \/ de seguridad contra incendios \/ cunas<\/li>\n\n\n\n<li>Plancha y tabla de planchar <\/li>\n\n\n\n<li>Herramientas y bomba<\/li>\n\n\n\n<li>Estacionamiento gratuito para dos veh\u00edculos<\/li>\n<\/ul>\n<\/div>\n<\/div>","protected":false},"excerpt":{"rendered":"<p>Stay at the most accessible Basecamp of the Alpe d\u2019Huez Domaine and experience it all. Jasper Jasper is a complete renovation of the upper part of the ancient building with a tranquil setting to the rear. Like the others, Jasper fully equipped g\u00eete with a warm and light ambiance. Possessing its own private terrace and &hellip; <\/p>\n<p class=\"link-more\"><a href=\"https:\/\/oisansvacances.fr\/es\/chalets-in-alpe-dhuez-domaine-group-accommodation-oisans\/jasper-7-person-chalet-for-ski-and-cycle\/\" class=\"more-link\">Leer m\u00e1s<span class=\"screen-reader-text\"> \u00abJasper &#8211; 7 person chalet for ski and Cycle\u00bb<\/span><\/a><\/p>","protected":false},"author":1,"featured_media":0,"parent":40,"menu_order":0,"comment_status":"closed","ping_status":"closed","template":"","meta":{"inspiro_hide_title":false,"footnotes":""},"class_list":["post-542","page","type-page","status-publish","hentry"],"_links":{"self":[{"href":"https:\/\/oisansvacances.fr\/es\/wp-json\/wp\/v2\/pages\/542","targetHints":{"allow":["GET"]}}],"collection":[{"href":"https:\/\/oisansvacances.fr\/es\/wp-json\/wp\/v2\/pages"}],"about":[{"href":"https:\/\/oisansvacances.fr\/es\/wp-json\/wp\/v2\/types\/page"}],"author":[{"embeddable":true,"href":"https:\/\/oisansvacances.fr\/es\/wp-json\/wp\/v2\/users\/1"}],"replies":[{"embeddable":true,"href":"https:\/\/oisansvacances.fr\/es\/wp-json\/wp\/v2\/comments?post=542"}],"version-history":[{"count":19,"href":"https:\/\/oisansvacances.fr\/es\/wp-json\/wp\/v2\/pages\/542\/revisions"}],"predecessor-version":[{"id":845,"href":"https:\/\/oisansvacances.fr\/es\/wp-json\/wp\/v2\/pages\/542\/revisions\/845"}],"up":[{"embeddable":true,"href":"https:\/\/oisansvacances.fr\/es\/wp-json\/wp\/v2\/pages\/40"}],"wp:attachment":[{"href":"https:\/\/oisansvacances.fr\/es\/wp-json\/wp\/v2\/media?parent=542"}],"curies":[{"name":"wp","href":"https:\/\/api.w.org\/{rel}","templated":true}]}}