{"id":39,"date":"2024-06-10T13:03:15","date_gmt":"2024-06-10T13:03:15","guid":{"rendered":"https:\/\/oisansvacances.fr\/?page_id=39"},"modified":"2026-04-25T14:14:10","modified_gmt":"2026-04-25T14:14:10","slug":"experiences","status":"publish","type":"page","link":"https:\/\/oisansvacances.fr\/es\/experiences\/","title":{"rendered":"Experiencias"},"content":{"rendered":"<p>Esta regi\u00f3n de los Alpes franceses, a caballo entre los departamentos de Is\u00e8re (38), Altos Alpes (05) y Saboya (73), es un para\u00edso para los amantes de los espacios amplios y abiertos, las experiencias emocionantes (o m\u00e1s tranquilas) y las impresionantes vistas panor\u00e1micas. . Situada en la barrera clim\u00e1tica entre los Alpes del norte y del sur, disfruta de unas condiciones clim\u00e1ticas especialmente buenas, ya que ofrece mucha nieve en invierno y sol garantizado durante la mayor parte del a\u00f1o. Cualquiera que sea tu \u00e9poca del a\u00f1o favorita y cualquier actividad que te guste... todo est\u00e1 aqu\u00ed esper\u00e1ndote.<\/p>\n\n\n\n<div class=\"wp-block-columns is-layout-flex wp-container-core-columns-is-layout-28f84493 wp-block-columns-is-layout-flex\">\n<div class=\"wp-block-column is-layout-flow wp-block-column-is-layout-flow\">\n<p class=\"has-text-align-center\"><strong>Primavera, verano y oto\u00f1o<\/strong><\/p>\n\n\n\n<div class=\"wp-block-group is-vertical is-layout-flex wp-container-core-group-is-layout-fe9cc265 wp-block-group-is-layout-flex\">\n<figure class=\"wp-block-image size-large is-resized\"><img loading=\"lazy\" decoding=\"async\" width=\"1024\" height=\"768\" src=\"https:\/\/oisansvacances.fr\/wp-content\/uploads\/2024\/06\/poppies-les-sables-1024x768.jpg\" alt=\"\" class=\"wp-image-108\" style=\"width:342px;height:auto\" srcset=\"https:\/\/oisansvacances.fr\/wp-content\/uploads\/2024\/06\/poppies-les-sables-1024x768.jpg 1024w, https:\/\/oisansvacances.fr\/wp-content\/uploads\/2024\/06\/poppies-les-sables-300x225.jpg 300w, https:\/\/oisansvacances.fr\/wp-content\/uploads\/2024\/06\/poppies-les-sables-2000x1500.jpg 2000w, https:\/\/oisansvacances.fr\/wp-content\/uploads\/2024\/06\/poppies-les-sables-scaled-16x12.jpg 16w\" sizes=\"auto, (max-width: 1024px) 100vw, 1024px\" \/><\/figure>\n\n\n\n<p>Fuera del invierno, todo el Oisans es su patio de recreo para acceder y para cualquier actividad al aire libre que desee. La belleza de la \u00e9poca que va desde la primavera hasta el oto\u00f1o es el gran cambio en el entorno que ver\u00e1s. Desde la brotaci\u00f3n temprana de la naturaleza en primavera hasta el estallido de colores dorados en oto\u00f1o.     <\/p>\n\n\n\n<div class=\"wp-block-buttons is-layout-flex wp-block-buttons-is-layout-flex\">\n<div class=\"wp-block-button\"><a class=\"wp-block-button__link wp-element-button\" href=\"https:\/\/www.oisans.com\/a-voir-a-faire\/loisans-au-fil-des-saisons\/\">m\u00e1s all\u00e1 del invierno<\/a><\/div>\n<\/div>\n<\/div>\n<\/div>\n\n\n\n<div class=\"wp-block-column is-layout-flow wp-block-column-is-layout-flow\">\n<p class=\"has-text-align-center\"><strong>Invierno<\/strong><\/p>\n\n\n\n<div class=\"wp-block-group is-vertical is-layout-flex wp-container-core-group-is-layout-fe9cc265 wp-block-group-is-layout-flex\">\n<figure class=\"wp-block-image size-large is-resized\"><img loading=\"lazy\" decoding=\"async\" width=\"1024\" height=\"663\" src=\"http:\/\/oisansvacances.fr\/wp-content\/uploads\/2024\/06\/la-grave-alpinisme-01-1200x777-1-1024x663.jpg\" alt=\"\" class=\"wp-image-106\" style=\"width:346px;height:auto\" srcset=\"https:\/\/oisansvacances.fr\/wp-content\/uploads\/2024\/06\/la-grave-alpinisme-01-1200x777-1-1024x663.jpg 1024w, https:\/\/oisansvacances.fr\/wp-content\/uploads\/2024\/06\/la-grave-alpinisme-01-1200x777-1-300x194.jpg 300w, https:\/\/oisansvacances.fr\/wp-content\/uploads\/2024\/06\/la-grave-alpinisme-01-1200x777-1-18x12.jpg 18w, https:\/\/oisansvacances.fr\/wp-content\/uploads\/2024\/06\/la-grave-alpinisme-01-1200x777-1.jpg 1200w\" sizes=\"auto, (max-width: 1024px) 100vw, 1024px\" \/><\/figure>\n\n\n\n<p>In de winter zijn de Alpen een wonderland, de rust en vrede, de schittering van de sneeuw die schittert onder de zon en de verkwikkende lucht die de longen vult en het lichaam verfrist.   Liefhebbers van wilde natuur hebben in Oisans een oneindige speeltuin om zich te vergapen aan de alpenlandschappen.\n\nHier is een gevarieerd programma om elke dag van activiteit te wisselen, ski\u00ebn, boarden, langlaufen, sneeuwschoenwandelen, ijsklimmen, yoga buiten en nog veel meer.  Hier kunt u plezier en panorama's afwisselen, maar ook om meer momenten te besteden om te gaan zitten en de rust te delen. ...<\/p>\n\n\n\n<p>Aqu\u00ed tienes un variado programa para cambiar de actividad cada d\u00eda, esqu\u00ed, tabla, esqu\u00ed n\u00f3rdico, raquetas de nieve, escalada en hielo, yoga al aire libre y muchas m\u00e1s. Aqu\u00ed podr\u00e1s alternar placeres y panoramas, pero tambi\u00e9n dedicar m\u00e1s momentos para sentarte y compartir la paz.<\/p>\n\n\n\n<div class=\"wp-block-buttons is-layout-flex wp-block-buttons-is-layout-flex\">\n<div class=\"wp-block-button\"><a class=\"wp-block-button__link wp-element-button\">Invierno<\/a><\/div>\n<\/div>\n<\/div>\n<\/div>\n\n\n\n<div class=\"wp-block-column is-layout-flow wp-block-column-is-layout-flow\">\n<p class=\"has-text-align-center\"><strong>Familias<\/strong><\/p>\n\n\n\n<div class=\"wp-block-group is-vertical is-layout-flex wp-container-core-group-is-layout-fe9cc265 wp-block-group-is-layout-flex\">\n<figure class=\"wp-block-image size-full is-resized\"><img loading=\"lazy\" decoding=\"async\" width=\"550\" height=\"435\" src=\"http:\/\/oisansvacances.fr\/wp-content\/uploads\/2024\/06\/family.png\" alt=\"\" class=\"wp-image-110\" style=\"width:312px;height:auto\" srcset=\"https:\/\/oisansvacances.fr\/wp-content\/uploads\/2024\/06\/family.png 550w, https:\/\/oisansvacances.fr\/wp-content\/uploads\/2024\/06\/family-300x237.png 300w, https:\/\/oisansvacances.fr\/wp-content\/uploads\/2024\/06\/family-15x12.png 15w\" sizes=\"auto, (max-width: 550px) 100vw, 550px\" \/><\/figure>\n\n\n\n<p>Los Oisans son un patio de recreo para las familias.  La amplitud de las actividades y el majestuoso entorno inspiran a las familias a vivir aventuras juntos, a crear nuevos recuerdos y a ayudar a los padres a ganar la batalla por el tiempo frente a la pantalla.\n\nDesde las opciones tradicionales de esqu\u00ed, snowboard, paseos a caballo y senderismo, hasta opciones m\u00e1s aventureras como la v\u00eda ferrata, el parapente, el pirag\u00fcismo, pueden crear unas vacaciones llenas de nuevas actividades para probar y nuevas habilidades de monta\u00f1a para desarrollar juntos<\/p>\n\n\n\n<p>Desde las opciones tradicionales de esqu\u00ed, snowboard, paseos a caballo y caminatas, hasta opciones m\u00e1s aventureras como v\u00eda ferrata, parapente o pirag\u00fcismo, pod\u00e9is crear unas vacaciones repletas de nuevas actividades para probar y nuevas habilidades en la monta\u00f1a para desarrollar juntos. <\/p>\n\n\n\n<div class=\"wp-block-buttons is-layout-flex wp-block-buttons-is-layout-flex\">\n<div class=\"wp-block-button\"><a class=\"wp-block-button__link wp-element-button\">Familias<\/a><\/div>\n<\/div>\n<\/div>\n<\/div>\n<\/div>\n\n\n\n<div class=\"wp-block-columns is-layout-flex wp-container-core-columns-is-layout-28f84493 wp-block-columns-is-layout-flex\">\n<div class=\"wp-block-column is-layout-flow wp-block-column-is-layout-flow\">\n<p class=\"has-text-align-center\"><strong>Esqu\u00ed y tabla de snowboard<\/strong><\/p>\n\n\n\n<figure class=\"wp-block-image size-large\"><img loading=\"lazy\" decoding=\"async\" width=\"1024\" height=\"683\" src=\"http:\/\/oisansvacances.fr\/wp-content\/uploads\/2024\/06\/ski-alpe-dhuez-1024x683.jpg\" alt=\"\" class=\"wp-image-18\" srcset=\"https:\/\/oisansvacances.fr\/wp-content\/uploads\/2024\/06\/ski-alpe-dhuez-1024x683.jpg 1024w, https:\/\/oisansvacances.fr\/wp-content\/uploads\/2024\/06\/ski-alpe-dhuez-300x200.jpg 300w, https:\/\/oisansvacances.fr\/wp-content\/uploads\/2024\/06\/ski-alpe-dhuez-768x512.jpg 768w, https:\/\/oisansvacances.fr\/wp-content\/uploads\/2024\/06\/ski-alpe-dhuez-1536x1024.jpg 1536w, https:\/\/oisansvacances.fr\/wp-content\/uploads\/2024\/06\/ski-alpe-dhuez-18x12.jpg 18w, https:\/\/oisansvacances.fr\/wp-content\/uploads\/2024\/06\/ski-alpe-dhuez.jpg 1900w\" sizes=\"auto, (max-width: 1024px) 100vw, 1024px\" \/><\/figure>\n\n\n\n<p>Los Oisans cuentan con cuatro \u00e1reas de esqu\u00ed independientes, cada una con su propio estilo:<\/p>\n\n\n\n<ul class=\"wp-block-list\">\n<li>Justo a nuestras puertas, Alpe d\u2019Huez Grand Domaine Ski: 5 estaciones, 10.000 hect\u00e1reas de esqu\u00ed, la pista negra m\u00e1s larga de Europa, La Sarenne, y Pic Blanc a 3300 m.&nbsp;<\/li>\n\n\n\n<li>La Grave \u2013 La Meije: un dominio esquiable fuera de pista \u00fanico en Europa, un telesqu\u00ed legendario y la Meije.<\/li>\n\n\n\n<li>Les 2 Alpes: esqu\u00ed de verano, un snowpark de referencia y un glaciar de 3.600 m.<\/li>\n\n\n\n<li>El Col d\u2019Ornon: una estaci\u00f3n a escala humana, una meca del esqu\u00ed de fondo y de las raquetas de nieve y un entorno boscoso.&nbsp;<\/li>\n<\/ul>\n\n\n\n<div class=\"wp-block-buttons is-layout-flex wp-block-buttons-is-layout-flex\">\n<div class=\"wp-block-button\"><a class=\"wp-block-button__link wp-element-button\">Deportes de invierno<\/a><\/div>\n<\/div>\n<\/div>\n\n\n\n<div class=\"wp-block-column is-layout-flow wp-block-column-is-layout-flow\">\n<p class=\"has-text-align-center\"><strong>Ciclismo y bicicleta de monta\u00f1a<\/strong><\/p>\n\n\n\n<figure class=\"wp-block-image size-large\"><img loading=\"lazy\" decoding=\"async\" width=\"1024\" height=\"683\" src=\"http:\/\/oisansvacances.fr\/wp-content\/uploads\/2024\/06\/Allemond-1024x683.jpg\" alt=\"\" class=\"wp-image-17\" srcset=\"https:\/\/oisansvacances.fr\/wp-content\/uploads\/2024\/06\/Allemond-1024x683.jpg 1024w, https:\/\/oisansvacances.fr\/wp-content\/uploads\/2024\/06\/Allemond-300x200.jpg 300w, https:\/\/oisansvacances.fr\/wp-content\/uploads\/2024\/06\/Allemond-768x512.jpg 768w, https:\/\/oisansvacances.fr\/wp-content\/uploads\/2024\/06\/Allemond-1536x1024.jpg 1536w, https:\/\/oisansvacances.fr\/wp-content\/uploads\/2024\/06\/Allemond-18x12.jpg 18w, https:\/\/oisansvacances.fr\/wp-content\/uploads\/2024\/06\/Allemond.jpg 2048w\" sizes=\"auto, (max-width: 1024px) 100vw, 1024px\" \/><\/figure>\n\n\n\n<p>Seguro que has o\u00eddo hablar del Glandon, la Croix de Fer, el Galibier, el Lautaret, el Ornon y, por supuesto, del Alpe d'Huez con sus 21 curvas. Estamos seguros de que todos los ciclistas han o\u00eddo hablar de Oisans.<\/p>\n\n\n\n<p>En verano, son los eventos ciclistas como el Alpe d'Huzes, el Marmotte Grandfondo, el Tour de Francia y las Oisans Col Series los que marcan el ritmo de vida en Oisans... Tanto si eres un ciclista profesional en busca del mejor campo de entrenamiento como si eres un ciclista m\u00e1s reservado, todos se ir\u00e1n con un recuerdo imborrable de Oisans.<\/p>\n\n\n\n<p>\u00a1El t\u00e9rmino ciclismo de monta\u00f1a cobra un nuevo significado aqu\u00ed! S\u00fabete a tu bicicleta de monta\u00f1a y recorre los senderos que comienzan en el glaciar a 3000 m y descienden 2500 m entre prados y sotobosque, para terminar en las llanuras de Bourg d'Oisans.<\/p>\n\n\n\n<p>Con las estaciones de MTB de Alpe d'Huez Grand Domaine VTT, Les 2 Alpes y La Grave, Oisans te ofrece tres dominios muy diferentes con pistas dise\u00f1adas y aseguradas para ciclistas de todos los niveles. \u00a1Quiz\u00e1s incluso te interese la MegaAvalanche como tu pr\u00f3ximo desaf\u00edo! <\/p>\n\n\n\n<div class=\"wp-block-buttons is-layout-flex wp-block-buttons-is-layout-flex\">\n<div class=\"wp-block-button\"><a class=\"wp-block-button__link wp-element-button\" href=\"https:\/\/uk.bike-oisans.com\/?_ga=2.56891690.1297091269.1727459669-352026990.1727459669\">Bicicleta y bicicleta de monta\u00f1a<\/a><\/div>\n<\/div>\n<\/div>\n\n\n\n<div class=\"wp-block-column is-layout-flow wp-block-column-is-layout-flow\">\n<p class=\"has-text-align-center\"><strong>Caminata y escalada<\/strong><\/p>\n\n\n\n<figure class=\"wp-block-image size-large\"><img loading=\"lazy\" decoding=\"async\" width=\"1024\" height=\"512\" src=\"http:\/\/oisansvacances.fr\/wp-content\/uploads\/2024\/06\/climbing-1024x512.jpg\" alt=\"\" class=\"wp-image-22\" srcset=\"https:\/\/oisansvacances.fr\/wp-content\/uploads\/2024\/06\/climbing-1024x512.jpg 1024w, https:\/\/oisansvacances.fr\/wp-content\/uploads\/2024\/06\/climbing-300x150.jpg 300w, https:\/\/oisansvacances.fr\/wp-content\/uploads\/2024\/06\/climbing-768x384.jpg 768w, https:\/\/oisansvacances.fr\/wp-content\/uploads\/2024\/06\/climbing-1536x768.jpg 1536w, https:\/\/oisansvacances.fr\/wp-content\/uploads\/2024\/06\/climbing-18x9.jpg 18w, https:\/\/oisansvacances.fr\/wp-content\/uploads\/2024\/06\/climbing.jpg 1600w\" sizes=\"auto, (max-width: 1024px) 100vw, 1024px\" \/><\/figure>\n\n\n\n<p>Los Oisans ofrecen a los amantes del senderismo y la naturaleza rutas de senderismo de todos los niveles, tanto si buscas escaladas guiadas\/en solitario de varios d\u00edas como si buscas caminatas f\u00e1ciles de un d\u00eda. <\/p>\n\n\n\n<p>Enclavada entre majestuosas monta\u00f1as, Oisans es una regi\u00f3n salvaje y bien conservada gracias, en particular, al Parque Nacional de los Ecrins, que cuenta con un patrimonio natural excepcional, as\u00ed como con una gran variedad de paisajes y parajes naturales. Oisans tambi\u00e9n cuenta con 24 refugios de monta\u00f1a, perfectos para descansar durante la caminata o para pasar la noche antes de continuar al d\u00eda siguiente.<br><\/p>\n\n\n\n<div class=\"wp-block-buttons is-layout-flex wp-block-buttons-is-layout-flex\">\n<div class=\"wp-block-button\"><a class=\"wp-block-button__link wp-element-button\">Senderismo y escalada<\/a><\/div>\n<\/div>\n<\/div>\n<\/div>\n\n\n\n<div style=\"height:22px\" aria-hidden=\"true\" class=\"wp-block-spacer\"><\/div>\n\n\n\n<div class=\"wp-block-columns is-layout-flex wp-container-core-columns-is-layout-28f84493 wp-block-columns-is-layout-flex\">\n<div class=\"wp-block-column is-layout-flow wp-block-column-is-layout-flow\">\n<p class=\"has-text-align-center\"><strong>\u00bfTienes alguna pregunta?<\/strong><\/p>\n\n\n\n<div class=\"wp-block-buttons is-content-justification-center is-layout-flex wp-container-core-buttons-is-layout-a89b3969 wp-block-buttons-is-layout-flex\">\n<div class=\"wp-block-button\"><a class=\"wp-block-button__link wp-element-button\" href=\"mailto:info@oisansvacances.fr\">Enviar consulta<\/a><\/div>\n<\/div>\n<\/div>\n\n\n\n<div class=\"wp-block-column is-layout-flow wp-block-column-is-layout-flow\">\n<p class=\"has-text-align-center\"><strong>Listo para reservar<\/strong><\/p>\n\n\n\n<div class=\"wp-block-buttons is-content-justification-center is-layout-flex wp-container-core-buttons-is-layout-a89b3969 wp-block-buttons-is-layout-flex\">\n<div class=\"wp-block-button\"><a class=\"wp-block-button__link wp-element-button\" href=\"https:\/\/booking.smoobu.com\/9A965556\">Reservar ahora<\/a><\/div>\n<\/div>\n<\/div>\n<\/div>\n\n\n\n<div style=\"height:32px\" aria-hidden=\"true\" class=\"wp-block-spacer\"><\/div>","protected":false},"excerpt":{"rendered":"<p>This region of the French Alps, straddling the d\u00e9partements of Is\u00e8re (38), Hautes-Alpes (05) and Savoie (73), is&nbsp;a paradise for lovers of wide, open spaces, thrilling (or more mellow) experiences and outstanding panoramic views. Situated on the climate barrier between the northern and southern Alps, it enjoys particularly good weather conditions, providing both plenty of &hellip; <\/p>\n<p class=\"link-more\"><a href=\"https:\/\/oisansvacances.fr\/es\/experiences\/\" class=\"more-link\">Leer m\u00e1s<span class=\"screen-reader-text\"> \u00abExperiences\u00bb<\/span><\/a><\/p>","protected":false},"author":1,"featured_media":0,"parent":0,"menu_order":0,"comment_status":"closed","ping_status":"closed","template":"","meta":{"inspiro_hide_title":false,"footnotes":""},"class_list":["post-39","page","type-page","status-publish","hentry"],"_links":{"self":[{"href":"https:\/\/oisansvacances.fr\/es\/wp-json\/wp\/v2\/pages\/39","targetHints":{"allow":["GET"]}}],"collection":[{"href":"https:\/\/oisansvacances.fr\/es\/wp-json\/wp\/v2\/pages"}],"about":[{"href":"https:\/\/oisansvacances.fr\/es\/wp-json\/wp\/v2\/types\/page"}],"author":[{"embeddable":true,"href":"https:\/\/oisansvacances.fr\/es\/wp-json\/wp\/v2\/users\/1"}],"replies":[{"embeddable":true,"href":"https:\/\/oisansvacances.fr\/es\/wp-json\/wp\/v2\/comments?post=39"}],"version-history":[{"count":19,"href":"https:\/\/oisansvacances.fr\/es\/wp-json\/wp\/v2\/pages\/39\/revisions"}],"predecessor-version":[{"id":778,"href":"https:\/\/oisansvacances.fr\/es\/wp-json\/wp\/v2\/pages\/39\/revisions\/778"}],"wp:attachment":[{"href":"https:\/\/oisansvacances.fr\/es\/wp-json\/wp\/v2\/media?parent=39"}],"curies":[{"name":"wp","href":"https:\/\/api.w.org\/{rel}","templated":true}]}}