{"id":130,"date":"2024-06-11T10:38:05","date_gmt":"2024-06-11T10:38:05","guid":{"rendered":"https:\/\/oisansvacances.fr\/?page_id=130"},"modified":"2026-04-25T15:49:46","modified_gmt":"2026-04-25T15:49:46","slug":"vermarine-10-person-ski-and-cycling-chalet-in-alpe-dhuez-domaine","status":"publish","type":"page","link":"https:\/\/oisansvacances.fr\/es\/chalets-in-alpe-dhuez-domaine-group-accommodation-oisans\/vermarine-10-person-ski-and-cycling-chalet-in-alpe-dhuez-domaine\/","title":{"rendered":"Vermarine &#8211; 10 person ski and cycling Chalet"},"content":{"rendered":"<p>Stay at the most accessible Basecamp of the Alpe d&#8217;Huez Domaine and experience it all. <\/p>\n\n\n\n<div class=\"wp-block-columns is-layout-flex wp-container-core-columns-is-layout-28f84493 wp-block-columns-is-layout-flex\">\n<div class=\"wp-block-column is-layout-flow wp-block-column-is-layout-flow\">\n<div class=\"wp-block-group alignfull has-background has-global-padding is-layout-constrained wp-block-group-is-layout-constrained\" style=\"background-color:#e5e9ec;padding-top:var(--wp--preset--spacing--small);padding-bottom:var(--wp--preset--spacing--small)\">\n<div class=\"wp-block-columns is-layout-flex wp-container-core-columns-is-layout-28f84493 wp-block-columns-is-layout-flex\">\n<div class=\"wp-block-column is-layout-flow wp-block-column-is-layout-flow\">\n<figure class=\"wp-block-image size-full\"><img loading=\"lazy\" decoding=\"async\" width=\"278\" height=\"278\" src=\"http:\/\/oisansvacances.fr\/wp-content\/uploads\/2025\/06\/Logo-Ok_GITES-DE-FRANCE_-copie-005-1.png\" alt=\"\" class=\"wp-image-649\" srcset=\"https:\/\/oisansvacances.fr\/wp-content\/uploads\/2025\/06\/Logo-Ok_GITES-DE-FRANCE_-copie-005-1.png 278w, https:\/\/oisansvacances.fr\/wp-content\/uploads\/2025\/06\/Logo-Ok_GITES-DE-FRANCE_-copie-005-1-150x150.png 150w, https:\/\/oisansvacances.fr\/wp-content\/uploads\/2025\/06\/Logo-Ok_GITES-DE-FRANCE_-copie-005-1-12x12.png 12w\" sizes=\"auto, (max-width: 278px) 100vw, 278px\" \/><\/figure>\n\n\n\n<h2 class=\"wp-block-heading has-medium-font-size\" style=\"text-transform:uppercase\">Acerca de Vermarine<\/h2>\n\n\n\n<p>Set within a beautiful, authentic barn dating from 1654, this g\u00eete is newly renovated and has been lovingly restored and is full of character and charm.&nbsp; G\u00eete Vermarine is situated in the heart of Allemond, the basecamp to explore the whole Oisans Region of the French Alps.<\/p>\n\n\n\n<p>Esta casa rural tiene una ubicaci\u00f3n ideal para abordar las famosas rutas de ciclismo y senderismo y explorar todo el Alpe D'Huez Grande Domaine desde el remonte Eau D'Olle, a 1,2 km de distancia<\/p>\n\n\n\n<p>Vermarine can also be joined with Jasper to provide a large space to host groups up to 15. <\/p>\n<\/div>\n\n\n\n<div class=\"wp-block-column is-layout-flow wp-block-column-is-layout-flow\">\n<figure class=\"wp-block-image size-large is-resized\"><img loading=\"lazy\" decoding=\"async\" width=\"768\" height=\"1024\" src=\"https:\/\/oisansvacances.fr\/wp-content\/uploads\/2025\/06\/IMG_5877-768x1024.jpg\" alt=\"\" class=\"wp-image-670\" style=\"width:491px;height:auto\" srcset=\"https:\/\/oisansvacances.fr\/wp-content\/uploads\/2025\/06\/IMG_5877-768x1024.jpg 768w, https:\/\/oisansvacances.fr\/wp-content\/uploads\/2025\/06\/IMG_5877-225x300.jpg 225w, https:\/\/oisansvacances.fr\/wp-content\/uploads\/2025\/06\/IMG_5877-2000x2667.jpg 2000w, https:\/\/oisansvacances.fr\/wp-content\/uploads\/2025\/06\/IMG_5877-scaled-9x12.jpg 9w, https:\/\/oisansvacances.fr\/wp-content\/uploads\/2025\/06\/IMG_5877-scaled.jpg 1920w\" sizes=\"auto, (max-width: 768px) 100vw, 768px\" \/><\/figure>\n\n\n\n<div class=\"wp-block-buttons is-layout-flex wp-block-buttons-is-layout-flex\">\n<div class=\"wp-block-button\"><a class=\"wp-block-button__link wp-element-button\" href=\"https:\/\/booking.smoobu.com\/9A965556\">Consultar disponibilidad y reservar<\/a><\/div>\n<\/div>\n<\/div>\n<\/div>\n<\/div>\n<\/div>\n<\/div>\n\n\n\n<div class=\"wp-block-columns is-layout-flex wp-container-core-columns-is-layout-28f84493 wp-block-columns-is-layout-flex\">\n<div class=\"wp-block-column is-layout-flow wp-block-column-is-layout-flow\">\n<h2 class=\"wp-block-heading has-text-align-center\">Una aut\u00e9ntica casa rural para dormir 10 en el coraz\u00f3n de Allemond<\/h2>\n\n\n\n<p class=\"has-text-align-center\">M\u00e1s detalles:<\/p>\n<\/div>\n<\/div>\n\n\n\n<div class=\"wp-block-columns is-layout-flex wp-container-core-columns-is-layout-28f84493 wp-block-columns-is-layout-flex\">\n<div class=\"wp-block-column is-layout-flow wp-block-column-is-layout-flow\">\n<figure class=\"wp-block-gallery has-nested-images columns-default is-cropped wp-block-gallery-1 is-layout-flex wp-block-gallery-is-layout-flex\">\n<figure class=\"wp-block-image size-full is-style-default\"><img loading=\"lazy\" decoding=\"async\" width=\"1500\" height=\"1000\" data-id=\"604\" src=\"https:\/\/oisansvacances.fr\/wp-content\/uploads\/2025\/06\/VM-lounge2-1.jpg\" alt=\"\" class=\"wp-image-604\" srcset=\"https:\/\/oisansvacances.fr\/wp-content\/uploads\/2025\/06\/VM-lounge2-1.jpg 1500w, https:\/\/oisansvacances.fr\/wp-content\/uploads\/2025\/06\/VM-lounge2-1-300x200.jpg 300w, https:\/\/oisansvacances.fr\/wp-content\/uploads\/2025\/06\/VM-lounge2-1-1024x683.jpg 1024w, https:\/\/oisansvacances.fr\/wp-content\/uploads\/2025\/06\/VM-lounge2-1-18x12.jpg 18w\" sizes=\"auto, (max-width: 1500px) 100vw, 1500px\" \/><\/figure>\n<\/figure>\n\n\n\n<p>Vermarine est\u00e1 totalmente equipado para acoger a cualquier tipo de grupo de hasta 10 personas. Es un espacioso espacio de 120 m\u00b2 distribuido en 4 plantas dentro de una antigua granja (1645). Re\u00fane todo el ambiente y el encanto de la historia con todas las comodidades modernas que esperar\u00edas de un hogar.<\/p>\n<\/div>\n\n\n\n<div class=\"wp-block-column is-layout-flow wp-block-column-is-layout-flow\">\n<figure class=\"wp-block-image size-full\"><img loading=\"lazy\" decoding=\"async\" width=\"1500\" height=\"1000\" src=\"https:\/\/oisansvacances.fr\/wp-content\/uploads\/2025\/06\/VM-dining.jpg\" alt=\"\" class=\"wp-image-609\" srcset=\"https:\/\/oisansvacances.fr\/wp-content\/uploads\/2025\/06\/VM-dining.jpg 1500w, https:\/\/oisansvacances.fr\/wp-content\/uploads\/2025\/06\/VM-dining-300x200.jpg 300w, https:\/\/oisansvacances.fr\/wp-content\/uploads\/2025\/06\/VM-dining-1024x683.jpg 1024w, https:\/\/oisansvacances.fr\/wp-content\/uploads\/2025\/06\/VM-dining-18x12.jpg 18w\" sizes=\"auto, (max-width: 1500px) 100vw, 1500px\" \/><\/figure>\n\n\n\n<p>Dentro de Vermarine encontrar\u00e1 una planta baja con cocina, comedor y sala de estar como espacio social.<\/p>\n\n\n\n<p>This level has a fully equipped kitchen (with sharp knives &#8211; as keen cooks ourselves we know the importance of a good rental kitchen!) Amazing WiFi throughout with 2GB Orange Pro private connection. The lounge area gives a great new LG OLED 4K SMART TV with Netflix, Amazon Prime TV, Apple TV and Orange cable TV and Molotov for any channel you may want to use.<\/p>\n<\/div>\n\n\n\n<div class=\"wp-block-column is-layout-flow wp-block-column-is-layout-flow\">\n<figure class=\"wp-block-gallery has-nested-images columns-default is-cropped wp-block-gallery-2 is-layout-flex wp-block-gallery-is-layout-flex\">\n<figure class=\"wp-block-image size-full\"><img loading=\"lazy\" decoding=\"async\" width=\"1500\" height=\"1000\" data-id=\"602\" src=\"https:\/\/oisansvacances.fr\/wp-content\/uploads\/2025\/06\/VM-bedroom-1.jpg\" alt=\"\" class=\"wp-image-602\" srcset=\"https:\/\/oisansvacances.fr\/wp-content\/uploads\/2025\/06\/VM-bedroom-1.jpg 1500w, https:\/\/oisansvacances.fr\/wp-content\/uploads\/2025\/06\/VM-bedroom-1-300x200.jpg 300w, https:\/\/oisansvacances.fr\/wp-content\/uploads\/2025\/06\/VM-bedroom-1-1024x683.jpg 1024w, https:\/\/oisansvacances.fr\/wp-content\/uploads\/2025\/06\/VM-bedroom-1-18x12.jpg 18w\" sizes=\"auto, (max-width: 1500px) 100vw, 1500px\" \/><\/figure>\n<\/figure>\n\n\n\n<p>El primer dormitorio puede configurarse como cama doble king size, dos camas individuales o una triple si necesita una cama adicional. Se puede a\u00f1adir una cuna si desea una cama doble con cuna. Cuenta con ba\u00f1o privado con ducha y aseo. Ofrece vistas a la monta\u00f1a, hacia Sardonn\u00e9 y Oz-en-Oisans.<\/p>\n<\/div>\n<\/div>\n\n\n\n<div class=\"wp-block-columns is-layout-flex wp-container-core-columns-is-layout-28f84493 wp-block-columns-is-layout-flex\">\n<div class=\"wp-block-column is-layout-flow wp-block-column-is-layout-flow\">\n<figure class=\"wp-block-image size-full\"><img loading=\"lazy\" decoding=\"async\" width=\"1500\" height=\"1000\" src=\"https:\/\/oisansvacances.fr\/wp-content\/uploads\/2025\/06\/VM-bedroom-2-twin.jpg\" alt=\"\" class=\"wp-image-601\" srcset=\"https:\/\/oisansvacances.fr\/wp-content\/uploads\/2025\/06\/VM-bedroom-2-twin.jpg 1500w, https:\/\/oisansvacances.fr\/wp-content\/uploads\/2025\/06\/VM-bedroom-2-twin-300x200.jpg 300w, https:\/\/oisansvacances.fr\/wp-content\/uploads\/2025\/06\/VM-bedroom-2-twin-1024x683.jpg 1024w, https:\/\/oisansvacances.fr\/wp-content\/uploads\/2025\/06\/VM-bedroom-2-twin-18x12.jpg 18w\" sizes=\"auto, (max-width: 1500px) 100vw, 1500px\" \/><\/figure>\n\n\n\n<p>El dormitorio dos se puede configurar como una cama doble king size o una cama doble y se puede agregar una cuna. Al igual que el dormitorio uno, sus vistas son hacia la vista de la monta\u00f1a de Sardonne y Oz en Oisans. Comparte un ba\u00f1o y aseo independiente con el dormitorio tres<\/p>\n<\/div>\n\n\n\n<div class=\"wp-block-column is-layout-flow wp-block-column-is-layout-flow\">\n<figure class=\"wp-block-image size-full\"><img loading=\"lazy\" decoding=\"async\" width=\"1500\" height=\"1000\" src=\"https:\/\/oisansvacances.fr\/wp-content\/uploads\/2025\/06\/VM-bedroom3-triple-1.jpg\" alt=\"\" class=\"wp-image-600\" srcset=\"https:\/\/oisansvacances.fr\/wp-content\/uploads\/2025\/06\/VM-bedroom3-triple-1.jpg 1500w, https:\/\/oisansvacances.fr\/wp-content\/uploads\/2025\/06\/VM-bedroom3-triple-1-300x200.jpg 300w, https:\/\/oisansvacances.fr\/wp-content\/uploads\/2025\/06\/VM-bedroom3-triple-1-1024x683.jpg 1024w, https:\/\/oisansvacances.fr\/wp-content\/uploads\/2025\/06\/VM-bedroom3-triple-1-18x12.jpg 18w\" sizes=\"auto, (max-width: 1500px) 100vw, 1500px\" \/><\/figure>\n\n\n\n<p>El tercer dormitorio es una joya para familias y grupos. Cuenta con una habitaci\u00f3n principal que puede convertirse en una cama doble tama\u00f1o king o en una triple para tres personas.<\/p>\n<\/div>\n\n\n\n<div class=\"wp-block-column is-layout-flow wp-block-column-is-layout-flow\">\n<figure class=\"wp-block-image size-full\"><img loading=\"lazy\" decoding=\"async\" width=\"1500\" height=\"1000\" src=\"https:\/\/oisansvacances.fr\/wp-content\/uploads\/2025\/06\/VM-bedroom-4-view-1-1.jpg\" alt=\"\" class=\"wp-image-598\" srcset=\"https:\/\/oisansvacances.fr\/wp-content\/uploads\/2025\/06\/VM-bedroom-4-view-1-1.jpg 1500w, https:\/\/oisansvacances.fr\/wp-content\/uploads\/2025\/06\/VM-bedroom-4-view-1-1-300x200.jpg 300w, https:\/\/oisansvacances.fr\/wp-content\/uploads\/2025\/06\/VM-bedroom-4-view-1-1-1024x683.jpg 1024w, https:\/\/oisansvacances.fr\/wp-content\/uploads\/2025\/06\/VM-bedroom-4-view-1-1-18x12.jpg 18w\" sizes=\"auto, (max-width: 1500px) 100vw, 1500px\" \/><\/figure>\n\n\n\n<p>El dormitorio 4 se encuentra en la planta superior. Cuenta con dos camas individuales. <\/p>\n<\/div>\n<\/div>\n\n\n\n<div class=\"wp-block-columns is-layout-flex wp-container-core-columns-is-layout-28f84493 wp-block-columns-is-layout-flex\">\n<div class=\"wp-block-column is-layout-flow wp-block-column-is-layout-flow\">\n<figure class=\"wp-block-image size-full\"><img loading=\"lazy\" decoding=\"async\" width=\"1500\" height=\"1000\" src=\"https:\/\/oisansvacances.fr\/wp-content\/uploads\/2025\/06\/VM-games-room.jpg\" alt=\"\" class=\"wp-image-606\" srcset=\"https:\/\/oisansvacances.fr\/wp-content\/uploads\/2025\/06\/VM-games-room.jpg 1500w, https:\/\/oisansvacances.fr\/wp-content\/uploads\/2025\/06\/VM-games-room-300x200.jpg 300w, https:\/\/oisansvacances.fr\/wp-content\/uploads\/2025\/06\/VM-games-room-1024x683.jpg 1024w, https:\/\/oisansvacances.fr\/wp-content\/uploads\/2025\/06\/VM-games-room-18x12.jpg 18w\" sizes=\"auto, (max-width: 1500px) 100vw, 1500px\" \/><\/figure>\n\n\n\n<p>Entretener a los ni\u00f1os durante las vacaciones es un trabajo a tiempo completo. \u00a1Lo sabemos! Por eso, hemos instalado una sala de juegos infantil con futbol\u00edn, juegos, dibujo, libros y mucho m\u00e1s. Adem\u00e1s, hay una zona con una consola de videojuegos, juegos y un televisor.<\/p>\n<\/div>\n\n\n\n<div class=\"wp-block-column is-layout-flow wp-block-column-is-layout-flow\">\n<figure class=\"wp-block-image size-large is-resized\"><img loading=\"lazy\" decoding=\"async\" width=\"1024\" height=\"683\" src=\"https:\/\/oisansvacances.fr\/wp-content\/uploads\/2025\/06\/Vermarine-terrace-1024x683.jpg\" alt=\"\" class=\"wp-image-608\" style=\"width:345px;height:auto\" srcset=\"https:\/\/oisansvacances.fr\/wp-content\/uploads\/2025\/06\/Vermarine-terrace-1024x683.jpg 1024w, https:\/\/oisansvacances.fr\/wp-content\/uploads\/2025\/06\/Vermarine-terrace-300x200.jpg 300w, https:\/\/oisansvacances.fr\/wp-content\/uploads\/2025\/06\/Vermarine-terrace-18x12.jpg 18w, https:\/\/oisansvacances.fr\/wp-content\/uploads\/2025\/06\/Vermarine-terrace.jpg 1500w\" sizes=\"auto, (max-width: 1024px) 100vw, 1024px\" \/><\/figure>\n\n\n\n<p>Puede disfrutar del aire libre, comiendo y relaj\u00e1ndose al sol en su propio jard\u00edn y patio, o usar el jard\u00edn delantero seguro para que los ni\u00f1os jueguen con los juegos disponibles. Este jard\u00edn delantero tambi\u00e9n cuenta con una segunda zona de estar para tomar una copa de vino o una cerveza al sol mientras sus hijos disfrutan del jard\u00edn.<\/p>\n<\/div>\n\n\n\n<div class=\"wp-block-column is-layout-flow wp-block-column-is-layout-flow\">\n<figure class=\"wp-block-image aligncenter size-full\"><img loading=\"lazy\" decoding=\"async\" width=\"2000\" height=\"1128\" src=\"https:\/\/oisansvacances.fr\/wp-content\/uploads\/2025\/06\/house-and-garden.jpg\" alt=\"\" class=\"wp-image-619\" srcset=\"https:\/\/oisansvacances.fr\/wp-content\/uploads\/2025\/06\/house-and-garden.jpg 2000w, https:\/\/oisansvacances.fr\/wp-content\/uploads\/2025\/06\/house-and-garden-300x169.jpg 300w, https:\/\/oisansvacances.fr\/wp-content\/uploads\/2025\/06\/house-and-garden-1024x578.jpg 1024w, https:\/\/oisansvacances.fr\/wp-content\/uploads\/2025\/06\/house-and-garden-18x10.jpg 18w\" sizes=\"auto, (max-width: 2000px) 100vw, 2000px\" \/><\/figure>\n\n\n\n<p>Vermarine ocupa toda la fachada frontal de la granja construida en 1645 y ha sido completamente restaurada para convertirse en su hogar encantador, acogedor y conveniente para sus vacaciones.<\/p>\n<\/div>\n<\/div>\n\n\n\n<div class=\"wp-block-columns is-layout-flex wp-container-core-columns-is-layout-28f84493 wp-block-columns-is-layout-flex\">\n<div class=\"wp-block-column is-layout-flow wp-block-column-is-layout-flow\">\n<figure class=\"wp-block-image size-large\"><img loading=\"lazy\" decoding=\"async\" width=\"1024\" height=\"683\" src=\"https:\/\/oisansvacances.fr\/wp-content\/uploads\/2025\/06\/VM-kitchen-1024x683.jpg\" alt=\"\" class=\"wp-image-607\" srcset=\"https:\/\/oisansvacances.fr\/wp-content\/uploads\/2025\/06\/VM-kitchen-1024x683.jpg 1024w, https:\/\/oisansvacances.fr\/wp-content\/uploads\/2025\/06\/VM-kitchen-300x200.jpg 300w, https:\/\/oisansvacances.fr\/wp-content\/uploads\/2025\/06\/VM-kitchen-18x12.jpg 18w, https:\/\/oisansvacances.fr\/wp-content\/uploads\/2025\/06\/VM-kitchen.jpg 1500w\" sizes=\"auto, (max-width: 1024px) 100vw, 1024px\" \/><\/figure>\n\n\n\n<p>Vermarine ofrece una cocina amplia y bien equipada con lavavajillas, placa de gas y el\u00e9ctrica, horno, microondas y cafetera Nespresso. Tiene una gran barra de desayuno para comidas informales y aperitivos.<\/p>\n<\/div>\n\n\n\n<div class=\"wp-block-column is-layout-flow wp-block-column-is-layout-flow\">\n<figure class=\"wp-block-image size-large\"><img loading=\"lazy\" decoding=\"async\" width=\"1024\" height=\"683\" src=\"https:\/\/oisansvacances.fr\/wp-content\/uploads\/2025\/06\/VM-mudroom-1-1024x683.jpg\" alt=\"\" class=\"wp-image-613\" srcset=\"https:\/\/oisansvacances.fr\/wp-content\/uploads\/2025\/06\/VM-mudroom-1-1024x683.jpg 1024w, https:\/\/oisansvacances.fr\/wp-content\/uploads\/2025\/06\/VM-mudroom-1-300x200.jpg 300w, https:\/\/oisansvacances.fr\/wp-content\/uploads\/2025\/06\/VM-mudroom-1-18x12.jpg 18w, https:\/\/oisansvacances.fr\/wp-content\/uploads\/2025\/06\/VM-mudroom-1.jpg 1500w\" sizes=\"auto, (max-width: 1024px) 100vw, 1024px\" \/><\/figure>\n\n\n\n<p>El taller y el \u00e1rea de almacenamiento interior brindan espacio para el almacenamiento seguro de equipos deportivos que son realmente importantes para los entusiastas serios, es lo suficientemente espacioso para almacenar sus bicicletas, esqu\u00ed y otros equipos deportivos. Tambi\u00e9n tiene herramientas, equipos de limpieza, bomba de oruga, etc. para que los use.<\/p>\n<\/div>\n\n\n\n<div class=\"wp-block-column is-layout-flow wp-block-column-is-layout-flow\">\n<figure class=\"wp-block-image size-full\"><img loading=\"lazy\" decoding=\"async\" width=\"1500\" height=\"1000\" src=\"https:\/\/oisansvacances.fr\/wp-content\/uploads\/2025\/06\/VM-xbox.jpg\" alt=\"\" class=\"wp-image-614\" srcset=\"https:\/\/oisansvacances.fr\/wp-content\/uploads\/2025\/06\/VM-xbox.jpg 1500w, https:\/\/oisansvacances.fr\/wp-content\/uploads\/2025\/06\/VM-xbox-300x200.jpg 300w, https:\/\/oisansvacances.fr\/wp-content\/uploads\/2025\/06\/VM-xbox-1024x683.jpg 1024w, https:\/\/oisansvacances.fr\/wp-content\/uploads\/2025\/06\/VM-xbox-18x12.jpg 18w\" sizes=\"auto, (max-width: 1500px) 100vw, 1500px\" \/><\/figure>\n\n\n\n<p>Una zona XBOX One con juegos para jugar en el primer piso y un jard\u00edn delantero compartido pero cerrado con juguetes al aire libre y un \u00e1rea de relajaci\u00f3n para adultos en el verano para que todos los ni\u00f1os jueguen juntos en un entorno cerrado y seguro.<\/p>\n<\/div>\n<\/div>\n\n\n\n<h2 class=\"wp-block-heading\">Ubicaci\u00f3n y acceso<\/h2>\n\n\n\n<div class=\"wp-block-columns is-layout-flex wp-container-core-columns-is-layout-28f84493 wp-block-columns-is-layout-flex\">\n<div class=\"wp-block-column is-layout-flow wp-block-column-is-layout-flow\">\n<figure class=\"wp-block-image size-full\"><img loading=\"lazy\" decoding=\"async\" width=\"1900\" height=\"1199\" src=\"https:\/\/oisansvacances.fr\/wp-content\/uploads\/2024\/09\/skiiing.png\" alt=\"\" class=\"wp-image-322\" srcset=\"https:\/\/oisansvacances.fr\/wp-content\/uploads\/2024\/09\/skiiing.png 1900w, https:\/\/oisansvacances.fr\/wp-content\/uploads\/2024\/09\/skiiing-300x189.png 300w, https:\/\/oisansvacances.fr\/wp-content\/uploads\/2024\/09\/skiiing-1024x646.png 1024w, https:\/\/oisansvacances.fr\/wp-content\/uploads\/2024\/09\/skiiing-18x12.png 18w\" sizes=\"auto, (max-width: 1900px) 100vw, 1900px\" \/><\/figure>\n\n\n\n<p>El telesilla est\u00e1 a 1,2 km de la propiedad, a la que se accede por la carretera o por el camino de la Voie Verte, que no tiene veh\u00edculos. El Allemond Eau d'Olle Telecabine tarda 8 minutos en llegar a Oz en Oisans. Todo el Alpe D'Huez Grande Domaine est\u00e1 a su disposici\u00f3n desde aqu\u00ed<\/p>\n\n\n\n<div class=\"wp-block-buttons is-layout-flex wp-block-buttons-is-layout-flex\">\n<div class=\"wp-block-button\"><a class=\"wp-block-button__link wp-element-button\" href=\"https:\/\/www.alpedhuez.com\/fr\/hiver\/types-apidae\/domaine-skiable\/alpe-dhuez-grand-domaine-ski\/\">Alpe D&#8217;Huez<\/a><\/div>\n<\/div>\n<\/div>\n\n\n\n<div class=\"wp-block-column is-layout-flow wp-block-column-is-layout-flow\">\n<figure class=\"wp-block-image size-full is-resized\"><img loading=\"lazy\" decoding=\"async\" width=\"750\" height=\"475\" src=\"https:\/\/oisansvacances.fr\/wp-content\/uploads\/2024\/09\/ski-lockers-1.jpg\" alt=\"\" class=\"wp-image-323\" style=\"width:344px;height:auto\" srcset=\"https:\/\/oisansvacances.fr\/wp-content\/uploads\/2024\/09\/ski-lockers-1.jpg 750w, https:\/\/oisansvacances.fr\/wp-content\/uploads\/2024\/09\/ski-lockers-1-300x190.jpg 300w, https:\/\/oisansvacances.fr\/wp-content\/uploads\/2024\/09\/ski-lockers-1-18x12.jpg 18w\" sizes=\"auto, (max-width: 750px) 100vw, 750px\" \/><\/figure>\n\n\n\n<p>En el remonte encontrar\u00e1 guardaesqu\u00eds chalet para dejar su equipo en la base del remonte. Adem\u00e1s, hay un autob\u00fas gratuito navette que pasa por el fondo del valle y te lleva directamente al telesqu\u00ed.  Por \u00faltimo, si lo deseas, hay un mont\u00f3n de aparcamiento gratuito en el ascensor.<\/p>\n\n\n\n<div class=\"wp-block-buttons is-layout-flex wp-block-buttons-is-layout-flex\">\n<div class=\"wp-block-button\"><a class=\"wp-block-button__link wp-element-button\" href=\"https:\/\/www.oisans.com\/stations-et-villages\/allemond\/allemond-pratique\/ascenseur-valleen-eau-dolle-express\/\">Telecabine<\/a><\/div>\n<\/div>\n<\/div>\n\n\n\n<div class=\"wp-block-column is-layout-flow wp-block-column-is-layout-flow\">\n<figure class=\"wp-block-image size-full is-resized\"><img loading=\"lazy\" decoding=\"async\" width=\"778\" height=\"475\" src=\"http:\/\/oisansvacances.fr\/wp-content\/uploads\/2024\/09\/allemondcut-e1725615134498.png\" alt=\"\" class=\"wp-image-324\" style=\"width:354px;height:auto\"\/><\/figure>\n\n\n\n<p>Gite Vermarine se encuentra a 1000 metros del centro de Allemed, con sus restaurantes, consultorios, fisioterapeutas y tienda de alquiler de deportes. Entre 100 y 250 metros se encuentra la farmacia, el supermercado Spar y el restaurante Etape.<\/p>\n\n\n\n<div class=\"wp-block-buttons is-layout-flex wp-block-buttons-is-layout-flex\">\n<div class=\"wp-block-button\"><a class=\"wp-block-button__link wp-element-button\" href=\"https:\/\/uk.oisans.com\/resorts-and-villages\/allemond\/\">Allemond<\/a><\/div>\n<\/div>\n<\/div>\n<\/div>\n\n\n\n<div class=\"wp-block-columns is-layout-flex wp-container-core-columns-is-layout-28f84493 wp-block-columns-is-layout-flex\">\n<div class=\"wp-block-column is-layout-flow wp-block-column-is-layout-flow\">\n<h2 class=\"wp-block-heading\">Disponibilidad<\/h2>\n\n\n\n<div id=\"smoobuApartment2290656en\" class=\"calendarWidget\"> <div class=\"calendarContent\" data-load-calendar-url=\"https:\/\/login.smoobu.com\/en\/cockpit\/widget\/single-calendar\/2290656\" data-verification=\"f5f03b4f3ddf68acc3e483d471564169deb1d757f5b5690783ba28d586a39b4a\" data-baseurl=\"https:\/\/login.smoobu.com\" data-disable-css=\"false\" ><\/div> <script type=\"text\/javascript\" src=\"https:\/\/login.smoobu.com\/js\/Apartment\/CalendarWidget.js\"><\/script><\/div>\n\n\n\n<h2 class=\"wp-block-heading\">Reservar ahora<\/h2>\n\n\n\n<p>Reserva directamente sin comisiones de plataforma: descubrir\u00e1s que reservar directamente es la forma m\u00e1s rentable de organizar tu viaje.<\/p>\n\n\n\n<div id=\"apartmentIframeAll\">\n<script type=\"text\/javascript\" src=\"https:\/\/login.smoobu.com\/js\/Settings\/BookingToolIframe.js\"><\/script>\n<script>BookingToolIframe.initialize({\"url\": \"https:\/\/login.smoobu.com\/en\/booking-tool\/iframe\/965556\", \"baseUrl\": \"https:\/\/login.smoobu.com\", \"target\": \"#apartmentIframeAll\"})<\/script>\n<\/div>\n\n\n\n<div class=\"wp-block-buttons is-layout-flex wp-block-buttons-is-layout-flex\">\n<div class=\"wp-block-button\"><a class=\"wp-block-button__link wp-element-button\" href=\"mailto:info@oisansvacances.fr\">Contacto para Necesidades Especiales<\/a><\/div>\n\n\n\n<div class=\"wp-block-button\"><a class=\"wp-block-button__link wp-element-button\" href=\"mailto:info@oisansvacances.fr\">Enviar consulta<\/a><\/div>\n<\/div>\n<\/div>\n\n\n\n<div class=\"wp-block-column is-layout-flow wp-block-column-is-layout-flow\">\n<h2 class=\"wp-block-heading\">Instalaciones<\/h2>\n\n\n\n<ul class=\"wp-block-list\">\n<li>Orange business pro fibra WiFi <\/li>\n\n\n\n<li>SMART TV<\/li>\n\n\n\n<li>Sonos<\/li>\n\n\n\n<li>Almacenamiento interior y taller seguros <\/li>\n\n\n\n<li>2 taquillas en el telesqu\u00ed para su uso<\/li>\n\n\n\n<li>Consola y juegos XBOX One \/ segunda zona de TV<\/li>\n\n\n\n<li>Cocina totalmente equipada<\/li>\n\n\n\n<li>M\u00e1quinas Nespresso, Raclette, Fondu<\/li>\n\n\n\n<li>Configuraciones de dormitorio flexibles<\/li>\n\n\n\n<li>Children\u2019s indoor play cave<\/li>\n\n\n\n<li>Secure shared outdoor garden with children\u2019s toys.<\/li>\n\n\n\n<li>Jard\u00edn privado al aire libre para relajarse bajo el sol<\/li>\n\n\n\n<li>Terraza cubierta para comer al aire libre con capacidad para 10 personas<\/li>\n\n\n\n<li>Toallas y ropa de cama proporcionadas<\/li>\n\n\n\n<li>Lavadora<\/li>\n\n\n\n<li>Lavavajillas<\/li>\n\n\n\n<li>Secadores<\/li>\n\n\n\n<li>Equipamiento para beb\u00e9s \/ portones \/ de seguridad contra incendios \/ cunas<\/li>\n\n\n\n<li>Plancha y tabla de planchar <\/li>\n\n\n\n<li>Herramientas y bomba<\/li>\n\n\n\n<li>Estacionamiento gratuito para dos veh\u00edculos<\/li>\n<\/ul>\n<\/div>\n<\/div>\n\n\n\n<div class=\"wp-block-group alignfull has-global-padding is-layout-constrained wp-block-group-is-layout-constrained\" style=\"margin-top:0px\"><\/div>\n\n\n\n<div class=\"wp-block-group has-global-padding is-layout-constrained wp-block-group-is-layout-constrained\">\n<div class=\"wp-block-columns are-vertically-aligned-center is-layout-flex wp-container-core-columns-is-layout-28f84493 wp-block-columns-is-layout-flex\">\n<div class=\"wp-block-column is-vertically-aligned-center is-layout-flow wp-block-column-is-layout-flow\">\n<h2 class=\"wp-block-heading has-large-font-size\" style=\"font-weight:700\">Ubicaci\u00f3n<\/h2>\n\n\n\n<p style=\"font-size:clamp(0.875em, 0.875rem + ((1vw - 0.2em) * 0.319), 1.1em);\">560 Route de Savoie, <\/p>\n\n\n\n<p>Allemond, 38114, Isere, France<\/p>\n\n\n\n<p style=\"font-size:clamp(0.875em, 0.875rem + ((1vw - 0.2em) * 0.319), 1.1em);\">Phone: +33.(0)7.54.29.01.62<br>Email: <a href=\"mailto:example@example.com\">info@oisasnsvacances.fr<\/a><\/p>\n<\/div>\n\n\n\n<div class=\"wp-block-column is-vertically-aligned-center is-layout-flow wp-block-column-is-layout-flow\">\n<div style=\"height:68px\" aria-hidden=\"true\" class=\"wp-block-spacer\"><\/div>\n\n\n\n<iframe src=\"https:\/\/www.google.com\/maps\/embed?pb=!1m18!1m12!1m3!1d2815.0948455868443!2d6.025359111252709!3d45.124413770949715!2m3!1f0!2f0!3f0!3m2!1i1024!2i768!4f13.1!3m3!1m2!1s0x478a69ec61307753%3A0x453f99f278f0f58c!2s560%20Rte%20de%20Savoie%2C%2038114%20Allemont!5e0!3m2!1sen!2sfr!4v1718100469782!5m2!1sen!2sfr\" width=\"600\" height=\"450\" style=\"border:0;\" allowfullscreen=\"\" loading=\"lazy\" referrerpolicy=\"no-referrer-when-downgrade\"><\/iframe><\/iframe>\n<\/div>\n<\/div>\n<\/div>\n\n\n\n<div style=\"height:100px\" aria-hidden=\"true\" class=\"wp-block-spacer\"><\/div>","protected":false},"excerpt":{"rendered":"<p>Stay at the most accessible Basecamp of the Alpe d&#8217;Huez Domaine and experience it all. About Vermarine Set within a beautiful, authentic barn dating from 1654, this g\u00eete is newly renovated and has been lovingly restored and is full of character and charm.&nbsp; G\u00eete Vermarine is situated in the heart of Allemond, the basecamp to &hellip; <\/p>\n<p class=\"link-more\"><a href=\"https:\/\/oisansvacances.fr\/es\/chalets-in-alpe-dhuez-domaine-group-accommodation-oisans\/vermarine-10-person-ski-and-cycling-chalet-in-alpe-dhuez-domaine\/\" class=\"more-link\">Leer m\u00e1s<span class=\"screen-reader-text\"> \u00abVermarine &#8211; 10 person ski and cycling Chalet\u00bb<\/span><\/a><\/p>","protected":false},"author":1,"featured_media":0,"parent":40,"menu_order":2,"comment_status":"closed","ping_status":"closed","template":"","meta":{"inspiro_hide_title":false,"footnotes":""},"class_list":["post-130","page","type-page","status-publish","hentry"],"_links":{"self":[{"href":"https:\/\/oisansvacances.fr\/es\/wp-json\/wp\/v2\/pages\/130","targetHints":{"allow":["GET"]}}],"collection":[{"href":"https:\/\/oisansvacances.fr\/es\/wp-json\/wp\/v2\/pages"}],"about":[{"href":"https:\/\/oisansvacances.fr\/es\/wp-json\/wp\/v2\/types\/page"}],"author":[{"embeddable":true,"href":"https:\/\/oisansvacances.fr\/es\/wp-json\/wp\/v2\/users\/1"}],"replies":[{"embeddable":true,"href":"https:\/\/oisansvacances.fr\/es\/wp-json\/wp\/v2\/comments?post=130"}],"version-history":[{"count":91,"href":"https:\/\/oisansvacances.fr\/es\/wp-json\/wp\/v2\/pages\/130\/revisions"}],"predecessor-version":[{"id":842,"href":"https:\/\/oisansvacances.fr\/es\/wp-json\/wp\/v2\/pages\/130\/revisions\/842"}],"up":[{"embeddable":true,"href":"https:\/\/oisansvacances.fr\/es\/wp-json\/wp\/v2\/pages\/40"}],"wp:attachment":[{"href":"https:\/\/oisansvacances.fr\/es\/wp-json\/wp\/v2\/media?parent=130"}],"curies":[{"name":"wp","href":"https:\/\/api.w.org\/{rel}","templated":true}]}}