{"id":126,"date":"2024-06-11T10:37:53","date_gmt":"2024-06-11T10:37:53","guid":{"rendered":"https:\/\/oisansvacances.fr\/?page_id=126"},"modified":"2026-04-25T15:53:03","modified_gmt":"2026-04-25T15:53:03","slug":"rose-7-person-chalet-for-ski-and-cycle","status":"publish","type":"page","link":"https:\/\/oisansvacances.fr\/es\/chalets-in-alpe-dhuez-domaine-group-accommodation-oisans\/rose-7-person-chalet-for-ski-and-cycle\/","title":{"rendered":"Rose Quartz &#8211; 8 Person Chalet for Ski and Cycle"},"content":{"rendered":"<p>Stay at the most accessible Basecamp of the Alpe d\u2019Huez Domaine and experience it all.<\/p>\n\n\n\n<div class=\"wp-block-columns is-layout-flex wp-container-core-columns-is-layout-28f84493 wp-block-columns-is-layout-flex\">\n<div class=\"wp-block-column is-layout-flow wp-block-column-is-layout-flow\">\n<div class=\"wp-block-group alignfull has-background has-global-padding is-layout-constrained wp-block-group-is-layout-constrained\" style=\"background-color:#e5e9ec;padding-top:var(--wp--preset--spacing--small);padding-bottom:var(--wp--preset--spacing--small)\">\n<div class=\"wp-block-columns is-layout-flex wp-container-core-columns-is-layout-7db7aa3e wp-block-columns-is-layout-flex\" style=\"padding-right:0;padding-left:0\">\n<div class=\"wp-block-column is-vertically-aligned-center is-layout-flow wp-block-column-is-layout-flow\">\n<figure class=\"wp-block-image size-full\"><img loading=\"lazy\" decoding=\"async\" width=\"278\" height=\"278\" src=\"http:\/\/oisansvacances.fr\/wp-content\/uploads\/2025\/06\/Logo-Ok_GITES-DE-FRANCE_-copie-005-1.png\" alt=\"\" class=\"wp-image-649\" srcset=\"https:\/\/oisansvacances.fr\/wp-content\/uploads\/2025\/06\/Logo-Ok_GITES-DE-FRANCE_-copie-005-1.png 278w, https:\/\/oisansvacances.fr\/wp-content\/uploads\/2025\/06\/Logo-Ok_GITES-DE-FRANCE_-copie-005-1-150x150.png 150w, https:\/\/oisansvacances.fr\/wp-content\/uploads\/2025\/06\/Logo-Ok_GITES-DE-FRANCE_-copie-005-1-12x12.png 12w\" sizes=\"auto, (max-width: 278px) 100vw, 278px\" \/><\/figure>\n\n\n\n<p><\/p>\n\n\n\n<p><\/p>\n\n\n\n<p><\/p>\n\n\n\n<h2 class=\"wp-block-heading has-medium-font-size\" style=\"text-transform:uppercase\">Rose Quartz<\/h2>\n\n\n\n<p>Rose Quartz es una casa rural encantadora y totalmente equipada junto al telesilla Allemond Eau d'Olle que le lleva al Grande Domaine de Alpe D'Huez. Tambi\u00e9n tiene una ubicaci\u00f3n ideal para acceder a la ruta oficial para el ascenso de Alpe D'Huez, el col du Glandon o la Croix de Fer para los ciclistas.<\/p>\n\n\n\n<p>Allemond est\u00e1 situado a 750 m, por lo que est\u00e1 perfectamente situado para un viaje f\u00e1cil y para acceder a todas las actividades mientras est\u00e1 aqu\u00ed.<\/p>\n<\/div>\n\n\n\n<div class=\"wp-block-column is-layout-flow wp-block-column-is-layout-flow\">\n<figure class=\"wp-block-image size-large\"><img loading=\"lazy\" decoding=\"async\" width=\"768\" height=\"1024\" src=\"http:\/\/oisansvacances.fr\/wp-content\/uploads\/2025\/06\/IMG_5891-768x1024.jpg\" alt=\"\" class=\"wp-image-634\" srcset=\"https:\/\/oisansvacances.fr\/wp-content\/uploads\/2025\/06\/IMG_5891-768x1024.jpg 768w, https:\/\/oisansvacances.fr\/wp-content\/uploads\/2025\/06\/IMG_5891-225x300.jpg 225w, https:\/\/oisansvacances.fr\/wp-content\/uploads\/2025\/06\/IMG_5891-2000x2667.jpg 2000w, https:\/\/oisansvacances.fr\/wp-content\/uploads\/2025\/06\/IMG_5891-scaled-9x12.jpg 9w, https:\/\/oisansvacances.fr\/wp-content\/uploads\/2025\/06\/IMG_5891-scaled.jpg 1920w\" sizes=\"auto, (max-width: 768px) 100vw, 768px\" \/><\/figure>\n\n\n\n<div class=\"wp-block-buttons is-layout-flex wp-block-buttons-is-layout-flex\">\n<div class=\"wp-block-button\"><a class=\"wp-block-button__link wp-element-button\" href=\"https:\/\/booking.smoobu.com\/9A965556\">Consultar disponibilidad y reservar ahora<\/a><\/div>\n<\/div>\n<\/div>\n<\/div>\n<\/div>\n<\/div>\n<\/div>\n\n\n\n<h2 class=\"wp-block-heading has-text-align-center has-medium-font-size\" style=\"letter-spacing:1px\">Rose Quartz es una casa rural con capacidad para 8 personas en el coraz\u00f3n de Allemond<\/h2>\n\n\n\n<p class=\"has-text-align-center\">m\u00e1s informaci\u00f3n<\/p>\n\n\n\n<div class=\"wp-block-columns is-layout-flex wp-container-core-columns-is-layout-28f84493 wp-block-columns-is-layout-flex\">\n<div class=\"wp-block-column is-layout-flow wp-block-column-is-layout-flow\">\n<figure class=\"wp-block-image size-full\"><img loading=\"lazy\" decoding=\"async\" width=\"1500\" height=\"1000\" src=\"https:\/\/oisansvacances.fr\/wp-content\/uploads\/2025\/06\/L24630.jpg\" alt=\"\" class=\"wp-image-636\" srcset=\"https:\/\/oisansvacances.fr\/wp-content\/uploads\/2025\/06\/L24630.jpg 1500w, https:\/\/oisansvacances.fr\/wp-content\/uploads\/2025\/06\/L24630-300x200.jpg 300w, https:\/\/oisansvacances.fr\/wp-content\/uploads\/2025\/06\/L24630-1024x683.jpg 1024w, https:\/\/oisansvacances.fr\/wp-content\/uploads\/2025\/06\/L24630-18x12.jpg 18w\" sizes=\"auto, (max-width: 1500px) 100vw, 1500px\" \/><\/figure>\n\n\n\n<p>La cocina, totalmente equipada, le ofrece todas las instalaciones que pueda necesitar para cocinar en sus vacaciones<\/p>\n<\/div>\n\n\n\n<div class=\"wp-block-column is-layout-flow wp-block-column-is-layout-flow\">\n<figure class=\"wp-block-image size-full\"><img loading=\"lazy\" decoding=\"async\" width=\"1500\" height=\"1000\" src=\"https:\/\/oisansvacances.fr\/wp-content\/uploads\/2025\/06\/L24621.jpg\" alt=\"\" class=\"wp-image-637\" srcset=\"https:\/\/oisansvacances.fr\/wp-content\/uploads\/2025\/06\/L24621.jpg 1500w, https:\/\/oisansvacances.fr\/wp-content\/uploads\/2025\/06\/L24621-300x200.jpg 300w, https:\/\/oisansvacances.fr\/wp-content\/uploads\/2025\/06\/L24621-1024x683.jpg 1024w, https:\/\/oisansvacances.fr\/wp-content\/uploads\/2025\/06\/L24621-18x12.jpg 18w\" sizes=\"auto, (max-width: 1500px) 100vw, 1500px\" \/><\/figure>\n\n\n\n<p>El dormitorio uno est\u00e1 configurado como est\u00e1ndar para ser un doble king size o un twin, sin embargo, se puede adaptar para hacer un triple si esto se adapta mejor a sus necesidades<\/p>\n<\/div>\n\n\n\n<div class=\"wp-block-column is-layout-flow wp-block-column-is-layout-flow\">\n<figure class=\"wp-block-image size-full\"><img loading=\"lazy\" decoding=\"async\" width=\"1500\" height=\"1000\" src=\"https:\/\/oisansvacances.fr\/wp-content\/uploads\/2025\/06\/L24623.jpg\" alt=\"\" class=\"wp-image-638\" srcset=\"https:\/\/oisansvacances.fr\/wp-content\/uploads\/2025\/06\/L24623.jpg 1500w, https:\/\/oisansvacances.fr\/wp-content\/uploads\/2025\/06\/L24623-300x200.jpg 300w, https:\/\/oisansvacances.fr\/wp-content\/uploads\/2025\/06\/L24623-1024x683.jpg 1024w, https:\/\/oisansvacances.fr\/wp-content\/uploads\/2025\/06\/L24623-18x12.jpg 18w\" sizes=\"auto, (max-width: 1500px) 100vw, 1500px\" \/><\/figure>\n\n\n\n<p>El dormitorio dos se puede configurar como una cama doble king size o una cama doble para satisfacer sus necesidades.<\/p>\n<\/div>\n<\/div>\n\n\n\n<div class=\"wp-block-columns is-layout-flex wp-container-core-columns-is-layout-28f84493 wp-block-columns-is-layout-flex\">\n<div class=\"wp-block-column is-layout-flow wp-block-column-is-layout-flow\">\n<figure class=\"wp-block-image size-full\"><img loading=\"lazy\" decoding=\"async\" width=\"1500\" height=\"1000\" src=\"https:\/\/oisansvacances.fr\/wp-content\/uploads\/2025\/06\/L24625.jpg\" alt=\"\" class=\"wp-image-639\" srcset=\"https:\/\/oisansvacances.fr\/wp-content\/uploads\/2025\/06\/L24625.jpg 1500w, https:\/\/oisansvacances.fr\/wp-content\/uploads\/2025\/06\/L24625-300x200.jpg 300w, https:\/\/oisansvacances.fr\/wp-content\/uploads\/2025\/06\/L24625-1024x683.jpg 1024w, https:\/\/oisansvacances.fr\/wp-content\/uploads\/2025\/06\/L24625-18x12.jpg 18w\" sizes=\"auto, (max-width: 1500px) 100vw, 1500px\" \/><\/figure>\n\n\n\n<p>El tercer dormitorio est\u00e1 fijado como dos camas dobles de 140 cm en una litera y es ideal para ni\u00f1os y amigos que comparten, una habitaci\u00f3n destinada a 3 personas.<\/p>\n<\/div>\n\n\n\n<div class=\"wp-block-column is-layout-flow wp-block-column-is-layout-flow\">\n<figure class=\"wp-block-image size-full\"><img loading=\"lazy\" decoding=\"async\" width=\"1500\" height=\"1000\" src=\"https:\/\/oisansvacances.fr\/wp-content\/uploads\/2025\/06\/L24639.jpg\" alt=\"\" class=\"wp-image-640\" srcset=\"https:\/\/oisansvacances.fr\/wp-content\/uploads\/2025\/06\/L24639.jpg 1500w, https:\/\/oisansvacances.fr\/wp-content\/uploads\/2025\/06\/L24639-300x200.jpg 300w, https:\/\/oisansvacances.fr\/wp-content\/uploads\/2025\/06\/L24639-1024x683.jpg 1024w, https:\/\/oisansvacances.fr\/wp-content\/uploads\/2025\/06\/L24639-18x12.jpg 18w\" sizes=\"auto, (max-width: 1500px) 100vw, 1500px\" \/><\/figure>\n\n\n\n<p>En el exterior hay una segunda terraza relajante para tomar un descanso y recuperarse de todas sus actividades de vacaciones.<\/p>\n<\/div>\n\n\n\n<div class=\"wp-block-column is-layout-flow wp-block-column-is-layout-flow\">\n<figure class=\"wp-block-image size-full\"><img loading=\"lazy\" decoding=\"async\" width=\"2560\" height=\"1920\" src=\"https:\/\/oisansvacances.fr\/wp-content\/uploads\/2025\/06\/IMG_5897-scaled.jpg\" alt=\"\" class=\"wp-image-641\" srcset=\"https:\/\/oisansvacances.fr\/wp-content\/uploads\/2025\/06\/IMG_5897-scaled.jpg 2560w, https:\/\/oisansvacances.fr\/wp-content\/uploads\/2025\/06\/IMG_5897-300x225.jpg 300w, https:\/\/oisansvacances.fr\/wp-content\/uploads\/2025\/06\/IMG_5897-1024x768.jpg 1024w, https:\/\/oisansvacances.fr\/wp-content\/uploads\/2025\/06\/IMG_5897-2000x1500.jpg 2000w, https:\/\/oisansvacances.fr\/wp-content\/uploads\/2025\/06\/IMG_5897-scaled-16x12.jpg 16w\" sizes=\"auto, (max-width: 2560px) 100vw, 2560px\" \/><\/figure>\n\n\n\n<p>Contamos con un fant\u00e1stico jard\u00edn cerrado totalmente seguro para que los ni\u00f1os jueguen con juguetes y con un patio para que pueda pasar el rato al sol mientras observa a sus hijos disfrutar del aire libre.<\/p>\n<\/div>\n<\/div>\n\n\n\n<h2 class=\"wp-block-heading\">Ubicaci\u00f3n y acceso<\/h2>\n\n\n\n<div class=\"wp-block-columns is-layout-flex wp-container-core-columns-is-layout-28f84493 wp-block-columns-is-layout-flex\">\n<div class=\"wp-block-column is-layout-flow wp-block-column-is-layout-flow\">\n<figure class=\"wp-block-image size-large\"><img loading=\"lazy\" decoding=\"async\" width=\"1024\" height=\"646\" src=\"http:\/\/oisansvacances.fr\/wp-content\/uploads\/2024\/09\/skiiing-1024x646.png\" alt=\"\" class=\"wp-image-322\" srcset=\"https:\/\/oisansvacances.fr\/wp-content\/uploads\/2024\/09\/skiiing-1024x646.png 1024w, https:\/\/oisansvacances.fr\/wp-content\/uploads\/2024\/09\/skiiing-300x189.png 300w, https:\/\/oisansvacances.fr\/wp-content\/uploads\/2024\/09\/skiiing-18x12.png 18w, https:\/\/oisansvacances.fr\/wp-content\/uploads\/2024\/09\/skiiing.png 1900w\" sizes=\"auto, (max-width: 1024px) 100vw, 1024px\" \/><\/figure>\n\n\n\n<p>El telesilla est\u00e1 a 1,2 km de la propiedad, a la que se accede por la carretera o por el camino de la Voie Verte, que no tiene veh\u00edculos. El Allemond Eau d'Olle Telecabine tarda 8 minutos en llegar a Oz en Oisans. Todo el Alpe D'Huez Grande Domaine est\u00e1 a su disposici\u00f3n desde aqu\u00ed<\/p>\n\n\n\n<div class=\"wp-block-buttons is-layout-flex wp-block-buttons-is-layout-flex\">\n<div class=\"wp-block-button\"><a class=\"wp-block-button__link wp-element-button\" href=\"https:\/\/www.alpedhuez.com\/fr\/hiver\/types-apidae\/domaine-skiable\/alpe-dhuez-grand-domaine-ski\/\">Alpe D&#8217;Huez<\/a><\/div>\n<\/div>\n<\/div>\n\n\n\n<div class=\"wp-block-column is-layout-flow wp-block-column-is-layout-flow\">\n<figure class=\"wp-block-image size-full\"><img loading=\"lazy\" decoding=\"async\" width=\"750\" height=\"475\" src=\"http:\/\/oisansvacances.fr\/wp-content\/uploads\/2024\/09\/ski-lockers-1.jpg\" alt=\"\" class=\"wp-image-323\" srcset=\"https:\/\/oisansvacances.fr\/wp-content\/uploads\/2024\/09\/ski-lockers-1.jpg 750w, https:\/\/oisansvacances.fr\/wp-content\/uploads\/2024\/09\/ski-lockers-1-300x190.jpg 300w, https:\/\/oisansvacances.fr\/wp-content\/uploads\/2024\/09\/ski-lockers-1-18x12.jpg 18w\" sizes=\"auto, (max-width: 750px) 100vw, 750px\" \/><\/figure>\n\n\n\n<p>En el remonte encontrar\u00e1 guardaesqu\u00eds chalet para dejar su equipo en la base del remonte. Adem\u00e1s, hay un autob\u00fas gratuito navette que pasa por el fondo del valle y te lleva directamente al telesqu\u00ed.  Por \u00faltimo, si lo deseas, hay un mont\u00f3n de aparcamiento gratuito en el ascensor.<\/p>\n\n\n\n<div class=\"wp-block-buttons is-layout-flex wp-block-buttons-is-layout-flex\">\n<div class=\"wp-block-button\"><a class=\"wp-block-button__link wp-element-button\">Telecabin<\/a><\/div>\n<\/div>\n<\/div>\n\n\n\n<div class=\"wp-block-column is-layout-flow wp-block-column-is-layout-flow\">\n<figure class=\"wp-block-image size-full\"><img loading=\"lazy\" decoding=\"async\" width=\"778\" height=\"475\" src=\"http:\/\/oisansvacances.fr\/wp-content\/uploads\/2024\/09\/allemondcut-e1725615134498.png\" alt=\"\" class=\"wp-image-324\"\/><\/figure>\n\n\n\n<p>Gite Rose Quartz est\u00e1 a 1000 m del centro de Allemond con sus restaurantes, consultorios m\u00e9dicos, fisioterapeutas y tiendas de alquiler de deportes. Entre 100 y 250 metros tienes muy cerca la Farmacia, el supermercado Spar y el restaurante Etape.<\/p>\n\n\n\n<div class=\"wp-block-buttons is-layout-flex wp-block-buttons-is-layout-flex\">\n<div class=\"wp-block-button\"><a class=\"wp-block-button__link wp-element-button\" href=\"https:\/\/uk.oisans.com\/resorts-and-villages\/allemond\/\">Allemond<\/a><\/div>\n<\/div>\n<\/div>\n<\/div>\n\n\n\n<div style=\"height:28px\" aria-hidden=\"true\" class=\"wp-block-spacer\"><\/div>\n\n\n\n<div class=\"wp-block-columns is-layout-flex wp-container-core-columns-is-layout-28f84493 wp-block-columns-is-layout-flex\">\n<div class=\"wp-block-column is-layout-flow wp-block-column-is-layout-flow\">\n<h2 class=\"wp-block-heading\">Plano<\/h2>\n\n\n\n<p>Este diagrama te da la distribuci\u00f3n de Gite Rose para que te hagas una idea del espacio.<\/p>\n<\/div>\n\n\n\n<div class=\"wp-block-column is-layout-flow wp-block-column-is-layout-flow\">\n<figure class=\"wp-block-image size-large\"><img loading=\"lazy\" decoding=\"async\" width=\"1024\" height=\"886\" src=\"http:\/\/oisansvacances.fr\/wp-content\/uploads\/2024\/09\/plan-1024x886.jpg\" alt=\"\" class=\"wp-image-368\" srcset=\"https:\/\/oisansvacances.fr\/wp-content\/uploads\/2024\/09\/plan-1024x886.jpg 1024w, https:\/\/oisansvacances.fr\/wp-content\/uploads\/2024\/09\/plan-300x260.jpg 300w, https:\/\/oisansvacances.fr\/wp-content\/uploads\/2024\/09\/plan-14x12.jpg 14w, https:\/\/oisansvacances.fr\/wp-content\/uploads\/2024\/09\/plan.jpg 1248w\" sizes=\"auto, (max-width: 1024px) 100vw, 1024px\" \/><\/figure>\n<\/div>\n<\/div>\n\n\n\n<div style=\"height:30px\" aria-hidden=\"true\" class=\"wp-block-spacer\"><\/div>\n\n\n\n<div class=\"wp-block-columns is-layout-flex wp-container-core-columns-is-layout-28f84493 wp-block-columns-is-layout-flex\">\n<div class=\"wp-block-column is-layout-flow wp-block-column-is-layout-flow\">\n<h2 class=\"wp-block-heading\">Disponibilidad<\/h2>\n\n\n\n<div id=\"smoobuApartment2290651en\" class=\"calendarWidget\"> <div class=\"calendarContent\" data-load-calendar-url=\"https:\/\/login.smoobu.com\/en\/cockpit\/widget\/single-calendar\/2290651\" data-verification=\"c7044cbdf864232b8090208a70ba5b3d4ca567ef17588e450100108766068da7\" data-baseurl=\"https:\/\/login.smoobu.com\" data-disable-css=\"false\" ><\/div> <script type=\"text\/javascript\" src=\"https:\/\/login.smoobu.com\/js\/Apartment\/CalendarWidget.js\"><\/script><\/div>\n\n\n\n<h2 class=\"wp-block-heading\">Reservar ahora<\/h2>\n\n\n\n<p>Como aqu\u00ed reservamos directamente sin tarifas de plataforma, encontrar\u00e1 que la reserva directa es la forma m\u00e1s rentable de organizar su viaje.<\/p>\n\n\n\n<div id=\"apartmentIframeAll\">\n<script type=\"text\/javascript\" src=\"https:\/\/login.smoobu.com\/js\/Settings\/BookingToolIframe.js\"><\/script>\n<script>BookingToolIframe.initialize({\"url\": \"https:\/\/login.smoobu.com\/en\/booking-tool\/iframe\/965556\", \"baseUrl\": \"https:\/\/login.smoobu.com\", \"target\": \"#apartmentIframeAll\"})<\/script>\n<\/div>\n\n\n\n<div class=\"wp-block-buttons is-layout-flex wp-block-buttons-is-layout-flex\">\n<div class=\"wp-block-button\"><a class=\"wp-block-button__link wp-element-button\">Contacto para Necesidades Especiales<\/a><\/div>\n\n\n\n<div class=\"wp-block-button\"><a class=\"wp-block-button__link wp-element-button\">Enviar consulta<\/a><\/div>\n<\/div>\n<\/div>\n\n\n\n<div class=\"wp-block-column is-layout-flow wp-block-column-is-layout-flow\">\n<h2 class=\"wp-block-heading\">Instalaciones<\/h2>\n\n\n\n<ul class=\"wp-block-list\">\n<li>Orange business pro fibra WiFi<\/li>\n\n\n\n<li>SMART TV<\/li>\n\n\n\n<li>Sonos<\/li>\n\n\n\n<li>Almacenamiento interior seguro<\/li>\n\n\n\n<li>Taquillas en el desv\u00e1n de esqu\u00ed disponibles<\/li>\n\n\n\n<li>Cocina totalmente equipada<\/li>\n\n\n\n<li>Terraza comedor privada al aire libre para 10 personas. <\/li>\n\n\n\n<li>BBQ<\/li>\n\n\n\n<li>M\u00e1quinas Nespresso, Raclette, Fondu<\/li>\n\n\n\n<li>Configuraciones de dormitorio flexibles<\/li>\n\n\n\n<li>Asegure el jard\u00edn al aire libre con juguetes para ni\u00f1os.<\/li>\n\n\n\n<li>Jard\u00edn privado al aire libre para relajarse bajo el sol<\/li>\n\n\n\n<li>Toallas y ropa de cama proporcionadas<\/li>\n\n\n\n<li>Lavadora<\/li>\n\n\n\n<li>Lavadora<\/li>\n\n\n\n<li>Lavavajillas<\/li>\n\n\n\n<li>Plancha y tabla de planchar<\/li>\n\n\n\n<li>herramientas<\/li>\n\n\n\n<li>Estacionamiento gratuito para dos veh\u00edculos<\/li>\n<\/ul>\n<\/div>\n<\/div>\n\n\n\n<div class=\"wp-block-group has-global-padding is-layout-constrained wp-block-group-is-layout-constrained\">\n<div class=\"wp-block-columns are-vertically-aligned-center is-layout-flex wp-container-core-columns-is-layout-28f84493 wp-block-columns-is-layout-flex\">\n<div class=\"wp-block-column is-vertically-aligned-center is-layout-flow wp-block-column-is-layout-flow\">\n<h2 class=\"wp-block-heading has-large-font-size\" style=\"font-weight:700\">Ubicaci\u00f3n<\/h2>\n\n\n\n<p style=\"font-size:clamp(0.875em, 0.875rem + ((1vw - 0.2em) * 0.319), 1.1em);\">560 Route de Savoie<br>Allemond, 38114, Isere, France<\/p>\n\n\n\n<p style=\"font-size:clamp(0.875em, 0.875rem + ((1vw - 0.2em) * 0.319), 1.1em);\">Phone: +33.(0)7.54.29.01.62<br>Email: <a href=\"mailto:example@example.com\">info@oisansvacances.fr<\/a><\/p>\n<\/div>\n\n\n\n<div class=\"wp-block-column is-vertically-aligned-center is-layout-flow wp-block-column-is-layout-flow\">\n<div style=\"height:68px\" aria-hidden=\"true\" class=\"wp-block-spacer\"><\/div>\n\n\n\n<iframe src=\"https:\/\/www.google.com\/maps\/embed?pb=!1m18!1m12!1m3!1d2815.0948455868443!2d6.025359111252709!3d45.124413770949715!2m3!1f0!2f0!3f0!3m2!1i1024!2i768!4f13.1!3m3!1m2!1s0x478a69ec61307753%3A0x453f99f278f0f58c!2s560%20Rte%20de%20Savoie%2C%2038114%20Allemont!5e0!3m2!1sen!2sfr!4v1718100469782!5m2!1sen!2sfr\" width=\"600\" height=\"450\" style=\"border:0;\" allowfullscreen=\"\" loading=\"lazy\" referrerpolicy=\"no-referrer-when-downgrade\"><\/iframe>\n<\/div>\n<\/div>\n<\/div>\n\n\n\n<div style=\"height:100px\" aria-hidden=\"true\" class=\"wp-block-spacer\"><\/div>\n\n\n\n<p><\/p>","protected":false},"excerpt":{"rendered":"<p>Stay at the most accessible Basecamp of the Alpe d\u2019Huez Domaine and experience it all. Rose Quartz Rose Quartz is a charming and fully equipped g\u00eete by the Allemond Eau d\u2019Olle Ski lift taking you to the Grande Domaine of Alpe D\u2019Huez. It\u2019s also ideally placed for accessing the Official route for the ascent of &hellip; <\/p>\n<p class=\"link-more\"><a href=\"https:\/\/oisansvacances.fr\/es\/chalets-in-alpe-dhuez-domaine-group-accommodation-oisans\/rose-7-person-chalet-for-ski-and-cycle\/\" class=\"more-link\">Leer m\u00e1s<span class=\"screen-reader-text\"> \u00abRose Quartz &#8211; 8 Person Chalet for Ski and Cycle\u00bb<\/span><\/a><\/p>","protected":false},"author":1,"featured_media":0,"parent":40,"menu_order":2,"comment_status":"closed","ping_status":"closed","template":"","meta":{"inspiro_hide_title":false,"footnotes":""},"class_list":["post-126","page","type-page","status-publish","hentry"],"_links":{"self":[{"href":"https:\/\/oisansvacances.fr\/es\/wp-json\/wp\/v2\/pages\/126","targetHints":{"allow":["GET"]}}],"collection":[{"href":"https:\/\/oisansvacances.fr\/es\/wp-json\/wp\/v2\/pages"}],"about":[{"href":"https:\/\/oisansvacances.fr\/es\/wp-json\/wp\/v2\/types\/page"}],"author":[{"embeddable":true,"href":"https:\/\/oisansvacances.fr\/es\/wp-json\/wp\/v2\/users\/1"}],"replies":[{"embeddable":true,"href":"https:\/\/oisansvacances.fr\/es\/wp-json\/wp\/v2\/comments?post=126"}],"version-history":[{"count":53,"href":"https:\/\/oisansvacances.fr\/es\/wp-json\/wp\/v2\/pages\/126\/revisions"}],"predecessor-version":[{"id":843,"href":"https:\/\/oisansvacances.fr\/es\/wp-json\/wp\/v2\/pages\/126\/revisions\/843"}],"up":[{"embeddable":true,"href":"https:\/\/oisansvacances.fr\/es\/wp-json\/wp\/v2\/pages\/40"}],"wp:attachment":[{"href":"https:\/\/oisansvacances.fr\/es\/wp-json\/wp\/v2\/media?parent=126"}],"curies":[{"name":"wp","href":"https:\/\/api.w.org\/{rel}","templated":true}]}}