{"id":542,"date":"2025-05-27T09:52:14","date_gmt":"2025-05-27T09:52:14","guid":{"rendered":"https:\/\/oisansvacances.fr\/?page_id=542"},"modified":"2026-04-25T15:52:53","modified_gmt":"2026-04-25T15:52:53","slug":"jasper-7-person-chalet-for-ski-and-cycle","status":"publish","type":"page","link":"https:\/\/oisansvacances.fr\/de\/chalets-in-alpe-dhuez-domaine-group-accommodation-oisans\/jasper-7-person-chalet-for-ski-and-cycle\/","title":{"rendered":"Jasper &#8211; 7 person chalet for ski and Cycle"},"content":{"rendered":"<p>Stay at the most accessible Basecamp of the Alpe d\u2019Huez Domaine and experience it all.<\/p>\n\n\n\n<div class=\"wp-block-group alignfull has-background has-global-padding is-layout-constrained wp-block-group-is-layout-constrained\" style=\"background-color:#e5e9ec;padding-top:var(--wp--preset--spacing--small);padding-bottom:var(--wp--preset--spacing--small)\">\n<div class=\"wp-block-columns is-layout-flex wp-container-core-columns-is-layout-7db7aa3e wp-block-columns-is-layout-flex\" style=\"padding-right:0;padding-left:0\">\n<div class=\"wp-block-column is-vertically-aligned-center is-layout-flow wp-block-column-is-layout-flow\">\n<figure class=\"wp-block-image size-full is-resized\"><img loading=\"lazy\" decoding=\"async\" width=\"278\" height=\"278\" src=\"http:\/\/oisansvacances.fr\/wp-content\/uploads\/2025\/06\/Logo-Ok_GITES-DE-FRANCE_-copie-005-1.png\" alt=\"\" class=\"wp-image-649\" style=\"width:190px;height:auto\" srcset=\"https:\/\/oisansvacances.fr\/wp-content\/uploads\/2025\/06\/Logo-Ok_GITES-DE-FRANCE_-copie-005-1.png 278w, https:\/\/oisansvacances.fr\/wp-content\/uploads\/2025\/06\/Logo-Ok_GITES-DE-FRANCE_-copie-005-1-150x150.png 150w, https:\/\/oisansvacances.fr\/wp-content\/uploads\/2025\/06\/Logo-Ok_GITES-DE-FRANCE_-copie-005-1-12x12.png 12w\" sizes=\"auto, (max-width: 278px) 100vw, 278px\" \/><\/figure>\n\n\n\n<h2 class=\"wp-block-heading has-medium-font-size\" style=\"text-transform:uppercase\">Jasper <\/h2>\n\n\n\n<p>Jasper ist eine komplette Renovierung des oberen Teils des alten Geb\u00e4udes mit einer ruhigen Lage im hinteren Bereich. Wie die anderen ist Jasper ein voll ausgestattetes G\u00eete mit einer warmen und hellen Atmosph\u00e4re. Es verf\u00fcgt \u00fcber eine eigene private Terrasse und auch Zugang zum gesicherten Gemeinschaftsgarten f\u00fcr Kinderspiele. Es ist ein idealer Standort f\u00fcr Familien oder Freundesgruppen.<\/p>\n\n\n\n<p>Mit einem offenen Wohn-, K\u00fcchen- und Essbereich kann Jasper bis zu 7 Personen in seinen 3 Schlafzimmern beherbergen. Es gibt zwei Badezimmer und sowohl eine Badewanne als auch eine Dusche. <\/p>\n\n\n\n<p>Au\u00dferdem kann Jasper mit Vermarine verbunden werden, um einen gr\u00f6\u00dferen Veranstaltungsraum f\u00fcr Gruppen von bis zu 15 Personen zu bieten.<\/p>\n<\/div>\n\n\n\n<div class=\"wp-block-column is-layout-flow wp-block-column-is-layout-flow\">\n<figure class=\"wp-block-image size-large\"><img loading=\"lazy\" decoding=\"async\" width=\"1024\" height=\"768\" src=\"https:\/\/oisansvacances.fr\/wp-content\/uploads\/2025\/06\/IMG_6352-1024x768.jpg\" alt=\"\" class=\"wp-image-691\" srcset=\"https:\/\/oisansvacances.fr\/wp-content\/uploads\/2025\/06\/IMG_6352-1024x768.jpg 1024w, https:\/\/oisansvacances.fr\/wp-content\/uploads\/2025\/06\/IMG_6352-300x225.jpg 300w, https:\/\/oisansvacances.fr\/wp-content\/uploads\/2025\/06\/IMG_6352-2000x1500.jpg 2000w, https:\/\/oisansvacances.fr\/wp-content\/uploads\/2025\/06\/IMG_6352-scaled-16x12.jpg 16w\" sizes=\"auto, (max-width: 1024px) 100vw, 1024px\" \/><\/figure>\n\n\n\n<div class=\"wp-block-buttons is-layout-flex wp-block-buttons-is-layout-flex\">\n<div class=\"wp-block-button\"><a class=\"wp-block-button__link wp-element-button\" href=\"https:\/\/booking.smoobu.com\/9A965556\">Verf\u00fcgbarkeit pr\u00fcfen und jetzt buchen<\/a><\/div>\n<\/div>\n<\/div>\n<\/div>\n<\/div>\n\n\n\n<div class=\"wp-block-columns is-layout-flex wp-container-core-columns-is-layout-28f84493 wp-block-columns-is-layout-flex\">\n<div class=\"wp-block-column is-layout-flow wp-block-column-is-layout-flow\">\n<h2 class=\"wp-block-heading has-text-align-center\">Eine wundersch\u00f6ne neue Renovierung f\u00fcr 7 Personen<\/h2>\n\n\n\n<div class=\"wp-block-columns is-layout-flex wp-container-core-columns-is-layout-28f84493 wp-block-columns-is-layout-flex\">\n<div class=\"wp-block-column is-layout-flow wp-block-column-is-layout-flow\">\n<figure class=\"wp-block-gallery has-nested-images columns-default is-cropped wp-block-gallery-1 is-layout-flex wp-block-gallery-is-layout-flex\">\n<figure class=\"wp-block-image size-full is-style-default\"><img loading=\"lazy\" decoding=\"async\" width=\"2560\" height=\"1920\" data-id=\"697\" src=\"https:\/\/oisansvacances.fr\/wp-content\/uploads\/2025\/06\/IMG_6349-scaled.jpg\" alt=\"\" class=\"wp-image-697\" srcset=\"https:\/\/oisansvacances.fr\/wp-content\/uploads\/2025\/06\/IMG_6349-scaled.jpg 2560w, https:\/\/oisansvacances.fr\/wp-content\/uploads\/2025\/06\/IMG_6349-300x225.jpg 300w, https:\/\/oisansvacances.fr\/wp-content\/uploads\/2025\/06\/IMG_6349-1024x768.jpg 1024w, https:\/\/oisansvacances.fr\/wp-content\/uploads\/2025\/06\/IMG_6349-2000x1500.jpg 2000w, https:\/\/oisansvacances.fr\/wp-content\/uploads\/2025\/06\/IMG_6349-scaled-16x12.jpg 16w\" sizes=\"auto, (max-width: 2560px) 100vw, 2560px\" \/><\/figure>\n<\/figure>\n\n\n\n<p>Das Wohnzimmer bietet eine reizvolle, entspannte und gem\u00fctliche Atmosph\u00e4re und ist ausgestattet mit einem Holzofen, einem SMART-TV mit Apple TV, Netflix, Prime und Glasfaser-WLAN.<\/p>\n<\/div>\n\n\n\n<div class=\"wp-block-column is-layout-flow wp-block-column-is-layout-flow\">\n<figure class=\"wp-block-image size-full\"><img loading=\"lazy\" decoding=\"async\" width=\"2560\" height=\"1920\" src=\"https:\/\/oisansvacances.fr\/wp-content\/uploads\/2025\/06\/IMG_6352-2-scaled.jpg\" alt=\"\" class=\"wp-image-694\" srcset=\"https:\/\/oisansvacances.fr\/wp-content\/uploads\/2025\/06\/IMG_6352-2-scaled.jpg 2560w, https:\/\/oisansvacances.fr\/wp-content\/uploads\/2025\/06\/IMG_6352-2-300x225.jpg 300w, https:\/\/oisansvacances.fr\/wp-content\/uploads\/2025\/06\/IMG_6352-2-1024x768.jpg 1024w, https:\/\/oisansvacances.fr\/wp-content\/uploads\/2025\/06\/IMG_6352-2-2000x1500.jpg 2000w, https:\/\/oisansvacances.fr\/wp-content\/uploads\/2025\/06\/IMG_6352-2-scaled-16x12.jpg 16w\" sizes=\"auto, (max-width: 2560px) 100vw, 2560px\" \/><\/figure>\n\n\n\n<p>Das Esszimmer bietet Platz f\u00fcr bis zu 10 Personen und bietet Ihnen gen\u00fcgend Raum, um andere zum Abendessen einzuladen, wenn Sie gerne gesellig sind. Auf der Terrasse gibt es au\u00dferdem einen Tisch und St\u00fchle f\u00fcr Mahlzeiten im Freien. <\/p>\n<\/div>\n\n\n\n<div class=\"wp-block-column is-layout-flow wp-block-column-is-layout-flow\">\n<figure class=\"wp-block-gallery has-nested-images columns-default is-cropped wp-block-gallery-2 is-layout-flex wp-block-gallery-is-layout-flex\">\n<figure class=\"wp-block-image size-full\"><img loading=\"lazy\" decoding=\"async\" width=\"2560\" height=\"1920\" data-id=\"698\" src=\"https:\/\/oisansvacances.fr\/wp-content\/uploads\/2025\/06\/IMG_6348-scaled.jpg\" alt=\"\" class=\"wp-image-698\" srcset=\"https:\/\/oisansvacances.fr\/wp-content\/uploads\/2025\/06\/IMG_6348-scaled.jpg 2560w, https:\/\/oisansvacances.fr\/wp-content\/uploads\/2025\/06\/IMG_6348-300x225.jpg 300w, https:\/\/oisansvacances.fr\/wp-content\/uploads\/2025\/06\/IMG_6348-1024x768.jpg 1024w, https:\/\/oisansvacances.fr\/wp-content\/uploads\/2025\/06\/IMG_6348-2000x1500.jpg 2000w, https:\/\/oisansvacances.fr\/wp-content\/uploads\/2025\/06\/IMG_6348-scaled-16x12.jpg 16w\" sizes=\"auto, (max-width: 2560px) 100vw, 2560px\" \/><\/figure>\n<\/figure>\n\n\n\n<p>Die voll ausgestattete K\u00fcche verf\u00fcgt \u00fcber einen Elektrobackofen, ein Gaskochfeld, eine Mikrowelle, eine Nespresso-Kaffeemaschine sowie eine vollst\u00e4ndige Ausstattung an Kochutensilien, damit Sie wie zu Hause kochen k\u00f6nnen.<\/p>\n<\/div>\n<\/div>\n<\/div>\n<\/div>\n\n\n\n<div class=\"wp-block-columns is-layout-flex wp-container-core-columns-is-layout-28f84493 wp-block-columns-is-layout-flex\">\n<div class=\"wp-block-column is-layout-flow wp-block-column-is-layout-flow\">\n<figure class=\"wp-block-gallery has-nested-images columns-default is-cropped wp-block-gallery-3 is-layout-flex wp-block-gallery-is-layout-flex\">\n<figure class=\"wp-block-image size-full is-style-default\"><img loading=\"lazy\" decoding=\"async\" width=\"2048\" height=\"1536\" data-id=\"734\" src=\"https:\/\/oisansvacances.fr\/wp-content\/uploads\/2025\/11\/bedroom-1.jpg\" alt=\"\" class=\"wp-image-734\" srcset=\"https:\/\/oisansvacances.fr\/wp-content\/uploads\/2025\/11\/bedroom-1.jpg 2048w, https:\/\/oisansvacances.fr\/wp-content\/uploads\/2025\/11\/bedroom-1-300x225.jpg 300w, https:\/\/oisansvacances.fr\/wp-content\/uploads\/2025\/11\/bedroom-1-1024x768.jpg 1024w, https:\/\/oisansvacances.fr\/wp-content\/uploads\/2025\/11\/bedroom-1-2000x1500.jpg 2000w, https:\/\/oisansvacances.fr\/wp-content\/uploads\/2025\/11\/bedroom-1-16x12.jpg 16w\" sizes=\"auto, (max-width: 2048px) 100vw, 2048px\" \/><\/figure>\n<\/figure>\n\n\n\n<p>Schlafzimmer 1 kann f\u00fcr Sie entweder als Kingsize-Doppelbett oder als Einzelbetten f\u00fcr bis zu 3 Personen eingerichtet werden. Es eignet sich ideal als Familienzimmer f\u00fcr G\u00e4ste mit Kindern oder f\u00fcr gemeinsam reisende Gruppen, die sich einen Raum teilen m\u00f6chten.<\/p>\n<\/div>\n\n\n\n<div class=\"wp-block-column is-layout-flow wp-block-column-is-layout-flow\">\n<figure class=\"wp-block-image size-full\"><img loading=\"lazy\" decoding=\"async\" width=\"1920\" height=\"2560\" src=\"https:\/\/oisansvacances.fr\/wp-content\/uploads\/2025\/06\/IMG_6353-scaled.jpg\" alt=\"\" class=\"wp-image-695\" srcset=\"https:\/\/oisansvacances.fr\/wp-content\/uploads\/2025\/06\/IMG_6353-scaled.jpg 1920w, https:\/\/oisansvacances.fr\/wp-content\/uploads\/2025\/06\/IMG_6353-225x300.jpg 225w, https:\/\/oisansvacances.fr\/wp-content\/uploads\/2025\/06\/IMG_6353-768x1024.jpg 768w, https:\/\/oisansvacances.fr\/wp-content\/uploads\/2025\/06\/IMG_6353-2000x2667.jpg 2000w, https:\/\/oisansvacances.fr\/wp-content\/uploads\/2025\/06\/IMG_6353-scaled-9x12.jpg 9w\" sizes=\"auto, (max-width: 1920px) 100vw, 1920px\" \/><\/figure>\n\n\n\n<p>Schlafzimmer 2 ist als ein gem\u00fctliches und komfortables Zweibettzimmer eingerichtet.<\/p>\n<\/div>\n\n\n\n<div class=\"wp-block-column is-layout-flow wp-block-column-is-layout-flow\">\n<figure class=\"wp-block-gallery has-nested-images columns-default is-cropped wp-block-gallery-4 is-layout-flex wp-block-gallery-is-layout-flex\">\n<figure class=\"wp-block-image size-full\"><img loading=\"lazy\" decoding=\"async\" width=\"1920\" height=\"2560\" data-id=\"696\" src=\"https:\/\/oisansvacances.fr\/wp-content\/uploads\/2025\/06\/IMG_6355-scaled.jpg\" alt=\"\" class=\"wp-image-696\" srcset=\"https:\/\/oisansvacances.fr\/wp-content\/uploads\/2025\/06\/IMG_6355-scaled.jpg 1920w, https:\/\/oisansvacances.fr\/wp-content\/uploads\/2025\/06\/IMG_6355-225x300.jpg 225w, https:\/\/oisansvacances.fr\/wp-content\/uploads\/2025\/06\/IMG_6355-768x1024.jpg 768w, https:\/\/oisansvacances.fr\/wp-content\/uploads\/2025\/06\/IMG_6355-2000x2667.jpg 2000w, https:\/\/oisansvacances.fr\/wp-content\/uploads\/2025\/06\/IMG_6355-scaled-9x12.jpg 9w\" sizes=\"auto, (max-width: 1920px) 100vw, 1920px\" \/><\/figure>\n<\/figure>\n\n\n\n<p>Das Schlafzimmer ist als Zweibettzimmer eingerichtet und eignet sich ideal f\u00fcr Kinder \u2013 sie lieben die Atmosph\u00e4re! Bitte beachten Sie: Die kleinen Innenfenster mit Blick auf das Wohnzimmer sind mit Schl\u00fcsseln versehen, damit Sie f\u00fcr Sicherheit sorgen k\u00f6nnen. <\/p>\n<\/div>\n<\/div>\n\n\n\n<div class=\"wp-block-columns is-layout-flex wp-container-core-columns-is-layout-28f84493 wp-block-columns-is-layout-flex\">\n<div class=\"wp-block-column is-layout-flow wp-block-column-is-layout-flow\">\n<figure class=\"wp-block-gallery has-nested-images columns-default is-cropped wp-block-gallery-5 is-layout-flex wp-block-gallery-is-layout-flex\">\n<figure class=\"wp-block-image size-full is-style-default\"><img loading=\"lazy\" decoding=\"async\" width=\"2560\" height=\"1440\" data-id=\"736\" src=\"https:\/\/oisansvacances.fr\/wp-content\/uploads\/2025\/11\/outdoor-scaled.jpg\" alt=\"\" class=\"wp-image-736\" srcset=\"https:\/\/oisansvacances.fr\/wp-content\/uploads\/2025\/11\/outdoor-scaled.jpg 2560w, https:\/\/oisansvacances.fr\/wp-content\/uploads\/2025\/11\/outdoor-300x169.jpg 300w, https:\/\/oisansvacances.fr\/wp-content\/uploads\/2025\/11\/outdoor-1024x576.jpg 1024w, https:\/\/oisansvacances.fr\/wp-content\/uploads\/2025\/11\/outdoor-2000x1125.jpg 2000w, https:\/\/oisansvacances.fr\/wp-content\/uploads\/2025\/11\/outdoor-scaled-18x10.jpg 18w\" sizes=\"auto, (max-width: 2560px) 100vw, 2560px\" \/><\/figure>\n<\/figure>\n\n\n\n<figure class=\"wp-block-image size-large is-resized\"><img loading=\"lazy\" decoding=\"async\" width=\"1024\" height=\"768\" src=\"https:\/\/oisansvacances.fr\/wp-content\/uploads\/2025\/11\/bedroom-1-2-1024x768.jpg\" alt=\"\" class=\"wp-image-737\" style=\"width:332px;height:auto\" srcset=\"https:\/\/oisansvacances.fr\/wp-content\/uploads\/2025\/11\/bedroom-1-2-1024x768.jpg 1024w, https:\/\/oisansvacances.fr\/wp-content\/uploads\/2025\/11\/bedroom-1-2-300x225.jpg 300w, https:\/\/oisansvacances.fr\/wp-content\/uploads\/2025\/11\/bedroom-1-2-2000x1500.jpg 2000w, https:\/\/oisansvacances.fr\/wp-content\/uploads\/2025\/11\/bedroom-1-2-16x12.jpg 16w, https:\/\/oisansvacances.fr\/wp-content\/uploads\/2025\/11\/bedroom-1-2.jpg 2048w\" sizes=\"auto, (max-width: 1024px) 100vw, 1024px\" \/><\/figure>\n\n\n\n<p>Die Terrasse ist ein bezaubernder, privater und entspannender Bereich mit Blick auf die Rousses innerhalb des Dom\u00e4nengel\u00e4ndes. Sie ist in Richtung Belledonne ausgerichtet und von der Stra\u00dfe abgewandt, was Ruhe und Gelassenheit gew\u00e4hrleistet.<\/p>\n<\/div>\n\n\n\n<div class=\"wp-block-column is-layout-flow wp-block-column-is-layout-flow\">\n<figure class=\"wp-block-image size-full\"><img loading=\"lazy\" decoding=\"async\" width=\"1920\" height=\"2560\" src=\"https:\/\/oisansvacances.fr\/wp-content\/uploads\/2025\/06\/IMG_6347-scaled.jpg\" alt=\"\" class=\"wp-image-700\" srcset=\"https:\/\/oisansvacances.fr\/wp-content\/uploads\/2025\/06\/IMG_6347-scaled.jpg 1920w, https:\/\/oisansvacances.fr\/wp-content\/uploads\/2025\/06\/IMG_6347-225x300.jpg 225w, https:\/\/oisansvacances.fr\/wp-content\/uploads\/2025\/06\/IMG_6347-768x1024.jpg 768w, https:\/\/oisansvacances.fr\/wp-content\/uploads\/2025\/06\/IMG_6347-2000x2667.jpg 2000w, https:\/\/oisansvacances.fr\/wp-content\/uploads\/2025\/06\/IMG_6347-scaled-9x12.jpg 9w\" sizes=\"auto, (max-width: 1920px) 100vw, 1920px\" \/><\/figure>\n\n\n\n<p>Badezimmer 1 verf\u00fcgt \u00fcber eine Dusche und die Waschmaschine des G\u00eetes.<\/p>\n<\/div>\n\n\n\n<div class=\"wp-block-column is-layout-flow wp-block-column-is-layout-flow\">\n<figure class=\"wp-block-gallery has-nested-images columns-default is-cropped wp-block-gallery-6 is-layout-flex wp-block-gallery-is-layout-flex\">\n<figure class=\"wp-block-image size-full\"><img loading=\"lazy\" decoding=\"async\" width=\"1920\" height=\"2560\" data-id=\"701\" src=\"https:\/\/oisansvacances.fr\/wp-content\/uploads\/2025\/06\/IMG_6365-scaled.jpg\" alt=\"\" class=\"wp-image-701\" srcset=\"https:\/\/oisansvacances.fr\/wp-content\/uploads\/2025\/06\/IMG_6365-scaled.jpg 1920w, https:\/\/oisansvacances.fr\/wp-content\/uploads\/2025\/06\/IMG_6365-225x300.jpg 225w, https:\/\/oisansvacances.fr\/wp-content\/uploads\/2025\/06\/IMG_6365-768x1024.jpg 768w, https:\/\/oisansvacances.fr\/wp-content\/uploads\/2025\/06\/IMG_6365-2000x2667.jpg 2000w, https:\/\/oisansvacances.fr\/wp-content\/uploads\/2025\/06\/IMG_6365-scaled-9x12.jpg 9w\" sizes=\"auto, (max-width: 1920px) 100vw, 1920px\" \/><\/figure>\n<\/figure>\n\n\n\n<p>Badezimmer 2 verf\u00fcgt \u00fcber eine Bad-Dusche-Kombination.<\/p>\n<\/div>\n<\/div>\n\n\n\n<h2 class=\"wp-block-heading\">Lage und Anfahrt<\/h2>\n\n\n\n<div class=\"wp-block-columns is-layout-flex wp-container-core-columns-is-layout-28f84493 wp-block-columns-is-layout-flex\">\n<div class=\"wp-block-column is-layout-flow wp-block-column-is-layout-flow\">\n<figure class=\"wp-block-image size-full\"><img loading=\"lazy\" decoding=\"async\" width=\"1900\" height=\"1199\" src=\"https:\/\/oisansvacances.fr\/wp-content\/uploads\/2024\/09\/skiiing.png\" alt=\"\" class=\"wp-image-322\" srcset=\"https:\/\/oisansvacances.fr\/wp-content\/uploads\/2024\/09\/skiiing.png 1900w, https:\/\/oisansvacances.fr\/wp-content\/uploads\/2024\/09\/skiiing-300x189.png 300w, https:\/\/oisansvacances.fr\/wp-content\/uploads\/2024\/09\/skiiing-1024x646.png 1024w, https:\/\/oisansvacances.fr\/wp-content\/uploads\/2024\/09\/skiiing-18x12.png 18w\" sizes=\"auto, (max-width: 1900px) 100vw, 1900px\" \/><\/figure>\n\n\n\n<p>Der Skilift ist 1,2 km von der Unterkunft entfernt und gelangt \u00fcber die Stra\u00dfe oder den Voie Verte-Weg, der keine Fahrzeuge hat. Das Allemond Eau d'Olle Telecabine erreicht Oz en Oisans in 8 Minuten. Von hier aus steht Ihnen die gesamte Alpe D'Huez Grande Domaine zur Verf\u00fcgung<\/p>\n\n\n\n<div class=\"wp-block-buttons is-layout-flex wp-block-buttons-is-layout-flex\">\n<div class=\"wp-block-button\"><a class=\"wp-block-button__link wp-element-button\" href=\"https:\/\/www.alpedhuez.com\/fr\/hiver\/types-apidae\/domaine-skiable\/alpe-dhuez-grand-domaine-ski\/\">Alpe D&#8217;Huez<\/a><\/div>\n<\/div>\n<\/div>\n\n\n\n<div class=\"wp-block-column is-layout-flow wp-block-column-is-layout-flow\">\n<figure class=\"wp-block-image size-full is-resized\"><img loading=\"lazy\" decoding=\"async\" width=\"750\" height=\"475\" src=\"https:\/\/oisansvacances.fr\/wp-content\/uploads\/2024\/09\/ski-lockers-1.jpg\" alt=\"\" class=\"wp-image-323\" style=\"width:344px;height:auto\" srcset=\"https:\/\/oisansvacances.fr\/wp-content\/uploads\/2024\/09\/ski-lockers-1.jpg 750w, https:\/\/oisansvacances.fr\/wp-content\/uploads\/2024\/09\/ski-lockers-1-300x190.jpg 300w, https:\/\/oisansvacances.fr\/wp-content\/uploads\/2024\/09\/ski-lockers-1-18x12.jpg 18w\" sizes=\"auto, (max-width: 750px) 100vw, 750px\" \/><\/figure>\n\n\n\n<p>Am Skilift finden Sie Chalet-Skischr\u00e4nke, in denen Sie Ihre Ausr\u00fcstung an der Talstation des Lifts abstellen k\u00f6nnen. Zus\u00e4tzlich gibt es einen kostenlosen Navette-Bus, der entlang des Talbodens f\u00e4hrt und Sie direkt zum Skilift bringt.  Wenn Sie m\u00f6chten, gibt es viele kostenlose Parkpl\u00e4tze am Aufzug.<\/p>\n\n\n\n<div class=\"wp-block-buttons is-layout-flex wp-block-buttons-is-layout-flex\">\n<div class=\"wp-block-button\"><a class=\"wp-block-button__link wp-element-button\" href=\"https:\/\/www.oisans.com\/stations-et-villages\/allemond\/allemond-pratique\/ascenseur-valleen-eau-dolle-express\/\">Telecabine<\/a><\/div>\n<\/div>\n<\/div>\n\n\n\n<div class=\"wp-block-column is-layout-flow wp-block-column-is-layout-flow\">\n<figure class=\"wp-block-image size-full is-resized\"><img loading=\"lazy\" decoding=\"async\" width=\"778\" height=\"475\" src=\"http:\/\/oisansvacances.fr\/wp-content\/uploads\/2024\/09\/allemondcut-e1725615134498.png\" alt=\"\" class=\"wp-image-324\" style=\"width:354px;height:auto\"\/><\/figure>\n\n\n\n<p>Gite Rose Quartz liegt 1000 m vom Zentrum von Allemond mit seinen Restaurants, Arztpraxen, Physiotherapeuten und einem Sportverleih entfernt. Zwischen 100 und 250 Metern Entfernung befinden sich die Apotheke, der Spar-Supermarkt und das Restaurant Etape in unmittelbarer N\u00e4he.<\/p>\n\n\n\n<div class=\"wp-block-buttons is-layout-flex wp-block-buttons-is-layout-flex\">\n<div class=\"wp-block-button\"><a class=\"wp-block-button__link wp-element-button\" href=\"https:\/\/uk.oisans.com\/resorts-and-villages\/allemond\/\">Allemond<\/a><\/div>\n<\/div>\n<\/div>\n<\/div>\n\n\n\n<div class=\"wp-block-columns is-layout-flex wp-container-core-columns-is-layout-28f84493 wp-block-columns-is-layout-flex\">\n<div class=\"wp-block-column is-layout-flow wp-block-column-is-layout-flow\">\n<h2 class=\"wp-block-heading\">Verf\u00fcgbarkeit<\/h2>\n\n\n\n<div id=\"apartmentIframe2290661\">\n<script type=\"text\/javascript\" src=\"https:\/\/login.smoobu.com\/js\/Settings\/BookingToolIframe.js\"><\/script>\n<script>BookingToolIframe.initialize({\"url\": \"https:\/\/login.smoobu.com\/en\/booking-tool\/iframe\/965556\/2290661?newTabAfterSearch=true\", \"baseUrl\": \"https:\/\/login.smoobu.com\", \"target\": \"#apartmentIframe2290661\"})<\/script>\n<\/div>\n\n\n\n<h2 class=\"wp-block-heading\">Jetzt buchen<\/h2>\n\n\n\n<p>Buchen Sie direkt ohne Plattformgeb\u00fchren. Sie werden feststellen, dass die Direktbuchung die kosteng\u00fcnstigste M\u00f6glichkeit ist, Ihre Reise zu organisieren.<\/p>\n\n\n\n\n\n<div class=\"wp-block-buttons is-layout-flex wp-block-buttons-is-layout-flex\">\n<div class=\"wp-block-button\"><a class=\"wp-block-button__link wp-element-button\" href=\"mailto:info@oisansvacances.fr\">Ansprechpartner f\u00fcr besondere Bed\u00fcrfnisse<\/a><\/div>\n\n\n\n<div class=\"wp-block-button\"><a class=\"wp-block-button__link wp-element-button\" href=\"mailto:info@oisansvacances.fr\">Anfrage senden<\/a><\/div>\n<\/div>\n<\/div>\n\n\n\n<div class=\"wp-block-column is-layout-flow wp-block-column-is-layout-flow\">\n<h2 class=\"wp-block-heading\">Einrichtungen<\/h2>\n\n\n\n<ul class=\"wp-block-list\">\n<li>Orange Business pro Glasfaser WLAN <\/li>\n\n\n\n<li>SMART TV<\/li>\n\n\n\n<li>Sonos<\/li>\n\n\n\n<li>2 Schlie\u00dff\u00e4cher am Skilift zu Ihrer Nutzung<\/li>\n\n\n\n<li>Voll ausgestattete K\u00fcche<\/li>\n\n\n\n<li>Nespresso-, Raclette-, Fondu-Maschinen<\/li>\n\n\n\n<li>Flexible Schlafzimmerkonfigurationen<\/li>\n\n\n\n<li>Secure shared outdoor garden with children\u2019s toys.<\/li>\n\n\n\n<li>Privater Garten im Freien zum Entspannen in der Sonne<\/li>\n\n\n\n<li>Outdoor dining terrace seating 6-8<\/li>\n\n\n\n<li>Handt\u00fccher und Bettw\u00e4sche werden gestellt<\/li>\n\n\n\n<li>Waschmaschine<\/li>\n\n\n\n<li>Geschirrsp\u00fclmaschine<\/li>\n\n\n\n<li>Haartrockner<\/li>\n\n\n\n<li>Babyausstattung \/ Tore \/ Brandschutz \/ Kinderbetten<\/li>\n\n\n\n<li>B\u00fcgeleisen und B\u00fcgelbrett <\/li>\n\n\n\n<li>Werkzeuge und Pumpe<\/li>\n\n\n\n<li>Kostenloses Parken vor Ort f\u00fcr zwei Fahrzeuge<\/li>\n<\/ul>\n<\/div>\n<\/div>","protected":false},"excerpt":{"rendered":"<p>Stay at the most accessible Basecamp of the Alpe d\u2019Huez Domaine and experience it all. Jasper Jasper is a complete renovation of the upper part of the ancient building with a tranquil setting to the rear. Like the others, Jasper fully equipped g\u00eete with a warm and light ambiance. Possessing its own private terrace and &hellip; <\/p>\n<p class=\"link-more\"><a href=\"https:\/\/oisansvacances.fr\/de\/chalets-in-alpe-dhuez-domaine-group-accommodation-oisans\/jasper-7-person-chalet-for-ski-and-cycle\/\" class=\"more-link\">Mehr <span class=\"screen-reader-text\">\u00fcber &#8220;Jasper &#8211; 7 person chalet for ski and Cycle&#8221; <\/span>Lesen<\/a><\/p>","protected":false},"author":1,"featured_media":0,"parent":40,"menu_order":0,"comment_status":"closed","ping_status":"closed","template":"","meta":{"inspiro_hide_title":false,"footnotes":""},"class_list":["post-542","page","type-page","status-publish","hentry"],"_links":{"self":[{"href":"https:\/\/oisansvacances.fr\/de\/wp-json\/wp\/v2\/pages\/542","targetHints":{"allow":["GET"]}}],"collection":[{"href":"https:\/\/oisansvacances.fr\/de\/wp-json\/wp\/v2\/pages"}],"about":[{"href":"https:\/\/oisansvacances.fr\/de\/wp-json\/wp\/v2\/types\/page"}],"author":[{"embeddable":true,"href":"https:\/\/oisansvacances.fr\/de\/wp-json\/wp\/v2\/users\/1"}],"replies":[{"embeddable":true,"href":"https:\/\/oisansvacances.fr\/de\/wp-json\/wp\/v2\/comments?post=542"}],"version-history":[{"count":19,"href":"https:\/\/oisansvacances.fr\/de\/wp-json\/wp\/v2\/pages\/542\/revisions"}],"predecessor-version":[{"id":845,"href":"https:\/\/oisansvacances.fr\/de\/wp-json\/wp\/v2\/pages\/542\/revisions\/845"}],"up":[{"embeddable":true,"href":"https:\/\/oisansvacances.fr\/de\/wp-json\/wp\/v2\/pages\/40"}],"wp:attachment":[{"href":"https:\/\/oisansvacances.fr\/de\/wp-json\/wp\/v2\/media?parent=542"}],"curies":[{"name":"wp","href":"https:\/\/api.w.org\/{rel}","templated":true}]}}