{"id":39,"date":"2024-06-10T13:03:15","date_gmt":"2024-06-10T13:03:15","guid":{"rendered":"https:\/\/oisansvacances.fr\/?page_id=39"},"modified":"2026-04-25T14:14:10","modified_gmt":"2026-04-25T14:14:10","slug":"experiences","status":"publish","type":"page","link":"https:\/\/oisansvacances.fr\/de\/experiences\/","title":{"rendered":"Erfahrungen"},"content":{"rendered":"<p>Diese Region der franz\u00f6sischen Alpen, die sich \u00fcber die D\u00e9partements Is\u00e8re (38), Hautes-Alpes (05) und Savoie (73) erstreckt, ist ein Paradies f\u00fcr Liebhaber weiter, offener R\u00e4ume, aufregender (oder ruhigerer) Erlebnisse und au\u00dfergew\u00f6hnlicher Panoramablicke . Aufgrund seiner Lage an der Klimagrenze zwischen den Nord- und S\u00fcdalpen herrschen besonders gute Wetterbedingungen, die sowohl im Winter viel Schnee als auch die meiste Zeit des Jahres \u00fcber garantierte Sonne bieten. Ganz gleich, welche Jahreszeit Sie am liebsten m\u00f6gen und welche Aktivit\u00e4t Sie auch lieben \u2013 hier erwartet Sie alles.<\/p>\n\n\n\n<div class=\"wp-block-columns is-layout-flex wp-container-core-columns-is-layout-28f84493 wp-block-columns-is-layout-flex\">\n<div class=\"wp-block-column is-layout-flow wp-block-column-is-layout-flow\">\n<p class=\"has-text-align-center\"><strong>Fr\u00fchling, Sommer und Herbst<\/strong><\/p>\n\n\n\n<div class=\"wp-block-group is-vertical is-layout-flex wp-container-core-group-is-layout-fe9cc265 wp-block-group-is-layout-flex\">\n<figure class=\"wp-block-image size-large is-resized\"><img loading=\"lazy\" decoding=\"async\" width=\"1024\" height=\"768\" src=\"https:\/\/oisansvacances.fr\/wp-content\/uploads\/2024\/06\/poppies-les-sables-1024x768.jpg\" alt=\"\" class=\"wp-image-108\" style=\"width:342px;height:auto\" srcset=\"https:\/\/oisansvacances.fr\/wp-content\/uploads\/2024\/06\/poppies-les-sables-1024x768.jpg 1024w, https:\/\/oisansvacances.fr\/wp-content\/uploads\/2024\/06\/poppies-les-sables-300x225.jpg 300w, https:\/\/oisansvacances.fr\/wp-content\/uploads\/2024\/06\/poppies-les-sables-2000x1500.jpg 2000w, https:\/\/oisansvacances.fr\/wp-content\/uploads\/2024\/06\/poppies-les-sables-scaled-16x12.jpg 16w\" sizes=\"auto, (max-width: 1024px) 100vw, 1024px\" \/><\/figure>\n\n\n\n<p>Buiten de winter is heel de Oisans uw speeltuin om toegang te krijgen en voor elke buitenactiviteit die uw hartje begeert. Het mooie van de tijd van de lente tot de herfst is de enorme verandering in de omgeving die je zult zien. Van het vroege ontluiken van de natuur in de lente tot de uitbarsting van gouden kleuren in de herfst. ...     <\/p>\n\n\n\n<div class=\"wp-block-buttons is-layout-flex wp-block-buttons-is-layout-flex\">\n<div class=\"wp-block-button\"><a class=\"wp-block-button__link wp-element-button\" href=\"https:\/\/www.oisans.com\/a-voir-a-faire\/loisans-au-fil-des-saisons\/\">jenseits des Winters<\/a><\/div>\n<\/div>\n<\/div>\n<\/div>\n\n\n\n<div class=\"wp-block-column is-layout-flow wp-block-column-is-layout-flow\">\n<p class=\"has-text-align-center\"><strong>Winter<\/strong><\/p>\n\n\n\n<div class=\"wp-block-group is-vertical is-layout-flex wp-container-core-group-is-layout-fe9cc265 wp-block-group-is-layout-flex\">\n<figure class=\"wp-block-image size-large is-resized\"><img loading=\"lazy\" decoding=\"async\" width=\"1024\" height=\"663\" src=\"http:\/\/oisansvacances.fr\/wp-content\/uploads\/2024\/06\/la-grave-alpinisme-01-1200x777-1-1024x663.jpg\" alt=\"\" class=\"wp-image-106\" style=\"width:346px;height:auto\" srcset=\"https:\/\/oisansvacances.fr\/wp-content\/uploads\/2024\/06\/la-grave-alpinisme-01-1200x777-1-1024x663.jpg 1024w, https:\/\/oisansvacances.fr\/wp-content\/uploads\/2024\/06\/la-grave-alpinisme-01-1200x777-1-300x194.jpg 300w, https:\/\/oisansvacances.fr\/wp-content\/uploads\/2024\/06\/la-grave-alpinisme-01-1200x777-1-18x12.jpg 18w, https:\/\/oisansvacances.fr\/wp-content\/uploads\/2024\/06\/la-grave-alpinisme-01-1200x777-1.jpg 1200w\" sizes=\"auto, (max-width: 1024px) 100vw, 1024px\" \/><\/figure>\n\n\n\n<p>En hiver, les Alpes sont un pays des merveilles, la tranquillit\u00e9 et la paix, le scintillement de la neige qui brille sous le soleil et l\u2019air vivifiant qui remplit les poumons et rafra\u00eechit le corps.   Les amoureux de la nature sauvage disposent d\u2019un terrain de jeu infini en Oisans pour s\u2019\u00e9merveiller devant les paysages alpins.\n\nVoici un programme vari\u00e9 pour changer d\u2019activit\u00e9s tous les jours, ski, planche, ski nordique, raquette, escalade de glace, yoga ext\u00e9rieur et bien d\u2019autres.  Ici, vous pouvez alterner plaisirs et panoramas, mais aussi consacrer plus de moments \u00e0 vous asseoir et \u00e0 partager le calme. ...<\/p>\n\n\n\n<p>Hier gibt es ein abwechslungsreiches Programm mit t\u00e4glich wechselnden Aktivit\u00e4ten, Skifahren, Board, Langlauf, Schneeschuhwandern, Eisklettern, Yoga im Freien und vieles mehr. Hier k\u00f6nnen Sie Freuden und Panoramen abwechseln, sich aber auch mehr Momente g\u00f6nnen, in denen Sie sich hinsetzen und die Ruhe genie\u00dfen k\u00f6nnen.<\/p>\n\n\n\n<div class=\"wp-block-buttons is-layout-flex wp-block-buttons-is-layout-flex\">\n<div class=\"wp-block-button\"><a class=\"wp-block-button__link wp-element-button\">Winter<\/a><\/div>\n<\/div>\n<\/div>\n<\/div>\n\n\n\n<div class=\"wp-block-column is-layout-flow wp-block-column-is-layout-flow\">\n<p class=\"has-text-align-center\"><strong>Familien<\/strong><\/p>\n\n\n\n<div class=\"wp-block-group is-vertical is-layout-flex wp-container-core-group-is-layout-fe9cc265 wp-block-group-is-layout-flex\">\n<figure class=\"wp-block-image size-full is-resized\"><img loading=\"lazy\" decoding=\"async\" width=\"550\" height=\"435\" src=\"http:\/\/oisansvacances.fr\/wp-content\/uploads\/2024\/06\/family.png\" alt=\"\" class=\"wp-image-110\" style=\"width:312px;height:auto\" srcset=\"https:\/\/oisansvacances.fr\/wp-content\/uploads\/2024\/06\/family.png 550w, https:\/\/oisansvacances.fr\/wp-content\/uploads\/2024\/06\/family-300x237.png 300w, https:\/\/oisansvacances.fr\/wp-content\/uploads\/2024\/06\/family-15x12.png 15w\" sizes=\"auto, (max-width: 550px) 100vw, 550px\" \/><\/figure>\n\n\n\n<p>Die Oisans sind ein Spielplatz f\u00fcr Familien.  Die Vielfalt der Aktivit\u00e4ten und die majest\u00e4tische Umgebung inspirieren Familien dazu, gemeinsam Abenteuer zu erleben, neue Erinnerungen zu sammeln und Eltern dabei zu helfen, den Kampf um die Bildschirmzeit zu gewinnen!\n\nVon den traditionellen Optionen Skifahren, Snowboarden, Reiten und Wandern bis hin zu abenteuerlicheren Optionen wie Klettersteig, Paragliding, Kanufahren k\u00f6nnen Sie einen Urlaub voller neuer Aktivit\u00e4ten zum Ausprobieren und neuer Bergf\u00e4higkeiten gestalten, die Sie gemeinsam entwickeln k\u00f6nnen<\/p>\n\n\n\n<p>Von den traditionellen Optionen Skifahren, Snowboarden, Reiten und Wandern bis hin zu abenteuerlicheren Optionen wie Via Ferrata, Paragliding oder Kanufahren k\u00f6nnen Sie einen Urlaub voller neuer Aktivit\u00e4ten zum Ausprobieren und neuer Bergf\u00e4higkeiten gestalten, die Sie gemeinsam entwickeln k\u00f6nnen <\/p>\n\n\n\n<div class=\"wp-block-buttons is-layout-flex wp-block-buttons-is-layout-flex\">\n<div class=\"wp-block-button\"><a class=\"wp-block-button__link wp-element-button\">Familien<\/a><\/div>\n<\/div>\n<\/div>\n<\/div>\n<\/div>\n\n\n\n<div class=\"wp-block-columns is-layout-flex wp-container-core-columns-is-layout-28f84493 wp-block-columns-is-layout-flex\">\n<div class=\"wp-block-column is-layout-flow wp-block-column-is-layout-flow\">\n<p class=\"has-text-align-center\"><strong>Ski und Board<\/strong><\/p>\n\n\n\n<figure class=\"wp-block-image size-large\"><img loading=\"lazy\" decoding=\"async\" width=\"1024\" height=\"683\" src=\"http:\/\/oisansvacances.fr\/wp-content\/uploads\/2024\/06\/ski-alpe-dhuez-1024x683.jpg\" alt=\"\" class=\"wp-image-18\" srcset=\"https:\/\/oisansvacances.fr\/wp-content\/uploads\/2024\/06\/ski-alpe-dhuez-1024x683.jpg 1024w, https:\/\/oisansvacances.fr\/wp-content\/uploads\/2024\/06\/ski-alpe-dhuez-300x200.jpg 300w, https:\/\/oisansvacances.fr\/wp-content\/uploads\/2024\/06\/ski-alpe-dhuez-768x512.jpg 768w, https:\/\/oisansvacances.fr\/wp-content\/uploads\/2024\/06\/ski-alpe-dhuez-1536x1024.jpg 1536w, https:\/\/oisansvacances.fr\/wp-content\/uploads\/2024\/06\/ski-alpe-dhuez-18x12.jpg 18w, https:\/\/oisansvacances.fr\/wp-content\/uploads\/2024\/06\/ski-alpe-dhuez.jpg 1900w\" sizes=\"auto, (max-width: 1024px) 100vw, 1024px\" \/><\/figure>\n\n\n\n<p>Das Oisans verf\u00fcgt \u00fcber 4 separate Skigebiete mit jeweils eigenem Flair:<\/p>\n\n\n\n<ul class=\"wp-block-list\">\n<li>Direkt vor unserer Haust\u00fcr liegt Alpe d\u2019Huez Grand Domaine Ski: 5 Resorts, 10.000 Hektar Skigebiet, Europas l\u00e4ngste schwarze Piste, La Sarenne und Pic Blanc auf 3.300 m.&nbsp;<\/li>\n\n\n\n<li>La Grave \u2013 La Meije: ein in Europa einzigartiges Off-Piste-Skigebiet, ein legend\u00e4rer Skilift und die Meije.<\/li>\n\n\n\n<li>Les 2 Alpes: Sommerskifahren, ein richtungsweisender Snowpark und ein 3.600 m hoher Gletscher.<\/li>\n\n\n\n<li>Le Col d\u2019Ornon: ein Resort von \u00fcberschaubarer Gr\u00f6\u00dfe, ein Mekka f\u00fcr Langlauf und Schneeschuhwandern und eine waldreiche Umgebung.&nbsp;<\/li>\n<\/ul>\n\n\n\n<div class=\"wp-block-buttons is-layout-flex wp-block-buttons-is-layout-flex\">\n<div class=\"wp-block-button\"><a class=\"wp-block-button__link wp-element-button\">Wintersport<\/a><\/div>\n<\/div>\n<\/div>\n\n\n\n<div class=\"wp-block-column is-layout-flow wp-block-column-is-layout-flow\">\n<p class=\"has-text-align-center\"><strong>Fahrrad und Mountainbike<\/strong><\/p>\n\n\n\n<figure class=\"wp-block-image size-large\"><img loading=\"lazy\" decoding=\"async\" width=\"1024\" height=\"683\" src=\"http:\/\/oisansvacances.fr\/wp-content\/uploads\/2024\/06\/Allemond-1024x683.jpg\" alt=\"\" class=\"wp-image-17\" srcset=\"https:\/\/oisansvacances.fr\/wp-content\/uploads\/2024\/06\/Allemond-1024x683.jpg 1024w, https:\/\/oisansvacances.fr\/wp-content\/uploads\/2024\/06\/Allemond-300x200.jpg 300w, https:\/\/oisansvacances.fr\/wp-content\/uploads\/2024\/06\/Allemond-768x512.jpg 768w, https:\/\/oisansvacances.fr\/wp-content\/uploads\/2024\/06\/Allemond-1536x1024.jpg 1536w, https:\/\/oisansvacances.fr\/wp-content\/uploads\/2024\/06\/Allemond-18x12.jpg 18w, https:\/\/oisansvacances.fr\/wp-content\/uploads\/2024\/06\/Allemond.jpg 2048w\" sizes=\"auto, (max-width: 1024px) 100vw, 1024px\" \/><\/figure>\n\n\n\n<p>Sie haben bestimmt schon vom Glandon, dem Croix de Fer, dem Galibier, dem Lautaret, dem Ornon und nat\u00fcrlich Alpe d\u2019Huez mit seinen 21 Kurven geh\u00f6rt. Wir sind sicher, dass alle Radfahrer vom Oisans geh\u00f6rt haben.<\/p>\n\n\n\n<p>In the summer it is cycling events, such as Alpe d\u2019Huzes, the Marmotte Grandfondo, the Tour de France and Oisans Col Series that set the pace of life in Oisans \u2026 Whether you are a professional cyclist searching for the ultimate training ground, or a more reserved cyclist, everyone will come away with a lasting memory of Oisans<\/p>\n\n\n\n<p>Der Begriff Mountainbiken bekommt hier eine ganz neue Bedeutung! Schwingen Sie sich auf Ihr Mountainbike und bew\u00e4ltigen Sie Radwege, die auf dem Gletscher auf 3000 m H\u00f6he beginnen, 2500 m durch Wiesen und Unterholz hinabf\u00fchren und in den Grasebenen von Bourg d'Oisans enden.<\/p>\n\n\n\n<p>Mit den MTB-Resorts Alpe d\u2019Huez Grand Domaine VTT, Les 2 Alpes und La Grave bietet Oisans drei sehr unterschiedliche Gebiete mit Pisten, die f\u00fcr Fahrer aller Niveaus konzipiert und gesichert sind. Vielleicht ist die MegaAvalanche ja Ihre n\u00e4chste Herausforderung! <\/p>\n\n\n\n<div class=\"wp-block-buttons is-layout-flex wp-block-buttons-is-layout-flex\">\n<div class=\"wp-block-button\"><a class=\"wp-block-button__link wp-element-button\" href=\"https:\/\/uk.bike-oisans.com\/?_ga=2.56891690.1297091269.1727459669-352026990.1727459669\">Fiets en mountainbike<\/a><\/div>\n<\/div>\n<\/div>\n\n\n\n<div class=\"wp-block-column is-layout-flow wp-block-column-is-layout-flow\">\n<p class=\"has-text-align-center\"><strong>Wandern und Klettern<\/strong><\/p>\n\n\n\n<figure class=\"wp-block-image size-large\"><img loading=\"lazy\" decoding=\"async\" width=\"1024\" height=\"512\" src=\"http:\/\/oisansvacances.fr\/wp-content\/uploads\/2024\/06\/climbing-1024x512.jpg\" alt=\"\" class=\"wp-image-22\" srcset=\"https:\/\/oisansvacances.fr\/wp-content\/uploads\/2024\/06\/climbing-1024x512.jpg 1024w, https:\/\/oisansvacances.fr\/wp-content\/uploads\/2024\/06\/climbing-300x150.jpg 300w, https:\/\/oisansvacances.fr\/wp-content\/uploads\/2024\/06\/climbing-768x384.jpg 768w, https:\/\/oisansvacances.fr\/wp-content\/uploads\/2024\/06\/climbing-1536x768.jpg 1536w, https:\/\/oisansvacances.fr\/wp-content\/uploads\/2024\/06\/climbing-18x9.jpg 18w, https:\/\/oisansvacances.fr\/wp-content\/uploads\/2024\/06\/climbing.jpg 1600w\" sizes=\"auto, (max-width: 1024px) 100vw, 1024px\" \/><\/figure>\n\n\n\n<p>Das Oisans bietet Wander- und Naturliebhabern Wanderrouten aller Schwierigkeitsgrade, egal, ob Sie nach einer anspruchsvollen mehrt\u00e4gigen gef\u00fchrten\/allein unternommenen Klettertour oder einer einfachen Tageswanderung suchen. <\/p>\n\n\n\n<p>Eingebettet in majest\u00e4tische Berge ist Oisans eine unber\u00fchrte und gut erhaltene Region, insbesondere dank des Nationalparks Ecrins, der ein au\u00dfergew\u00f6hnliches Naturerbe sowie eine gro\u00dfe Vielfalt an Landschaften und Naturst\u00e4tten bietet. Oisans verf\u00fcgt au\u00dferdem \u00fcber 24 Bergh\u00fctten, die sich ideal f\u00fcr eine Rast w\u00e4hrend der Wanderung oder f\u00fcr eine gem\u00fctliche \u00dcbernachtung eignen, bevor Sie am n\u00e4chsten Tag weiterreisen.<br><\/p>\n\n\n\n<div class=\"wp-block-buttons is-layout-flex wp-block-buttons-is-layout-flex\">\n<div class=\"wp-block-button\"><a class=\"wp-block-button__link wp-element-button\">Wandern und Klettern<\/a><\/div>\n<\/div>\n<\/div>\n<\/div>\n\n\n\n<div style=\"height:22px\" aria-hidden=\"true\" class=\"wp-block-spacer\"><\/div>\n\n\n\n<div class=\"wp-block-columns is-layout-flex wp-container-core-columns-is-layout-28f84493 wp-block-columns-is-layout-flex\">\n<div class=\"wp-block-column is-layout-flow wp-block-column-is-layout-flow\">\n<p class=\"has-text-align-center\"><strong>Haben Sie eine Frage?<\/strong><\/p>\n\n\n\n<div class=\"wp-block-buttons is-content-justification-center is-layout-flex wp-container-core-buttons-is-layout-a89b3969 wp-block-buttons-is-layout-flex\">\n<div class=\"wp-block-button\"><a class=\"wp-block-button__link wp-element-button\" href=\"mailto:info@oisansvacances.fr\">Anfrage senden<\/a><\/div>\n<\/div>\n<\/div>\n\n\n\n<div class=\"wp-block-column is-layout-flow wp-block-column-is-layout-flow\">\n<p class=\"has-text-align-center\"><strong>Bereit zu buchen<\/strong><\/p>\n\n\n\n<div class=\"wp-block-buttons is-content-justification-center is-layout-flex wp-container-core-buttons-is-layout-a89b3969 wp-block-buttons-is-layout-flex\">\n<div class=\"wp-block-button\"><a class=\"wp-block-button__link wp-element-button\" href=\"https:\/\/booking.smoobu.com\/9A965556\">Jetzt buchen<\/a><\/div>\n<\/div>\n<\/div>\n<\/div>\n\n\n\n<div style=\"height:32px\" aria-hidden=\"true\" class=\"wp-block-spacer\"><\/div>","protected":false},"excerpt":{"rendered":"<p>This region of the French Alps, straddling the d\u00e9partements of Is\u00e8re (38), Hautes-Alpes (05) and Savoie (73), is&nbsp;a paradise for lovers of wide, open spaces, thrilling (or more mellow) experiences and outstanding panoramic views. Situated on the climate barrier between the northern and southern Alps, it enjoys particularly good weather conditions, providing both plenty of &hellip; <\/p>\n<p class=\"link-more\"><a href=\"https:\/\/oisansvacances.fr\/de\/experiences\/\" class=\"more-link\">Mehr <span class=\"screen-reader-text\">\u00fcber &#8220;Experiences&#8221; <\/span>Lesen<\/a><\/p>","protected":false},"author":1,"featured_media":0,"parent":0,"menu_order":0,"comment_status":"closed","ping_status":"closed","template":"","meta":{"inspiro_hide_title":false,"footnotes":""},"class_list":["post-39","page","type-page","status-publish","hentry"],"_links":{"self":[{"href":"https:\/\/oisansvacances.fr\/de\/wp-json\/wp\/v2\/pages\/39","targetHints":{"allow":["GET"]}}],"collection":[{"href":"https:\/\/oisansvacances.fr\/de\/wp-json\/wp\/v2\/pages"}],"about":[{"href":"https:\/\/oisansvacances.fr\/de\/wp-json\/wp\/v2\/types\/page"}],"author":[{"embeddable":true,"href":"https:\/\/oisansvacances.fr\/de\/wp-json\/wp\/v2\/users\/1"}],"replies":[{"embeddable":true,"href":"https:\/\/oisansvacances.fr\/de\/wp-json\/wp\/v2\/comments?post=39"}],"version-history":[{"count":19,"href":"https:\/\/oisansvacances.fr\/de\/wp-json\/wp\/v2\/pages\/39\/revisions"}],"predecessor-version":[{"id":778,"href":"https:\/\/oisansvacances.fr\/de\/wp-json\/wp\/v2\/pages\/39\/revisions\/778"}],"wp:attachment":[{"href":"https:\/\/oisansvacances.fr\/de\/wp-json\/wp\/v2\/media?parent=39"}],"curies":[{"name":"wp","href":"https:\/\/api.w.org\/{rel}","templated":true}]}}