{"id":130,"date":"2024-06-11T10:38:05","date_gmt":"2024-06-11T10:38:05","guid":{"rendered":"https:\/\/oisansvacances.fr\/?page_id=130"},"modified":"2026-04-25T15:49:46","modified_gmt":"2026-04-25T15:49:46","slug":"vermarine-10-person-ski-and-cycling-chalet-in-alpe-dhuez-domaine","status":"publish","type":"page","link":"https:\/\/oisansvacances.fr\/de\/chalets-in-alpe-dhuez-domaine-group-accommodation-oisans\/vermarine-10-person-ski-and-cycling-chalet-in-alpe-dhuez-domaine\/","title":{"rendered":"Vermarine &#8211; 10 person ski and cycling Chalet"},"content":{"rendered":"<p>Stay at the most accessible Basecamp of the Alpe d&#8217;Huez Domaine and experience it all. <\/p>\n\n\n\n<div class=\"wp-block-columns is-layout-flex wp-container-core-columns-is-layout-28f84493 wp-block-columns-is-layout-flex\">\n<div class=\"wp-block-column is-layout-flow wp-block-column-is-layout-flow\">\n<div class=\"wp-block-group alignfull has-background has-global-padding is-layout-constrained wp-block-group-is-layout-constrained\" style=\"background-color:#e5e9ec;padding-top:var(--wp--preset--spacing--small);padding-bottom:var(--wp--preset--spacing--small)\">\n<div class=\"wp-block-columns is-layout-flex wp-container-core-columns-is-layout-28f84493 wp-block-columns-is-layout-flex\">\n<div class=\"wp-block-column is-layout-flow wp-block-column-is-layout-flow\">\n<figure class=\"wp-block-image size-full\"><img loading=\"lazy\" decoding=\"async\" width=\"278\" height=\"278\" src=\"http:\/\/oisansvacances.fr\/wp-content\/uploads\/2025\/06\/Logo-Ok_GITES-DE-FRANCE_-copie-005-1.png\" alt=\"\" class=\"wp-image-649\" srcset=\"https:\/\/oisansvacances.fr\/wp-content\/uploads\/2025\/06\/Logo-Ok_GITES-DE-FRANCE_-copie-005-1.png 278w, https:\/\/oisansvacances.fr\/wp-content\/uploads\/2025\/06\/Logo-Ok_GITES-DE-FRANCE_-copie-005-1-150x150.png 150w, https:\/\/oisansvacances.fr\/wp-content\/uploads\/2025\/06\/Logo-Ok_GITES-DE-FRANCE_-copie-005-1-12x12.png 12w\" sizes=\"auto, (max-width: 278px) 100vw, 278px\" \/><\/figure>\n\n\n\n<h2 class=\"wp-block-heading has-medium-font-size\" style=\"text-transform:uppercase\">\u00dcber Vermarine<\/h2>\n\n\n\n<p>Set within a beautiful, authentic barn dating from 1654, this g\u00eete is newly renovated and has been lovingly restored and is full of character and charm.&nbsp; G\u00eete Vermarine is situated in the heart of Allemond, the basecamp to explore the whole Oisans Region of the French Alps.<\/p>\n\n\n\n<p>Dieses Ferienhaus ist ideal gelegen, um die ber\u00fchmten Rad- und Wanderrouten zu erkunden und die gesamte Alpe D'Huez Grande Domaine vom 1,2 km entfernten Skilift Eau D'Olle aus zu erkunden<\/p>\n\n\n\n<p>Vermarine can also be joined with Jasper to provide a large space to host groups up to 15. <\/p>\n<\/div>\n\n\n\n<div class=\"wp-block-column is-layout-flow wp-block-column-is-layout-flow\">\n<figure class=\"wp-block-image size-large is-resized\"><img loading=\"lazy\" decoding=\"async\" width=\"768\" height=\"1024\" src=\"https:\/\/oisansvacances.fr\/wp-content\/uploads\/2025\/06\/IMG_5877-768x1024.jpg\" alt=\"\" class=\"wp-image-670\" style=\"width:491px;height:auto\" srcset=\"https:\/\/oisansvacances.fr\/wp-content\/uploads\/2025\/06\/IMG_5877-768x1024.jpg 768w, https:\/\/oisansvacances.fr\/wp-content\/uploads\/2025\/06\/IMG_5877-225x300.jpg 225w, https:\/\/oisansvacances.fr\/wp-content\/uploads\/2025\/06\/IMG_5877-2000x2667.jpg 2000w, https:\/\/oisansvacances.fr\/wp-content\/uploads\/2025\/06\/IMG_5877-scaled-9x12.jpg 9w, https:\/\/oisansvacances.fr\/wp-content\/uploads\/2025\/06\/IMG_5877-scaled.jpg 1920w\" sizes=\"auto, (max-width: 768px) 100vw, 768px\" \/><\/figure>\n\n\n\n<div class=\"wp-block-buttons is-layout-flex wp-block-buttons-is-layout-flex\">\n<div class=\"wp-block-button\"><a class=\"wp-block-button__link wp-element-button\" href=\"https:\/\/booking.smoobu.com\/9A965556\">Verf\u00fcgbarkeit pr\u00fcfen und buchen<\/a><\/div>\n<\/div>\n<\/div>\n<\/div>\n<\/div>\n<\/div>\n<\/div>\n\n\n\n<div class=\"wp-block-columns is-layout-flex wp-container-core-columns-is-layout-28f84493 wp-block-columns-is-layout-flex\">\n<div class=\"wp-block-column is-layout-flow wp-block-column-is-layout-flow\">\n<h2 class=\"wp-block-heading has-text-align-center\">Eine authentische G\u00eete f\u00fcr 10 Schlafpl\u00e4tze im Herzen von Allemond<\/h2>\n\n\n\n<p class=\"has-text-align-center\">Weitere Details:<\/p>\n<\/div>\n<\/div>\n\n\n\n<div class=\"wp-block-columns is-layout-flex wp-container-core-columns-is-layout-28f84493 wp-block-columns-is-layout-flex\">\n<div class=\"wp-block-column is-layout-flow wp-block-column-is-layout-flow\">\n<figure class=\"wp-block-gallery has-nested-images columns-default is-cropped wp-block-gallery-1 is-layout-flex wp-block-gallery-is-layout-flex\">\n<figure class=\"wp-block-image size-full is-style-default\"><img loading=\"lazy\" decoding=\"async\" width=\"1500\" height=\"1000\" data-id=\"604\" src=\"https:\/\/oisansvacances.fr\/wp-content\/uploads\/2025\/06\/VM-lounge2-1.jpg\" alt=\"\" class=\"wp-image-604\" srcset=\"https:\/\/oisansvacances.fr\/wp-content\/uploads\/2025\/06\/VM-lounge2-1.jpg 1500w, https:\/\/oisansvacances.fr\/wp-content\/uploads\/2025\/06\/VM-lounge2-1-300x200.jpg 300w, https:\/\/oisansvacances.fr\/wp-content\/uploads\/2025\/06\/VM-lounge2-1-1024x683.jpg 1024w, https:\/\/oisansvacances.fr\/wp-content\/uploads\/2025\/06\/VM-lounge2-1-18x12.jpg 18w\" sizes=\"auto, (max-width: 1500px) 100vw, 1500px\" \/><\/figure>\n<\/figure>\n\n\n\n<p>Vermarine ist bestens ausgestattet und bietet Platz f\u00fcr Gruppen bis zu 10 Personen. Es ist ein ger\u00e4umiger, 120 m\u00b2 gro\u00dfer Raum auf vier Etagen in einem alten Bauernhaus (1645). Es vereint das Ambiente und den Charme der Vergangenheit mit modernem Komfort, den Sie von zu Hause erwarten.<\/p>\n<\/div>\n\n\n\n<div class=\"wp-block-column is-layout-flow wp-block-column-is-layout-flow\">\n<figure class=\"wp-block-image size-full\"><img loading=\"lazy\" decoding=\"async\" width=\"1500\" height=\"1000\" src=\"https:\/\/oisansvacances.fr\/wp-content\/uploads\/2025\/06\/VM-dining.jpg\" alt=\"\" class=\"wp-image-609\" srcset=\"https:\/\/oisansvacances.fr\/wp-content\/uploads\/2025\/06\/VM-dining.jpg 1500w, https:\/\/oisansvacances.fr\/wp-content\/uploads\/2025\/06\/VM-dining-300x200.jpg 300w, https:\/\/oisansvacances.fr\/wp-content\/uploads\/2025\/06\/VM-dining-1024x683.jpg 1024w, https:\/\/oisansvacances.fr\/wp-content\/uploads\/2025\/06\/VM-dining-18x12.jpg 18w\" sizes=\"auto, (max-width: 1500px) 100vw, 1500px\" \/><\/figure>\n\n\n\n<p>In Vermarine finden Sie ein Erdgeschoss mit K\u00fcche, Ess- und Wohnzimmer als sozialer Raum.<\/p>\n\n\n\n<p>This level has a fully equipped kitchen (with sharp knives &#8211; as keen cooks ourselves we know the importance of a good rental kitchen!) Amazing WiFi throughout with 2GB Orange Pro private connection. The lounge area gives a great new LG OLED 4K SMART TV with Netflix, Amazon Prime TV, Apple TV and Orange cable TV and Molotov for any channel you may want to use.<\/p>\n<\/div>\n\n\n\n<div class=\"wp-block-column is-layout-flow wp-block-column-is-layout-flow\">\n<figure class=\"wp-block-gallery has-nested-images columns-default is-cropped wp-block-gallery-2 is-layout-flex wp-block-gallery-is-layout-flex\">\n<figure class=\"wp-block-image size-full\"><img loading=\"lazy\" decoding=\"async\" width=\"1500\" height=\"1000\" data-id=\"602\" src=\"https:\/\/oisansvacances.fr\/wp-content\/uploads\/2025\/06\/VM-bedroom-1.jpg\" alt=\"\" class=\"wp-image-602\" srcset=\"https:\/\/oisansvacances.fr\/wp-content\/uploads\/2025\/06\/VM-bedroom-1.jpg 1500w, https:\/\/oisansvacances.fr\/wp-content\/uploads\/2025\/06\/VM-bedroom-1-300x200.jpg 300w, https:\/\/oisansvacances.fr\/wp-content\/uploads\/2025\/06\/VM-bedroom-1-1024x683.jpg 1024w, https:\/\/oisansvacances.fr\/wp-content\/uploads\/2025\/06\/VM-bedroom-1-18x12.jpg 18w\" sizes=\"auto, (max-width: 1500px) 100vw, 1500px\" \/><\/figure>\n<\/figure>\n\n\n\n<p>Schlafzimmer 1 kann als Kingsize-Doppelzimmer, Zweibettzimmer oder Dreibettzimmer genutzt werden, falls Sie ein zus\u00e4tzliches Bett ben\u00f6tigen. Ein Kinderbett kann hinzugestellt werden, falls Sie ein Doppelbett mit Kinderbett w\u00fcnschen. Das Zimmer verf\u00fcgt \u00fcber ein eigenes Duschbad und WC. Der Blick geht auf die Berge Sardonne und Oz en Oisans.<\/p>\n<\/div>\n<\/div>\n\n\n\n<div class=\"wp-block-columns is-layout-flex wp-container-core-columns-is-layout-28f84493 wp-block-columns-is-layout-flex\">\n<div class=\"wp-block-column is-layout-flow wp-block-column-is-layout-flow\">\n<figure class=\"wp-block-image size-full\"><img loading=\"lazy\" decoding=\"async\" width=\"1500\" height=\"1000\" src=\"https:\/\/oisansvacances.fr\/wp-content\/uploads\/2025\/06\/VM-bedroom-2-twin.jpg\" alt=\"\" class=\"wp-image-601\" srcset=\"https:\/\/oisansvacances.fr\/wp-content\/uploads\/2025\/06\/VM-bedroom-2-twin.jpg 1500w, https:\/\/oisansvacances.fr\/wp-content\/uploads\/2025\/06\/VM-bedroom-2-twin-300x200.jpg 300w, https:\/\/oisansvacances.fr\/wp-content\/uploads\/2025\/06\/VM-bedroom-2-twin-1024x683.jpg 1024w, https:\/\/oisansvacances.fr\/wp-content\/uploads\/2025\/06\/VM-bedroom-2-twin-18x12.jpg 18w\" sizes=\"auto, (max-width: 1500px) 100vw, 1500px\" \/><\/figure>\n\n\n\n<p>Das zweite Schlafzimmer kann als Kingsize-Doppel- oder Zweibettzimmer konfiguriert werden, und ein Kinderbett kann hinzugef\u00fcgt werden. Genau wie im ersten Schlafzimmer hat man einen Blick auf die Berge von Sardonne und Oz en Oisans. Es teilt sich ein Badezimmer und eine separate Toilette mit Schlafzimmer drei<\/p>\n<\/div>\n\n\n\n<div class=\"wp-block-column is-layout-flow wp-block-column-is-layout-flow\">\n<figure class=\"wp-block-image size-full\"><img loading=\"lazy\" decoding=\"async\" width=\"1500\" height=\"1000\" src=\"https:\/\/oisansvacances.fr\/wp-content\/uploads\/2025\/06\/VM-bedroom3-triple-1.jpg\" alt=\"\" class=\"wp-image-600\" srcset=\"https:\/\/oisansvacances.fr\/wp-content\/uploads\/2025\/06\/VM-bedroom3-triple-1.jpg 1500w, https:\/\/oisansvacances.fr\/wp-content\/uploads\/2025\/06\/VM-bedroom3-triple-1-300x200.jpg 300w, https:\/\/oisansvacances.fr\/wp-content\/uploads\/2025\/06\/VM-bedroom3-triple-1-1024x683.jpg 1024w, https:\/\/oisansvacances.fr\/wp-content\/uploads\/2025\/06\/VM-bedroom3-triple-1-18x12.jpg 18w\" sizes=\"auto, (max-width: 1500px) 100vw, 1500px\" \/><\/figure>\n\n\n\n<p>Schlafzimmer Drei ist ein Juwel f\u00fcr Familien und Gruppen. Es verf\u00fcgt \u00fcber einen Hauptraum, der in ein Kingsize-Doppel- oder Dreibettzimmer f\u00fcr drei Personen umgewandelt werden kann.<\/p>\n<\/div>\n\n\n\n<div class=\"wp-block-column is-layout-flow wp-block-column-is-layout-flow\">\n<figure class=\"wp-block-image size-full\"><img loading=\"lazy\" decoding=\"async\" width=\"1500\" height=\"1000\" src=\"https:\/\/oisansvacances.fr\/wp-content\/uploads\/2025\/06\/VM-bedroom-4-view-1-1.jpg\" alt=\"\" class=\"wp-image-598\" srcset=\"https:\/\/oisansvacances.fr\/wp-content\/uploads\/2025\/06\/VM-bedroom-4-view-1-1.jpg 1500w, https:\/\/oisansvacances.fr\/wp-content\/uploads\/2025\/06\/VM-bedroom-4-view-1-1-300x200.jpg 300w, https:\/\/oisansvacances.fr\/wp-content\/uploads\/2025\/06\/VM-bedroom-4-view-1-1-1024x683.jpg 1024w, https:\/\/oisansvacances.fr\/wp-content\/uploads\/2025\/06\/VM-bedroom-4-view-1-1-18x12.jpg 18w\" sizes=\"auto, (max-width: 1500px) 100vw, 1500px\" \/><\/figure>\n\n\n\n<p>Schlafzimmer 4 befindet sich im obersten Stockwerk und verf\u00fcgt \u00fcber zwei Einzelbetten. <\/p>\n<\/div>\n<\/div>\n\n\n\n<div class=\"wp-block-columns is-layout-flex wp-container-core-columns-is-layout-28f84493 wp-block-columns-is-layout-flex\">\n<div class=\"wp-block-column is-layout-flow wp-block-column-is-layout-flow\">\n<figure class=\"wp-block-image size-full\"><img loading=\"lazy\" decoding=\"async\" width=\"1500\" height=\"1000\" src=\"https:\/\/oisansvacances.fr\/wp-content\/uploads\/2025\/06\/VM-games-room.jpg\" alt=\"\" class=\"wp-image-606\" srcset=\"https:\/\/oisansvacances.fr\/wp-content\/uploads\/2025\/06\/VM-games-room.jpg 1500w, https:\/\/oisansvacances.fr\/wp-content\/uploads\/2025\/06\/VM-games-room-300x200.jpg 300w, https:\/\/oisansvacances.fr\/wp-content\/uploads\/2025\/06\/VM-games-room-1024x683.jpg 1024w, https:\/\/oisansvacances.fr\/wp-content\/uploads\/2025\/06\/VM-games-room-18x12.jpg 18w\" sizes=\"auto, (max-width: 1500px) 100vw, 1500px\" \/><\/figure>\n\n\n\n<p>Kinder im Urlaub zu unterhalten ist ein Vollzeitjob. Das wissen wir auch! Deshalb haben wir ein Kinderspielzimmer mit Tischfu\u00dfball, Spielen, Malen, B\u00fcchern und vielem mehr eingerichtet. Au\u00dferdem gibt es einen Bereich mit einer Spielekonsole, Spielen und einem weiteren Fernseher.<\/p>\n<\/div>\n\n\n\n<div class=\"wp-block-column is-layout-flow wp-block-column-is-layout-flow\">\n<figure class=\"wp-block-image size-large is-resized\"><img loading=\"lazy\" decoding=\"async\" width=\"1024\" height=\"683\" src=\"https:\/\/oisansvacances.fr\/wp-content\/uploads\/2025\/06\/Vermarine-terrace-1024x683.jpg\" alt=\"\" class=\"wp-image-608\" style=\"width:345px;height:auto\" srcset=\"https:\/\/oisansvacances.fr\/wp-content\/uploads\/2025\/06\/Vermarine-terrace-1024x683.jpg 1024w, https:\/\/oisansvacances.fr\/wp-content\/uploads\/2025\/06\/Vermarine-terrace-300x200.jpg 300w, https:\/\/oisansvacances.fr\/wp-content\/uploads\/2025\/06\/Vermarine-terrace-18x12.jpg 18w, https:\/\/oisansvacances.fr\/wp-content\/uploads\/2025\/06\/Vermarine-terrace.jpg 1500w\" sizes=\"auto, (max-width: 1024px) 100vw, 1024px\" \/><\/figure>\n\n\n\n<p>Genie\u00dfen Sie die Natur, essen und entspannen Sie in der Sonne in Ihrem eigenen Garten und auf der Terrasse oder nutzen Sie den sicheren Vorgarten, in dem Ihre Kinder mit den vorhandenen Spielger\u00e4ten spielen k\u00f6nnen. In diesem Vorgarten gibt es auch einen zweiten Sitzbereich, wo Sie ein Glas Wein oder Bier in der Sonne genie\u00dfen k\u00f6nnen, w\u00e4hrend Ihre Kinder den Garten genie\u00dfen.<\/p>\n<\/div>\n\n\n\n<div class=\"wp-block-column is-layout-flow wp-block-column-is-layout-flow\">\n<figure class=\"wp-block-image aligncenter size-full\"><img loading=\"lazy\" decoding=\"async\" width=\"2000\" height=\"1128\" src=\"https:\/\/oisansvacances.fr\/wp-content\/uploads\/2025\/06\/house-and-garden.jpg\" alt=\"\" class=\"wp-image-619\" srcset=\"https:\/\/oisansvacances.fr\/wp-content\/uploads\/2025\/06\/house-and-garden.jpg 2000w, https:\/\/oisansvacances.fr\/wp-content\/uploads\/2025\/06\/house-and-garden-300x169.jpg 300w, https:\/\/oisansvacances.fr\/wp-content\/uploads\/2025\/06\/house-and-garden-1024x578.jpg 1024w, https:\/\/oisansvacances.fr\/wp-content\/uploads\/2025\/06\/house-and-garden-18x10.jpg 18w\" sizes=\"auto, (max-width: 2000px) 100vw, 2000px\" \/><\/figure>\n\n\n\n<p>Vermarine nimmt die gesamte Vorderfassade des 1645 erbauten Bauernhofs ein und wurde vollst\u00e4ndig restauriert, um Ihr charmantes, gem\u00fctliches und praktisches Zuhause f\u00fcr Ihren Urlaub zu werden<\/p>\n<\/div>\n<\/div>\n\n\n\n<div class=\"wp-block-columns is-layout-flex wp-container-core-columns-is-layout-28f84493 wp-block-columns-is-layout-flex\">\n<div class=\"wp-block-column is-layout-flow wp-block-column-is-layout-flow\">\n<figure class=\"wp-block-image size-large\"><img loading=\"lazy\" decoding=\"async\" width=\"1024\" height=\"683\" src=\"https:\/\/oisansvacances.fr\/wp-content\/uploads\/2025\/06\/VM-kitchen-1024x683.jpg\" alt=\"\" class=\"wp-image-607\" srcset=\"https:\/\/oisansvacances.fr\/wp-content\/uploads\/2025\/06\/VM-kitchen-1024x683.jpg 1024w, https:\/\/oisansvacances.fr\/wp-content\/uploads\/2025\/06\/VM-kitchen-300x200.jpg 300w, https:\/\/oisansvacances.fr\/wp-content\/uploads\/2025\/06\/VM-kitchen-18x12.jpg 18w, https:\/\/oisansvacances.fr\/wp-content\/uploads\/2025\/06\/VM-kitchen.jpg 1500w\" sizes=\"auto, (max-width: 1024px) 100vw, 1024px\" \/><\/figure>\n\n\n\n<p>Vermarine bietet eine ger\u00e4umige und gut ausgestattete K\u00fcche mit Geschirrsp\u00fcler, Gas- und Elektroherd, Backofen, Mikrowelle und Nespresso-Kaffeemaschine. Es gibt eine gro\u00dfe Fr\u00fchst\u00fccksbar f\u00fcr zwangloses Essen und Snacks.<\/p>\n<\/div>\n\n\n\n<div class=\"wp-block-column is-layout-flow wp-block-column-is-layout-flow\">\n<figure class=\"wp-block-image size-large\"><img loading=\"lazy\" decoding=\"async\" width=\"1024\" height=\"683\" src=\"https:\/\/oisansvacances.fr\/wp-content\/uploads\/2025\/06\/VM-mudroom-1-1024x683.jpg\" alt=\"\" class=\"wp-image-613\" srcset=\"https:\/\/oisansvacances.fr\/wp-content\/uploads\/2025\/06\/VM-mudroom-1-1024x683.jpg 1024w, https:\/\/oisansvacances.fr\/wp-content\/uploads\/2025\/06\/VM-mudroom-1-300x200.jpg 300w, https:\/\/oisansvacances.fr\/wp-content\/uploads\/2025\/06\/VM-mudroom-1-18x12.jpg 18w, https:\/\/oisansvacances.fr\/wp-content\/uploads\/2025\/06\/VM-mudroom-1.jpg 1500w\" sizes=\"auto, (max-width: 1024px) 100vw, 1024px\" \/><\/figure>\n\n\n\n<p>Der Werkstatt- und Indoor-Lagerbereich bietet Platz f\u00fcr die sichere Aufbewahrung von Sportger\u00e4ten, die f\u00fcr ernsthafte Enthusiasten sehr wichtig sind. Sie sind ger\u00e4umig genug, um Ihre Fahrr\u00e4der, Ski- und andere Sportger\u00e4te zu verstauen. Es verf\u00fcgt auch \u00fcber Werkzeuge, Reinigungsger\u00e4te, eine Gleispumpe usw., die Sie verwenden k\u00f6nnen.<\/p>\n<\/div>\n\n\n\n<div class=\"wp-block-column is-layout-flow wp-block-column-is-layout-flow\">\n<figure class=\"wp-block-image size-full\"><img loading=\"lazy\" decoding=\"async\" width=\"1500\" height=\"1000\" src=\"https:\/\/oisansvacances.fr\/wp-content\/uploads\/2025\/06\/VM-xbox.jpg\" alt=\"\" class=\"wp-image-614\" srcset=\"https:\/\/oisansvacances.fr\/wp-content\/uploads\/2025\/06\/VM-xbox.jpg 1500w, https:\/\/oisansvacances.fr\/wp-content\/uploads\/2025\/06\/VM-xbox-300x200.jpg 300w, https:\/\/oisansvacances.fr\/wp-content\/uploads\/2025\/06\/VM-xbox-1024x683.jpg 1024w, https:\/\/oisansvacances.fr\/wp-content\/uploads\/2025\/06\/VM-xbox-18x12.jpg 18w\" sizes=\"auto, (max-width: 1500px) 100vw, 1500px\" \/><\/figure>\n\n\n\n<p>Eine XBOX-One-Zone mit Spielen im 1. Stock und ein gemeinsamer, aber umz\u00e4unter Vorgarten mit Spielzeug f\u00fcr drau\u00dfen und einem Entspannungsbereich f\u00fcr Erwachsene im Sommer, in dem alle Kinder in einer sicheren, umz\u00e4unten Umgebung zusammen spielen k\u00f6nnen.<\/p>\n<\/div>\n<\/div>\n\n\n\n<h2 class=\"wp-block-heading\">Lage und Anfahrt<\/h2>\n\n\n\n<div class=\"wp-block-columns is-layout-flex wp-container-core-columns-is-layout-28f84493 wp-block-columns-is-layout-flex\">\n<div class=\"wp-block-column is-layout-flow wp-block-column-is-layout-flow\">\n<figure class=\"wp-block-image size-full\"><img loading=\"lazy\" decoding=\"async\" width=\"1900\" height=\"1199\" src=\"https:\/\/oisansvacances.fr\/wp-content\/uploads\/2024\/09\/skiiing.png\" alt=\"\" class=\"wp-image-322\" srcset=\"https:\/\/oisansvacances.fr\/wp-content\/uploads\/2024\/09\/skiiing.png 1900w, https:\/\/oisansvacances.fr\/wp-content\/uploads\/2024\/09\/skiiing-300x189.png 300w, https:\/\/oisansvacances.fr\/wp-content\/uploads\/2024\/09\/skiiing-1024x646.png 1024w, https:\/\/oisansvacances.fr\/wp-content\/uploads\/2024\/09\/skiiing-18x12.png 18w\" sizes=\"auto, (max-width: 1900px) 100vw, 1900px\" \/><\/figure>\n\n\n\n<p>Der Skilift ist 1,2 km von der Unterkunft entfernt und gelangt \u00fcber die Stra\u00dfe oder den Voie Verte-Weg, der keine Fahrzeuge hat. Das Allemond Eau d'Olle Telecabine erreicht Oz en Oisans in 8 Minuten. Von hier aus steht Ihnen die gesamte Alpe D'Huez Grande Domaine zur Verf\u00fcgung<\/p>\n\n\n\n<div class=\"wp-block-buttons is-layout-flex wp-block-buttons-is-layout-flex\">\n<div class=\"wp-block-button\"><a class=\"wp-block-button__link wp-element-button\" href=\"https:\/\/www.alpedhuez.com\/fr\/hiver\/types-apidae\/domaine-skiable\/alpe-dhuez-grand-domaine-ski\/\">Alpe D&#8217;Huez<\/a><\/div>\n<\/div>\n<\/div>\n\n\n\n<div class=\"wp-block-column is-layout-flow wp-block-column-is-layout-flow\">\n<figure class=\"wp-block-image size-full is-resized\"><img loading=\"lazy\" decoding=\"async\" width=\"750\" height=\"475\" src=\"https:\/\/oisansvacances.fr\/wp-content\/uploads\/2024\/09\/ski-lockers-1.jpg\" alt=\"\" class=\"wp-image-323\" style=\"width:344px;height:auto\" srcset=\"https:\/\/oisansvacances.fr\/wp-content\/uploads\/2024\/09\/ski-lockers-1.jpg 750w, https:\/\/oisansvacances.fr\/wp-content\/uploads\/2024\/09\/ski-lockers-1-300x190.jpg 300w, https:\/\/oisansvacances.fr\/wp-content\/uploads\/2024\/09\/ski-lockers-1-18x12.jpg 18w\" sizes=\"auto, (max-width: 750px) 100vw, 750px\" \/><\/figure>\n\n\n\n<p>Am Skilift finden Sie Chalet-Skischr\u00e4nke, in denen Sie Ihre Ausr\u00fcstung an der Talstation des Lifts abstellen k\u00f6nnen. Zus\u00e4tzlich gibt es einen kostenlosen Navette-Bus, der entlang des Talbodens f\u00e4hrt und Sie direkt zum Skilift bringt.  Wenn Sie m\u00f6chten, gibt es viele kostenlose Parkpl\u00e4tze am Aufzug.<\/p>\n\n\n\n<div class=\"wp-block-buttons is-layout-flex wp-block-buttons-is-layout-flex\">\n<div class=\"wp-block-button\"><a class=\"wp-block-button__link wp-element-button\" href=\"https:\/\/www.oisans.com\/stations-et-villages\/allemond\/allemond-pratique\/ascenseur-valleen-eau-dolle-express\/\">Telecabine<\/a><\/div>\n<\/div>\n<\/div>\n\n\n\n<div class=\"wp-block-column is-layout-flow wp-block-column-is-layout-flow\">\n<figure class=\"wp-block-image size-full is-resized\"><img loading=\"lazy\" decoding=\"async\" width=\"778\" height=\"475\" src=\"http:\/\/oisansvacances.fr\/wp-content\/uploads\/2024\/09\/allemondcut-e1725615134498.png\" alt=\"\" class=\"wp-image-324\" style=\"width:354px;height:auto\"\/><\/figure>\n\n\n\n<p>Gite Rose Quartz liegt 1000 m vom Zentrum von Allemond mit seinen Restaurants, Arztpraxen, Physiotherapeuten und einem Sportverleih entfernt. Zwischen 100 und 250 Metern Entfernung befinden sich die Apotheke, der Spar-Supermarkt und das Restaurant Etape in unmittelbarer N\u00e4he.<\/p>\n\n\n\n<div class=\"wp-block-buttons is-layout-flex wp-block-buttons-is-layout-flex\">\n<div class=\"wp-block-button\"><a class=\"wp-block-button__link wp-element-button\" href=\"https:\/\/uk.oisans.com\/resorts-and-villages\/allemond\/\">Allemond<\/a><\/div>\n<\/div>\n<\/div>\n<\/div>\n\n\n\n<div class=\"wp-block-columns is-layout-flex wp-container-core-columns-is-layout-28f84493 wp-block-columns-is-layout-flex\">\n<div class=\"wp-block-column is-layout-flow wp-block-column-is-layout-flow\">\n<h2 class=\"wp-block-heading\">Verf\u00fcgbarkeit<\/h2>\n\n\n\n<div id=\"smoobuApartment2290656en\" class=\"calendarWidget\"> <div class=\"calendarContent\" data-load-calendar-url=\"https:\/\/login.smoobu.com\/en\/cockpit\/widget\/single-calendar\/2290656\" data-verification=\"f5f03b4f3ddf68acc3e483d471564169deb1d757f5b5690783ba28d586a39b4a\" data-baseurl=\"https:\/\/login.smoobu.com\" data-disable-css=\"false\" ><\/div> <script type=\"text\/javascript\" src=\"https:\/\/login.smoobu.com\/js\/Apartment\/CalendarWidget.js\"><\/script><\/div>\n\n\n\n<h2 class=\"wp-block-heading\">Jetzt buchen<\/h2>\n\n\n\n<p>Buchen Sie direkt ohne Plattformgeb\u00fchren. Sie werden feststellen, dass die Direktbuchung die kosteng\u00fcnstigste M\u00f6glichkeit ist, Ihre Reise zu organisieren.<\/p>\n\n\n\n<div id=\"apartmentIframeAll\">\n<script type=\"text\/javascript\" src=\"https:\/\/login.smoobu.com\/js\/Settings\/BookingToolIframe.js\"><\/script>\n<script>BookingToolIframe.initialize({\"url\": \"https:\/\/login.smoobu.com\/en\/booking-tool\/iframe\/965556\", \"baseUrl\": \"https:\/\/login.smoobu.com\", \"target\": \"#apartmentIframeAll\"})<\/script>\n<\/div>\n\n\n\n<div class=\"wp-block-buttons is-layout-flex wp-block-buttons-is-layout-flex\">\n<div class=\"wp-block-button\"><a class=\"wp-block-button__link wp-element-button\" href=\"mailto:info@oisansvacances.fr\">Ansprechpartner f\u00fcr besondere Bed\u00fcrfnisse<\/a><\/div>\n\n\n\n<div class=\"wp-block-button\"><a class=\"wp-block-button__link wp-element-button\" href=\"mailto:info@oisansvacances.fr\">Anfrage senden<\/a><\/div>\n<\/div>\n<\/div>\n\n\n\n<div class=\"wp-block-column is-layout-flow wp-block-column-is-layout-flow\">\n<h2 class=\"wp-block-heading\">Einrichtungen<\/h2>\n\n\n\n<ul class=\"wp-block-list\">\n<li>Orange Business pro Glasfaser WLAN <\/li>\n\n\n\n<li>SMART TV<\/li>\n\n\n\n<li>Sonos<\/li>\n\n\n\n<li>Sichere Innenlagerung und Werkstatt <\/li>\n\n\n\n<li>2 Schlie\u00dff\u00e4cher am Skilift zu Ihrer Nutzung<\/li>\n\n\n\n<li>XBOX One Konsole und Spiele \/ zweiter TV-Bereich<\/li>\n\n\n\n<li>Voll ausgestattete K\u00fcche<\/li>\n\n\n\n<li>Nespresso-, Raclette-, Fondu-Maschinen<\/li>\n\n\n\n<li>Flexible Schlafzimmerkonfigurationen<\/li>\n\n\n\n<li>Children\u2019s indoor play cave<\/li>\n\n\n\n<li>Secure shared outdoor garden with children\u2019s toys.<\/li>\n\n\n\n<li>Privater Garten im Freien zum Entspannen in der Sonne<\/li>\n\n\n\n<li>\u00dcberdachte Essterrasse im Freien mit 10 Sitzpl\u00e4tzen<\/li>\n\n\n\n<li>Handt\u00fccher und Bettw\u00e4sche werden gestellt<\/li>\n\n\n\n<li>Waschmaschine<\/li>\n\n\n\n<li>Geschirrsp\u00fclmaschine<\/li>\n\n\n\n<li>Haartrockner<\/li>\n\n\n\n<li>Babyausstattung \/ Tore \/ Brandschutz \/ Kinderbetten<\/li>\n\n\n\n<li>B\u00fcgeleisen und B\u00fcgelbrett <\/li>\n\n\n\n<li>Werkzeuge und Pumpe<\/li>\n\n\n\n<li>Kostenloses Parken vor Ort f\u00fcr zwei Fahrzeuge<\/li>\n<\/ul>\n<\/div>\n<\/div>\n\n\n\n<div class=\"wp-block-group alignfull has-global-padding is-layout-constrained wp-block-group-is-layout-constrained\" style=\"margin-top:0px\"><\/div>\n\n\n\n<div class=\"wp-block-group has-global-padding is-layout-constrained wp-block-group-is-layout-constrained\">\n<div class=\"wp-block-columns are-vertically-aligned-center is-layout-flex wp-container-core-columns-is-layout-28f84493 wp-block-columns-is-layout-flex\">\n<div class=\"wp-block-column is-vertically-aligned-center is-layout-flow wp-block-column-is-layout-flow\">\n<h2 class=\"wp-block-heading has-large-font-size\" style=\"font-weight:700\">Ort<\/h2>\n\n\n\n<p style=\"font-size:clamp(0.875em, 0.875rem + ((1vw - 0.2em) * 0.319), 1.1em);\">560 Route de Savoie, <\/p>\n\n\n\n<p>Allemond, 38114, Isere, France<\/p>\n\n\n\n<p style=\"font-size:clamp(0.875em, 0.875rem + ((1vw - 0.2em) * 0.319), 1.1em);\">Phone: +33.(0)7.54.29.01.62<br>Email: <a href=\"mailto:example@example.com\">info@oisasnsvacances.fr<\/a><\/p>\n<\/div>\n\n\n\n<div class=\"wp-block-column is-vertically-aligned-center is-layout-flow wp-block-column-is-layout-flow\">\n<div style=\"height:68px\" aria-hidden=\"true\" class=\"wp-block-spacer\"><\/div>\n\n\n\n<iframe src=\"https:\/\/www.google.com\/maps\/embed?pb=!1m18!1m12!1m3!1d2815.0948455868443!2d6.025359111252709!3d45.124413770949715!2m3!1f0!2f0!3f0!3m2!1i1024!2i768!4f13.1!3m3!1m2!1s0x478a69ec61307753%3A0x453f99f278f0f58c!2s560%20Rte%20de%20Savoie%2C%2038114%20Allemont!5e0!3m2!1sen!2sfr!4v1718100469782!5m2!1sen!2sfr\" width=\"600\" height=\"450\" style=\"border:0;\" allowfullscreen=\"\" loading=\"lazy\" referrerpolicy=\"no-referrer-when-downgrade\"><\/iframe><\/iframe>\n<\/div>\n<\/div>\n<\/div>\n\n\n\n<div style=\"height:100px\" aria-hidden=\"true\" class=\"wp-block-spacer\"><\/div>","protected":false},"excerpt":{"rendered":"<p>Stay at the most accessible Basecamp of the Alpe d&#8217;Huez Domaine and experience it all. About Vermarine Set within a beautiful, authentic barn dating from 1654, this g\u00eete is newly renovated and has been lovingly restored and is full of character and charm.&nbsp; G\u00eete Vermarine is situated in the heart of Allemond, the basecamp to &hellip; <\/p>\n<p class=\"link-more\"><a href=\"https:\/\/oisansvacances.fr\/de\/chalets-in-alpe-dhuez-domaine-group-accommodation-oisans\/vermarine-10-person-ski-and-cycling-chalet-in-alpe-dhuez-domaine\/\" class=\"more-link\">Mehr <span class=\"screen-reader-text\">\u00fcber &#8220;Vermarine &#8211; 10 person ski and cycling Chalet&#8221; <\/span>Lesen<\/a><\/p>","protected":false},"author":1,"featured_media":0,"parent":40,"menu_order":2,"comment_status":"closed","ping_status":"closed","template":"","meta":{"inspiro_hide_title":false,"footnotes":""},"class_list":["post-130","page","type-page","status-publish","hentry"],"_links":{"self":[{"href":"https:\/\/oisansvacances.fr\/de\/wp-json\/wp\/v2\/pages\/130","targetHints":{"allow":["GET"]}}],"collection":[{"href":"https:\/\/oisansvacances.fr\/de\/wp-json\/wp\/v2\/pages"}],"about":[{"href":"https:\/\/oisansvacances.fr\/de\/wp-json\/wp\/v2\/types\/page"}],"author":[{"embeddable":true,"href":"https:\/\/oisansvacances.fr\/de\/wp-json\/wp\/v2\/users\/1"}],"replies":[{"embeddable":true,"href":"https:\/\/oisansvacances.fr\/de\/wp-json\/wp\/v2\/comments?post=130"}],"version-history":[{"count":91,"href":"https:\/\/oisansvacances.fr\/de\/wp-json\/wp\/v2\/pages\/130\/revisions"}],"predecessor-version":[{"id":842,"href":"https:\/\/oisansvacances.fr\/de\/wp-json\/wp\/v2\/pages\/130\/revisions\/842"}],"up":[{"embeddable":true,"href":"https:\/\/oisansvacances.fr\/de\/wp-json\/wp\/v2\/pages\/40"}],"wp:attachment":[{"href":"https:\/\/oisansvacances.fr\/de\/wp-json\/wp\/v2\/media?parent=130"}],"curies":[{"name":"wp","href":"https:\/\/api.w.org\/{rel}","templated":true}]}}