{"id":126,"date":"2024-06-11T10:37:53","date_gmt":"2024-06-11T10:37:53","guid":{"rendered":"https:\/\/oisansvacances.fr\/?page_id=126"},"modified":"2026-04-25T15:53:03","modified_gmt":"2026-04-25T15:53:03","slug":"rose-7-person-chalet-for-ski-and-cycle","status":"publish","type":"page","link":"https:\/\/oisansvacances.fr\/de\/chalets-in-alpe-dhuez-domaine-group-accommodation-oisans\/rose-7-person-chalet-for-ski-and-cycle\/","title":{"rendered":"Rose Quartz &#8211; 8 Person Chalet for Ski and Cycle"},"content":{"rendered":"<p>Stay at the most accessible Basecamp of the Alpe d\u2019Huez Domaine and experience it all.<\/p>\n\n\n\n<div class=\"wp-block-columns is-layout-flex wp-container-core-columns-is-layout-28f84493 wp-block-columns-is-layout-flex\">\n<div class=\"wp-block-column is-layout-flow wp-block-column-is-layout-flow\">\n<div class=\"wp-block-group alignfull has-background has-global-padding is-layout-constrained wp-block-group-is-layout-constrained\" style=\"background-color:#e5e9ec;padding-top:var(--wp--preset--spacing--small);padding-bottom:var(--wp--preset--spacing--small)\">\n<div class=\"wp-block-columns is-layout-flex wp-container-core-columns-is-layout-7db7aa3e wp-block-columns-is-layout-flex\" style=\"padding-right:0;padding-left:0\">\n<div class=\"wp-block-column is-vertically-aligned-center is-layout-flow wp-block-column-is-layout-flow\">\n<figure class=\"wp-block-image size-full\"><img loading=\"lazy\" decoding=\"async\" width=\"278\" height=\"278\" src=\"http:\/\/oisansvacances.fr\/wp-content\/uploads\/2025\/06\/Logo-Ok_GITES-DE-FRANCE_-copie-005-1.png\" alt=\"\" class=\"wp-image-649\" srcset=\"https:\/\/oisansvacances.fr\/wp-content\/uploads\/2025\/06\/Logo-Ok_GITES-DE-FRANCE_-copie-005-1.png 278w, https:\/\/oisansvacances.fr\/wp-content\/uploads\/2025\/06\/Logo-Ok_GITES-DE-FRANCE_-copie-005-1-150x150.png 150w, https:\/\/oisansvacances.fr\/wp-content\/uploads\/2025\/06\/Logo-Ok_GITES-DE-FRANCE_-copie-005-1-12x12.png 12w\" sizes=\"auto, (max-width: 278px) 100vw, 278px\" \/><\/figure>\n\n\n\n<p><\/p>\n\n\n\n<p><\/p>\n\n\n\n<p><\/p>\n\n\n\n<h2 class=\"wp-block-heading has-medium-font-size\" style=\"text-transform:uppercase\">Rose Quartz<\/h2>\n\n\n\n<p>Rose Quartz ist ein charmantes und voll ausgestattetes Ferienhaus am Skilift Allemond Eau d'Olle, der Sie zur Grande Domaine von Alpe D'Huez bringt. Es ist auch ideal gelegen, um die offizielle Route f\u00fcr den Aufstieg zur Alpe D'Huez, den Col du Glandon oder das Croix de Fer f\u00fcr Radfahrer zu erreichen.<\/p>\n\n\n\n<p>Allemond liegt auf 750 m und ist somit perfekt gelegen, um bequem hierher zu gelangen und alle Aktivit\u00e4ten w\u00e4hrend Ihres Aufenthalts hier zu nutzen.<\/p>\n<\/div>\n\n\n\n<div class=\"wp-block-column is-layout-flow wp-block-column-is-layout-flow\">\n<figure class=\"wp-block-image size-large\"><img loading=\"lazy\" decoding=\"async\" width=\"768\" height=\"1024\" src=\"http:\/\/oisansvacances.fr\/wp-content\/uploads\/2025\/06\/IMG_5891-768x1024.jpg\" alt=\"\" class=\"wp-image-634\" srcset=\"https:\/\/oisansvacances.fr\/wp-content\/uploads\/2025\/06\/IMG_5891-768x1024.jpg 768w, https:\/\/oisansvacances.fr\/wp-content\/uploads\/2025\/06\/IMG_5891-225x300.jpg 225w, https:\/\/oisansvacances.fr\/wp-content\/uploads\/2025\/06\/IMG_5891-2000x2667.jpg 2000w, https:\/\/oisansvacances.fr\/wp-content\/uploads\/2025\/06\/IMG_5891-scaled-9x12.jpg 9w, https:\/\/oisansvacances.fr\/wp-content\/uploads\/2025\/06\/IMG_5891-scaled.jpg 1920w\" sizes=\"auto, (max-width: 768px) 100vw, 768px\" \/><\/figure>\n\n\n\n<div class=\"wp-block-buttons is-layout-flex wp-block-buttons-is-layout-flex\">\n<div class=\"wp-block-button\"><a class=\"wp-block-button__link wp-element-button\" href=\"https:\/\/booking.smoobu.com\/9A965556\">Verf\u00fcgbarkeit pr\u00fcfen und jetzt buchen<\/a><\/div>\n<\/div>\n<\/div>\n<\/div>\n<\/div>\n<\/div>\n<\/div>\n\n\n\n<h2 class=\"wp-block-heading has-text-align-center has-medium-font-size\" style=\"letter-spacing:1px\">Rose Quartz ist eine G\u00eete mit Platz f\u00fcr bis zu 8Personen im Herzen von Allemond<\/h2>\n\n\n\n<p class=\"has-text-align-center\">Weitere Informationen<\/p>\n\n\n\n<div class=\"wp-block-columns is-layout-flex wp-container-core-columns-is-layout-28f84493 wp-block-columns-is-layout-flex\">\n<div class=\"wp-block-column is-layout-flow wp-block-column-is-layout-flow\">\n<figure class=\"wp-block-image size-full\"><img loading=\"lazy\" decoding=\"async\" width=\"1500\" height=\"1000\" src=\"https:\/\/oisansvacances.fr\/wp-content\/uploads\/2025\/06\/L24630.jpg\" alt=\"\" class=\"wp-image-636\" srcset=\"https:\/\/oisansvacances.fr\/wp-content\/uploads\/2025\/06\/L24630.jpg 1500w, https:\/\/oisansvacances.fr\/wp-content\/uploads\/2025\/06\/L24630-300x200.jpg 300w, https:\/\/oisansvacances.fr\/wp-content\/uploads\/2025\/06\/L24630-1024x683.jpg 1024w, https:\/\/oisansvacances.fr\/wp-content\/uploads\/2025\/06\/L24630-18x12.jpg 18w\" sizes=\"auto, (max-width: 1500px) 100vw, 1500px\" \/><\/figure>\n\n\n\n<p>Die voll ausgestattete K\u00fcche bietet Ihnen alle Einrichtungen, die Sie zum Kochen in Ihrem Urlaub ben\u00f6tigen<\/p>\n<\/div>\n\n\n\n<div class=\"wp-block-column is-layout-flow wp-block-column-is-layout-flow\">\n<figure class=\"wp-block-image size-full\"><img loading=\"lazy\" decoding=\"async\" width=\"1500\" height=\"1000\" src=\"https:\/\/oisansvacances.fr\/wp-content\/uploads\/2025\/06\/L24621.jpg\" alt=\"\" class=\"wp-image-637\" srcset=\"https:\/\/oisansvacances.fr\/wp-content\/uploads\/2025\/06\/L24621.jpg 1500w, https:\/\/oisansvacances.fr\/wp-content\/uploads\/2025\/06\/L24621-300x200.jpg 300w, https:\/\/oisansvacances.fr\/wp-content\/uploads\/2025\/06\/L24621-1024x683.jpg 1024w, https:\/\/oisansvacances.fr\/wp-content\/uploads\/2025\/06\/L24621-18x12.jpg 18w\" sizes=\"auto, (max-width: 1500px) 100vw, 1500px\" \/><\/figure>\n\n\n\n<p>Das erste Schlafzimmer ist standardm\u00e4\u00dfig als Kingsize-Doppel- oder Zweibettzimmer ausgestattet, kann jedoch in ein Dreibettzimmer umgewandelt werden, wenn dies Ihren Bed\u00fcrfnissen besser entspricht<\/p>\n<\/div>\n\n\n\n<div class=\"wp-block-column is-layout-flow wp-block-column-is-layout-flow\">\n<figure class=\"wp-block-image size-full\"><img loading=\"lazy\" decoding=\"async\" width=\"1500\" height=\"1000\" src=\"https:\/\/oisansvacances.fr\/wp-content\/uploads\/2025\/06\/L24623.jpg\" alt=\"\" class=\"wp-image-638\" srcset=\"https:\/\/oisansvacances.fr\/wp-content\/uploads\/2025\/06\/L24623.jpg 1500w, https:\/\/oisansvacances.fr\/wp-content\/uploads\/2025\/06\/L24623-300x200.jpg 300w, https:\/\/oisansvacances.fr\/wp-content\/uploads\/2025\/06\/L24623-1024x683.jpg 1024w, https:\/\/oisansvacances.fr\/wp-content\/uploads\/2025\/06\/L24623-18x12.jpg 18w\" sizes=\"auto, (max-width: 1500px) 100vw, 1500px\" \/><\/figure>\n\n\n\n<p>Das zweite Schlafzimmer kann je nach Bedarf als Kingsize-Doppel- oder Zweibettzimmer eingerichtet werden.<\/p>\n<\/div>\n<\/div>\n\n\n\n<div class=\"wp-block-columns is-layout-flex wp-container-core-columns-is-layout-28f84493 wp-block-columns-is-layout-flex\">\n<div class=\"wp-block-column is-layout-flow wp-block-column-is-layout-flow\">\n<figure class=\"wp-block-image size-full\"><img loading=\"lazy\" decoding=\"async\" width=\"1500\" height=\"1000\" src=\"https:\/\/oisansvacances.fr\/wp-content\/uploads\/2025\/06\/L24625.jpg\" alt=\"\" class=\"wp-image-639\" srcset=\"https:\/\/oisansvacances.fr\/wp-content\/uploads\/2025\/06\/L24625.jpg 1500w, https:\/\/oisansvacances.fr\/wp-content\/uploads\/2025\/06\/L24625-300x200.jpg 300w, https:\/\/oisansvacances.fr\/wp-content\/uploads\/2025\/06\/L24625-1024x683.jpg 1024w, https:\/\/oisansvacances.fr\/wp-content\/uploads\/2025\/06\/L24625-18x12.jpg 18w\" sizes=\"auto, (max-width: 1500px) 100vw, 1500px\" \/><\/figure>\n\n\n\n<p>Schlafzimmer drei ist mit zwei 140 cm gro\u00dfen Doppelbetten in Etagenbettanordnung ausgestattet und ist ideal f\u00fcr Kinder und Freunde, ein Zimmer f\u00fcr drei Personen.<\/p>\n<\/div>\n\n\n\n<div class=\"wp-block-column is-layout-flow wp-block-column-is-layout-flow\">\n<figure class=\"wp-block-image size-full\"><img loading=\"lazy\" decoding=\"async\" width=\"1500\" height=\"1000\" src=\"https:\/\/oisansvacances.fr\/wp-content\/uploads\/2025\/06\/L24639.jpg\" alt=\"\" class=\"wp-image-640\" srcset=\"https:\/\/oisansvacances.fr\/wp-content\/uploads\/2025\/06\/L24639.jpg 1500w, https:\/\/oisansvacances.fr\/wp-content\/uploads\/2025\/06\/L24639-300x200.jpg 300w, https:\/\/oisansvacances.fr\/wp-content\/uploads\/2025\/06\/L24639-1024x683.jpg 1024w, https:\/\/oisansvacances.fr\/wp-content\/uploads\/2025\/06\/L24639-18x12.jpg 18w\" sizes=\"auto, (max-width: 1500px) 100vw, 1500px\" \/><\/figure>\n\n\n\n<p>Drau\u00dfen gibt es eine zweite entspannende Terrasse, auf der Sie eine Pause einlegen und sich von all Ihren Urlaubsaktivit\u00e4ten erholen k\u00f6nnen.<\/p>\n<\/div>\n\n\n\n<div class=\"wp-block-column is-layout-flow wp-block-column-is-layout-flow\">\n<figure class=\"wp-block-image size-full\"><img loading=\"lazy\" decoding=\"async\" width=\"2560\" height=\"1920\" src=\"https:\/\/oisansvacances.fr\/wp-content\/uploads\/2025\/06\/IMG_5897-scaled.jpg\" alt=\"\" class=\"wp-image-641\" srcset=\"https:\/\/oisansvacances.fr\/wp-content\/uploads\/2025\/06\/IMG_5897-scaled.jpg 2560w, https:\/\/oisansvacances.fr\/wp-content\/uploads\/2025\/06\/IMG_5897-300x225.jpg 300w, https:\/\/oisansvacances.fr\/wp-content\/uploads\/2025\/06\/IMG_5897-1024x768.jpg 1024w, https:\/\/oisansvacances.fr\/wp-content\/uploads\/2025\/06\/IMG_5897-2000x1500.jpg 2000w, https:\/\/oisansvacances.fr\/wp-content\/uploads\/2025\/06\/IMG_5897-scaled-16x12.jpg 16w\" sizes=\"auto, (max-width: 2560px) 100vw, 2560px\" \/><\/figure>\n\n\n\n<p>Wir verf\u00fcgen \u00fcber einen fantastischen, vollst\u00e4ndig gesicherten, eingez\u00e4unten Garten f\u00fcr Kinder zum Spielen mit Spielzeug und mit einer Terrasse, auf der Sie in der Sonne abh\u00e4ngen k\u00f6nnen, w\u00e4hrend Sie Ihren Kindern dabei zusehen, wie sie die Natur genie\u00dfen.<\/p>\n<\/div>\n<\/div>\n\n\n\n<h2 class=\"wp-block-heading\">Lage und Anfahrt<\/h2>\n\n\n\n<div class=\"wp-block-columns is-layout-flex wp-container-core-columns-is-layout-28f84493 wp-block-columns-is-layout-flex\">\n<div class=\"wp-block-column is-layout-flow wp-block-column-is-layout-flow\">\n<figure class=\"wp-block-image size-large\"><img loading=\"lazy\" decoding=\"async\" width=\"1024\" height=\"646\" src=\"http:\/\/oisansvacances.fr\/wp-content\/uploads\/2024\/09\/skiiing-1024x646.png\" alt=\"\" class=\"wp-image-322\" srcset=\"https:\/\/oisansvacances.fr\/wp-content\/uploads\/2024\/09\/skiiing-1024x646.png 1024w, https:\/\/oisansvacances.fr\/wp-content\/uploads\/2024\/09\/skiiing-300x189.png 300w, https:\/\/oisansvacances.fr\/wp-content\/uploads\/2024\/09\/skiiing-18x12.png 18w, https:\/\/oisansvacances.fr\/wp-content\/uploads\/2024\/09\/skiiing.png 1900w\" sizes=\"auto, (max-width: 1024px) 100vw, 1024px\" \/><\/figure>\n\n\n\n<p>Der Skilift ist 1,2 km von der Unterkunft entfernt und gelangt \u00fcber die Stra\u00dfe oder den Voie Verte-Weg, der keine Fahrzeuge hat. Das Allemond Eau d'Olle Telecabine erreicht Oz en Oisans in 8 Minuten. Von hier aus steht Ihnen die gesamte Alpe D'Huez Grande Domaine zur Verf\u00fcgung<\/p>\n\n\n\n<div class=\"wp-block-buttons is-layout-flex wp-block-buttons-is-layout-flex\">\n<div class=\"wp-block-button\"><a class=\"wp-block-button__link wp-element-button\" href=\"https:\/\/www.alpedhuez.com\/fr\/hiver\/types-apidae\/domaine-skiable\/alpe-dhuez-grand-domaine-ski\/\">Alpe D&#8217;Huez<\/a><\/div>\n<\/div>\n<\/div>\n\n\n\n<div class=\"wp-block-column is-layout-flow wp-block-column-is-layout-flow\">\n<figure class=\"wp-block-image size-full\"><img loading=\"lazy\" decoding=\"async\" width=\"750\" height=\"475\" src=\"http:\/\/oisansvacances.fr\/wp-content\/uploads\/2024\/09\/ski-lockers-1.jpg\" alt=\"\" class=\"wp-image-323\" srcset=\"https:\/\/oisansvacances.fr\/wp-content\/uploads\/2024\/09\/ski-lockers-1.jpg 750w, https:\/\/oisansvacances.fr\/wp-content\/uploads\/2024\/09\/ski-lockers-1-300x190.jpg 300w, https:\/\/oisansvacances.fr\/wp-content\/uploads\/2024\/09\/ski-lockers-1-18x12.jpg 18w\" sizes=\"auto, (max-width: 750px) 100vw, 750px\" \/><\/figure>\n\n\n\n<p>Am Skilift finden Sie Chalet-Skischr\u00e4nke, in denen Sie Ihre Ausr\u00fcstung an der Talstation des Lifts abstellen k\u00f6nnen. Zus\u00e4tzlich gibt es einen kostenlosen Navette-Bus, der entlang des Talbodens f\u00e4hrt und Sie direkt zum Skilift bringt.  Wenn Sie m\u00f6chten, gibt es viele kostenlose Parkpl\u00e4tze am Aufzug.<\/p>\n\n\n\n<div class=\"wp-block-buttons is-layout-flex wp-block-buttons-is-layout-flex\">\n<div class=\"wp-block-button\"><a class=\"wp-block-button__link wp-element-button\">Telecabin<\/a><\/div>\n<\/div>\n<\/div>\n\n\n\n<div class=\"wp-block-column is-layout-flow wp-block-column-is-layout-flow\">\n<figure class=\"wp-block-image size-full\"><img loading=\"lazy\" decoding=\"async\" width=\"778\" height=\"475\" src=\"http:\/\/oisansvacances.fr\/wp-content\/uploads\/2024\/09\/allemondcut-e1725615134498.png\" alt=\"\" class=\"wp-image-324\"\/><\/figure>\n\n\n\n<p>Gite Rose Quartz liegt 1000 m vom Zentrum von Allemond mit seinen Restaurants, Arztpraxen, Physiotherapeuten und einem Sportverleih entfernt. Zwischen 100 und 250 Metern Entfernung befinden sich die Apotheke, der Spar-Supermarkt und das Restaurant Etape in unmittelbarer N\u00e4he.<\/p>\n\n\n\n<div class=\"wp-block-buttons is-layout-flex wp-block-buttons-is-layout-flex\">\n<div class=\"wp-block-button\"><a class=\"wp-block-button__link wp-element-button\" href=\"https:\/\/uk.oisans.com\/resorts-and-villages\/allemond\/\">Allemond<\/a><\/div>\n<\/div>\n<\/div>\n<\/div>\n\n\n\n<div style=\"height:28px\" aria-hidden=\"true\" class=\"wp-block-spacer\"><\/div>\n\n\n\n<div class=\"wp-block-columns is-layout-flex wp-container-core-columns-is-layout-28f84493 wp-block-columns-is-layout-flex\">\n<div class=\"wp-block-column is-layout-flow wp-block-column-is-layout-flow\">\n<h2 class=\"wp-block-heading\">Grundriss<\/h2>\n\n\n\n<p>Dieses Diagramm zeigt Ihnen das Layout von Gite Rose, um Ihnen eine Vorstellung von dem Raum zu geben.<\/p>\n<\/div>\n\n\n\n<div class=\"wp-block-column is-layout-flow wp-block-column-is-layout-flow\">\n<figure class=\"wp-block-image size-large\"><img loading=\"lazy\" decoding=\"async\" width=\"1024\" height=\"886\" src=\"http:\/\/oisansvacances.fr\/wp-content\/uploads\/2024\/09\/plan-1024x886.jpg\" alt=\"\" class=\"wp-image-368\" srcset=\"https:\/\/oisansvacances.fr\/wp-content\/uploads\/2024\/09\/plan-1024x886.jpg 1024w, https:\/\/oisansvacances.fr\/wp-content\/uploads\/2024\/09\/plan-300x260.jpg 300w, https:\/\/oisansvacances.fr\/wp-content\/uploads\/2024\/09\/plan-14x12.jpg 14w, https:\/\/oisansvacances.fr\/wp-content\/uploads\/2024\/09\/plan.jpg 1248w\" sizes=\"auto, (max-width: 1024px) 100vw, 1024px\" \/><\/figure>\n<\/div>\n<\/div>\n\n\n\n<div style=\"height:30px\" aria-hidden=\"true\" class=\"wp-block-spacer\"><\/div>\n\n\n\n<div class=\"wp-block-columns is-layout-flex wp-container-core-columns-is-layout-28f84493 wp-block-columns-is-layout-flex\">\n<div class=\"wp-block-column is-layout-flow wp-block-column-is-layout-flow\">\n<h2 class=\"wp-block-heading\">Verf\u00fcgbarkeit<\/h2>\n\n\n\n<div id=\"smoobuApartment2290651en\" class=\"calendarWidget\"> <div class=\"calendarContent\" data-load-calendar-url=\"https:\/\/login.smoobu.com\/en\/cockpit\/widget\/single-calendar\/2290651\" data-verification=\"c7044cbdf864232b8090208a70ba5b3d4ca567ef17588e450100108766068da7\" data-baseurl=\"https:\/\/login.smoobu.com\" data-disable-css=\"false\" ><\/div> <script type=\"text\/javascript\" src=\"https:\/\/login.smoobu.com\/js\/Apartment\/CalendarWidget.js\"><\/script><\/div>\n\n\n\n<h2 class=\"wp-block-heading\">Jetzt buchen<\/h2>\n\n\n\n<p>Da wir hier direkt ohne Plattformgeb\u00fchren buchen, ist die Direktbuchung die kosteng\u00fcnstigste Art, Ihre Reise zu organisieren.<\/p>\n\n\n\n<div id=\"apartmentIframeAll\">\n<script type=\"text\/javascript\" src=\"https:\/\/login.smoobu.com\/js\/Settings\/BookingToolIframe.js\"><\/script>\n<script>BookingToolIframe.initialize({\"url\": \"https:\/\/login.smoobu.com\/en\/booking-tool\/iframe\/965556\", \"baseUrl\": \"https:\/\/login.smoobu.com\", \"target\": \"#apartmentIframeAll\"})<\/script>\n<\/div>\n\n\n\n<div class=\"wp-block-buttons is-layout-flex wp-block-buttons-is-layout-flex\">\n<div class=\"wp-block-button\"><a class=\"wp-block-button__link wp-element-button\">Ansprechpartner f\u00fcr besondere Bed\u00fcrfnisse<\/a><\/div>\n\n\n\n<div class=\"wp-block-button\"><a class=\"wp-block-button__link wp-element-button\">Anfrage senden<\/a><\/div>\n<\/div>\n<\/div>\n\n\n\n<div class=\"wp-block-column is-layout-flow wp-block-column-is-layout-flow\">\n<h2 class=\"wp-block-heading\">Einrichtungen<\/h2>\n\n\n\n<ul class=\"wp-block-list\">\n<li>Orange Business pro Glasfaser WLAN<\/li>\n\n\n\n<li>SMART TV<\/li>\n\n\n\n<li>Sonos<\/li>\n\n\n\n<li>Sichere Lagerung im Innenbereich<\/li>\n\n\n\n<li>Schlie\u00dff\u00e4cher im Skiloft verf\u00fcgbar<\/li>\n\n\n\n<li>Voll ausgestattete K\u00fcche<\/li>\n\n\n\n<li>Private Speiseterrasse im Freien f\u00fcr 10 Personen <\/li>\n\n\n\n<li>BBQ<\/li>\n\n\n\n<li>Nespresso-, Raclette-, Fondu-Maschinen<\/li>\n\n\n\n<li>Flexible Schlafzimmerkonfigurationen<\/li>\n\n\n\n<li>Sicherer Garten im Freien mit Kinderspielzeug.<\/li>\n\n\n\n<li>Privater Garten im Freien zum Entspannen in der Sonne<\/li>\n\n\n\n<li>Handt\u00fccher und Bettw\u00e4sche werden gestellt<\/li>\n\n\n\n<li>Waschmaschine<\/li>\n\n\n\n<li>Waschmaschine<\/li>\n\n\n\n<li>Geschirrsp\u00fclmaschine<\/li>\n\n\n\n<li>B\u00fcgeleisen und B\u00fcgelbrett<\/li>\n\n\n\n<li>Werkzeuge<\/li>\n\n\n\n<li>Kostenloses Parken vor Ort f\u00fcr zwei Fahrzeuge<\/li>\n<\/ul>\n<\/div>\n<\/div>\n\n\n\n<div class=\"wp-block-group has-global-padding is-layout-constrained wp-block-group-is-layout-constrained\">\n<div class=\"wp-block-columns are-vertically-aligned-center is-layout-flex wp-container-core-columns-is-layout-28f84493 wp-block-columns-is-layout-flex\">\n<div class=\"wp-block-column is-vertically-aligned-center is-layout-flow wp-block-column-is-layout-flow\">\n<h2 class=\"wp-block-heading has-large-font-size\" style=\"font-weight:700\">Ort<\/h2>\n\n\n\n<p style=\"font-size:clamp(0.875em, 0.875rem + ((1vw - 0.2em) * 0.319), 1.1em);\">560 Route de Savoie<br>Allemond, 38114, Isere, France<\/p>\n\n\n\n<p style=\"font-size:clamp(0.875em, 0.875rem + ((1vw - 0.2em) * 0.319), 1.1em);\">Phone: +33.(0)7.54.29.01.62<br>Email: <a href=\"mailto:example@example.com\">info@oisansvacances.fr<\/a><\/p>\n<\/div>\n\n\n\n<div class=\"wp-block-column is-vertically-aligned-center is-layout-flow wp-block-column-is-layout-flow\">\n<div style=\"height:68px\" aria-hidden=\"true\" class=\"wp-block-spacer\"><\/div>\n\n\n\n<iframe src=\"https:\/\/www.google.com\/maps\/embed?pb=!1m18!1m12!1m3!1d2815.0948455868443!2d6.025359111252709!3d45.124413770949715!2m3!1f0!2f0!3f0!3m2!1i1024!2i768!4f13.1!3m3!1m2!1s0x478a69ec61307753%3A0x453f99f278f0f58c!2s560%20Rte%20de%20Savoie%2C%2038114%20Allemont!5e0!3m2!1sen!2sfr!4v1718100469782!5m2!1sen!2sfr\" width=\"600\" height=\"450\" style=\"border:0;\" allowfullscreen=\"\" loading=\"lazy\" referrerpolicy=\"no-referrer-when-downgrade\"><\/iframe>\n<\/div>\n<\/div>\n<\/div>\n\n\n\n<div style=\"height:100px\" aria-hidden=\"true\" class=\"wp-block-spacer\"><\/div>\n\n\n\n<p><\/p>","protected":false},"excerpt":{"rendered":"<p>Stay at the most accessible Basecamp of the Alpe d\u2019Huez Domaine and experience it all. Rose Quartz Rose Quartz is a charming and fully equipped g\u00eete by the Allemond Eau d\u2019Olle Ski lift taking you to the Grande Domaine of Alpe D\u2019Huez. It\u2019s also ideally placed for accessing the Official route for the ascent of &hellip; <\/p>\n<p class=\"link-more\"><a href=\"https:\/\/oisansvacances.fr\/de\/chalets-in-alpe-dhuez-domaine-group-accommodation-oisans\/rose-7-person-chalet-for-ski-and-cycle\/\" class=\"more-link\">Mehr <span class=\"screen-reader-text\">\u00fcber &#8220;Rose Quartz &#8211; 8 Person Chalet for Ski and Cycle&#8221; <\/span>Lesen<\/a><\/p>","protected":false},"author":1,"featured_media":0,"parent":40,"menu_order":2,"comment_status":"closed","ping_status":"closed","template":"","meta":{"inspiro_hide_title":false,"footnotes":""},"class_list":["post-126","page","type-page","status-publish","hentry"],"_links":{"self":[{"href":"https:\/\/oisansvacances.fr\/de\/wp-json\/wp\/v2\/pages\/126","targetHints":{"allow":["GET"]}}],"collection":[{"href":"https:\/\/oisansvacances.fr\/de\/wp-json\/wp\/v2\/pages"}],"about":[{"href":"https:\/\/oisansvacances.fr\/de\/wp-json\/wp\/v2\/types\/page"}],"author":[{"embeddable":true,"href":"https:\/\/oisansvacances.fr\/de\/wp-json\/wp\/v2\/users\/1"}],"replies":[{"embeddable":true,"href":"https:\/\/oisansvacances.fr\/de\/wp-json\/wp\/v2\/comments?post=126"}],"version-history":[{"count":53,"href":"https:\/\/oisansvacances.fr\/de\/wp-json\/wp\/v2\/pages\/126\/revisions"}],"predecessor-version":[{"id":843,"href":"https:\/\/oisansvacances.fr\/de\/wp-json\/wp\/v2\/pages\/126\/revisions\/843"}],"up":[{"embeddable":true,"href":"https:\/\/oisansvacances.fr\/de\/wp-json\/wp\/v2\/pages\/40"}],"wp:attachment":[{"href":"https:\/\/oisansvacances.fr\/de\/wp-json\/wp\/v2\/media?parent=126"}],"curies":[{"name":"wp","href":"https:\/\/api.w.org\/{rel}","templated":true}]}}